{"id":38,"date":"2020-03-19T15:16:08","date_gmt":"2020-03-19T14:16:08","guid":{"rendered":"https:\/\/dev.concert-hosteldieu.com\/home\/"},"modified":"2026-03-16T17:11:17","modified_gmt":"2026-03-16T16:11:17","slug":"accueil","status":"publish","type":"page","link":"https:\/\/www.concert-hosteldieu.com\/en\/","title":{"rendered":"Accueil"},"content":{"rendered":"\n<figure itemscope itemtype=\"https:\/\/schema.org\/ImageObject\">\n\t\t\t\t<a href=\"https:\/\/www.concert-hosteldieu.com\/notre-orchestre\/\"  target=\"_self\" itemprop=\"url\">\n\t\t\t\t<img decoding=\"async\" src=\"https:\/\/www.concert-hosteldieu.com\/wp-content\/uploads\/2024\/12\/CHD-Trinite-groupes-web-7.jpg\" alt=\"\u00a9Julie Cherki\" height=\"1280\" width=\"1920\" title=\"Le Concert de l&#039;Hostel Dieu\" onerror=\"this.style.display='none'\" loading=\"lazy\" \/>\n\t\t\t\t<\/a>\n\t<\/figure>\n\t<h2>\n\t\t\t\t<a href=\"https:\/\/www.concert-hosteldieu.com\/notre-orchestre\/\" title=\"Notre orchestre\" target=\"_self\">\n\t\t\t\tNotre orchestre\n\t\t\t\t<\/a>\n\t\t\t<\/h2>\n\t\t\t<p><strong>Cr\u00e9\u00e9 en 1992, Le Concert de l&rsquo;Hostel Dieu est un acteur majeur de la sc\u00e8ne baroque fran\u00e7aise.<\/strong>Transposer la richesse et la diversit\u00e9 des musiques baroques dans notre \u00e9poque est un de nos axes artistiques majeurs. Se nourrissant de collaborations artistiques stimulantes, l&rsquo;ensemble provoque la rencontre des esth\u00e9tiques baroques avec des cultures et des artistes d&rsquo;horizons divers.<\/p>\t\n\t\t\t<a href=\"https:\/\/www.concert-hosteldieu.com\/notre-orchestre\/\" title=\"D\u00e9couvrir\" target=\"_self\"   role=\"button\" aria-label=\"D\u00e9couvrir\">\n\t\t\t\t\t\t\t\t\t\t\tD\u00e9couvrir\n\t\t<\/a>\n\t<h2>\n\t\t\t\t<a href=\"https:\/\/www.concert-hosteldieu.com\/actualites\/\" title=\"Actualit\u00e9s\" target=\"_self\">\n\t\t\t\tActualit\u00e9s\n\t\t\t\t<\/a>\n\t\t\t<\/h2>\n\t\t\t\t\t\t\t\t\t\t\t\t\t\t<a href=\"https:\/\/www.concert-hosteldieu.com\/soutenez-la-musique-baroque-devenez-mecene-particulier\/\" target=\"_self\" title=\"Soutenez la musique baroque - devenez m\u00e9c\u00e8ne particulier\">\n\t\t\t\t<img decoding=\"async\" src=\"https:\/\/www.concert-hosteldieu.com\/wp-content\/uploads\/2021\/06\/HAENDEL-DIXIT-DOMINUS-CREDIT-JEAN-COMBIER-22-300x200.jpg\" alt=\"\" \/>\n\t\t\t\t<\/a>\n\t\t\t\t\t\t<h4>\n\t\t\t\t<a href=\"https:\/\/www.concert-hosteldieu.com\/soutenez-la-musique-baroque-devenez-mecene-particulier\/\" title=\"Soutenez la musique baroque - devenez m\u00e9c\u00e8ne particulier\">Soutenez la musique baroque &#8211; devenez m\u00e9c\u00e8ne particulier<\/a>\t\t\t<\/h4>\n\t\t\t\t\t\t\t<h5>\n\t\t\tf\u00e9vrier 2026\t\t\t\n\t\t\t\t\t\t\t<\/h5>\n\t\t\t\t\t\t\t\t\tLa musique baroque vit gr\u00e2ce aux passionn\u00e9s qui la font exister, la cr\u00e9ent, la transmettent et la partagent. En devenant m\u00e9c\u00e8ne particulier du Concert de l&rsquo;Hostel Dieu, vous participez \u00e0 une aventure unique : soutenir la cr\u00e9ation, encourager l&rsquo;ouverture \u00e0 [&hellip;]\n\t\t\t\t\t<a href=\"https:\/\/www.concert-hosteldieu.com\/soutenez-la-musique-baroque-devenez-mecene-particulier\/\" title=\"Lire la suite\" target=\"_self\">Lire la suite &#8594;<\/a>\t\t\n\t\t\t\t\t\t\t\t\t\t\t\t\t\t<a href=\"https:\/\/www.concert-hosteldieu.com\/bonne-annee-2026\/\" target=\"_self\" title=\"Bonne ann\u00e9e 2026 !\">\n\t\t\t\t<img decoding=\"async\" src=\"https:\/\/www.concert-hosteldieu.com\/wp-content\/uploads\/2026\/01\/Header-300x225.png\" alt=\"\" \/>\n\t\t\t\t<\/a>\n\t\t\t\t\t\t<h4>\n\t\t\t\t<a href=\"https:\/\/www.concert-hosteldieu.com\/bonne-annee-2026\/\" title=\"Bonne ann\u00e9e 2026 !\">Bonne ann\u00e9e 2026 !<\/a>\t\t\t<\/h4>\n\t\t\t\t\t\t\t<h5>\n\t\t\tjanvier 2026\t\t\t\n\t\t\t\t\t\t\t<\/h5>\n\t\t\t\t\t\t\t\t\tLes v\u0153ux de Franck-Emmanuel Comte Toute l&rsquo;\u00e9quipe du Concert de l&rsquo;Hostel Dieu &#8211; artistes, salari\u00e9s et administrateurs &#8211; se joint \u00e0 moi pour vous adresser ses v\u0153ux les plus sinc\u00e8res pour 2026. Que cette ann\u00e9e vous apporte lumi\u00e8re, douceur et [&hellip;]\n\t\t\t\t\t<a href=\"https:\/\/www.concert-hosteldieu.com\/bonne-annee-2026\/\" title=\"Lire la suite\" target=\"_self\">Lire la suite &#8594;<\/a>\t\t\n\t\t\t\t\t\t\t\t\t\t\t\t\t\t<a href=\"https:\/\/www.concert-hosteldieu.com\/international-opera-awards-2025-the-ghost-of-hamlet\/\" target=\"_self\" title=\"International Opera Awards 2025 \u00ab\u00a0The Ghosts of Hamlet\u00a0\u00bb\">\n\t\t\t\t<img decoding=\"async\" src=\"https:\/\/www.concert-hosteldieu.com\/wp-content\/uploads\/2025\/03\/Mockup-CD-Hamlet-300x300.png\" alt=\"\" \/>\n\t\t\t\t<\/a>\n\t\t\t\t\t\t<h4>\n\t\t\t\t<a href=\"https:\/\/www.concert-hosteldieu.com\/international-opera-awards-2025-the-ghost-of-hamlet\/\" title=\"International Opera Awards 2025 \u00ab\u00a0The Ghosts of Hamlet\u00a0\u00bb\">International Opera Awards 2025 \u00ab\u00a0The Ghosts of Hamlet\u00a0\u00bb<\/a>\t\t\t<\/h4>\n\t\t\t\t\t\t\t<h5>\n\t\t\tseptembre 2025\t\t\t\n\t\t\t\t\t\t\t<\/h5>\n\t\t\t\t\t\t\t\t\tC&rsquo;est officiel ! Notre album The Ghosts of Hamlet est nomm\u00e9 aux International Opera Awards dans la cat\u00e9gorie \u00ab\u00a0Recording (Solo Recital)\u00a0\u00bb avec notre soliste Roberta Mameli ! D\u00e9couvrez l&rsquo;ensemble des nomm\u00e9s et des cat\u00e9gories sur le site des International Opera [&hellip;]\n\t\t\t\t\t<a href=\"https:\/\/www.concert-hosteldieu.com\/international-opera-awards-2025-the-ghost-of-hamlet\/\" title=\"Lire la suite\" target=\"_self\">Lire la suite &#8594;<\/a>\t\t\n\t\t\t<a href=\"https:\/\/www.concert-hosteldieu.com\/actualites\/\" title=\"D\u00e9couvrir tous les articles\" target=\"_self\"   role=\"button\" aria-label=\"D\u00e9couvrir tous les articles\">\n\t\t\t\t\t\t\t\t\t\t\tD\u00e9couvrir tous les articles\n\t\t<\/a>\n\t<h2>\n\t\t\t\t<a href=\"https:\/\/www.concert-hosteldieu.com\/agenda\/\" title=\"Agenda\" target=\"_self\">\n\t\t\t\tAgenda\n\t\t\t\t<\/a>\n\t\t\t<\/h2>\n\t\t\t<a href=\"https:\/\/www.concert-hosteldieu.com\/agenda\" title=\"Voir tous les \u00e9v\u00e9nements\" target=\"_self\"   role=\"button\" aria-label=\"Voir tous les \u00e9v\u00e9nements\">\n\t\t\t\t\t\t\t\t\t\t\tVoir tous les \u00e9v\u00e9nements\n\t\t<\/a>\n<h4>\n\t\t\tPartenaires institutionnels\t<\/h4>\n<h4>\n\t\t\tPartenaires culturels\t<\/h4>\n<h4>\n\t\t\tM\u00e9c\u00e8nes\t<\/h4>\n\t\t\t<a href=\"https:\/\/www.concert-hosteldieu.com\/mecenat-particulier\/\"  target=\"_self\">\n\t\t\t\t\t\tD\u00e9couvrez comment nous soutenir\n\t\t\t\t\t<\/a>\n\n","protected":false},"excerpt":{"rendered":"<p>Notre orchestre Cr\u00e9\u00e9 en 1992, Le Concert de l&rsquo;Hostel Dieu est un acteur majeur de la sc\u00e8ne baroque fran\u00e7aise.Transposer la richesse et la diversit\u00e9 des musiques baroques dans notre \u00e9poque est un de nos axes artistiques majeurs. Se nourrissant de [&hellip;]<\/p>\n","protected":false},"author":2776,"featured_media":17010,"parent":0,"menu_order":0,"comment_status":"closed","ping_status":"closed","template":"","meta":{"site-sidebar-layout":"no-sidebar","site-content-layout":"page-builder","ast-site-content-layout":"full-width-container","site-content-style":"unboxed","site-sidebar-style":"unboxed","ast-global-header-display":"","ast-banner-title-visibility":"","ast-main-header-display":"","ast-hfb-above-header-display":"","ast-hfb-below-header-display":"","ast-hfb-mobile-header-display":"","site-post-title":"disabled","ast-breadcrumbs-content":"","ast-featured-img":"disabled","footer-sml-layout":"","ast-disable-related-posts":"","theme-transparent-header-meta":"enabled","adv-header-id-meta":"","stick-header-meta":"default","header-above-stick-meta":"","header-main-stick-meta":"","header-below-stick-meta":"","astra-migrate-meta-layouts":"set","ast-page-background-enabled":"default","ast-page-background-meta":{"desktop":{"background-color":"","background-image":"","background-repeat":"repeat","background-position":"center center","background-size":"auto","background-attachment":"scroll","background-type":"","background-media":"","overlay-type":"","overlay-color":"","overlay-opacity":"","overlay-gradient":""},"tablet":{"background-color":"","background-image":"","background-repeat":"repeat","background-position":"center center","background-size":"auto","background-attachment":"scroll","background-type":"","background-media":"","overlay-type":"","overlay-color":"","overlay-opacity":"","overlay-gradient":""},"mobile":{"background-color":"","background-image":"","background-repeat":"repeat","background-position":"center center","background-size":"auto","background-attachment":"scroll","background-type":"","background-media":"","overlay-type":"","overlay-color":"","overlay-opacity":"","overlay-gradient":""}},"ast-content-background-meta":{"desktop":{"background-color":"var(--ast-global-color-5)","background-image":"","background-repeat":"repeat","background-position":"center center","background-size":"auto","background-attachment":"scroll","background-type":"","background-media":"","overlay-type":"","overlay-color":"","overlay-opacity":"","overlay-gradient":""},"tablet":{"background-color":"var(--ast-global-color-5)","background-image":"","background-repeat":"repeat","background-position":"center center","background-size":"auto","background-attachment":"scroll","background-type":"","background-media":"","overlay-type":"","overlay-color":"","overlay-opacity":"","overlay-gradient":""},"mobile":{"background-color":"var(--ast-global-color-5)","background-image":"","background-repeat":"repeat","background-position":"center center","background-size":"auto","background-attachment":"scroll","background-type":"","background-media":"","overlay-type":"","overlay-color":"","overlay-opacity":"","overlay-gradient":""}},"footnotes":""},"categories":[],"tags":[],"class_list":["post-38","page","type-page","status-publish","has-post-thumbnail","hentry"],"yoast_head":"<!-- This site is optimized with the Yoast SEO plugin v27.4 - https:\/\/yoast.com\/product\/yoast-seo-wordpress\/ -->\n<title>Le Concert de l&#039;Hostel Dieu - ensemble de musique baroque<\/title>\n<meta name=\"description\" content=\"Retrouvez les derni\u00e8res actualit\u00e9s, les dates de tourn\u00e9e et les nouveaux projets artistiques du Concert de l&#039;Hostel Dieu !\" \/>\n<meta name=\"robots\" content=\"index, follow, max-snippet:-1, max-image-preview:large, max-video-preview:-1\" \/>\n<link rel=\"canonical\" href=\"https:\/\/www.concert-hosteldieu.com\/en\/\" \/>\n<meta property=\"og:locale\" content=\"en_GB\" \/>\n<meta property=\"og:type\" content=\"article\" \/>\n<meta property=\"og:title\" content=\"Le Concert de l&#039;Hostel Dieu - ensemble de musique baroque\" \/>\n<meta property=\"og:description\" content=\"Retrouvez les derni\u00e8res actualit\u00e9s, les dates de tourn\u00e9e et les nouveaux projets artistiques du Concert de l&#039;Hostel Dieu !\" \/>\n<meta property=\"og:url\" content=\"https:\/\/www.concert-hosteldieu.com\/en\/\" \/>\n<meta property=\"og:site_name\" content=\"Le Concert de l&#039;Hostel Dieu\" \/>\n<meta property=\"article:publisher\" content=\"https:\/\/www.facebook.com\/leconcert.delhosteldieu\" \/>\n<meta property=\"article:modified_time\" content=\"2026-03-16T16:11:17+00:00\" \/>\n<meta property=\"og:image\" content=\"https:\/\/www.concert-hosteldieu.com\/wp-content\/uploads\/2022\/03\/Il-Paradiso-perduto\u00a9Julie-Cherki-1.jpg\" \/>\n\t<meta property=\"og:image:width\" content=\"1920\" \/>\n\t<meta property=\"og:image:height\" content=\"1280\" \/>\n\t<meta property=\"og:image:type\" content=\"image\/jpeg\" \/>\n<meta name=\"twitter:label1\" content=\"Estimated reading time\" \/>\n\t<meta name=\"twitter:data1\" content=\"12 minutes\" \/>\n<script type=\"application\/ld+json\" class=\"yoast-schema-graph\">{\"@context\":\"https:\\\/\\\/schema.org\",\"@graph\":[{\"@type\":\"WebPage\",\"@id\":\"https:\\\/\\\/www.concert-hosteldieu.com\\\/\",\"url\":\"https:\\\/\\\/www.concert-hosteldieu.com\\\/\",\"name\":\"Le Concert de l&#039;Hostel Dieu - ensemble de musique baroque\",\"isPartOf\":{\"@id\":\"https:\\\/\\\/www.concert-hosteldieu.com\\\/#website\"},\"primaryImageOfPage\":{\"@id\":\"https:\\\/\\\/www.concert-hosteldieu.com\\\/#primaryimage\"},\"image\":{\"@id\":\"https:\\\/\\\/www.concert-hosteldieu.com\\\/#primaryimage\"},\"thumbnailUrl\":\"https:\\\/\\\/www.concert-hosteldieu.com\\\/wp-content\\\/uploads\\\/2022\\\/03\\\/Il-Paradiso-perduto\u00a9Julie-Cherki-1.jpg\",\"datePublished\":\"2020-03-19T14:16:08+00:00\",\"dateModified\":\"2026-03-16T16:11:17+00:00\",\"description\":\"Retrouvez les derni\u00e8res actualit\u00e9s, les dates de tourn\u00e9e et les nouveaux projets artistiques du Concert de l'Hostel Dieu !\",\"breadcrumb\":{\"@id\":\"https:\\\/\\\/www.concert-hosteldieu.com\\\/#breadcrumb\"},\"inLanguage\":\"en-GB\",\"potentialAction\":[{\"@type\":\"ReadAction\",\"target\":[\"https:\\\/\\\/www.concert-hosteldieu.com\\\/\"]}]},{\"@type\":\"ImageObject\",\"inLanguage\":\"en-GB\",\"@id\":\"https:\\\/\\\/www.concert-hosteldieu.com\\\/#primaryimage\",\"url\":\"https:\\\/\\\/www.concert-hosteldieu.com\\\/wp-content\\\/uploads\\\/2022\\\/03\\\/Il-Paradiso-perduto\u00a9Julie-Cherki-1.jpg\",\"contentUrl\":\"https:\\\/\\\/www.concert-hosteldieu.com\\\/wp-content\\\/uploads\\\/2022\\\/03\\\/Il-Paradiso-perduto\u00a9Julie-Cherki-1.jpg\",\"width\":1920,\"height\":1280,\"caption\":\"La cr\u00e9ation de Il Paradiso perduto \u00e0 l'Auditorium de Lyon\"},{\"@type\":\"BreadcrumbList\",\"@id\":\"https:\\\/\\\/www.concert-hosteldieu.com\\\/#breadcrumb\",\"itemListElement\":[{\"@type\":\"ListItem\",\"position\":1,\"name\":\"Accueil\",\"item\":\"https:\\\/\\\/www.concert-hosteldieu.com\\\/\"},{\"@type\":\"ListItem\",\"position\":2,\"name\":\"Accueil\"}]},{\"@type\":\"WebSite\",\"@id\":\"https:\\\/\\\/www.concert-hosteldieu.com\\\/#website\",\"url\":\"https:\\\/\\\/www.concert-hosteldieu.com\\\/\",\"name\":\"Le Concert de l&#039;Hostel Dieu\",\"description\":\"Franck-Emmanuel Comte\",\"publisher\":{\"@id\":\"https:\\\/\\\/www.concert-hosteldieu.com\\\/#organization\"},\"potentialAction\":[{\"@type\":\"SearchAction\",\"target\":{\"@type\":\"EntryPoint\",\"urlTemplate\":\"https:\\\/\\\/www.concert-hosteldieu.com\\\/?s={search_term_string}\"},\"query-input\":{\"@type\":\"PropertyValueSpecification\",\"valueRequired\":true,\"valueName\":\"search_term_string\"}}],\"inLanguage\":\"en-GB\"},{\"@type\":\"Organization\",\"@id\":\"https:\\\/\\\/www.concert-hosteldieu.com\\\/#organization\",\"name\":\"Le Concert de l'Hostel Dieu\",\"url\":\"https:\\\/\\\/www.concert-hosteldieu.com\\\/\",\"logo\":{\"@type\":\"ImageObject\",\"inLanguage\":\"en-GB\",\"@id\":\"https:\\\/\\\/www.concert-hosteldieu.com\\\/#\\\/schema\\\/logo\\\/image\\\/\",\"url\":\"https:\\\/\\\/www.concert-hosteldieu.com\\\/wp-content\\\/uploads\\\/2021\\\/06\\\/logo-chd-noir-transparent.png\",\"contentUrl\":\"https:\\\/\\\/www.concert-hosteldieu.com\\\/wp-content\\\/uploads\\\/2021\\\/06\\\/logo-chd-noir-transparent.png\",\"width\":262,\"height\":106,\"caption\":\"Le Concert de l'Hostel Dieu\"},\"image\":{\"@id\":\"https:\\\/\\\/www.concert-hosteldieu.com\\\/#\\\/schema\\\/logo\\\/image\\\/\"},\"sameAs\":[\"https:\\\/\\\/www.facebook.com\\\/leconcert.delhosteldieu\",\"https:\\\/\\\/x.com\\\/CHDLyon\",\"https:\\\/\\\/instagram.com\\\/concert_hostel_dieu\",\"https:\\\/\\\/www.linkedin.com\\\/company\\\/le-concert-de-l'hostel-dieu\\\/\",\"https:\\\/\\\/www.youtube.com\\\/user\\\/CHDLyon\"]}]}<\/script>\n<!-- \/ Yoast SEO plugin. -->","yoast_head_json":{"title":"Le Concert de l&#039;Hostel Dieu - ensemble de musique baroque","description":"Retrouvez les derni\u00e8res actualit\u00e9s, les dates de tourn\u00e9e et les nouveaux projets artistiques du Concert de l'Hostel Dieu !","robots":{"index":"index","follow":"follow","max-snippet":"max-snippet:-1","max-image-preview":"max-image-preview:large","max-video-preview":"max-video-preview:-1"},"canonical":"https:\/\/www.concert-hosteldieu.com\/en\/","og_locale":"en_GB","og_type":"article","og_title":"Le Concert de l&#039;Hostel Dieu - ensemble de musique baroque","og_description":"Retrouvez les derni\u00e8res actualit\u00e9s, les dates de tourn\u00e9e et les nouveaux projets artistiques du Concert de l'Hostel Dieu !","og_url":"https:\/\/www.concert-hosteldieu.com\/en\/","og_site_name":"Le Concert de l&#039;Hostel Dieu","article_publisher":"https:\/\/www.facebook.com\/leconcert.delhosteldieu","article_modified_time":"2026-03-16T16:11:17+00:00","og_image":[{"width":1920,"height":1280,"url":"https:\/\/www.concert-hosteldieu.com\/wp-content\/uploads\/2022\/03\/Il-Paradiso-perduto\u00a9Julie-Cherki-1.jpg","type":"image\/jpeg"}],"twitter_misc":{"Estimated reading time":"12 minutes"},"schema":{"@context":"https:\/\/schema.org","@graph":[{"@type":"WebPage","@id":"https:\/\/www.concert-hosteldieu.com\/","url":"https:\/\/www.concert-hosteldieu.com\/","name":"Le Concert de l&#039;Hostel Dieu - ensemble de musique baroque","isPartOf":{"@id":"https:\/\/www.concert-hosteldieu.com\/#website"},"primaryImageOfPage":{"@id":"https:\/\/www.concert-hosteldieu.com\/#primaryimage"},"image":{"@id":"https:\/\/www.concert-hosteldieu.com\/#primaryimage"},"thumbnailUrl":"https:\/\/www.concert-hosteldieu.com\/wp-content\/uploads\/2022\/03\/Il-Paradiso-perduto\u00a9Julie-Cherki-1.jpg","datePublished":"2020-03-19T14:16:08+00:00","dateModified":"2026-03-16T16:11:17+00:00","description":"Retrouvez les derni\u00e8res actualit\u00e9s, les dates de tourn\u00e9e et les nouveaux projets artistiques du Concert de l'Hostel Dieu !","breadcrumb":{"@id":"https:\/\/www.concert-hosteldieu.com\/#breadcrumb"},"inLanguage":"en-GB","potentialAction":[{"@type":"ReadAction","target":["https:\/\/www.concert-hosteldieu.com\/"]}]},{"@type":"ImageObject","inLanguage":"en-GB","@id":"https:\/\/www.concert-hosteldieu.com\/#primaryimage","url":"https:\/\/www.concert-hosteldieu.com\/wp-content\/uploads\/2022\/03\/Il-Paradiso-perduto\u00a9Julie-Cherki-1.jpg","contentUrl":"https:\/\/www.concert-hosteldieu.com\/wp-content\/uploads\/2022\/03\/Il-Paradiso-perduto\u00a9Julie-Cherki-1.jpg","width":1920,"height":1280,"caption":"La cr\u00e9ation de Il Paradiso perduto \u00e0 l'Auditorium de Lyon"},{"@type":"BreadcrumbList","@id":"https:\/\/www.concert-hosteldieu.com\/#breadcrumb","itemListElement":[{"@type":"ListItem","position":1,"name":"Accueil","item":"https:\/\/www.concert-hosteldieu.com\/"},{"@type":"ListItem","position":2,"name":"Accueil"}]},{"@type":"WebSite","@id":"https:\/\/www.concert-hosteldieu.com\/#website","url":"https:\/\/www.concert-hosteldieu.com\/","name":"Le Concert de l&#039;Hostel Dieu","description":"Franck-Emmanuel Comte","publisher":{"@id":"https:\/\/www.concert-hosteldieu.com\/#organization"},"potentialAction":[{"@type":"SearchAction","target":{"@type":"EntryPoint","urlTemplate":"https:\/\/www.concert-hosteldieu.com\/?s={search_term_string}"},"query-input":{"@type":"PropertyValueSpecification","valueRequired":true,"valueName":"search_term_string"}}],"inLanguage":"en-GB"},{"@type":"Organization","@id":"https:\/\/www.concert-hosteldieu.com\/#organization","name":"Le Concert de l'Hostel Dieu","url":"https:\/\/www.concert-hosteldieu.com\/","logo":{"@type":"ImageObject","inLanguage":"en-GB","@id":"https:\/\/www.concert-hosteldieu.com\/#\/schema\/logo\/image\/","url":"https:\/\/www.concert-hosteldieu.com\/wp-content\/uploads\/2021\/06\/logo-chd-noir-transparent.png","contentUrl":"https:\/\/www.concert-hosteldieu.com\/wp-content\/uploads\/2021\/06\/logo-chd-noir-transparent.png","width":262,"height":106,"caption":"Le Concert de l'Hostel Dieu"},"image":{"@id":"https:\/\/www.concert-hosteldieu.com\/#\/schema\/logo\/image\/"},"sameAs":["https:\/\/www.facebook.com\/leconcert.delhosteldieu","https:\/\/x.com\/CHDLyon","https:\/\/instagram.com\/concert_hostel_dieu","https:\/\/www.linkedin.com\/company\/le-concert-de-l'hostel-dieu\/","https:\/\/www.youtube.com\/user\/CHDLyon"]}]}},"_links":{"self":[{"href":"https:\/\/www.concert-hosteldieu.com\/en\/wp-json\/wp\/v2\/pages\/38","targetHints":{"allow":["GET"]}}],"collection":[{"href":"https:\/\/www.concert-hosteldieu.com\/en\/wp-json\/wp\/v2\/pages"}],"about":[{"href":"https:\/\/www.concert-hosteldieu.com\/en\/wp-json\/wp\/v2\/types\/page"}],"author":[{"embeddable":true,"href":"https:\/\/www.concert-hosteldieu.com\/en\/wp-json\/wp\/v2\/users\/2776"}],"replies":[{"embeddable":true,"href":"https:\/\/www.concert-hosteldieu.com\/en\/wp-json\/wp\/v2\/comments?post=38"}],"version-history":[{"count":6,"href":"https:\/\/www.concert-hosteldieu.com\/en\/wp-json\/wp\/v2\/pages\/38\/revisions"}],"predecessor-version":[{"id":24120,"href":"https:\/\/www.concert-hosteldieu.com\/en\/wp-json\/wp\/v2\/pages\/38\/revisions\/24120"}],"wp:featuredmedia":[{"embeddable":true,"href":"https:\/\/www.concert-hosteldieu.com\/en\/wp-json\/wp\/v2\/media\/17010"}],"wp:attachment":[{"href":"https:\/\/www.concert-hosteldieu.com\/en\/wp-json\/wp\/v2\/media?parent=38"}],"wp:term":[{"taxonomy":"category","embeddable":true,"href":"https:\/\/www.concert-hosteldieu.com\/en\/wp-json\/wp\/v2\/categories?post=38"},{"taxonomy":"post_tag","embeddable":true,"href":"https:\/\/www.concert-hosteldieu.com\/en\/wp-json\/wp\/v2\/tags?post=38"}],"curies":[{"name":"wp","href":"https:\/\/api.w.org\/{rel}","templated":true}]}}