{"id":24249,"date":"2026-04-27T14:04:09","date_gmt":"2026-04-27T13:04:09","guid":{"rendered":"https:\/\/www.concert-hosteldieu.com\/?page_id=24249"},"modified":"2026-04-27T14:49:50","modified_gmt":"2026-04-27T13:49:50","slug":"mad-world","status":"publish","type":"page","link":"https:\/\/www.concert-hosteldieu.com\/en\/nos-productions\/mad-world\/","title":{"rendered":"Mad World"},"content":{"rendered":"<h4>\n\t\t\tDanser sous l&rsquo;orage\t<\/h4>\n\t\t\t\t\t\t<h4>Program details<\/h4>\n\t\t\t<p><strong>Antonio Vivaldi<\/strong> <strong>&#8211;<\/strong> <em>Allegro<\/em>, from <em>\u00ab\u00a0L&rsquo;inquietudine\u00a0\u00bb,<\/em><em>\u00a0Concerto pour violon<\/em> (RV 234) (1720)<br \/><strong>Georg Friedrich Haendel &#8211; <\/strong>Air <em>\u00ab\u00a0Furie terribili\u00a0\u00bb<\/em>, from\u00a0<em>Rinaldo <\/em>(HWV 7) (1731)<br \/><strong>Matthew Locke<\/strong> <strong>&#8211; <\/strong><em>Introduction <\/em>and <em>Lilk<\/em>, from <em>The Tempest<\/em> (1674)<br \/><strong>Georg Friedrich Haendel &#8211;<\/strong> Air <em>\u00ab\u00a0Alla salma infidel\u00a0\u00bb<\/em>, from <em>Lucrezia<\/em> (HWV 145) (1706)<br \/><strong>Gabriel Yared &amp; Sin\u00e8ad O&rsquo;Connor &#8211;<\/strong> <em>Lullaby for Cain<\/em>, from <em>The Talented Mr. Ripley<\/em> (1999)<br \/><strong>Matthew Locke<\/strong> <strong>&#8211; <\/strong><em>Curtain tune<\/em>, from <em>The Tempest<\/em> (1674)<br \/><strong>John Playford &#8211;<\/strong><em> Wallom green<\/em>, from <em>The Dancing Master<\/em> (1651)<br \/><strong>James Hart &#8211; <\/strong>Air <em>\u00ab\u00a0Adieu to the Pleasures and Follies\u00a0\u00bb<\/em>, from <em>The Tempest <\/em>(1674)<em><br \/><\/em><strong>Christoph Graupner<\/strong> <strong>&#8211; <\/strong> <em>Le Desire : Largo<\/em>, from <em>Ouverture in F Major<\/em> (GWV 445) (1731)<br \/><strong>Tears for Fears <\/strong><strong>&#8211;<\/strong> <em>Mad World<\/em> (1983)<br \/><strong>Georg Friedrich Haendel &#8211;<\/strong> Air <em>\u00ab\u00a0With darkness\u00a0\u00bb<\/em>, from <em>Theodora<\/em> (HWV 68) (1749)<br \/><strong>Jean-Philippe Rameau &#8211; <\/strong> <em>Ritournelle<\/em>, from <em>Dardanus<\/em> (1739)<br \/><strong>Henry Purcell &#8211; <\/strong><em> Curtain Tune<\/em>, from <em>Timon of Athens <\/em>(1694)<em><br \/><\/em><strong>Giovanni Legrenzi &#8211; <\/strong>Air duo<em> \u00ab\u00a0Lumi, potete piangere\u00a0\u00bb<\/em>, from<em>La Divisione del mondo <\/em>(1675)<em><br \/><\/em><strong>Antonio Vivaldi<\/strong> <strong>&#8211;<\/strong> <em>Allegro<\/em>, from<em> In furore Iustisimae irae<\/em> (RV 626) (1723)<br \/><strong>John Playford &#8211;<\/strong> <em>Virgen Queen<\/em>, from <em>The Dancing Master<\/em> (1651)<br \/><strong>Anonyme &#8211;<\/strong> <em>Mad Maudlin<br \/><\/em><strong>Anonyme &#8211;<\/strong> <em>Leave her Johnny<\/em><br \/><strong>John Playford &#8211;<\/strong> <em>Nobody&rsquo;s Jigg<\/em>, from <em>The Dancing Master<\/em> (1651)<\/p>\n<hr \/>\n<p><strong>DUR\u00c9E :<\/strong> 1 H 15<\/p>\n\t\t\t\t\t\t<h4>Cast<\/h4>\n\t\t\t<p><strong>Le Concert de l&rsquo;Hostel Dieu<\/strong><\/p>\n<p><a href=\"https:\/\/www.concert-hosteldieu.com\/en\/nos-artistes-invites\/heather-newhouse\/\" target=\"_blank\" rel=\"noopener\"><strong>Heather Newhouse<\/strong><\/a>, soprano<br \/><strong>Minori Deguchi<\/strong>, violon, en alternance avec <strong>Reynier Guerrero<\/strong>, violin<br \/><strong>Andr\u00e9<\/strong> <strong>Costa<\/strong>, violin<br \/><strong>Aur\u00e9lie<\/strong> <strong>M\u00e9tivier<\/strong>, viola<br \/><strong>Aude<\/strong> <strong>Walker-Viry<\/strong>, cello<br \/><strong>Ulrick<\/strong> <strong>Larsen<\/strong>, theorbo and guitar<br \/><strong><a href=\"https:\/\/www.concert-hosteldieu.com\/en\/franck-emmanuel-comte\/\">Franck-Emmanuel Comte<\/a><\/strong>, direction and harpsichord<\/p>\n<hr \/>\n<p><strong>On stage:<\/strong> <br \/><strong>7 artistes<\/strong> (1 chanteuse, 6 instrumentistes dont 1 chef d&rsquo;orchestre)<\/p>\n\t<p><strong><em>Mad World<\/em><\/strong>\u00a0explore un monde vivant et imparfait, o\u00f9 l&rsquo;ordre vacille sous la pression des forces d\u00e9stabilisatrices des \u00e9l\u00e9ments et des antagonismes humains. Comme une nature en d\u00e9bordement, la musique y progresse par secousses : temp\u00eates soudaines, vents contraires, mar\u00e9es qui submergent les rivages, paysages en mutation constante. \u00c0 l&rsquo;image de notre monde contemporain soumis aux caprices des autocrates et des ing\u00e9nieurs du chaos, les \u00e9l\u00e9ments se d\u00e9cha\u00eenent et r\u00e9v\u00e8lent, dans leur exc\u00e8s, une troublante beaut\u00e9.<\/p>\n<p>De <strong>Vivaldi<\/strong> \u00e0 <strong>Haendel<\/strong>, de <strong>Purcell<\/strong> \u00e0 <strong>Rameau<\/strong>, jusqu&rsquo;aux r\u00e9sonances contemporaines des songs de <strong>Tears for fears<\/strong> and <strong>Sin\u00e8ad O&rsquo;Connor<\/strong><em>, <strong>Mad World<\/strong><\/em> traverse des \u00e9tats extr\u00eames o\u00f9 la folie du monde rejoint celle des \u00e9l\u00e9ments : la fureur \u00e9clate comme l&rsquo;orage (<em>Furie terribili<\/em>,\u00a0<em>In furore iustissimae irae<\/em>), le deuil s&rsquo;\u00e9tend comme une nuit sans fin (<em>With darkness<\/em>), l&rsquo;errance devient d\u00e9rive au large, livr\u00e9e aux vents et aux courants (<em>Leave her Johnny<\/em>). Les danses de <strong>Playford<\/strong> ou les \u00e9vocations po\u00e9tiques de <strong>Graupner<\/strong> apparaissent alors, comme de br\u00e8ves accalmies, \u00e9claircies fragiles au c\u0153ur d&rsquo;un climat instable.<\/p>\n<p><strong>Le Concert de l&rsquo;Hostel Dieu<\/strong> fait entendre ici, un monde o\u00f9 nature et humanit\u00e9 se confondent dans un m\u00eame vertige, entre crues \u00e9motionnelles, temp\u00eates et d\u00e9r\u00e8glement du c\u0153ur et des \u00e9l\u00e9ments. Dans ce paysage travers\u00e9 de forces contraires, la folie n&rsquo;est plus une rupture mais un \u00e9tat du monde ou la musique r\u00e9sonne davantage comme une invitation \u00e0 danser sous l&rsquo;orage, plut\u00f4t qu&rsquo;\u00e0 en attendre la fin.<\/p>\n<h4  id=\"image\">\n\t\t\tPICTURES\t<\/h4>\n<h4  id=\"agenda\">\n\t\t\tCALENDAR\t<\/h4>\n\t<p>Cr\u00e9ation \u00e0 venir<\/p>\n<h4  id=\"artiste\">\n\t\t\tASSOCIATED ARTISTS\t<\/h4>\n\t\t\t\t\t\t\t\t\t\t\t\t\t\t<a href=\"https:\/\/www.concert-hosteldieu.com\/en\/franck-emmanuel-comte\/\" target=\"_self\" title=\"Franck-Emmanuel Comte\">\n\t\t\t\t<img decoding=\"async\" src=\"https:\/\/www.concert-hosteldieu.com\/wp-content\/uploads\/2021\/07\/CHD-FE-Comte-portrait-Jean-Combier-6.jpg\" alt=\"Franck-Emmanuel Comte, directeur artistique du Concert de l&#039;Hostel Dieu\" \/>\n\t\t\t\t<\/a>\n\t\t\t\t\t\t<h3>\n\t\t\t\t<a href=\"https:\/\/www.concert-hosteldieu.com\/en\/franck-emmanuel-comte\/\" title=\"Franck-Emmanuel Comte\">Franck-Emmanuel Comte<\/a>\t\t\t<\/h3>\n\t\t\t\t\t\t\t\t\t\t\t\t\t\t<a href=\"https:\/\/www.concert-hosteldieu.com\/en\/nos-artistes-invites\/heather-newhouse\/\" target=\"_self\" title=\"Heather Newhouse\">\n\t\t\t\t<img decoding=\"async\" src=\"https:\/\/www.concert-hosteldieu.com\/wp-content\/uploads\/2025\/02\/Heather-Newhouse.jpg\" alt=\"\" \/>\n\t\t\t\t<\/a>\n\t\t\t\t\t\t<h3>\n\t\t\t\t<a href=\"https:\/\/www.concert-hosteldieu.com\/en\/nos-artistes-invites\/heather-newhouse\/\" title=\"Heather Newhouse\">Heather Newhouse<\/a>\t\t\t<\/h3>","protected":false},"excerpt":{"rendered":"<p>Danser sous l&rsquo;orage Programme Antonio Vivaldi &#8211; Allegro, extrait de \u00ab\u00a0L&rsquo;inquietudine\u00a0\u00bb,\u00a0Concerto pour violon (RV 234) (1720)Georg Friedrich Haendel &#8211; Air \u00ab\u00a0Furie terribili\u00a0\u00bb, extrait de\u00a0Rinaldo (HWV 7) (1731)Matthew Locke &#8211; Introduction et Lilk, extraits de The Tempest (1674)Georg Friedrich Haendel &#8211; [&hellip;]<\/p>\n","protected":false},"author":2776,"featured_media":24250,"parent":23593,"menu_order":0,"comment_status":"closed","ping_status":"closed","template":"","meta":{"site-sidebar-layout":"default","site-content-layout":"","ast-site-content-layout":"full-width-container","site-content-style":"unboxed","site-sidebar-style":"unboxed","ast-global-header-display":"","ast-banner-title-visibility":"","ast-main-header-display":"","ast-hfb-above-header-display":"","ast-hfb-below-header-display":"","ast-hfb-mobile-header-display":"","site-post-title":"disabled","ast-breadcrumbs-content":"","ast-featured-img":"disabled","footer-sml-layout":"","ast-disable-related-posts":"","theme-transparent-header-meta":"default","adv-header-id-meta":"","stick-header-meta":"default","header-above-stick-meta":"","header-main-stick-meta":"","header-below-stick-meta":"","astra-migrate-meta-layouts":"set","ast-page-background-enabled":"default","ast-page-background-meta":{"desktop":{"background-color":"","background-image":"","background-repeat":"repeat","background-position":"center center","background-size":"auto","background-attachment":"scroll","background-type":"","background-media":"","overlay-type":"","overlay-color":"","overlay-opacity":"","overlay-gradient":""},"tablet":{"background-color":"","background-image":"","background-repeat":"repeat","background-position":"center center","background-size":"auto","background-attachment":"scroll","background-type":"","background-media":"","overlay-type":"","overlay-color":"","overlay-opacity":"","overlay-gradient":""},"mobile":{"background-color":"","background-image":"","background-repeat":"repeat","background-position":"center center","background-size":"auto","background-attachment":"scroll","background-type":"","background-media":"","overlay-type":"","overlay-color":"","overlay-opacity":"","overlay-gradient":""}},"ast-content-background-meta":{"desktop":{"background-color":"var(--ast-global-color-5)","background-image":"","background-repeat":"repeat","background-position":"center center","background-size":"auto","background-attachment":"scroll","background-type":"","background-media":"","overlay-type":"","overlay-color":"","overlay-opacity":"","overlay-gradient":""},"tablet":{"background-color":"var(--ast-global-color-5)","background-image":"","background-repeat":"repeat","background-position":"center center","background-size":"auto","background-attachment":"scroll","background-type":"","background-media":"","overlay-type":"","overlay-color":"","overlay-opacity":"","overlay-gradient":""},"mobile":{"background-color":"var(--ast-global-color-5)","background-image":"","background-repeat":"repeat","background-position":"center center","background-size":"auto","background-attachment":"scroll","background-type":"","background-media":"","overlay-type":"","overlay-color":"","overlay-opacity":"","overlay-gradient":""}},"footnotes":""},"categories":[451],"tags":[],"class_list":["post-24249","page","type-page","status-publish","has-post-thumbnail","hentry","category-nos-productions"],"yoast_head":"<!-- This site is optimized with the Yoast SEO plugin v27.5 - https:\/\/yoast.com\/product\/yoast-seo-wordpress\/ -->\n<title>Mad World - Le Concert de l&#039;Hostel Dieu<\/title>\n<meta name=\"robots\" content=\"index, follow, max-snippet:-1, max-image-preview:large, max-video-preview:-1\" \/>\n<link rel=\"canonical\" href=\"https:\/\/www.concert-hosteldieu.com\/en\/nos-productions\/mad-world\/\" \/>\n<meta property=\"og:locale\" content=\"en_GB\" \/>\n<meta property=\"og:type\" content=\"article\" \/>\n<meta property=\"og:title\" content=\"Mad World - Le Concert de l&#039;Hostel Dieu\" \/>\n<meta property=\"og:description\" content=\"Danser sous l&rsquo;orage Programme Antonio Vivaldi &#8211; Allegro, extrait de \u00ab\u00a0L&rsquo;inquietudine\u00a0\u00bb,\u00a0Concerto pour violon (RV 234) (1720)Georg Friedrich Haendel &#8211; Air \u00ab\u00a0Furie terribili\u00a0\u00bb, extrait de\u00a0Rinaldo (HWV 7) (1731)Matthew Locke &#8211; Introduction et Lilk, extraits de The Tempest (1674)Georg Friedrich Haendel &#8211; [&hellip;]\" \/>\n<meta property=\"og:url\" content=\"https:\/\/www.concert-hosteldieu.com\/en\/nos-productions\/mad-world\/\" \/>\n<meta property=\"og:site_name\" content=\"Le Concert de l&#039;Hostel Dieu\" \/>\n<meta property=\"article:publisher\" content=\"https:\/\/www.facebook.com\/leconcert.delhosteldieu\" \/>\n<meta property=\"article:modified_time\" content=\"2026-04-27T13:49:50+00:00\" \/>\n<meta property=\"og:image\" content=\"https:\/\/www.concert-hosteldieu.com\/wp-content\/uploads\/2026\/04\/craig-whitehead-CgVM_AD2vtI-unsplash.jpg\" \/>\n\t<meta property=\"og:image:width\" content=\"1536\" \/>\n\t<meta property=\"og:image:height\" content=\"1920\" \/>\n\t<meta property=\"og:image:type\" content=\"image\/jpeg\" \/>\n<meta name=\"twitter:label1\" content=\"Estimated reading time\" \/>\n\t<meta name=\"twitter:data1\" content=\"4 minutes\" \/>\n<script type=\"application\/ld+json\" class=\"yoast-schema-graph\">{\"@context\":\"https:\\\/\\\/schema.org\",\"@graph\":[{\"@type\":\"WebPage\",\"@id\":\"https:\\\/\\\/www.concert-hosteldieu.com\\\/nos-productions\\\/mad-world\\\/\",\"url\":\"https:\\\/\\\/www.concert-hosteldieu.com\\\/nos-productions\\\/mad-world\\\/\",\"name\":\"Mad World - Le Concert de l&#039;Hostel Dieu\",\"isPartOf\":{\"@id\":\"https:\\\/\\\/www.concert-hosteldieu.com\\\/#website\"},\"primaryImageOfPage\":{\"@id\":\"https:\\\/\\\/www.concert-hosteldieu.com\\\/nos-productions\\\/mad-world\\\/#primaryimage\"},\"image\":{\"@id\":\"https:\\\/\\\/www.concert-hosteldieu.com\\\/nos-productions\\\/mad-world\\\/#primaryimage\"},\"thumbnailUrl\":\"https:\\\/\\\/www.concert-hosteldieu.com\\\/wp-content\\\/uploads\\\/2026\\\/04\\\/craig-whitehead-CgVM_AD2vtI-unsplash.jpg\",\"datePublished\":\"2026-04-27T13:04:09+00:00\",\"dateModified\":\"2026-04-27T13:49:50+00:00\",\"breadcrumb\":{\"@id\":\"https:\\\/\\\/www.concert-hosteldieu.com\\\/nos-productions\\\/mad-world\\\/#breadcrumb\"},\"inLanguage\":\"en-GB\",\"potentialAction\":[{\"@type\":\"ReadAction\",\"target\":[\"https:\\\/\\\/www.concert-hosteldieu.com\\\/nos-productions\\\/mad-world\\\/\"]}]},{\"@type\":\"ImageObject\",\"inLanguage\":\"en-GB\",\"@id\":\"https:\\\/\\\/www.concert-hosteldieu.com\\\/nos-productions\\\/mad-world\\\/#primaryimage\",\"url\":\"https:\\\/\\\/www.concert-hosteldieu.com\\\/wp-content\\\/uploads\\\/2026\\\/04\\\/craig-whitehead-CgVM_AD2vtI-unsplash.jpg\",\"contentUrl\":\"https:\\\/\\\/www.concert-hosteldieu.com\\\/wp-content\\\/uploads\\\/2026\\\/04\\\/craig-whitehead-CgVM_AD2vtI-unsplash.jpg\",\"width\":1536,\"height\":1920},{\"@type\":\"BreadcrumbList\",\"@id\":\"https:\\\/\\\/www.concert-hosteldieu.com\\\/nos-productions\\\/mad-world\\\/#breadcrumb\",\"itemListElement\":[{\"@type\":\"ListItem\",\"position\":1,\"name\":\"Accueil\",\"item\":\"https:\\\/\\\/www.concert-hosteldieu.com\\\/\"},{\"@type\":\"ListItem\",\"position\":2,\"name\":\"Nos productions\",\"item\":\"https:\\\/\\\/www.concert-hosteldieu.com\\\/nos-productions\\\/\"},{\"@type\":\"ListItem\",\"position\":3,\"name\":\"Mad World\"}]},{\"@type\":\"WebSite\",\"@id\":\"https:\\\/\\\/www.concert-hosteldieu.com\\\/#website\",\"url\":\"https:\\\/\\\/www.concert-hosteldieu.com\\\/\",\"name\":\"Le Concert de l&#039;Hostel Dieu\",\"description\":\"Franck-Emmanuel Comte\",\"publisher\":{\"@id\":\"https:\\\/\\\/www.concert-hosteldieu.com\\\/#organization\"},\"potentialAction\":[{\"@type\":\"SearchAction\",\"target\":{\"@type\":\"EntryPoint\",\"urlTemplate\":\"https:\\\/\\\/www.concert-hosteldieu.com\\\/?s={search_term_string}\"},\"query-input\":{\"@type\":\"PropertyValueSpecification\",\"valueRequired\":true,\"valueName\":\"search_term_string\"}}],\"inLanguage\":\"en-GB\"},{\"@type\":\"Organization\",\"@id\":\"https:\\\/\\\/www.concert-hosteldieu.com\\\/#organization\",\"name\":\"Le Concert de l'Hostel Dieu\",\"url\":\"https:\\\/\\\/www.concert-hosteldieu.com\\\/\",\"logo\":{\"@type\":\"ImageObject\",\"inLanguage\":\"en-GB\",\"@id\":\"https:\\\/\\\/www.concert-hosteldieu.com\\\/#\\\/schema\\\/logo\\\/image\\\/\",\"url\":\"https:\\\/\\\/www.concert-hosteldieu.com\\\/wp-content\\\/uploads\\\/2021\\\/06\\\/logo-chd-noir-transparent.png\",\"contentUrl\":\"https:\\\/\\\/www.concert-hosteldieu.com\\\/wp-content\\\/uploads\\\/2021\\\/06\\\/logo-chd-noir-transparent.png\",\"width\":262,\"height\":106,\"caption\":\"Le Concert de l'Hostel Dieu\"},\"image\":{\"@id\":\"https:\\\/\\\/www.concert-hosteldieu.com\\\/#\\\/schema\\\/logo\\\/image\\\/\"},\"sameAs\":[\"https:\\\/\\\/www.facebook.com\\\/leconcert.delhosteldieu\",\"https:\\\/\\\/x.com\\\/CHDLyon\",\"https:\\\/\\\/instagram.com\\\/concert_hostel_dieu\",\"https:\\\/\\\/www.linkedin.com\\\/company\\\/le-concert-de-l'hostel-dieu\\\/\",\"https:\\\/\\\/www.youtube.com\\\/user\\\/CHDLyon\"]}]}<\/script>\n<!-- \/ Yoast SEO plugin. -->","yoast_head_json":{"title":"Mad World - Le Concert de l&#039;Hostel Dieu","robots":{"index":"index","follow":"follow","max-snippet":"max-snippet:-1","max-image-preview":"max-image-preview:large","max-video-preview":"max-video-preview:-1"},"canonical":"https:\/\/www.concert-hosteldieu.com\/en\/nos-productions\/mad-world\/","og_locale":"en_GB","og_type":"article","og_title":"Mad World - Le Concert de l&#039;Hostel Dieu","og_description":"Danser sous l&rsquo;orage Programme Antonio Vivaldi &#8211; Allegro, extrait de \u00ab\u00a0L&rsquo;inquietudine\u00a0\u00bb,\u00a0Concerto pour violon (RV 234) (1720)Georg Friedrich Haendel &#8211; Air \u00ab\u00a0Furie terribili\u00a0\u00bb, extrait de\u00a0Rinaldo (HWV 7) (1731)Matthew Locke &#8211; Introduction et Lilk, extraits de The Tempest (1674)Georg Friedrich Haendel &#8211; [&hellip;]","og_url":"https:\/\/www.concert-hosteldieu.com\/en\/nos-productions\/mad-world\/","og_site_name":"Le Concert de l&#039;Hostel Dieu","article_publisher":"https:\/\/www.facebook.com\/leconcert.delhosteldieu","article_modified_time":"2026-04-27T13:49:50+00:00","og_image":[{"width":1536,"height":1920,"url":"https:\/\/www.concert-hosteldieu.com\/wp-content\/uploads\/2026\/04\/craig-whitehead-CgVM_AD2vtI-unsplash.jpg","type":"image\/jpeg"}],"twitter_misc":{"Estimated reading time":"4 minutes"},"schema":{"@context":"https:\/\/schema.org","@graph":[{"@type":"WebPage","@id":"https:\/\/www.concert-hosteldieu.com\/nos-productions\/mad-world\/","url":"https:\/\/www.concert-hosteldieu.com\/nos-productions\/mad-world\/","name":"Mad World - Le Concert de l&#039;Hostel Dieu","isPartOf":{"@id":"https:\/\/www.concert-hosteldieu.com\/#website"},"primaryImageOfPage":{"@id":"https:\/\/www.concert-hosteldieu.com\/nos-productions\/mad-world\/#primaryimage"},"image":{"@id":"https:\/\/www.concert-hosteldieu.com\/nos-productions\/mad-world\/#primaryimage"},"thumbnailUrl":"https:\/\/www.concert-hosteldieu.com\/wp-content\/uploads\/2026\/04\/craig-whitehead-CgVM_AD2vtI-unsplash.jpg","datePublished":"2026-04-27T13:04:09+00:00","dateModified":"2026-04-27T13:49:50+00:00","breadcrumb":{"@id":"https:\/\/www.concert-hosteldieu.com\/nos-productions\/mad-world\/#breadcrumb"},"inLanguage":"en-GB","potentialAction":[{"@type":"ReadAction","target":["https:\/\/www.concert-hosteldieu.com\/nos-productions\/mad-world\/"]}]},{"@type":"ImageObject","inLanguage":"en-GB","@id":"https:\/\/www.concert-hosteldieu.com\/nos-productions\/mad-world\/#primaryimage","url":"https:\/\/www.concert-hosteldieu.com\/wp-content\/uploads\/2026\/04\/craig-whitehead-CgVM_AD2vtI-unsplash.jpg","contentUrl":"https:\/\/www.concert-hosteldieu.com\/wp-content\/uploads\/2026\/04\/craig-whitehead-CgVM_AD2vtI-unsplash.jpg","width":1536,"height":1920},{"@type":"BreadcrumbList","@id":"https:\/\/www.concert-hosteldieu.com\/nos-productions\/mad-world\/#breadcrumb","itemListElement":[{"@type":"ListItem","position":1,"name":"Accueil","item":"https:\/\/www.concert-hosteldieu.com\/"},{"@type":"ListItem","position":2,"name":"Nos productions","item":"https:\/\/www.concert-hosteldieu.com\/nos-productions\/"},{"@type":"ListItem","position":3,"name":"Mad World"}]},{"@type":"WebSite","@id":"https:\/\/www.concert-hosteldieu.com\/#website","url":"https:\/\/www.concert-hosteldieu.com\/","name":"Le Concert de l&#039;Hostel Dieu","description":"Franck-Emmanuel Comte","publisher":{"@id":"https:\/\/www.concert-hosteldieu.com\/#organization"},"potentialAction":[{"@type":"SearchAction","target":{"@type":"EntryPoint","urlTemplate":"https:\/\/www.concert-hosteldieu.com\/?s={search_term_string}"},"query-input":{"@type":"PropertyValueSpecification","valueRequired":true,"valueName":"search_term_string"}}],"inLanguage":"en-GB"},{"@type":"Organization","@id":"https:\/\/www.concert-hosteldieu.com\/#organization","name":"Le Concert de l'Hostel Dieu","url":"https:\/\/www.concert-hosteldieu.com\/","logo":{"@type":"ImageObject","inLanguage":"en-GB","@id":"https:\/\/www.concert-hosteldieu.com\/#\/schema\/logo\/image\/","url":"https:\/\/www.concert-hosteldieu.com\/wp-content\/uploads\/2021\/06\/logo-chd-noir-transparent.png","contentUrl":"https:\/\/www.concert-hosteldieu.com\/wp-content\/uploads\/2021\/06\/logo-chd-noir-transparent.png","width":262,"height":106,"caption":"Le Concert de l'Hostel Dieu"},"image":{"@id":"https:\/\/www.concert-hosteldieu.com\/#\/schema\/logo\/image\/"},"sameAs":["https:\/\/www.facebook.com\/leconcert.delhosteldieu","https:\/\/x.com\/CHDLyon","https:\/\/instagram.com\/concert_hostel_dieu","https:\/\/www.linkedin.com\/company\/le-concert-de-l'hostel-dieu\/","https:\/\/www.youtube.com\/user\/CHDLyon"]}]}},"_links":{"self":[{"href":"https:\/\/www.concert-hosteldieu.com\/en\/wp-json\/wp\/v2\/pages\/24249","targetHints":{"allow":["GET"]}}],"collection":[{"href":"https:\/\/www.concert-hosteldieu.com\/en\/wp-json\/wp\/v2\/pages"}],"about":[{"href":"https:\/\/www.concert-hosteldieu.com\/en\/wp-json\/wp\/v2\/types\/page"}],"author":[{"embeddable":true,"href":"https:\/\/www.concert-hosteldieu.com\/en\/wp-json\/wp\/v2\/users\/2776"}],"replies":[{"embeddable":true,"href":"https:\/\/www.concert-hosteldieu.com\/en\/wp-json\/wp\/v2\/comments?post=24249"}],"version-history":[{"count":4,"href":"https:\/\/www.concert-hosteldieu.com\/en\/wp-json\/wp\/v2\/pages\/24249\/revisions"}],"predecessor-version":[{"id":24255,"href":"https:\/\/www.concert-hosteldieu.com\/en\/wp-json\/wp\/v2\/pages\/24249\/revisions\/24255"}],"up":[{"embeddable":true,"href":"https:\/\/www.concert-hosteldieu.com\/en\/wp-json\/wp\/v2\/pages\/23593"}],"wp:featuredmedia":[{"embeddable":true,"href":"https:\/\/www.concert-hosteldieu.com\/en\/wp-json\/wp\/v2\/media\/24250"}],"wp:attachment":[{"href":"https:\/\/www.concert-hosteldieu.com\/en\/wp-json\/wp\/v2\/media?parent=24249"}],"wp:term":[{"taxonomy":"category","embeddable":true,"href":"https:\/\/www.concert-hosteldieu.com\/en\/wp-json\/wp\/v2\/categories?post=24249"},{"taxonomy":"post_tag","embeddable":true,"href":"https:\/\/www.concert-hosteldieu.com\/en\/wp-json\/wp\/v2\/tags?post=24249"}],"curies":[{"name":"wp","href":"https:\/\/api.w.org\/{rel}","templated":true}]}}