{"id":23600,"date":"2025-09-15T13:23:48","date_gmt":"2025-09-15T12:23:48","guid":{"rendered":"https:\/\/www.concert-hosteldieu.com\/?page_id=23600"},"modified":"2025-09-23T15:05:09","modified_gmt":"2025-09-23T14:05:09","slug":"nos-productions-passees","status":"publish","type":"page","link":"https:\/\/www.concert-hosteldieu.com\/en\/nos-productions-passees\/","title":{"rendered":"Our past productions"},"content":{"rendered":"<h1><a title=\"Our past productions\" href=\"#intro\" target=\"_self\" aria-label=\"Aller \u00e0 #intro\"> Our past productions <\/a><\/h1>\r\n<p><a title=\"4 Se\u00e5s\u00f8ns, Vivaldi\/Rasmussen\" href=\"https:\/\/www.concert-hosteldieu.com\/en\/nos-productions\/quatre-saisons-rasmussen\/\" target=\"_self\"> <img decoding=\"async\" src=\"https:\/\/www.concert-hosteldieu.com\/wp-content\/uploads\/2025\/05\/2025.05.09-La-Trinite-4-seasons-Vivaldi-Rasmussen-204720-@william.sundfor-1024x683.jpg\" alt=\"\" \/> <\/a><\/p>\r\n<h6><a title=\"4 Se\u00e5s\u00f8ns, Vivaldi\/Rasmussen\" href=\"https:\/\/www.concert-hosteldieu.com\/en\/nos-productions\/quatre-saisons-rasmussen\/\">4 Se\u00e5s\u00f8ns, Vivaldi\/Rasmussen<\/a><\/h6>\r\n<p><a title=\"50-50\" href=\"https:\/\/www.concert-hosteldieu.com\/en\/nos-productions\/50-50\/\" target=\"_self\"> <img decoding=\"async\" src=\"https:\/\/www.concert-hosteldieu.com\/wp-content\/uploads\/2022\/06\/Visuel-50-50-RVB-1024x591.jpg\" alt=\"50\/50, un des projets en cr\u00e9ation du CHD\" \/> <\/a><\/p>\r\n<h6><a title=\"50-50\" href=\"https:\/\/www.concert-hosteldieu.com\/en\/nos-productions\/50-50\/\">50-50<\/a><\/h6>\r\n<p><a title=\"Babel Bach\" href=\"https:\/\/www.concert-hosteldieu.com\/en\/nos-productions\/babel-bach\/\" target=\"_self\"> <img decoding=\"async\" src=\"https:\/\/www.concert-hosteldieu.com\/wp-content\/uploads\/2023\/01\/CHD-FugaCites-141_web-1-1024x683.jpg\" alt=\"FugaCit\u00e9s\" \/> <\/a><\/p>\r\n<h6><a title=\"Babel Bach\" href=\"https:\/\/www.concert-hosteldieu.com\/en\/nos-productions\/babel-bach\/\">Babel Bach<\/a><\/h6>\r\n<p><a title=\"Bach ou pas Bach\" href=\"https:\/\/www.concert-hosteldieu.com\/en\/nos-productions\/bach-ou-pas-bach\/\" target=\"_self\"> <img decoding=\"async\" src=\"https:\/\/www.concert-hosteldieu.com\/wp-content\/uploads\/2023\/03\/Bach-ou-pas-Bach_800x800px-1024x1024.jpg\" alt=\"Visuel de Bach ou pas Bach\" \/> <\/a><\/p>\r\n<h6><a title=\"Bach ou pas Bach\" href=\"https:\/\/www.concert-hosteldieu.com\/en\/nos-productions\/bach-ou-pas-bach\/\">Bach ou pas Bach<\/a><\/h6>\r\n<p><a title=\"Bajazet fantasia\" href=\"https:\/\/www.concert-hosteldieu.com\/en\/nos-productions\/bajazet-fantasia\/\" target=\"_self\"> <img decoding=\"async\" src=\"https:\/\/www.concert-hosteldieu.com\/wp-content\/uploads\/2023\/06\/CHD-Guillotiere-web-61-1024x683.jpg\" alt=\"\" \/> <\/a><\/p>\r\n<h6><a title=\"Bajazet fantasia\" href=\"https:\/\/www.concert-hosteldieu.com\/en\/nos-productions\/bajazet-fantasia\/\">Bajazet fantasia<\/a><\/h6>\r\n<p><a title=\"Cold Case L\u2019affaire Leclair\" href=\"https:\/\/www.concert-hosteldieu.com\/en\/nos-productions\/cold-case\/\" target=\"_self\"> <img decoding=\"async\" src=\"https:\/\/www.concert-hosteldieu.com\/wp-content\/uploads\/2023\/06\/visuel-cold-case-1-1024x724.jpg\" alt=\"\" \/> <\/a><\/p>\r\n<h6><a title=\"Cold Case L\u2019affaire Leclair\" href=\"https:\/\/www.concert-hosteldieu.com\/en\/nos-productions\/cold-case\/\">Cold Case L\u2019affaire Leclair<\/a><\/h6>\r\n<p><a title=\"Folia\" href=\"https:\/\/www.concert-hosteldieu.com\/en\/nos-productions\/folia\/\" target=\"_self\"> <img decoding=\"async\" src=\"https:\/\/www.concert-hosteldieu.com\/wp-content\/uploads\/2021\/06\/folia-concert-hostel-dieu-merzouki-credit-julie-cherki-128-1024x683.jpg\" alt=\"Le projet en tourn\u00e9e Folia par Mourad Merzouki et Le Concert de l'Hostel Dieu\" \/> <\/a><\/p>\r\n<h6><a title=\"Folia\" href=\"https:\/\/www.concert-hosteldieu.com\/en\/nos-productions\/folia\/\">Folia<\/a><\/h6>\r\n<p><a title=\"Il Paradiso perduto\" href=\"https:\/\/www.concert-hosteldieu.com\/en\/nos-productions\/il-paradiso-perduto-2\/\" target=\"_self\"> <img decoding=\"async\" src=\"https:\/\/www.concert-hosteldieu.com\/wp-content\/uploads\/2021\/06\/Il-Paradiso-perduto-\u00a9-Julie-Cherki-1024x683.jpg\" alt=\"Le projet en tourn\u00e9e Il Paradiso perduto\" \/> <\/a><\/p>\r\n<h6><a title=\"Il Paradiso perduto\" href=\"https:\/\/www.concert-hosteldieu.com\/en\/nos-productions\/il-paradiso-perduto-2\/\">Il Paradiso perduto<\/a><\/h6>\r\n<p><a title=\"La Francesina\" href=\"https:\/\/www.concert-hosteldieu.com\/en\/nos-productions\/la-francesina\/\" target=\"_self\"> <img decoding=\"async\" src=\"https:\/\/www.concert-hosteldieu.com\/wp-content\/uploads\/2022\/06\/Sophie-Junker_La-Francesina\u00a9Jean-Baptiste-Millot-1024x682.jpg\" alt=\"\" \/> <\/a><\/p>\r\n<h6><a title=\"La Francesina\" href=\"https:\/\/www.concert-hosteldieu.com\/en\/nos-productions\/la-francesina\/\">La Francesina<\/a><\/h6>\r\n<p><a title=\"Movimento\" href=\"https:\/\/www.concert-hosteldieu.com\/en\/nos-productions\/movimento\/\" target=\"_self\"> <img decoding=\"async\" src=\"https:\/\/www.concert-hosteldieu.com\/wp-content\/uploads\/2024\/07\/DentroLeNote_JSBach-LArteDelMovimento_023-_ph\u00a9RolandoPaoloGuerzoni-1-1024x681.jpg\" alt=\"Movimento\" \/> <\/a><\/p>\r\n<h6><a title=\"Movimento\" href=\"https:\/\/www.concert-hosteldieu.com\/en\/nos-productions\/movimento\/\">Movimento<\/a><\/h6>\r\n<p><a title=\"Prima Donna\" href=\"https:\/\/www.concert-hosteldieu.com\/en\/nos-productions\/prima-donna\/\" target=\"_self\"> <img decoding=\"async\" src=\"https:\/\/www.concert-hosteldieu.com\/wp-content\/uploads\/2024\/07\/24-07-21_Prima-Donna_Cordon_Festival-du-Mont-Blanc-\u00a9Pierre-Duclos-1024x683.jpg\" alt=\"\" \/> <\/a><\/p>\r\n<h6><a title=\"Prima Donna\" href=\"https:\/\/www.concert-hosteldieu.com\/en\/nos-productions\/prima-donna\/\">Prima Donna<\/a><\/h6>\r\n<p><a title=\"Quatre saisons de Vivaldi\" href=\"https:\/\/www.concert-hosteldieu.com\/en\/nos-productions\/quatre-saisons-vivaldi\/\" target=\"_self\"> <img decoding=\"async\" src=\"https:\/\/www.concert-hosteldieu.com\/wp-content\/uploads\/2022\/07\/European-Music-Trails_Bach-Academy-1024x693.jpg\" alt=\"\" \/> <\/a><\/p>\r\n<h6><a title=\"Quatre saisons de Vivaldi\" href=\"https:\/\/www.concert-hosteldieu.com\/en\/nos-productions\/quatre-saisons-vivaldi\/\">Quatre saisons de Vivaldi<\/a><\/h6>\r\n<p><a title=\"Talestri, Queen of Amazons\" href=\"https:\/\/www.concert-hosteldieu.com\/en\/nos-productions\/talestri\/\" target=\"_self\"> <img decoding=\"async\" src=\"https:\/\/www.concert-hosteldieu.com\/wp-content\/uploads\/2021\/12\/Talestri_Reine_des_Amazones_25.09.2021_937-1024x576.jpg\" alt=\"\" \/> <\/a><\/p>\r\n<h6><a title=\"Talestri, Queen of Amazons\" href=\"https:\/\/www.concert-hosteldieu.com\/en\/nos-productions\/talestri\/\">Talestri, Queen of Amazons<\/a><\/h6>","protected":false},"excerpt":{"rendered":"<p>Nos productions pass\u00e9es 4 Se\u00e5s\u00f8ns, Vivaldi\/Rasmussen 50-50 Babel Bach Bach ou pas Bach Bajazet fantasia Cold Case L\u2019affaire Leclair Folia Il Paradiso perduto La Francesina Movimento Prima Donna Quatre saisons de Vivaldi Talestri, reine des amazones<\/p>","protected":false},"author":2776,"featured_media":23720,"parent":0,"menu_order":0,"comment_status":"closed","ping_status":"closed","template":"","meta":{"site-sidebar-layout":"no-sidebar","site-content-layout":"page-builder","ast-site-content-layout":"full-width-container","site-content-style":"unboxed","site-sidebar-style":"unboxed","ast-global-header-display":"","ast-banner-title-visibility":"","ast-main-header-display":"","ast-hfb-above-header-display":"","ast-hfb-below-header-display":"","ast-hfb-mobile-header-display":"","site-post-title":"disabled","ast-breadcrumbs-content":"","ast-featured-img":"disabled","footer-sml-layout":"","ast-disable-related-posts":"","theme-transparent-header-meta":"enabled","adv-header-id-meta":"","stick-header-meta":"default","header-above-stick-meta":"","header-main-stick-meta":"","header-below-stick-meta":"","astra-migrate-meta-layouts":"set","ast-page-background-enabled":"default","ast-page-background-meta":{"desktop":{"background-color":"","background-image":"","background-repeat":"repeat","background-position":"center center","background-size":"auto","background-attachment":"scroll","background-type":"","background-media":"","overlay-type":"","overlay-color":"","overlay-opacity":"","overlay-gradient":""},"tablet":{"background-color":"","background-image":"","background-repeat":"repeat","background-position":"center center","background-size":"auto","background-attachment":"scroll","background-type":"","background-media":"","overlay-type":"","overlay-color":"","overlay-opacity":"","overlay-gradient":""},"mobile":{"background-color":"","background-image":"","background-repeat":"repeat","background-position":"center center","background-size":"auto","background-attachment":"scroll","background-type":"","background-media":"","overlay-type":"","overlay-color":"","overlay-opacity":"","overlay-gradient":""}},"ast-content-background-meta":{"desktop":{"background-color":"var(--ast-global-color-5)","background-image":"","background-repeat":"repeat","background-position":"center center","background-size":"auto","background-attachment":"scroll","background-type":"","background-media":"","overlay-type":"","overlay-color":"","overlay-opacity":"","overlay-gradient":""},"tablet":{"background-color":"var(--ast-global-color-5)","background-image":"","background-repeat":"repeat","background-position":"center center","background-size":"auto","background-attachment":"scroll","background-type":"","background-media":"","overlay-type":"","overlay-color":"","overlay-opacity":"","overlay-gradient":""},"mobile":{"background-color":"var(--ast-global-color-5)","background-image":"","background-repeat":"repeat","background-position":"center center","background-size":"auto","background-attachment":"scroll","background-type":"","background-media":"","overlay-type":"","overlay-color":"","overlay-opacity":"","overlay-gradient":""}},"footnotes":""},"categories":[],"tags":[],"class_list":["post-23600","page","type-page","status-publish","has-post-thumbnail","hentry"],"yoast_head":"<!-- This site is optimized with the Yoast SEO plugin v27.5 - https:\/\/yoast.com\/product\/yoast-seo-wordpress\/ -->\n<title>Nos productions pass\u00e9es - Le Concert de l&#039;Hostel Dieu<\/title>\n<meta name=\"robots\" content=\"index, follow, max-snippet:-1, max-image-preview:large, max-video-preview:-1\" \/>\n<link rel=\"canonical\" href=\"https:\/\/www.concert-hosteldieu.com\/en\/nos-productions-passees\/\" \/>\n<meta property=\"og:locale\" content=\"en_GB\" \/>\n<meta property=\"og:type\" content=\"article\" \/>\n<meta property=\"og:title\" content=\"Nos productions pass\u00e9es - Le Concert de l&#039;Hostel Dieu\" \/>\n<meta property=\"og:description\" content=\"Nos productions pass\u00e9es 4 Se\u00e5s\u00f8ns, Vivaldi\/Rasmussen 50-50 Babel Bach Bach ou pas Bach Bajazet fantasia Cold Case L\u2019affaire Leclair Folia Il Paradiso perduto La Francesina Movimento Prima Donna Quatre saisons de Vivaldi Talestri, reine des amazones\" \/>\n<meta property=\"og:url\" content=\"https:\/\/www.concert-hosteldieu.com\/en\/nos-productions-passees\/\" \/>\n<meta property=\"og:site_name\" content=\"Le Concert de l&#039;Hostel Dieu\" \/>\n<meta property=\"article:publisher\" content=\"https:\/\/www.facebook.com\/leconcert.delhosteldieu\" \/>\n<meta property=\"article:modified_time\" content=\"2025-09-23T14:05:09+00:00\" \/>\n<meta property=\"og:image\" content=\"https:\/\/www.concert-hosteldieu.com\/wp-content\/uploads\/2025\/09\/2025.07.11-La-Trinite-CHD-Vivaldi-205607-c.william-sundfor.jpg\" \/>\n\t<meta property=\"og:image:width\" content=\"1920\" \/>\n\t<meta property=\"og:image:height\" content=\"1280\" \/>\n\t<meta property=\"og:image:type\" content=\"image\/jpeg\" \/>\n<meta name=\"twitter:label1\" content=\"Estimated reading time\" \/>\n\t<meta name=\"twitter:data1\" content=\"4 minutes\" \/>\n<script type=\"application\/ld+json\" class=\"yoast-schema-graph\">{\"@context\":\"https:\\\/\\\/schema.org\",\"@graph\":[{\"@type\":\"WebPage\",\"@id\":\"https:\\\/\\\/www.concert-hosteldieu.com\\\/nos-productions-passees\\\/\",\"url\":\"https:\\\/\\\/www.concert-hosteldieu.com\\\/nos-productions-passees\\\/\",\"name\":\"Nos productions pass\u00e9es - Le Concert de l&#039;Hostel Dieu\",\"isPartOf\":{\"@id\":\"https:\\\/\\\/www.concert-hosteldieu.com\\\/#website\"},\"primaryImageOfPage\":{\"@id\":\"https:\\\/\\\/www.concert-hosteldieu.com\\\/nos-productions-passees\\\/#primaryimage\"},\"image\":{\"@id\":\"https:\\\/\\\/www.concert-hosteldieu.com\\\/nos-productions-passees\\\/#primaryimage\"},\"thumbnailUrl\":\"https:\\\/\\\/www.concert-hosteldieu.com\\\/wp-content\\\/uploads\\\/2025\\\/09\\\/2025.07.11-La-Trinite-CHD-Vivaldi-205607-c.william-sundfor.jpg\",\"datePublished\":\"2025-09-15T12:23:48+00:00\",\"dateModified\":\"2025-09-23T14:05:09+00:00\",\"breadcrumb\":{\"@id\":\"https:\\\/\\\/www.concert-hosteldieu.com\\\/nos-productions-passees\\\/#breadcrumb\"},\"inLanguage\":\"en-GB\",\"potentialAction\":[{\"@type\":\"ReadAction\",\"target\":[\"https:\\\/\\\/www.concert-hosteldieu.com\\\/nos-productions-passees\\\/\"]}]},{\"@type\":\"ImageObject\",\"inLanguage\":\"en-GB\",\"@id\":\"https:\\\/\\\/www.concert-hosteldieu.com\\\/nos-productions-passees\\\/#primaryimage\",\"url\":\"https:\\\/\\\/www.concert-hosteldieu.com\\\/wp-content\\\/uploads\\\/2025\\\/09\\\/2025.07.11-La-Trinite-CHD-Vivaldi-205607-c.william-sundfor.jpg\",\"contentUrl\":\"https:\\\/\\\/www.concert-hosteldieu.com\\\/wp-content\\\/uploads\\\/2025\\\/09\\\/2025.07.11-La-Trinite-CHD-Vivaldi-205607-c.william-sundfor.jpg\",\"width\":1920,\"height\":1280,\"caption\":\"\u00a9 William Sundfor\"},{\"@type\":\"BreadcrumbList\",\"@id\":\"https:\\\/\\\/www.concert-hosteldieu.com\\\/nos-productions-passees\\\/#breadcrumb\",\"itemListElement\":[{\"@type\":\"ListItem\",\"position\":1,\"name\":\"Accueil\",\"item\":\"https:\\\/\\\/www.concert-hosteldieu.com\\\/\"},{\"@type\":\"ListItem\",\"position\":2,\"name\":\"Nos productions pass\u00e9es\"}]},{\"@type\":\"WebSite\",\"@id\":\"https:\\\/\\\/www.concert-hosteldieu.com\\\/#website\",\"url\":\"https:\\\/\\\/www.concert-hosteldieu.com\\\/\",\"name\":\"Le Concert de l&#039;Hostel Dieu\",\"description\":\"Franck-Emmanuel Comte\",\"publisher\":{\"@id\":\"https:\\\/\\\/www.concert-hosteldieu.com\\\/#organization\"},\"potentialAction\":[{\"@type\":\"SearchAction\",\"target\":{\"@type\":\"EntryPoint\",\"urlTemplate\":\"https:\\\/\\\/www.concert-hosteldieu.com\\\/?s={search_term_string}\"},\"query-input\":{\"@type\":\"PropertyValueSpecification\",\"valueRequired\":true,\"valueName\":\"search_term_string\"}}],\"inLanguage\":\"en-GB\"},{\"@type\":\"Organization\",\"@id\":\"https:\\\/\\\/www.concert-hosteldieu.com\\\/#organization\",\"name\":\"Le Concert de l'Hostel Dieu\",\"url\":\"https:\\\/\\\/www.concert-hosteldieu.com\\\/\",\"logo\":{\"@type\":\"ImageObject\",\"inLanguage\":\"en-GB\",\"@id\":\"https:\\\/\\\/www.concert-hosteldieu.com\\\/#\\\/schema\\\/logo\\\/image\\\/\",\"url\":\"https:\\\/\\\/www.concert-hosteldieu.com\\\/wp-content\\\/uploads\\\/2021\\\/06\\\/logo-chd-noir-transparent.png\",\"contentUrl\":\"https:\\\/\\\/www.concert-hosteldieu.com\\\/wp-content\\\/uploads\\\/2021\\\/06\\\/logo-chd-noir-transparent.png\",\"width\":262,\"height\":106,\"caption\":\"Le Concert de l'Hostel Dieu\"},\"image\":{\"@id\":\"https:\\\/\\\/www.concert-hosteldieu.com\\\/#\\\/schema\\\/logo\\\/image\\\/\"},\"sameAs\":[\"https:\\\/\\\/www.facebook.com\\\/leconcert.delhosteldieu\",\"https:\\\/\\\/x.com\\\/CHDLyon\",\"https:\\\/\\\/instagram.com\\\/concert_hostel_dieu\",\"https:\\\/\\\/www.linkedin.com\\\/company\\\/le-concert-de-l'hostel-dieu\\\/\",\"https:\\\/\\\/www.youtube.com\\\/user\\\/CHDLyon\"]}]}<\/script>\n<!-- \/ Yoast SEO plugin. -->","yoast_head_json":{"title":"Nos productions pass\u00e9es - Le Concert de l&#039;Hostel Dieu","robots":{"index":"index","follow":"follow","max-snippet":"max-snippet:-1","max-image-preview":"max-image-preview:large","max-video-preview":"max-video-preview:-1"},"canonical":"https:\/\/www.concert-hosteldieu.com\/en\/nos-productions-passees\/","og_locale":"en_GB","og_type":"article","og_title":"Nos productions pass\u00e9es - Le Concert de l&#039;Hostel Dieu","og_description":"Nos productions pass\u00e9es 4 Se\u00e5s\u00f8ns, Vivaldi\/Rasmussen 50-50 Babel Bach Bach ou pas Bach Bajazet fantasia Cold Case L\u2019affaire Leclair Folia Il Paradiso perduto La Francesina Movimento Prima Donna Quatre saisons de Vivaldi Talestri, reine des amazones","og_url":"https:\/\/www.concert-hosteldieu.com\/en\/nos-productions-passees\/","og_site_name":"Le Concert de l&#039;Hostel Dieu","article_publisher":"https:\/\/www.facebook.com\/leconcert.delhosteldieu","article_modified_time":"2025-09-23T14:05:09+00:00","og_image":[{"width":1920,"height":1280,"url":"https:\/\/www.concert-hosteldieu.com\/wp-content\/uploads\/2025\/09\/2025.07.11-La-Trinite-CHD-Vivaldi-205607-c.william-sundfor.jpg","type":"image\/jpeg"}],"twitter_misc":{"Estimated reading time":"4 minutes"},"schema":{"@context":"https:\/\/schema.org","@graph":[{"@type":"WebPage","@id":"https:\/\/www.concert-hosteldieu.com\/nos-productions-passees\/","url":"https:\/\/www.concert-hosteldieu.com\/nos-productions-passees\/","name":"Nos productions pass\u00e9es - Le Concert de l&#039;Hostel Dieu","isPartOf":{"@id":"https:\/\/www.concert-hosteldieu.com\/#website"},"primaryImageOfPage":{"@id":"https:\/\/www.concert-hosteldieu.com\/nos-productions-passees\/#primaryimage"},"image":{"@id":"https:\/\/www.concert-hosteldieu.com\/nos-productions-passees\/#primaryimage"},"thumbnailUrl":"https:\/\/www.concert-hosteldieu.com\/wp-content\/uploads\/2025\/09\/2025.07.11-La-Trinite-CHD-Vivaldi-205607-c.william-sundfor.jpg","datePublished":"2025-09-15T12:23:48+00:00","dateModified":"2025-09-23T14:05:09+00:00","breadcrumb":{"@id":"https:\/\/www.concert-hosteldieu.com\/nos-productions-passees\/#breadcrumb"},"inLanguage":"en-GB","potentialAction":[{"@type":"ReadAction","target":["https:\/\/www.concert-hosteldieu.com\/nos-productions-passees\/"]}]},{"@type":"ImageObject","inLanguage":"en-GB","@id":"https:\/\/www.concert-hosteldieu.com\/nos-productions-passees\/#primaryimage","url":"https:\/\/www.concert-hosteldieu.com\/wp-content\/uploads\/2025\/09\/2025.07.11-La-Trinite-CHD-Vivaldi-205607-c.william-sundfor.jpg","contentUrl":"https:\/\/www.concert-hosteldieu.com\/wp-content\/uploads\/2025\/09\/2025.07.11-La-Trinite-CHD-Vivaldi-205607-c.william-sundfor.jpg","width":1920,"height":1280,"caption":"\u00a9 William Sundfor"},{"@type":"BreadcrumbList","@id":"https:\/\/www.concert-hosteldieu.com\/nos-productions-passees\/#breadcrumb","itemListElement":[{"@type":"ListItem","position":1,"name":"Accueil","item":"https:\/\/www.concert-hosteldieu.com\/"},{"@type":"ListItem","position":2,"name":"Nos productions pass\u00e9es"}]},{"@type":"WebSite","@id":"https:\/\/www.concert-hosteldieu.com\/#website","url":"https:\/\/www.concert-hosteldieu.com\/","name":"Le Concert de l&#039;Hostel Dieu","description":"Franck-Emmanuel Comte","publisher":{"@id":"https:\/\/www.concert-hosteldieu.com\/#organization"},"potentialAction":[{"@type":"SearchAction","target":{"@type":"EntryPoint","urlTemplate":"https:\/\/www.concert-hosteldieu.com\/?s={search_term_string}"},"query-input":{"@type":"PropertyValueSpecification","valueRequired":true,"valueName":"search_term_string"}}],"inLanguage":"en-GB"},{"@type":"Organization","@id":"https:\/\/www.concert-hosteldieu.com\/#organization","name":"Le Concert de l'Hostel Dieu","url":"https:\/\/www.concert-hosteldieu.com\/","logo":{"@type":"ImageObject","inLanguage":"en-GB","@id":"https:\/\/www.concert-hosteldieu.com\/#\/schema\/logo\/image\/","url":"https:\/\/www.concert-hosteldieu.com\/wp-content\/uploads\/2021\/06\/logo-chd-noir-transparent.png","contentUrl":"https:\/\/www.concert-hosteldieu.com\/wp-content\/uploads\/2021\/06\/logo-chd-noir-transparent.png","width":262,"height":106,"caption":"Le Concert de l'Hostel Dieu"},"image":{"@id":"https:\/\/www.concert-hosteldieu.com\/#\/schema\/logo\/image\/"},"sameAs":["https:\/\/www.facebook.com\/leconcert.delhosteldieu","https:\/\/x.com\/CHDLyon","https:\/\/instagram.com\/concert_hostel_dieu","https:\/\/www.linkedin.com\/company\/le-concert-de-l'hostel-dieu\/","https:\/\/www.youtube.com\/user\/CHDLyon"]}]}},"_links":{"self":[{"href":"https:\/\/www.concert-hosteldieu.com\/en\/wp-json\/wp\/v2\/pages\/23600","targetHints":{"allow":["GET"]}}],"collection":[{"href":"https:\/\/www.concert-hosteldieu.com\/en\/wp-json\/wp\/v2\/pages"}],"about":[{"href":"https:\/\/www.concert-hosteldieu.com\/en\/wp-json\/wp\/v2\/types\/page"}],"author":[{"embeddable":true,"href":"https:\/\/www.concert-hosteldieu.com\/en\/wp-json\/wp\/v2\/users\/2776"}],"replies":[{"embeddable":true,"href":"https:\/\/www.concert-hosteldieu.com\/en\/wp-json\/wp\/v2\/comments?post=23600"}],"version-history":[{"count":6,"href":"https:\/\/www.concert-hosteldieu.com\/en\/wp-json\/wp\/v2\/pages\/23600\/revisions"}],"predecessor-version":[{"id":23733,"href":"https:\/\/www.concert-hosteldieu.com\/en\/wp-json\/wp\/v2\/pages\/23600\/revisions\/23733"}],"wp:featuredmedia":[{"embeddable":true,"href":"https:\/\/www.concert-hosteldieu.com\/en\/wp-json\/wp\/v2\/media\/23720"}],"wp:attachment":[{"href":"https:\/\/www.concert-hosteldieu.com\/en\/wp-json\/wp\/v2\/media?parent=23600"}],"wp:term":[{"taxonomy":"category","embeddable":true,"href":"https:\/\/www.concert-hosteldieu.com\/en\/wp-json\/wp\/v2\/categories?post=23600"},{"taxonomy":"post_tag","embeddable":true,"href":"https:\/\/www.concert-hosteldieu.com\/en\/wp-json\/wp\/v2\/tags?post=23600"}],"curies":[{"name":"wp","href":"https:\/\/api.w.org\/{rel}","templated":true}]}}