{"id":23593,"date":"2025-09-15T13:23:20","date_gmt":"2025-09-15T12:23:20","guid":{"rendered":"https:\/\/www.concert-hosteldieu.com\/?page_id=23593"},"modified":"2026-04-29T14:38:31","modified_gmt":"2026-04-29T13:38:31","slug":"nos-productions","status":"publish","type":"page","link":"https:\/\/www.concert-hosteldieu.com\/en\/nos-productions\/","title":{"rendered":"Our productions"},"content":{"rendered":"\n\n\t<h1>\n\t\t\t\tNos productions\n\t\t\t<\/h1>\n\t\t\t\t<a href=\"https:\/\/www.concert-hosteldieu.com\/nos-productions\/furioso\/\" target=\"_self\"  itemprop=\"url\">\n\t\t\t\t<img decoding=\"async\" src=\"https:\/\/www.concert-hosteldieu.com\/wp-content\/uploads\/bb-plugin\/cache\/Illustration-Furioso-1024x682-landscape.png\" alt=\"\u00a9 D.Espasa\" title=\"Furioso\" itemprop=\"image\"  \/>\n\t\t\t\t\t\t<\/a>\n\t<h2>\n\t\t\t\t<a href=\"https:\/\/www.concert-hosteldieu.com\/nos-productions\/furioso\/\" title=\"Furioso\" target=\"_self\">\n\t\t\t\tFurioso\n\t\t\t\t<\/a>\n\t\t\t<\/h2>\n\t<strong>Furie, folie et virtuosit\u00e9 d&rsquo;un h\u00e9ros baroque<br \/>\n<\/strong>#Lyrique #Vivaldi\u00a0#H\u00e4ndel\n\t\t\t<a href=\"https:\/\/www.concert-hosteldieu.com\/nos-productions\/furioso\/\" title=\"D\u00e9couvrir\" target=\"_self\"   role=\"button\" aria-label=\"D\u00e9couvrir\">\n\t\t\t\t\t\t\t\t\t\t\tD\u00e9couvrir\n\t\t<\/a>\n\t\t\t\t<a href=\"https:\/\/www.concert-hosteldieu.com\/nos-productions\/locura\/\" target=\"_self\"  itemprop=\"url\">\n\t\t\t\t<img decoding=\"async\" src=\"https:\/\/www.concert-hosteldieu.com\/wp-content\/uploads\/bb-plugin\/cache\/CHD-FugaCites-32-cJulie-Cherki-1024x683-landscape.jpg\" alt=\"\u00a9Julie Cherki\" title=\"Locura\" itemprop=\"image\"  \/>\n\t\t\t\t\t\t<\/a>\n\t<h2>\n\t\t\t\t<a href=\"https:\/\/www.concert-hosteldieu.com\/nos-productions\/locura\/\" title=\"Locura\" target=\"_self\">\n\t\t\t\tLocura\n\t\t\t\t<\/a>\n\t\t\t<\/h2>\n\t<strong><b>Une folie baroque hip-hop, concertante et dans\u00e9e<\/b><br \/>\n<\/strong>#Danse #Hip-hop\n\t\t\t<a href=\"https:\/\/www.concert-hosteldieu.com\/nos-productions\/locura\/\" title=\"D\u00e9couvrir\" target=\"_self\"   role=\"button\" aria-label=\"D\u00e9couvrir\">\n\t\t\t\t\t\t\t\t\t\t\tD\u00e9couvrir\n\t\t<\/a>\n\t\t\t\t<a href=\"https:\/\/www.concert-hosteldieu.com\/nos-productions\/vivaldi-divina-stella\/\" target=\"_self\"  itemprop=\"url\">\n\t\t\t\t<img decoding=\"async\" src=\"https:\/\/www.concert-hosteldieu.com\/wp-content\/uploads\/bb-plugin\/cache\/2025.07.11-La-Trinite-CHD-Vivaldi-201936-c.william-sundfor-1024x683-landscape.jpg\" alt=\"\u00a9 William Sundfor\" title=\"Divina Stella\" itemprop=\"image\"  \/>\n\t\t\t\t\t\t<\/a>\n\t<h2>\n\t\t\t\t<a href=\"https:\/\/www.concert-hosteldieu.com\/nos-productions\/vivaldi-divina-stella\/\" title=\"Vivaldi, Divina Stella\" target=\"_self\">\n\t\t\t\tVivaldi, Divina Stella\n\t\t\t\t<\/a>\n\t\t\t<\/h2>\n\t<strong>Le jeu de l&rsquo;ombre et de la lumi\u00e8re dans l&rsquo;\u0153uvre sacr\u00e9e de Vivaldi<br \/>\n<\/strong>#Lyrique #Vivaldi #Sacr\u00e9\n\t\t\t<a href=\"https:\/\/www.concert-hosteldieu.com\/nos-productions\/vivaldi-divina-stella\/\" title=\"D\u00e9couvrir\" target=\"_self\"   role=\"button\" aria-label=\"D\u00e9couvrir\">\n\t\t\t\t\t\t\t\t\t\t\tD\u00e9couvrir\n\t\t<\/a>\n\t\t\t\t<a href=\"https:\/\/www.concert-hosteldieu.com\/nos-productions\/bach-on-the-beat\/\" target=\"_self\"  itemprop=\"url\">\n\t\t\t\t<img decoding=\"async\" src=\"https:\/\/www.concert-hosteldieu.com\/wp-content\/uploads\/bb-plugin\/cache\/2025.03.31-La-Trinite-Bach-150527-c.william-sundfor-1024x683-landscape.jpg\" alt=\"\u00a9 William Sundfor\" title=\"Bach on the beat\" itemprop=\"image\"  \/>\n\t\t\t\t\t\t<\/a>\n\t<h2>\n\t\t\t\t<a href=\"https:\/\/www.concert-hosteldieu.com\/nos-productions\/bach-on-the-beat\/\" title=\"Bach on the beat\" target=\"_self\">\n\t\t\t\tBach on the beat\n\t\t\t\t<\/a>\n\t\t\t<\/h2>\n\t<strong>Bach, beatbox, \u00e9lectro : le pass\u00e9 vibre au pr\u00e9sent<br \/>\n<\/strong>#Beatbox #Bach #\u00c9lectro\n\t\t\t<a href=\"https:\/\/www.concert-hosteldieu.com\/nos-productions\/bach-on-the-beat\/\" title=\"D\u00e9couvrir\" target=\"_self\"   role=\"button\" aria-label=\"D\u00e9couvrir\">\n\t\t\t\t\t\t\t\t\t\t\tD\u00e9couvrir\n\t\t<\/a>\n\t\t\t\t<a href=\"https:\/\/www.concert-hosteldieu.com\/nos-productions\/missa-concertata\/\" target=\"_self\"  itemprop=\"url\">\n\t\t\t\t<img decoding=\"async\" src=\"https:\/\/www.concert-hosteldieu.com\/wp-content\/uploads\/bb-plugin\/cache\/European-Music-Trails_Bach-Academy-1024x693-landscape.jpg\" alt=\"Violons\" title=\"Violons\" itemprop=\"image\"  \/>\n\t\t\t\t\t\t<\/a>\n\t<h2>\n\t\t\t\t<a href=\"https:\/\/www.concert-hosteldieu.com\/nos-productions\/missa-concertata\/\" title=\"Missa Concertata\" target=\"_self\">\n\t\t\t\tMissa Concertata\n\t\t\t\t<\/a>\n\t\t\t<\/h2>\n\t<strong>C\u00e9l\u00e9brer No\u00ebl avec faste et \u00e9clat !<br \/>\n<\/strong>#No\u00ebl #Ch\u0153urs\u00a0#Bach #Pergolesi\n\t\t\t<a href=\"https:\/\/www.concert-hosteldieu.com\/nos-productions\/missa-concertata\/\" title=\"D\u00e9couvrir\" target=\"_self\"   role=\"button\" aria-label=\"D\u00e9couvrir\">\n\t\t\t\t\t\t\t\t\t\t\tD\u00e9couvrir\n\t\t<\/a>\n\t\t\t\t<a href=\"https:\/\/www.concert-hosteldieu.com\/nos-productions\/dixit-dominus\" target=\"_self\"  itemprop=\"url\">\n\t\t\t\t<img decoding=\"async\" src=\"https:\/\/www.concert-hosteldieu.com\/wp-content\/uploads\/bb-plugin\/cache\/Dixit-Dominus-IA-landscape.png\" alt=\"Dixit Dominus - IA\" title=\"Dixit Dominus - IA\" itemprop=\"image\"  \/>\n\t\t\t\t\t\t<\/a>\n\t<h2>\n\t\t\t\t<a href=\"https:\/\/www.concert-hosteldieu.com\/nos-productions\/dixit-dominus\/\" title=\"Dixit Dominus\" target=\"_self\">\n\t\t\t\tDixit Dominus\n\t\t\t\t<\/a>\n\t\t\t<\/h2>\n\t<strong>Le th\u00e9\u00e2tre des \u00e9motions<br \/>\n<\/strong>#Bach #Haendel #choeur\n\t\t\t<a href=\"https:\/\/www.concert-hosteldieu.com\/nos-productions\/dixit-dominus\" title=\"D\u00e9couvrir\" target=\"_self\"   role=\"button\" aria-label=\"D\u00e9couvrir\">\n\t\t\t\t\t\t\t\t\t\t\tD\u00e9couvrir\n\t\t<\/a>\n\t\t\t\t<a href=\"https:\/\/www.concert-hosteldieu.com\/nos-productions\/dixit-dominus\" target=\"_self\"  itemprop=\"url\">\n\t\t\t\t<img decoding=\"async\" src=\"https:\/\/www.concert-hosteldieu.com\/wp-content\/uploads\/bb-plugin\/cache\/craig-whitehead-CgVM_AD2vtI-unsplash-landscape.jpg\" alt=\"Craig Whitehead [(c)unsplash]\" title=\"Craig Whitehead [(c)unsplash]\" itemprop=\"image\"  \/>\n\t\t\t\t\t\t<\/a>\n\t<h2>\n\t\t\t\t<a href=\"https:\/\/www.concert-hosteldieu.com\/nos-productions\/mad-world\/\" title=\"Mad World\" target=\"_self\">\n\t\t\t\tMad World\n\t\t\t\t<\/a>\n\t\t\t<\/h2>\n\t<strong>Danser sous l&rsquo;orage<br \/>\n<\/strong>#Nature #\u00c9motions #R\u00e9pertoireMixte\n\t\t\t<a href=\"https:\/\/www.concert-hosteldieu.com\/nos-productions\/mad-world\/\" title=\"D\u00e9couvrir\" target=\"_self\"   role=\"button\" aria-label=\"D\u00e9couvrir\">\n\t\t\t\t\t\t\t\t\t\t\tD\u00e9couvrir\n\t\t<\/a>\n\t\t\t\t<a href=\"https:\/\/www.concert-hosteldieu.com\/nos-productions\/nature-s\" target=\"_self\"  itemprop=\"url\">\n\t\t\t\t<img decoding=\"async\" src=\"https:\/\/www.concert-hosteldieu.com\/wp-content\/uploads\/bb-plugin\/cache\/Il-Paradiso-perduto-\u00a9-Julie-Cherki-landscape.jpg\" alt=\"Le projet en tourn\u00e9e Il Paradiso perduto\" title=\"Il Paradiso perduto \u00a9 Julie Cherki\" itemprop=\"image\"  \/>\n\t\t\t\t\t\t<\/a>\n\t<h2>\n\t\t\t\t<a href=\"https:\/\/www.concert-hosteldieu.com\/nos-productions\/nature-s\" title=\"Nature(s)\" target=\"_self\">\n\t\t\t\tNature(s)\n\t\t\t\t<\/a>\n\t\t\t<\/h2>\n\t<strong>Entrez dans le jeu des sons et des saisons<br \/>\n<\/strong>#ConcertParticipatif\n\t\t\t<a href=\"https:\/\/www.concert-hosteldieu.com\/nos-productions\/nature-s\/\" title=\"D\u00e9couvrir\" target=\"_self\"   role=\"button\" aria-label=\"D\u00e9couvrir\">\n\t\t\t\t\t\t\t\t\t\t\tD\u00e9couvrir\n\t\t<\/a>\n\t\t\t\t<a href=\"https:\/\/www.concert-hosteldieu.com\/nos-productions\/bach-to-minimalism\/\" target=\"_self\"  itemprop=\"url\">\n\t\t\t\t<img decoding=\"async\" src=\"https:\/\/www.concert-hosteldieu.com\/wp-content\/uploads\/bb-plugin\/cache\/CHD-Skatepark-HD-credit-Julie-Cherki-17-1024x683-landscape.jpg\" alt=\"\u00a9 Julie Cherki\" title=\"CHD Bach ot minimalism\" itemprop=\"image\"  \/>\n\t\t\t\t\t\t<\/a>\n\t<h2>\n\t\t\t\t<a href=\"https:\/\/www.concert-hosteldieu.com\/nos-productions\/bach-to-minimalism\/\" title=\"Bach to minimalism\" target=\"_self\">\n\t\t\t\tBach to minimalism\n\t\t\t\t<\/a>\n\t\t\t<\/h2>\n\t<strong>Un concert jubilatoire et atypique<br \/>\n<\/strong>#Bach #Steve Reich #Arvo P\u00e4rt\n\t\t\t<a href=\"https:\/\/www.concert-hosteldieu.com\/nos-productions\/bach-to-minimalism\/\" title=\"D\u00e9couvrir\" target=\"_self\"   role=\"button\" aria-label=\"D\u00e9couvrir\">\n\t\t\t\t\t\t\t\t\t\t\tD\u00e9couvrir\n\t\t<\/a>\n\t\t\t\t<a href=\"https:\/\/www.concert-hosteldieu.com\/nos-productions\/fantomes-d-hamlet\/\" target=\"_self\"  itemprop=\"url\">\n\t\t\t\t<img decoding=\"async\" src=\"https:\/\/www.concert-hosteldieu.com\/wp-content\/uploads\/bb-plugin\/cache\/2025.02.18-La-Trinite-Les-Fantomes-dHamlet-221442-c.william-sundfor-1024x683-landscape.jpg\" alt=\"@William Sundfor\" title=\"Les Fant\u00f4mes d&#039;Hamlet\" itemprop=\"image\"  \/>\n\t\t\t\t\t\t<\/a>\n\t<h2>\n\t\t\t\t<a href=\"https:\/\/www.concert-hosteldieu.com\/nos-productions\/fantomes-d-hamlet\/\" title=\"Les Fant\u00f4mes d&#039;Hamlet\" target=\"_self\">\n\t\t\t\tLes Fant\u00f4mes d&rsquo;Hamlet\n\t\t\t\t<\/a>\n\t\t\t<\/h2>\n\t<strong>Autour du mythe d&rsquo;Hamlet, fragments d&rsquo;op\u00e9ras perdus et retrouv\u00e9s<br \/>\n<\/strong>#Lyrique #Op\u00e9ra\n\t\t\t<a href=\"https:\/\/www.concert-hosteldieu.com\/nos-productions\/fantomes-d-hamlet\/\" title=\"D\u00e9couvrir\" target=\"_self\"   role=\"button\" aria-label=\"D\u00e9couvrir\">\n\t\t\t\t\t\t\t\t\t\t\tD\u00e9couvrir\n\t\t<\/a>\n\t\t\t\t<a href=\"https:\/\/www.concert-hosteldieu.com\/nos-productions\/baroque-au-feminin-2\/\" target=\"_self\"  itemprop=\"url\">\n\t\t\t\t<img decoding=\"async\" src=\"https:\/\/www.concert-hosteldieu.com\/wp-content\/uploads\/bb-plugin\/cache\/concert-hostel-dieu-baroque-au-feminin-a-cinq-credit-Julie-Cherki-3-1024x683-landscape.jpg\" alt=\"\u00a9 Julie Cherki\" title=\"concert-hostel-dieu-baroque-au-feminin-a-cinq-credit-Julie-Cherki-3\" itemprop=\"image\"  \/>\n\t\t\t\t\t\t<\/a>\n\t<h2>\n\t\t\t\t<a href=\"https:\/\/www.concert-hosteldieu.com\/nos-productions\/baroque-au-feminin-2\/\" title=\"Baroque au f\u00e9minin\" target=\"_self\">\n\t\t\t\tBaroque au f\u00e9minin\n\t\t\t\t<\/a>\n\t\t\t<\/h2>\n\t<strong>De l&rsquo;Italie \u00e0 la France, l&rsquo;\u00e9panouissement du g\u00e9nie f\u00e9minin<br \/>\n<\/strong>#Compositrices #Matrimoine\n\t\t\t<a href=\"https:\/\/www.concert-hosteldieu.com\/nos-productions\/baroque-au-feminin-2\/\" title=\"D\u00e9couvrir\" target=\"_self\"   role=\"button\" aria-label=\"D\u00e9couvrir\">\n\t\t\t\t\t\t\t\t\t\t\tD\u00e9couvrir\n\t\t<\/a>\n\t\t\t\t<a href=\"https:\/\/www.concert-hosteldieu.com\/nos-productions\/dolce-follia\/\" target=\"_self\"  itemprop=\"url\">\n\t\t\t\t<img decoding=\"async\" src=\"https:\/\/www.concert-hosteldieu.com\/wp-content\/uploads\/bb-plugin\/cache\/2024.11.30-La-trinite-Dolce-Folia-213950-c.william-sundfor-1024x683-landscape.jpg\" alt=\"\u00a9 William Sundfor\" title=\"Dolce Folia\" itemprop=\"image\"  \/>\n\t\t\t\t\t\t<\/a>\n\t<h2>\n\t\t\t\t<a href=\"https:\/\/www.concert-hosteldieu.com\/nos-productions\/dolce-follia\/\" title=\"Dolce Follia\" target=\"_self\">\n\t\t\t\tDolce Follia\n\t\t\t\t<\/a>\n\t\t\t<\/h2>\n\t<strong>La douce folie d&rsquo;un concert envoutant<br \/>\n<\/strong>#Folia #Vivaldi\n\t\t\t<a href=\"https:\/\/www.concert-hosteldieu.com\/nos-productions\/dolce-follia\/\" title=\"D\u00e9couvrir\" target=\"_self\"   role=\"button\" aria-label=\"D\u00e9couvrir\">\n\t\t\t\t\t\t\t\t\t\t\tD\u00e9couvrir\n\t\t<\/a>\n\t\t\t\t<a href=\"https:\/\/www.concert-hosteldieu.com\/nos-productions\/fugacites\/\" target=\"_self\"  itemprop=\"url\">\n\t\t\t\t<img decoding=\"async\" src=\"https:\/\/www.concert-hosteldieu.com\/wp-content\/uploads\/bb-plugin\/cache\/CHD-FugaCites-73-1024x683-landscape.jpg\" alt=\"Les artistes de FugaCit\u00e9s\" title=\"FugaCit\u00e9s\" itemprop=\"image\"  \/>\n\t\t\t\t\t\t<\/a>\n\t<h2>\n\t\t\t\t<a href=\"https:\/\/www.concert-hosteldieu.com\/nos-productions\/fugacites\/\" title=\"FugaCit\u00e9s\" target=\"_self\">\n\t\t\t\tFugaCit\u00e9s\n\t\t\t\t<\/a>\n\t\t\t<\/h2>\n\t<strong>Musique baroque et cultures urbaines<br \/>\n<\/strong>#Danse hip-hop\u00a0#Slam #Beatbox\n\t\t\t<a href=\"https:\/\/www.concert-hosteldieu.com\/nos-productions\/fugacites\/\" title=\"D\u00e9couvrir\" target=\"_self\"   role=\"button\" aria-label=\"D\u00e9couvrir\">\n\t\t\t\t\t\t\t\t\t\t\tD\u00e9couvrir\n\t\t<\/a>\n\t\t\t\t<a href=\"https:\/\/www.concert-hosteldieu.com\/nos-productions\/noel-napolitain\/\" target=\"_self\"  itemprop=\"url\">\n\t\t\t\t<img decoding=\"async\" src=\"https:\/\/www.concert-hosteldieu.com\/wp-content\/uploads\/bb-plugin\/cache\/concert-hostel-dieu-credit-julie-cherki-web-16-1024x683-landscape.jpg\" alt=\"\u00a9 Julie Cherki\" title=\"No\u00ebl napolitain\" itemprop=\"image\"  \/>\n\t\t\t\t\t\t<\/a>\n\t<h2>\n\t\t\t\t<a href=\"https:\/\/www.concert-hosteldieu.com\/nos-productions\/noel-napolitain\/\" title=\"No\u00ebl napolitain\" target=\"_self\">\n\t\t\t\tNo\u00ebl napolitain\n\t\t\t\t<\/a>\n\t\t\t<\/h2>\n\t<strong>La magie d&rsquo;un No\u00ebl populaire et baroque<br \/>\n<\/strong>#Tarentelles #Cantates #No\u00ebl\n\t\t\t<a href=\"https:\/\/www.concert-hosteldieu.com\/nos-productions\/noel-napolitain\/\" title=\"D\u00e9couvrir\" target=\"_self\"   role=\"button\" aria-label=\"D\u00e9couvrir\">\n\t\t\t\t\t\t\t\t\t\t\tD\u00e9couvrir\n\t\t<\/a>\n\t\t\t\t<a href=\"https:\/\/www.concert-hosteldieu.com\/nos-productions\/stabat-mater\/\" target=\"_self\"  itemprop=\"url\">\n\t\t\t\t<img decoding=\"async\" src=\"https:\/\/www.concert-hosteldieu.com\/wp-content\/uploads\/bb-plugin\/cache\/Stabat-Mater-illustration-1024x911-landscape.jpg\" alt=\"Stabat Mater\" title=\"Stabat Mater\" itemprop=\"image\"  \/>\n\t\t\t\t\t\t<\/a>\n\t<h2>\n\t\t\t\t<a href=\"https:\/\/www.concert-hosteldieu.com\/nos-productions\/stabat-mater\/\" title=\"Stabat Mater\" target=\"_self\">\n\t\t\t\tStabat Mater\n\t\t\t\t<\/a>\n\t\t\t<\/h2>\n\t<strong>Une collaboration musicale et picturale autour de la supplique du <em>Stabat Mater<\/em><br \/>\n<\/strong>#Vivaldi #Baroque #M\u00e9di\u00e9val\n\t\t\t<a href=\"https:\/\/www.concert-hosteldieu.com\/nos-productions\/stabat-mater\/\" title=\"D\u00e9couvrir\" target=\"_self\"   role=\"button\" aria-label=\"D\u00e9couvrir\">\n\t\t\t\t\t\t\t\t\t\t\tD\u00e9couvrir\n\t\t<\/a>\n\t\t\t\t\t\t<h3>\n\t\t\t\t<a href=\"https:\/\/www.concert-hosteldieu.com\/nos-productions-passees\/\" title=\"Nos productions pass\u00e9es\">Nos productions pass\u00e9es<\/a>\t\t\t<\/h3>\n\t\t\t\t\t\t\t\t\t\t\t\t\t\t<a href=\"https:\/\/www.concert-hosteldieu.com\/nos-productions-passees\/\" target=\"_self\" title=\"Nos productions pass\u00e9es\">\n\t\t\t\t<img decoding=\"async\" src=\"https:\/\/www.concert-hosteldieu.com\/wp-content\/uploads\/2025\/09\/2025.07.11-La-Trinite-CHD-Vivaldi-205607-c.william-sundfor.jpg\" alt=\"\" \/>\n\t\t\t\t<\/a>\n\n","protected":false},"excerpt":{"rendered":"<p>Nos productions Furioso Furie, folie et virtuosit\u00e9 d&rsquo;un h\u00e9ros baroque #Lyrique #Vivaldi\u00a0#H\u00e4ndel D\u00e9couvrir Locura Une folie baroque hip-hop, concertante et dans\u00e9e #Danse #Hip-hop D\u00e9couvrir Vivaldi, Divina Stella Le jeu de l&rsquo;ombre et de la lumi\u00e8re dans l&rsquo;\u0153uvre sacr\u00e9e de Vivaldi [&hellip;]<\/p>\n","protected":false},"author":2776,"featured_media":0,"parent":0,"menu_order":0,"comment_status":"closed","ping_status":"closed","template":"","meta":{"site-sidebar-layout":"no-sidebar","site-content-layout":"page-builder","ast-site-content-layout":"full-width-container","site-content-style":"unboxed","site-sidebar-style":"unboxed","ast-global-header-display":"","ast-banner-title-visibility":"","ast-main-header-display":"","ast-hfb-above-header-display":"","ast-hfb-below-header-display":"","ast-hfb-mobile-header-display":"","site-post-title":"disabled","ast-breadcrumbs-content":"","ast-featured-img":"disabled","footer-sml-layout":"","ast-disable-related-posts":"","theme-transparent-header-meta":"enabled","adv-header-id-meta":"","stick-header-meta":"default","header-above-stick-meta":"","header-main-stick-meta":"","header-below-stick-meta":"","astra-migrate-meta-layouts":"set","ast-page-background-enabled":"default","ast-page-background-meta":{"desktop":{"background-color":"","background-image":"","background-repeat":"repeat","background-position":"center center","background-size":"auto","background-attachment":"scroll","background-type":"","background-media":"","overlay-type":"","overlay-color":"","overlay-opacity":"","overlay-gradient":""},"tablet":{"background-color":"","background-image":"","background-repeat":"repeat","background-position":"center center","background-size":"auto","background-attachment":"scroll","background-type":"","background-media":"","overlay-type":"","overlay-color":"","overlay-opacity":"","overlay-gradient":""},"mobile":{"background-color":"","background-image":"","background-repeat":"repeat","background-position":"center center","background-size":"auto","background-attachment":"scroll","background-type":"","background-media":"","overlay-type":"","overlay-color":"","overlay-opacity":"","overlay-gradient":""}},"ast-content-background-meta":{"desktop":{"background-color":"var(--ast-global-color-5)","background-image":"","background-repeat":"repeat","background-position":"center center","background-size":"auto","background-attachment":"scroll","background-type":"","background-media":"","overlay-type":"","overlay-color":"","overlay-opacity":"","overlay-gradient":""},"tablet":{"background-color":"var(--ast-global-color-5)","background-image":"","background-repeat":"repeat","background-position":"center center","background-size":"auto","background-attachment":"scroll","background-type":"","background-media":"","overlay-type":"","overlay-color":"","overlay-opacity":"","overlay-gradient":""},"mobile":{"background-color":"var(--ast-global-color-5)","background-image":"","background-repeat":"repeat","background-position":"center center","background-size":"auto","background-attachment":"scroll","background-type":"","background-media":"","overlay-type":"","overlay-color":"","overlay-opacity":"","overlay-gradient":""}},"footnotes":""},"categories":[],"tags":[],"class_list":["post-23593","page","type-page","status-publish","hentry"],"yoast_head":"<!-- This site is optimized with the Yoast SEO plugin v27.5 - https:\/\/yoast.com\/product\/yoast-seo-wordpress\/ -->\n<title>Nos productions - Le Concert de l&#039;Hostel Dieu<\/title>\n<meta name=\"description\" content=\"D\u00e9couvrez les projets actuels propos\u00e9s par le Concert de l&#039;Hostel Dieu !\" \/>\n<meta name=\"robots\" content=\"index, follow, max-snippet:-1, max-image-preview:large, max-video-preview:-1\" \/>\n<link rel=\"canonical\" href=\"https:\/\/www.concert-hosteldieu.com\/en\/nos-productions\/\" \/>\n<meta property=\"og:locale\" content=\"en_GB\" \/>\n<meta property=\"og:type\" content=\"article\" \/>\n<meta property=\"og:title\" content=\"Nos productions - Le Concert de l&#039;Hostel Dieu\" \/>\n<meta property=\"og:description\" content=\"D\u00e9couvrez les projets actuels propos\u00e9s par le Concert de l&#039;Hostel Dieu !\" \/>\n<meta property=\"og:url\" content=\"https:\/\/www.concert-hosteldieu.com\/en\/nos-productions\/\" \/>\n<meta property=\"og:site_name\" content=\"Le Concert de l&#039;Hostel Dieu\" \/>\n<meta property=\"article:publisher\" content=\"https:\/\/www.facebook.com\/leconcert.delhosteldieu\" \/>\n<meta property=\"article:modified_time\" content=\"2026-04-29T13:38:31+00:00\" \/>\n<meta property=\"og:image\" content=\"https:\/\/www.concert-hosteldieu.com\/wp-content\/uploads\/bb-plugin\/cache\/Illustration-Furioso-1024x682-landscape.png\" \/>\n<meta name=\"twitter:label1\" content=\"Estimated reading time\" \/>\n\t<meta name=\"twitter:data1\" content=\"2 minutes\" \/>\n<script type=\"application\/ld+json\" class=\"yoast-schema-graph\">{\"@context\":\"https:\\\/\\\/schema.org\",\"@graph\":[{\"@type\":\"WebPage\",\"@id\":\"https:\\\/\\\/www.concert-hosteldieu.com\\\/nos-productions\\\/\",\"url\":\"https:\\\/\\\/www.concert-hosteldieu.com\\\/nos-productions\\\/\",\"name\":\"Nos productions - Le Concert de l&#039;Hostel Dieu\",\"isPartOf\":{\"@id\":\"https:\\\/\\\/www.concert-hosteldieu.com\\\/#website\"},\"primaryImageOfPage\":{\"@id\":\"https:\\\/\\\/www.concert-hosteldieu.com\\\/nos-productions\\\/#primaryimage\"},\"image\":{\"@id\":\"https:\\\/\\\/www.concert-hosteldieu.com\\\/nos-productions\\\/#primaryimage\"},\"thumbnailUrl\":\"https:\\\/\\\/www.concert-hosteldieu.com\\\/wp-content\\\/uploads\\\/bb-plugin\\\/cache\\\/Illustration-Furioso-1024x682-landscape.png\",\"datePublished\":\"2025-09-15T12:23:20+00:00\",\"dateModified\":\"2026-04-29T13:38:31+00:00\",\"description\":\"D\u00e9couvrez les projets actuels propos\u00e9s par le Concert de l'Hostel Dieu !\",\"breadcrumb\":{\"@id\":\"https:\\\/\\\/www.concert-hosteldieu.com\\\/nos-productions\\\/#breadcrumb\"},\"inLanguage\":\"en-GB\",\"potentialAction\":[{\"@type\":\"ReadAction\",\"target\":[\"https:\\\/\\\/www.concert-hosteldieu.com\\\/nos-productions\\\/\"]}]},{\"@type\":\"ImageObject\",\"inLanguage\":\"en-GB\",\"@id\":\"https:\\\/\\\/www.concert-hosteldieu.com\\\/nos-productions\\\/#primaryimage\",\"url\":\"https:\\\/\\\/www.concert-hosteldieu.com\\\/wp-content\\\/uploads\\\/bb-plugin\\\/cache\\\/Illustration-Furioso-1024x682-landscape.png\",\"contentUrl\":\"https:\\\/\\\/www.concert-hosteldieu.com\\\/wp-content\\\/uploads\\\/bb-plugin\\\/cache\\\/Illustration-Furioso-1024x682-landscape.png\"},{\"@type\":\"BreadcrumbList\",\"@id\":\"https:\\\/\\\/www.concert-hosteldieu.com\\\/nos-productions\\\/#breadcrumb\",\"itemListElement\":[{\"@type\":\"ListItem\",\"position\":1,\"name\":\"Accueil\",\"item\":\"https:\\\/\\\/www.concert-hosteldieu.com\\\/\"},{\"@type\":\"ListItem\",\"position\":2,\"name\":\"Nos productions\"}]},{\"@type\":\"WebSite\",\"@id\":\"https:\\\/\\\/www.concert-hosteldieu.com\\\/#website\",\"url\":\"https:\\\/\\\/www.concert-hosteldieu.com\\\/\",\"name\":\"Le Concert de l&#039;Hostel Dieu\",\"description\":\"Franck-Emmanuel Comte\",\"publisher\":{\"@id\":\"https:\\\/\\\/www.concert-hosteldieu.com\\\/#organization\"},\"potentialAction\":[{\"@type\":\"SearchAction\",\"target\":{\"@type\":\"EntryPoint\",\"urlTemplate\":\"https:\\\/\\\/www.concert-hosteldieu.com\\\/?s={search_term_string}\"},\"query-input\":{\"@type\":\"PropertyValueSpecification\",\"valueRequired\":true,\"valueName\":\"search_term_string\"}}],\"inLanguage\":\"en-GB\"},{\"@type\":\"Organization\",\"@id\":\"https:\\\/\\\/www.concert-hosteldieu.com\\\/#organization\",\"name\":\"Le Concert de l'Hostel Dieu\",\"url\":\"https:\\\/\\\/www.concert-hosteldieu.com\\\/\",\"logo\":{\"@type\":\"ImageObject\",\"inLanguage\":\"en-GB\",\"@id\":\"https:\\\/\\\/www.concert-hosteldieu.com\\\/#\\\/schema\\\/logo\\\/image\\\/\",\"url\":\"https:\\\/\\\/www.concert-hosteldieu.com\\\/wp-content\\\/uploads\\\/2021\\\/06\\\/logo-chd-noir-transparent.png\",\"contentUrl\":\"https:\\\/\\\/www.concert-hosteldieu.com\\\/wp-content\\\/uploads\\\/2021\\\/06\\\/logo-chd-noir-transparent.png\",\"width\":262,\"height\":106,\"caption\":\"Le Concert de l'Hostel Dieu\"},\"image\":{\"@id\":\"https:\\\/\\\/www.concert-hosteldieu.com\\\/#\\\/schema\\\/logo\\\/image\\\/\"},\"sameAs\":[\"https:\\\/\\\/www.facebook.com\\\/leconcert.delhosteldieu\",\"https:\\\/\\\/x.com\\\/CHDLyon\",\"https:\\\/\\\/instagram.com\\\/concert_hostel_dieu\",\"https:\\\/\\\/www.linkedin.com\\\/company\\\/le-concert-de-l'hostel-dieu\\\/\",\"https:\\\/\\\/www.youtube.com\\\/user\\\/CHDLyon\"]}]}<\/script>\n<!-- \/ Yoast SEO plugin. -->","yoast_head_json":{"title":"Nos productions - Le Concert de l&#039;Hostel Dieu","description":"D\u00e9couvrez les projets actuels propos\u00e9s par le Concert de l'Hostel Dieu !","robots":{"index":"index","follow":"follow","max-snippet":"max-snippet:-1","max-image-preview":"max-image-preview:large","max-video-preview":"max-video-preview:-1"},"canonical":"https:\/\/www.concert-hosteldieu.com\/en\/nos-productions\/","og_locale":"en_GB","og_type":"article","og_title":"Nos productions - Le Concert de l&#039;Hostel Dieu","og_description":"D\u00e9couvrez les projets actuels propos\u00e9s par le Concert de l'Hostel Dieu !","og_url":"https:\/\/www.concert-hosteldieu.com\/en\/nos-productions\/","og_site_name":"Le Concert de l&#039;Hostel Dieu","article_publisher":"https:\/\/www.facebook.com\/leconcert.delhosteldieu","article_modified_time":"2026-04-29T13:38:31+00:00","og_image":[{"url":"https:\/\/www.concert-hosteldieu.com\/wp-content\/uploads\/bb-plugin\/cache\/Illustration-Furioso-1024x682-landscape.png","type":"","width":"","height":""}],"twitter_misc":{"Estimated reading time":"2 minutes"},"schema":{"@context":"https:\/\/schema.org","@graph":[{"@type":"WebPage","@id":"https:\/\/www.concert-hosteldieu.com\/nos-productions\/","url":"https:\/\/www.concert-hosteldieu.com\/nos-productions\/","name":"Nos productions - Le Concert de l&#039;Hostel Dieu","isPartOf":{"@id":"https:\/\/www.concert-hosteldieu.com\/#website"},"primaryImageOfPage":{"@id":"https:\/\/www.concert-hosteldieu.com\/nos-productions\/#primaryimage"},"image":{"@id":"https:\/\/www.concert-hosteldieu.com\/nos-productions\/#primaryimage"},"thumbnailUrl":"https:\/\/www.concert-hosteldieu.com\/wp-content\/uploads\/bb-plugin\/cache\/Illustration-Furioso-1024x682-landscape.png","datePublished":"2025-09-15T12:23:20+00:00","dateModified":"2026-04-29T13:38:31+00:00","description":"D\u00e9couvrez les projets actuels propos\u00e9s par le Concert de l'Hostel Dieu !","breadcrumb":{"@id":"https:\/\/www.concert-hosteldieu.com\/nos-productions\/#breadcrumb"},"inLanguage":"en-GB","potentialAction":[{"@type":"ReadAction","target":["https:\/\/www.concert-hosteldieu.com\/nos-productions\/"]}]},{"@type":"ImageObject","inLanguage":"en-GB","@id":"https:\/\/www.concert-hosteldieu.com\/nos-productions\/#primaryimage","url":"https:\/\/www.concert-hosteldieu.com\/wp-content\/uploads\/bb-plugin\/cache\/Illustration-Furioso-1024x682-landscape.png","contentUrl":"https:\/\/www.concert-hosteldieu.com\/wp-content\/uploads\/bb-plugin\/cache\/Illustration-Furioso-1024x682-landscape.png"},{"@type":"BreadcrumbList","@id":"https:\/\/www.concert-hosteldieu.com\/nos-productions\/#breadcrumb","itemListElement":[{"@type":"ListItem","position":1,"name":"Accueil","item":"https:\/\/www.concert-hosteldieu.com\/"},{"@type":"ListItem","position":2,"name":"Nos productions"}]},{"@type":"WebSite","@id":"https:\/\/www.concert-hosteldieu.com\/#website","url":"https:\/\/www.concert-hosteldieu.com\/","name":"Le Concert de l&#039;Hostel Dieu","description":"Franck-Emmanuel Comte","publisher":{"@id":"https:\/\/www.concert-hosteldieu.com\/#organization"},"potentialAction":[{"@type":"SearchAction","target":{"@type":"EntryPoint","urlTemplate":"https:\/\/www.concert-hosteldieu.com\/?s={search_term_string}"},"query-input":{"@type":"PropertyValueSpecification","valueRequired":true,"valueName":"search_term_string"}}],"inLanguage":"en-GB"},{"@type":"Organization","@id":"https:\/\/www.concert-hosteldieu.com\/#organization","name":"Le Concert de l'Hostel Dieu","url":"https:\/\/www.concert-hosteldieu.com\/","logo":{"@type":"ImageObject","inLanguage":"en-GB","@id":"https:\/\/www.concert-hosteldieu.com\/#\/schema\/logo\/image\/","url":"https:\/\/www.concert-hosteldieu.com\/wp-content\/uploads\/2021\/06\/logo-chd-noir-transparent.png","contentUrl":"https:\/\/www.concert-hosteldieu.com\/wp-content\/uploads\/2021\/06\/logo-chd-noir-transparent.png","width":262,"height":106,"caption":"Le Concert de l'Hostel Dieu"},"image":{"@id":"https:\/\/www.concert-hosteldieu.com\/#\/schema\/logo\/image\/"},"sameAs":["https:\/\/www.facebook.com\/leconcert.delhosteldieu","https:\/\/x.com\/CHDLyon","https:\/\/instagram.com\/concert_hostel_dieu","https:\/\/www.linkedin.com\/company\/le-concert-de-l'hostel-dieu\/","https:\/\/www.youtube.com\/user\/CHDLyon"]}]}},"_links":{"self":[{"href":"https:\/\/www.concert-hosteldieu.com\/en\/wp-json\/wp\/v2\/pages\/23593","targetHints":{"allow":["GET"]}}],"collection":[{"href":"https:\/\/www.concert-hosteldieu.com\/en\/wp-json\/wp\/v2\/pages"}],"about":[{"href":"https:\/\/www.concert-hosteldieu.com\/en\/wp-json\/wp\/v2\/types\/page"}],"author":[{"embeddable":true,"href":"https:\/\/www.concert-hosteldieu.com\/en\/wp-json\/wp\/v2\/users\/2776"}],"replies":[{"embeddable":true,"href":"https:\/\/www.concert-hosteldieu.com\/en\/wp-json\/wp\/v2\/comments?post=23593"}],"version-history":[{"count":6,"href":"https:\/\/www.concert-hosteldieu.com\/en\/wp-json\/wp\/v2\/pages\/23593\/revisions"}],"predecessor-version":[{"id":24263,"href":"https:\/\/www.concert-hosteldieu.com\/en\/wp-json\/wp\/v2\/pages\/23593\/revisions\/24263"}],"wp:attachment":[{"href":"https:\/\/www.concert-hosteldieu.com\/en\/wp-json\/wp\/v2\/media?parent=23593"}],"wp:term":[{"taxonomy":"category","embeddable":true,"href":"https:\/\/www.concert-hosteldieu.com\/en\/wp-json\/wp\/v2\/categories?post=23593"},{"taxonomy":"post_tag","embeddable":true,"href":"https:\/\/www.concert-hosteldieu.com\/en\/wp-json\/wp\/v2\/tags?post=23593"}],"curies":[{"name":"wp","href":"https:\/\/api.w.org\/{rel}","templated":true}]}}