{"id":23262,"date":"2025-04-24T10:33:02","date_gmt":"2025-04-24T09:33:02","guid":{"rendered":"https:\/\/www.concert-hosteldieu.com\/?page_id=23262"},"modified":"2026-03-20T14:07:39","modified_gmt":"2026-03-20T13:07:39","slug":"vivaldi-divina-stella","status":"publish","type":"page","link":"https:\/\/www.concert-hosteldieu.com\/en\/nos-productions\/vivaldi-divina-stella\/","title":{"rendered":"Vivaldi, Divina Stella"},"content":{"rendered":"<h4>Program details<\/h4>\n\t\t\t<p><strong>Antonio Vivaldi (1678-1741)<\/strong><\/p>\n<p>\u00a0<\/p>\n<p><strong>Concerto pour cordes en sol mineur, RV 156<br \/><\/strong>I. Allegro<strong><br \/><\/strong>II. Andante molto<strong><br \/><\/strong>III. Allegro molto<\/p>\n<p><strong><em>Longe mala, umbrae, terrores<\/em>, RV 629<br \/>Motet pour voix, cordes et continuo en sol mineur<\/strong><br \/>I. Aria : <em>Longe mala, umbrae, terrores<\/em> (Allegro)<strong><br \/><\/strong>II. R\u00e9citatif : <em>Recedite, nubes et fulgura<\/em><strong><br \/><\/strong>III. Aria\u00a0: <em>Descende o coeli vos<\/em> (Largo)<strong><br \/><\/strong>IV. Alleluia<\/p>\n<p><strong>Concerto pour cordes en r\u00e9 mineur, RV 127<\/strong><br \/>I. Allegro<br \/>II. Largo<br \/>III. Allegro<\/p>\n<p><strong><em>Sum in medio tempestatum<\/em>, RV 632<\/strong><br \/><strong>Motet pour voix, cordes et continuo en fa majeur<\/strong><br \/>I. Aria : <em>Sum in medio tempestatum<\/em><br \/>II. R\u00e9citatif : <em>Quid Ergo faciam<\/em><br \/>III. Aria : <em>Semper maesta<\/em><br \/>IV. Alleluia<\/p>\n<p><strong>Concerto pour violon et cordes en r\u00e9 majeur, RV 222 (extrait)<\/strong><br \/>I. Andante<\/p>\n<p><strong><em>In turbato mare irato<\/em>, RV 627<\/strong><br \/><strong>Motet pour voix, cordes et continuo en sol majeur<\/strong><br \/>I. Aria : <em>In turbato mare irato<\/em> (Allegro)<br \/>II. R\u00e9citatif : <em>Splende serena<\/em><br \/>III. Aria : <em>Resplende, bella divina stella<\/em> (Larghetto)<br \/>IV. Alleluia<\/p>\n\t\t\t\t\t\t<h4>Cast<\/h4>\n\t\t\t<p><strong><a href=\"https:\/\/www.concert-hosteldieu.com\/en\/nos-artistes-invites\/blandine-de-sansal\/\">Blandine de Sansal<\/a><\/strong>, mezzo soprano<br \/>Le Concert de l&rsquo;Hostel Dieu<br \/><strong><a href=\"https:\/\/www.concert-hosteldieu.com\/en\/franck-emmanuel-comte\/\">Franck-Emmanuel Comte<\/a><\/strong>, harpsichord and musical direction<br \/><a href=\"https:\/\/www.concert-hosteldieu.com\/en\/nos-musiciens\/reynier-guerrero\/\"><strong>Reynier Guerrero<\/strong><\/a>, violin<br \/><a href=\"https:\/\/www.concert-hosteldieu.com\/en\/nos-musiciens\/andre-costa\/\"><strong>Andr\u00e9 Costa<\/strong><\/a>, violin<br \/><strong>Martyna Grabowska,\u00a0<\/strong>viola<br \/><a href=\"https:\/\/www.concert-hosteldieu.com\/en\/nos-musiciens\/clara-fellmann\/\"><b>Clara Fellmann<\/b><\/a>, cello<br \/><strong><a href=\"https:\/\/www.concert-hosteldieu.com\/en\/nos-musiciens\/nicolas-janot\/\">Nicolas Janot<\/a><\/strong>, doublebass<br \/><strong>Morgan Marqui\u00e9<\/strong>, theorbo and guitar<\/p>\n<p><strong>Franck Dusseux<\/strong>, light creation<\/p>\n\t<p>Si notre \u00e9poque contemporaine n&rsquo;est pas avare en crises et menaces, la d\u00e9cennie o\u00f9 Vivaldi composa les \u0153uvres de notre programme n&rsquo;ont rien \u00e0 envier au temps pr\u00e9sent. Autour des ann\u00e9es 1720, les \u00e9v\u00e9nements sombres ne permettent pas encore de qualifier le si\u00e8cle de Vivaldi de \u00ab si\u00e8cle des lumi\u00e8res \u00bb. Les soubresauts de la Guerre de succession au tr\u00f4ne d&rsquo;Espagne &#8211; v\u00e9ritable bain de sang \u00e0 l&rsquo;\u00e9chelle de l&rsquo;Europe &#8211; les \u00e9pid\u00e9mies encore nombreuses de peste et de variole, la violence orchestr\u00e9e par les dictateurs, en font un temps o\u00f9 r\u00e8gne avant tout l&rsquo;angoisse.<\/p>\n<p>Les motets de Vivaldi, compos\u00e9s pour la plupart pour les filles de la Piet\u00e0, anges de lumi\u00e8res sur terre, sont l&rsquo;incarnation musicale de ces espoirs. Temp\u00eates et bourrasques musicales pr\u00e9sentent en nombre dans ces miniatures lyriques, m\u00e9taphores de ces turbulences qui accablent l&rsquo;humanit\u00e9, pr\u00e9c\u00e8dent l&rsquo;apparition de la lumi\u00e8re. Car dans les convulsions de la nature inqui\u00e8te, luit d\u00e9j\u00e0 la <em><strong>Divina Stella<\/strong><\/em>, l&rsquo;\u00e9toile divine qui \u00e9claire l&rsquo;humanit\u00e9. Ce clair-obscur qui habite les \u0153uvres de notre s\u00e9lection, vibrantes et th\u00e9\u00e2trales, nous enseignent la patience et la confiance en des jours meilleurs, ou la musique guidera les \u00e2mes inqui\u00e8tes.<\/p>\n\t\t\t\t<p>Resplende, bella<br \/>Divina stella<br \/>Et non timebo<br \/>Mortis horrores<\/p>\n\t\t\t\t<p>Shine on, bella<br \/>Divine star<br \/>Et je n&rsquo;aurai pas peur<br \/>Of the horrors of death<\/p>\n\t<h4>\n\t\t\t\tPICTURES\n\t\t\t<\/h4>\n\t<h4>\n\t\t\t\tDIVINA STELLA EN VIDEO\n\t\t\t<\/h4>\n\t\t\t\t\t<img decoding=\"async\" src=\"https:\/\/i.ytimg.com\/vi\/v3Osd1v18Q0\/maxresdefault.jpg\" alt=\"youtube-video-thumbnail\"\/>\n\t\t\t\t\t\t<h4>Soutenu par<\/h4>\n\t\t\t<p>Avec le soutien de la <a href=\"https:\/\/www.spedidam.fr\/\" target=\"_blank\" rel=\"noopener\">SPEDIDAM<\/a>.<\/p>\n<p><img loading=\"lazy\" decoding=\"async\" src=\"https:\/\/www.concert-hosteldieu.com\/wp-content\/uploads\/2026\/03\/SPEDIDAM_new-300x150.png\" alt=\"\" width=\"180\" height=\"90\" \/><\/p>\n\t<h4>\n\t\t\t\tCALENDAR\n\t\t\t<\/h4>\n\t<p>Creation in Lyon, at the Chapelle de la Trinit\u00e9, on 15 October 2025.<\/p>\n\t<h4>\n\t\t\t\tAgenda &#8211; \u00c9v\u00e9nements pass\u00e9s\n\t\t\t<\/h4>\n\t<h4>\n\t\t\t\tAgenda &#8211; \u00c9v\u00e9nements pass\u00e9s\n\t\t\t<\/h4>\n<h4  id=\"artiste\">\n\t\t\tASSOCIATED ARTISTS\t<\/h4>\n\t\t\t\t\t\t\t\t\t\t\t\t\t\t<a href=\"https:\/\/www.concert-hosteldieu.com\/en\/nos-artistes-invites\/blandine-de-sansal\/\" target=\"_self\" title=\"Blandine de Sansal\">\n\t\t\t\t<img decoding=\"async\" src=\"https:\/\/www.concert-hosteldieu.com\/wp-content\/uploads\/2025\/05\/Photo-Blandine-3_h-\u00a9Marielle-Aube.jpg\" alt=\"\" \/>\n\t\t\t\t<\/a>\n\t\t\t\t\t\t<h3>\n\t\t\t\t<a href=\"https:\/\/www.concert-hosteldieu.com\/en\/nos-artistes-invites\/blandine-de-sansal\/\" title=\"Blandine de Sansal\">Blandine de Sansal<\/a>\t\t\t<\/h3>\n\t\t\t\t\t\t\t\t\t\t\t\t\t\t<a href=\"https:\/\/www.concert-hosteldieu.com\/en\/franck-emmanuel-comte\/\" target=\"_self\" title=\"Franck-Emmanuel Comte\">\n\t\t\t\t<img decoding=\"async\" src=\"https:\/\/www.concert-hosteldieu.com\/wp-content\/uploads\/2021\/07\/CHD-FE-Comte-portrait-Jean-Combier-6.jpg\" alt=\"Franck-Emmanuel Comte, directeur artistique du Concert de l&#039;Hostel Dieu\" \/>\n\t\t\t\t<\/a>\n\t\t\t\t\t\t<h3>\n\t\t\t\t<a href=\"https:\/\/www.concert-hosteldieu.com\/en\/franck-emmanuel-comte\/\" title=\"Franck-Emmanuel Comte\">Franck-Emmanuel Comte<\/a>\t\t\t<\/h3>\n\t\t\t\t\t\t\t\t\t\t\t\t\t\t<a href=\"https:\/\/www.concert-hosteldieu.com\/en\/nos-musiciens\/reynier-guerrero\/\" target=\"_self\" title=\"Reynier Guerrero\">\n\t\t\t\t<img decoding=\"async\" src=\"https:\/\/www.concert-hosteldieu.com\/wp-content\/uploads\/2025\/05\/24-12-05_Prima-Donna_Salle-Saint-Helene-Lyon-\u00a9Karelle-Perdrizet-7.jpg\" alt=\"\" \/>\n\t\t\t\t<\/a>\n\t\t\t\t\t\t<h3>\n\t\t\t\t<a href=\"https:\/\/www.concert-hosteldieu.com\/en\/nos-musiciens\/reynier-guerrero\/\" title=\"Reynier Guerrero\">Reynier Guerrero<\/a>\t\t\t<\/h3>\n\t\t\t\t\t\t\t\t\t\t\t\t\t\t<a href=\"https:\/\/www.concert-hosteldieu.com\/en\/nos-musiciens\/sayaka-shinoda\/\" target=\"_self\" title=\"Sayaka Shinoda\">\n\t\t\t\t<img decoding=\"async\" src=\"https:\/\/www.concert-hosteldieu.com\/wp-content\/uploads\/2021\/07\/Sayaka-Shinoda1\u00a9Julie-Cherki-1.jpg\" alt=\"\" \/>\n\t\t\t\t<\/a>\n\t\t\t\t\t\t<h3>\n\t\t\t\t<a href=\"https:\/\/www.concert-hosteldieu.com\/en\/nos-musiciens\/sayaka-shinoda\/\" title=\"Sayaka Shinoda\">Sayaka Shinoda<\/a>\t\t\t<\/h3>\n\t\t\t\t\t\t\t\t\t\t\t\t\t\t<a href=\"https:\/\/www.concert-hosteldieu.com\/en\/nos-musiciens\/andre-costa\/\" target=\"_self\" title=\"Andr\u00e9 Costa\">\n\t\t\t\t<img decoding=\"async\" src=\"https:\/\/www.concert-hosteldieu.com\/wp-content\/uploads\/2021\/06\/Confluence-109_web.jpg\" alt=\"\" \/>\n\t\t\t\t<\/a>\n\t\t\t\t\t\t<h3>\n\t\t\t\t<a href=\"https:\/\/www.concert-hosteldieu.com\/en\/nos-musiciens\/andre-costa\/\" title=\"Andr\u00e9 Costa\">Andr\u00e9 Costa<\/a>\t\t\t<\/h3>\n\t\t\t\t\t\t\t\t\t\t\t\t\t\t<a href=\"https:\/\/www.concert-hosteldieu.com\/en\/nos-musiciens\/aude-walker-viry\/\" target=\"_self\" title=\"Aude Walker-Viry\">\n\t\t\t\t<img decoding=\"async\" src=\"https:\/\/www.concert-hosteldieu.com\/wp-content\/uploads\/2021\/06\/GAM07756.jpg\" alt=\"\" \/>\n\t\t\t\t<\/a>\n\t\t\t\t\t\t<h3>\n\t\t\t\t<a href=\"https:\/\/www.concert-hosteldieu.com\/en\/nos-musiciens\/aude-walker-viry\/\" title=\"Aude Walker-Viry\">Aude Walker-Viry<\/a>\t\t\t<\/h3>\n\t\t\t\t\t\t\t\t\t\t\t\t\t\t<a href=\"https:\/\/www.concert-hosteldieu.com\/en\/nos-musiciens\/nicolas-janot\/\" target=\"_self\" title=\"Nicolas Janot\">\n\t\t\t\t<img decoding=\"async\" src=\"https:\/\/www.concert-hosteldieu.com\/wp-content\/uploads\/2021\/06\/GAM07278.jpg\" alt=\"\" \/>\n\t\t\t\t<\/a>\n\t\t\t\t\t\t<h3>\n\t\t\t\t<a href=\"https:\/\/www.concert-hosteldieu.com\/en\/nos-musiciens\/nicolas-janot\/\" title=\"Nicolas Janot\">Nicolas Janot<\/a>\t\t\t<\/h3>","protected":false},"excerpt":{"rendered":"<p>Programme Antonio Vivaldi (1678-1741) \u00a0 Concerto pour cordes en sol mineur, RV 156I. AllegroII. Andante moltoIII. Allegro molto Longe mala, umbrae, terrores, RV 629Motet pour voix, cordes et continuo en sol mineurI. Aria : Longe mala, umbrae, terrores (Allegro)II. R\u00e9citatif [&hellip;]<\/p>\n","protected":false},"author":2776,"featured_media":23711,"parent":23593,"menu_order":0,"comment_status":"closed","ping_status":"closed","template":"","meta":{"site-sidebar-layout":"default","site-content-layout":"","ast-site-content-layout":"full-width-container","site-content-style":"unboxed","site-sidebar-style":"unboxed","ast-global-header-display":"","ast-banner-title-visibility":"","ast-main-header-display":"","ast-hfb-above-header-display":"","ast-hfb-below-header-display":"","ast-hfb-mobile-header-display":"","site-post-title":"disabled","ast-breadcrumbs-content":"","ast-featured-img":"disabled","footer-sml-layout":"","ast-disable-related-posts":"","theme-transparent-header-meta":"default","adv-header-id-meta":"","stick-header-meta":"default","header-above-stick-meta":"","header-main-stick-meta":"","header-below-stick-meta":"","astra-migrate-meta-layouts":"set","ast-page-background-enabled":"default","ast-page-background-meta":{"desktop":{"background-color":"","background-image":"","background-repeat":"repeat","background-position":"center center","background-size":"auto","background-attachment":"scroll","background-type":"","background-media":"","overlay-type":"","overlay-color":"","overlay-opacity":"","overlay-gradient":""},"tablet":{"background-color":"","background-image":"","background-repeat":"repeat","background-position":"center center","background-size":"auto","background-attachment":"scroll","background-type":"","background-media":"","overlay-type":"","overlay-color":"","overlay-opacity":"","overlay-gradient":""},"mobile":{"background-color":"","background-image":"","background-repeat":"repeat","background-position":"center center","background-size":"auto","background-attachment":"scroll","background-type":"","background-media":"","overlay-type":"","overlay-color":"","overlay-opacity":"","overlay-gradient":""}},"ast-content-background-meta":{"desktop":{"background-color":"var(--ast-global-color-5)","background-image":"","background-repeat":"repeat","background-position":"center center","background-size":"auto","background-attachment":"scroll","background-type":"","background-media":"","overlay-type":"","overlay-color":"","overlay-opacity":"","overlay-gradient":""},"tablet":{"background-color":"var(--ast-global-color-5)","background-image":"","background-repeat":"repeat","background-position":"center center","background-size":"auto","background-attachment":"scroll","background-type":"","background-media":"","overlay-type":"","overlay-color":"","overlay-opacity":"","overlay-gradient":""},"mobile":{"background-color":"var(--ast-global-color-5)","background-image":"","background-repeat":"repeat","background-position":"center center","background-size":"auto","background-attachment":"scroll","background-type":"","background-media":"","overlay-type":"","overlay-color":"","overlay-opacity":"","overlay-gradient":""}},"footnotes":""},"categories":[451],"tags":[],"class_list":["post-23262","page","type-page","status-publish","has-post-thumbnail","hentry","category-nos-productions"],"yoast_head":"<!-- This site is optimized with the Yoast SEO plugin v27.5 - https:\/\/yoast.com\/product\/yoast-seo-wordpress\/ -->\n<title>Vivaldi, Divina Stella - Le Concert de l&#039;Hostel Dieu<\/title>\n<meta name=\"description\" content=\"D\u00e9couvrez Vivaldi, Divina Stella et laissez-vous transporter par le jeu de l\u2019ombre et de la lumi\u00e8re dans l\u2019\u0153uvre sacr\u00e9e de Vivaldi !\" \/>\n<meta name=\"robots\" content=\"index, follow, max-snippet:-1, max-image-preview:large, max-video-preview:-1\" \/>\n<link rel=\"canonical\" href=\"https:\/\/www.concert-hosteldieu.com\/en\/nos-productions\/vivaldi-divina-stella\/\" \/>\n<meta property=\"og:locale\" content=\"en_GB\" \/>\n<meta property=\"og:type\" content=\"article\" \/>\n<meta property=\"og:title\" content=\"Vivaldi, Divina Stella - Le Concert de l&#039;Hostel Dieu\" \/>\n<meta property=\"og:description\" content=\"D\u00e9couvrez Vivaldi, Divina Stella et laissez-vous transporter par le jeu de l\u2019ombre et de la lumi\u00e8re dans l\u2019\u0153uvre sacr\u00e9e de Vivaldi !\" \/>\n<meta property=\"og:url\" content=\"https:\/\/www.concert-hosteldieu.com\/en\/nos-productions\/vivaldi-divina-stella\/\" \/>\n<meta property=\"og:site_name\" content=\"Le Concert de l&#039;Hostel Dieu\" \/>\n<meta property=\"article:publisher\" content=\"https:\/\/www.facebook.com\/leconcert.delhosteldieu\" \/>\n<meta property=\"article:modified_time\" content=\"2026-03-20T13:07:39+00:00\" \/>\n<meta property=\"og:image\" content=\"https:\/\/www.concert-hosteldieu.com\/wp-content\/uploads\/2025\/09\/2025.07.11-La-Trinite-CHD-Vivaldi-201936-c.william-sundfor.jpg\" \/>\n\t<meta property=\"og:image:width\" content=\"1920\" \/>\n\t<meta property=\"og:image:height\" content=\"1280\" \/>\n\t<meta property=\"og:image:type\" content=\"image\/jpeg\" \/>\n<meta name=\"twitter:label1\" content=\"Estimated reading time\" \/>\n\t<meta name=\"twitter:data1\" content=\"5 minutes\" \/>\n<script type=\"application\/ld+json\" class=\"yoast-schema-graph\">{\"@context\":\"https:\\\/\\\/schema.org\",\"@graph\":[{\"@type\":\"WebPage\",\"@id\":\"https:\\\/\\\/www.concert-hosteldieu.com\\\/nos-productions\\\/vivaldi-divina-stella\\\/\",\"url\":\"https:\\\/\\\/www.concert-hosteldieu.com\\\/nos-productions\\\/vivaldi-divina-stella\\\/\",\"name\":\"Vivaldi, Divina Stella - Le Concert de l&#039;Hostel Dieu\",\"isPartOf\":{\"@id\":\"https:\\\/\\\/www.concert-hosteldieu.com\\\/#website\"},\"primaryImageOfPage\":{\"@id\":\"https:\\\/\\\/www.concert-hosteldieu.com\\\/nos-productions\\\/vivaldi-divina-stella\\\/#primaryimage\"},\"image\":{\"@id\":\"https:\\\/\\\/www.concert-hosteldieu.com\\\/nos-productions\\\/vivaldi-divina-stella\\\/#primaryimage\"},\"thumbnailUrl\":\"https:\\\/\\\/www.concert-hosteldieu.com\\\/wp-content\\\/uploads\\\/2025\\\/09\\\/2025.07.11-La-Trinite-CHD-Vivaldi-201936-c.william-sundfor.jpg\",\"datePublished\":\"2025-04-24T09:33:02+00:00\",\"dateModified\":\"2026-03-20T13:07:39+00:00\",\"description\":\"D\u00e9couvrez Vivaldi, Divina Stella et laissez-vous transporter par le jeu de l\u2019ombre et de la lumi\u00e8re dans l\u2019\u0153uvre sacr\u00e9e de Vivaldi !\",\"breadcrumb\":{\"@id\":\"https:\\\/\\\/www.concert-hosteldieu.com\\\/nos-productions\\\/vivaldi-divina-stella\\\/#breadcrumb\"},\"inLanguage\":\"en-GB\",\"potentialAction\":[{\"@type\":\"ReadAction\",\"target\":[\"https:\\\/\\\/www.concert-hosteldieu.com\\\/nos-productions\\\/vivaldi-divina-stella\\\/\"]}]},{\"@type\":\"ImageObject\",\"inLanguage\":\"en-GB\",\"@id\":\"https:\\\/\\\/www.concert-hosteldieu.com\\\/nos-productions\\\/vivaldi-divina-stella\\\/#primaryimage\",\"url\":\"https:\\\/\\\/www.concert-hosteldieu.com\\\/wp-content\\\/uploads\\\/2025\\\/09\\\/2025.07.11-La-Trinite-CHD-Vivaldi-201936-c.william-sundfor.jpg\",\"contentUrl\":\"https:\\\/\\\/www.concert-hosteldieu.com\\\/wp-content\\\/uploads\\\/2025\\\/09\\\/2025.07.11-La-Trinite-CHD-Vivaldi-201936-c.william-sundfor.jpg\",\"width\":1920,\"height\":1280,\"caption\":\"\u00a9 William Sundfor\"},{\"@type\":\"BreadcrumbList\",\"@id\":\"https:\\\/\\\/www.concert-hosteldieu.com\\\/nos-productions\\\/vivaldi-divina-stella\\\/#breadcrumb\",\"itemListElement\":[{\"@type\":\"ListItem\",\"position\":1,\"name\":\"Accueil\",\"item\":\"https:\\\/\\\/www.concert-hosteldieu.com\\\/\"},{\"@type\":\"ListItem\",\"position\":2,\"name\":\"Nos productions\",\"item\":\"https:\\\/\\\/www.concert-hosteldieu.com\\\/nos-productions\\\/\"},{\"@type\":\"ListItem\",\"position\":3,\"name\":\"Vivaldi, Divina Stella\"}]},{\"@type\":\"WebSite\",\"@id\":\"https:\\\/\\\/www.concert-hosteldieu.com\\\/#website\",\"url\":\"https:\\\/\\\/www.concert-hosteldieu.com\\\/\",\"name\":\"Le Concert de l&#039;Hostel Dieu\",\"description\":\"Franck-Emmanuel Comte\",\"publisher\":{\"@id\":\"https:\\\/\\\/www.concert-hosteldieu.com\\\/#organization\"},\"potentialAction\":[{\"@type\":\"SearchAction\",\"target\":{\"@type\":\"EntryPoint\",\"urlTemplate\":\"https:\\\/\\\/www.concert-hosteldieu.com\\\/?s={search_term_string}\"},\"query-input\":{\"@type\":\"PropertyValueSpecification\",\"valueRequired\":true,\"valueName\":\"search_term_string\"}}],\"inLanguage\":\"en-GB\"},{\"@type\":\"Organization\",\"@id\":\"https:\\\/\\\/www.concert-hosteldieu.com\\\/#organization\",\"name\":\"Le Concert de l'Hostel Dieu\",\"url\":\"https:\\\/\\\/www.concert-hosteldieu.com\\\/\",\"logo\":{\"@type\":\"ImageObject\",\"inLanguage\":\"en-GB\",\"@id\":\"https:\\\/\\\/www.concert-hosteldieu.com\\\/#\\\/schema\\\/logo\\\/image\\\/\",\"url\":\"https:\\\/\\\/www.concert-hosteldieu.com\\\/wp-content\\\/uploads\\\/2021\\\/06\\\/logo-chd-noir-transparent.png\",\"contentUrl\":\"https:\\\/\\\/www.concert-hosteldieu.com\\\/wp-content\\\/uploads\\\/2021\\\/06\\\/logo-chd-noir-transparent.png\",\"width\":262,\"height\":106,\"caption\":\"Le Concert de l'Hostel Dieu\"},\"image\":{\"@id\":\"https:\\\/\\\/www.concert-hosteldieu.com\\\/#\\\/schema\\\/logo\\\/image\\\/\"},\"sameAs\":[\"https:\\\/\\\/www.facebook.com\\\/leconcert.delhosteldieu\",\"https:\\\/\\\/x.com\\\/CHDLyon\",\"https:\\\/\\\/instagram.com\\\/concert_hostel_dieu\",\"https:\\\/\\\/www.linkedin.com\\\/company\\\/le-concert-de-l'hostel-dieu\\\/\",\"https:\\\/\\\/www.youtube.com\\\/user\\\/CHDLyon\"]}]}<\/script>\n<!-- \/ Yoast SEO plugin. -->","yoast_head_json":{"title":"Vivaldi, Divina Stella - Le Concert de l&#039;Hostel Dieu","description":"D\u00e9couvrez Vivaldi, Divina Stella et laissez-vous transporter par le jeu de l\u2019ombre et de la lumi\u00e8re dans l\u2019\u0153uvre sacr\u00e9e de Vivaldi !","robots":{"index":"index","follow":"follow","max-snippet":"max-snippet:-1","max-image-preview":"max-image-preview:large","max-video-preview":"max-video-preview:-1"},"canonical":"https:\/\/www.concert-hosteldieu.com\/en\/nos-productions\/vivaldi-divina-stella\/","og_locale":"en_GB","og_type":"article","og_title":"Vivaldi, Divina Stella - Le Concert de l&#039;Hostel Dieu","og_description":"D\u00e9couvrez Vivaldi, Divina Stella et laissez-vous transporter par le jeu de l\u2019ombre et de la lumi\u00e8re dans l\u2019\u0153uvre sacr\u00e9e de Vivaldi !","og_url":"https:\/\/www.concert-hosteldieu.com\/en\/nos-productions\/vivaldi-divina-stella\/","og_site_name":"Le Concert de l&#039;Hostel Dieu","article_publisher":"https:\/\/www.facebook.com\/leconcert.delhosteldieu","article_modified_time":"2026-03-20T13:07:39+00:00","og_image":[{"width":1920,"height":1280,"url":"https:\/\/www.concert-hosteldieu.com\/wp-content\/uploads\/2025\/09\/2025.07.11-La-Trinite-CHD-Vivaldi-201936-c.william-sundfor.jpg","type":"image\/jpeg"}],"twitter_misc":{"Estimated reading time":"5 minutes"},"schema":{"@context":"https:\/\/schema.org","@graph":[{"@type":"WebPage","@id":"https:\/\/www.concert-hosteldieu.com\/nos-productions\/vivaldi-divina-stella\/","url":"https:\/\/www.concert-hosteldieu.com\/nos-productions\/vivaldi-divina-stella\/","name":"Vivaldi, Divina Stella - Le Concert de l&#039;Hostel Dieu","isPartOf":{"@id":"https:\/\/www.concert-hosteldieu.com\/#website"},"primaryImageOfPage":{"@id":"https:\/\/www.concert-hosteldieu.com\/nos-productions\/vivaldi-divina-stella\/#primaryimage"},"image":{"@id":"https:\/\/www.concert-hosteldieu.com\/nos-productions\/vivaldi-divina-stella\/#primaryimage"},"thumbnailUrl":"https:\/\/www.concert-hosteldieu.com\/wp-content\/uploads\/2025\/09\/2025.07.11-La-Trinite-CHD-Vivaldi-201936-c.william-sundfor.jpg","datePublished":"2025-04-24T09:33:02+00:00","dateModified":"2026-03-20T13:07:39+00:00","description":"D\u00e9couvrez Vivaldi, Divina Stella et laissez-vous transporter par le jeu de l\u2019ombre et de la lumi\u00e8re dans l\u2019\u0153uvre sacr\u00e9e de Vivaldi !","breadcrumb":{"@id":"https:\/\/www.concert-hosteldieu.com\/nos-productions\/vivaldi-divina-stella\/#breadcrumb"},"inLanguage":"en-GB","potentialAction":[{"@type":"ReadAction","target":["https:\/\/www.concert-hosteldieu.com\/nos-productions\/vivaldi-divina-stella\/"]}]},{"@type":"ImageObject","inLanguage":"en-GB","@id":"https:\/\/www.concert-hosteldieu.com\/nos-productions\/vivaldi-divina-stella\/#primaryimage","url":"https:\/\/www.concert-hosteldieu.com\/wp-content\/uploads\/2025\/09\/2025.07.11-La-Trinite-CHD-Vivaldi-201936-c.william-sundfor.jpg","contentUrl":"https:\/\/www.concert-hosteldieu.com\/wp-content\/uploads\/2025\/09\/2025.07.11-La-Trinite-CHD-Vivaldi-201936-c.william-sundfor.jpg","width":1920,"height":1280,"caption":"\u00a9 William Sundfor"},{"@type":"BreadcrumbList","@id":"https:\/\/www.concert-hosteldieu.com\/nos-productions\/vivaldi-divina-stella\/#breadcrumb","itemListElement":[{"@type":"ListItem","position":1,"name":"Accueil","item":"https:\/\/www.concert-hosteldieu.com\/"},{"@type":"ListItem","position":2,"name":"Nos productions","item":"https:\/\/www.concert-hosteldieu.com\/nos-productions\/"},{"@type":"ListItem","position":3,"name":"Vivaldi, Divina Stella"}]},{"@type":"WebSite","@id":"https:\/\/www.concert-hosteldieu.com\/#website","url":"https:\/\/www.concert-hosteldieu.com\/","name":"Le Concert de l&#039;Hostel Dieu","description":"Franck-Emmanuel Comte","publisher":{"@id":"https:\/\/www.concert-hosteldieu.com\/#organization"},"potentialAction":[{"@type":"SearchAction","target":{"@type":"EntryPoint","urlTemplate":"https:\/\/www.concert-hosteldieu.com\/?s={search_term_string}"},"query-input":{"@type":"PropertyValueSpecification","valueRequired":true,"valueName":"search_term_string"}}],"inLanguage":"en-GB"},{"@type":"Organization","@id":"https:\/\/www.concert-hosteldieu.com\/#organization","name":"Le Concert de l'Hostel Dieu","url":"https:\/\/www.concert-hosteldieu.com\/","logo":{"@type":"ImageObject","inLanguage":"en-GB","@id":"https:\/\/www.concert-hosteldieu.com\/#\/schema\/logo\/image\/","url":"https:\/\/www.concert-hosteldieu.com\/wp-content\/uploads\/2021\/06\/logo-chd-noir-transparent.png","contentUrl":"https:\/\/www.concert-hosteldieu.com\/wp-content\/uploads\/2021\/06\/logo-chd-noir-transparent.png","width":262,"height":106,"caption":"Le Concert de l'Hostel Dieu"},"image":{"@id":"https:\/\/www.concert-hosteldieu.com\/#\/schema\/logo\/image\/"},"sameAs":["https:\/\/www.facebook.com\/leconcert.delhosteldieu","https:\/\/x.com\/CHDLyon","https:\/\/instagram.com\/concert_hostel_dieu","https:\/\/www.linkedin.com\/company\/le-concert-de-l'hostel-dieu\/","https:\/\/www.youtube.com\/user\/CHDLyon"]}]}},"_links":{"self":[{"href":"https:\/\/www.concert-hosteldieu.com\/en\/wp-json\/wp\/v2\/pages\/23262","targetHints":{"allow":["GET"]}}],"collection":[{"href":"https:\/\/www.concert-hosteldieu.com\/en\/wp-json\/wp\/v2\/pages"}],"about":[{"href":"https:\/\/www.concert-hosteldieu.com\/en\/wp-json\/wp\/v2\/types\/page"}],"author":[{"embeddable":true,"href":"https:\/\/www.concert-hosteldieu.com\/en\/wp-json\/wp\/v2\/users\/2776"}],"replies":[{"embeddable":true,"href":"https:\/\/www.concert-hosteldieu.com\/en\/wp-json\/wp\/v2\/comments?post=23262"}],"version-history":[{"count":6,"href":"https:\/\/www.concert-hosteldieu.com\/en\/wp-json\/wp\/v2\/pages\/23262\/revisions"}],"predecessor-version":[{"id":24150,"href":"https:\/\/www.concert-hosteldieu.com\/en\/wp-json\/wp\/v2\/pages\/23262\/revisions\/24150"}],"up":[{"embeddable":true,"href":"https:\/\/www.concert-hosteldieu.com\/en\/wp-json\/wp\/v2\/pages\/23593"}],"wp:featuredmedia":[{"embeddable":true,"href":"https:\/\/www.concert-hosteldieu.com\/en\/wp-json\/wp\/v2\/media\/23711"}],"wp:attachment":[{"href":"https:\/\/www.concert-hosteldieu.com\/en\/wp-json\/wp\/v2\/media?parent=23262"}],"wp:term":[{"taxonomy":"category","embeddable":true,"href":"https:\/\/www.concert-hosteldieu.com\/en\/wp-json\/wp\/v2\/categories?post=23262"},{"taxonomy":"post_tag","embeddable":true,"href":"https:\/\/www.concert-hosteldieu.com\/en\/wp-json\/wp\/v2\/tags?post=23262"}],"curies":[{"name":"wp","href":"https:\/\/api.w.org\/{rel}","templated":true}]}}