{"id":22731,"date":"2025-01-22T12:32:06","date_gmt":"2025-01-22T11:32:06","guid":{"rendered":"https:\/\/www.concert-hosteldieu.com\/?page_id=22731"},"modified":"2026-04-20T12:50:45","modified_gmt":"2026-04-20T11:50:45","slug":"locura","status":"publish","type":"page","link":"https:\/\/www.concert-hosteldieu.com\/en\/nos-productions\/locura\/","title":{"rendered":"Locura"},"content":{"rendered":"<h4>Program details<\/h4>\n\t\t\t<p>Henry Le Bailly &#8211; <strong>\u00ab Yo soy la locura \u00bb<\/strong> (Ballet air, <em><strong>Passacalle de la Follie<\/strong><\/em> &#8211; Paris, 1614)<br \/>Antonio Sartorio &#8211; <strong>\u00ab Quando voglio \u00bb<\/strong> (Air from <em><strong>Cesare in Egitto<\/strong><\/em> &#8211; Venise, 1676)<br \/>Henry Purcell &#8211; <em><strong>Curtain Tune<\/strong><\/em> (from <em><strong>Timon of Athens<\/strong><\/em>, London, 1694)<br \/>Santiago de Murcia &#8211; <em><strong>Tarentellas<\/strong> <\/em>(from <em><strong>Codex Saldivar<\/strong><\/em>, Mexico, c. 1730)<br \/>Tarquinio Merula &#8211;<em><strong> Canzonetta spirituale sopra alla nanna<\/strong><\/em> (Venice, 1636)<br \/>Antonio Vivaldi &#8211; <strong>Sonata <em>La Follia<\/em> RV 63<\/strong> (Op. 1 &#8211; Venise, 1703)<br \/>Anonyme &#8211; <em><strong>Donna Isabella<\/strong><\/em> (<em><strong>Neapolitan song<\/strong><\/em> &#8211; Naples, vers 1750)<br \/>Anonyme &#8211;<strong> Suite of instrumental Neapolitan tarentellas<\/strong> (collected, early 19th century)<br \/>Barbara Strozzi &#8211;<strong> \u00ab Che si pu\u00f2 fare \u00bb<\/strong> (Air, Op. 8 &#8211; Venise, 1664)<br \/>Anonyme &#8211; <em><strong>La Carpinese<\/strong><\/em> (<em><strong>Neapolitan tarentella<\/strong><\/em> &#8211; Naples, vers 1750)<br \/>Antonio Vivaldi &#8211; <em><strong>Allemande<\/strong> <\/em>(from <strong><em>Sonate n\u00b07 pour violoncelle<\/em> RV 44<\/strong> &#8211; Venise, vers 1720)<br \/>Anonyme &#8211; <em><strong>Cachua Serranita<\/strong><\/em> (from <em><strong>Codex Mart\u00ednez Compa\u00f1\u00f3n<\/strong><\/em> &#8211; Trujillo (P\u00e9rou), vers 1780-90)<\/p>\n\t\t\t\t\t\t<h4>Cast<\/h4>\n<p>Le Concert de l&rsquo;Hostel Dieu<br \/><a href=\"https:\/\/www.concert-hosteldieu.com\/en\/franck-emmanuel-comte\/\" target=\"_blank\" rel=\"noopener noreferrer\"><strong>Franck-Emmanuel Comte<\/strong><\/a>, musical direction, conception and harpsichord<br \/><strong><a href=\"https:\/\/www.concert-hosteldieu.com\/en\/presentation\/lequipe-artistique\/heather-newhouse\/\">Heather Newhouse<\/a> <\/strong>alternating with <a href=\"https:\/\/www.concert-hosteldieu.com\/en\/nos-artistes-invites\/adele-huber\/\" target=\"_blank\" rel=\"noopener\"><strong>Ad\u00e8le Huber<\/strong><\/a>, soprano<br \/><strong>Instrumentalists\u00a0<\/strong>: <strong>Reynier Guerrero<\/strong> alternating with <strong>Andr\u00e9 Costa<\/strong> (violin),<strong> Florian Verhaegen<\/strong> (violin), <strong>Aude Walker-Viry<\/strong> (violoncelle) en alternance avec <strong>Clara Fellmann<\/strong>, <strong>Nicolas Janot<\/strong> alternating with <strong>Vincent Girard<\/strong> (double bass)<strong>, <\/strong><strong>Nicolas Muzy<\/strong> (theorbo &amp; guitar), <strong>David Bruley<\/strong> (percussion)<\/p>\n<p>Compagnie K\u00e4fig<br \/><strong><a href=\"https:\/\/www.concert-hosteldieu.com\/en\/nos-artistes-invites\/mourad-merzouki\/\" target=\"_blank\" rel=\"noopener\">Mourad Merzouki<\/a><\/strong>, mise en sc\u00e8ne et chor\u00e9graphie, assist\u00e9 de\u00a0<strong>Marjorie Hannoteaux<br \/><\/strong><strong>Dancers<\/strong><strong>\u00a0<\/strong>: <strong>Maureen Brut-Coutt\u00e9, <\/strong><strong>Mathilde Devoghel, Jo\u00ebl Luzolo, <\/strong><strong>Aur\u00e9lien Vaudey, Titouan Wiener<\/strong><\/p>\n<p><strong>Esteban Loirat<\/strong> (lumi\u00e8res), <strong>Nicolas Charpail<\/strong> (r\u00e9gie g\u00e9n\u00e9rale), <strong>Odr\u00e9e Chaminade<\/strong> (costumes)<\/p>\n\t\t\t\t\t\t<h4>Note d&rsquo;intention de Franck-Emmanuel Comte<\/h4>\n<blockquote>\n<p><em>I am madness<\/em><br \/><em>The one who alone inspires<\/em><br \/><em>Pleasure, sweetness<\/em><br \/><em>And joy in the world<\/em><br \/><strong>&#8211; Henry Le Bailly (1643)<\/strong><\/p>\n<\/blockquote>\n<p>Par ces quelques vers mis en musique par Henry Le Bailly s&rsquo;ouvre notre programme. La figure de la Folie, incarn\u00e9e par la soliste Heather Newhouse, s&rsquo;y r\u00e9v\u00e8le sous un jour singulier, loin des visions baroques habituelles, marqu\u00e9es par l&rsquo;exc\u00e8s ou l&rsquo;hyst\u00e9rie. Ici, la folie se fait lumineuse, f\u00e9conde, source d&rsquo;\u00e9lan et d&rsquo;inspiration.<\/p>\n<p>C&rsquo;est cette approche volontairement contre-intuitive que nous explorons tout au long de ce concert chor\u00e9graphi\u00e9. Construit comme un th\u00e8me et variations, le programme traverse les multiples visages d&rsquo;une folie toujours en mouvement : excentrique, irr\u00e9v\u00e9rencieuse, visionnaire, joyeuse ou douloureuse. Elle se d\u00e9ploie tour \u00e0 tour dans le r\u00e9cit implacable et lucide de la Vierge Marie chez Tarquinio Merula, dans la plainte de l&rsquo;amoureuse chez Barbara Strozzi, ou encore \u00e0 travers le message bouleversant de la Reine Isabella, livrant son testament depuis l&rsquo;au-del\u00e0.<\/p>\n<p>Sur le plan musical, les basses obstin\u00e9es &#8211; v\u00e9ritables moteurs rythmiques de ce r\u00e9pertoire &#8211; traversent l&rsquo;ensemble du programme. Elles soutiennent l&rsquo;\u00e9mergence d&rsquo;un second th\u00e8me, sous-jacent : celui de la m\u00e9tamorphose. Jamais fig\u00e9e et toujours en mouvement, notre approche interpr\u00e9tative se nourrit de l&rsquo;interaction entre musiciens, chanteurs et danseurs, ainsi que des larges possibilit\u00e9s d&rsquo;improvisation et d&rsquo;ornementation propres \u00e0 ce r\u00e9pertoire, \u00e0 la crois\u00e9e du savant et du populaire, de l&rsquo;\u00e9crit et de l&rsquo;oral.<\/p>\n<p>Both the framework for variation and the carriers of madness\u2019s many faces, ostinato\npatterns also form an essential link with the choreographic writing of Mourad\nMerzouki. For this fourth production created together, these motifs \u2014 emblematic of\n17th-century Italian and Spanish music \u2014 become a privileged source of inspiration,\nallowing contemporary and hip-hop dance to take full root in the musical universe\nof the Concert de l\u2019Hostel Dieu, the result of a dialogue between historically informed\nperformance and a resolutely contemporary aesthetic.<br \/>lien essentiel avec l&rsquo;\u00e9criture chor\u00e9graphique de Mourad Merzouki. Pour ce quatri\u00e8me spectacle cr\u00e9\u00e9 ensemble, ces motifs &#8211; embl\u00e9matiques des musiques italiennes et espagnoles du XVIIe si\u00e8cle &#8211; deviennent un terrain d&rsquo;inspiration privil\u00e9gi\u00e9, permettant \u00e0 une danse contemporaine et hip-hop de s&rsquo;inscrire pleinement dans l&rsquo;univers musical du Concert de l&rsquo;Hostel Dieu, fruit d&rsquo;un dialogue entre interpr\u00e9tation historiquement inform\u00e9e et esth\u00e9tique r\u00e9solument actuelle.<\/p>\n<p><strong>&#8211; Franck-Emmanuel Comte<\/strong><\/p>\n\t\t\t\t\t\t<h4>Note d&rsquo;intention de Mourad Merzouki<\/h4>\n<p class=\"translation-block\">Locura continues in the wake of Folia, an emblematic piece that made a lasting impression through its bold union of contemporary hip-hop dance and baroque music.\n\nThis first encounter in 2018, praised for its energy, inventiveness, and public success, revealed the power of dialogue between our two artistic worlds.\n\nWith Locura, we wished to extend, highlight, and deepen this unique bond woven between music and dance.\n\nThis new creation explores even further the permeability of artistic boundaries, affirming our desire to create dialogue between aesthetics, to cross languages, and to open a space where bodies and sounds respond to each other in a shared breath.\n\nLocura explores human madness not as deviation, but as a force of transgression and\nopenness.\n\nThis form of madness \u2014 the one that drives people to cross boundaries, whether geographical, cultural, aesthetic, or inner \u2014 becomes the motor of a movement toward universality.\n\nIn Locura, madness is a vital impulse, a breath that dissolves limits in order to reveal what connects us.\n\nWe chose for music and dance not merely to coexist, but to merge, intertwine, and transform one another.\n\nMusicians become bodies. Dancers become breath. Gestures respond to notes, rhythms pass through bodies, voices extend movement.\n\nThis fusion erases the boundaries between disciplines, aesthetics, and roles. It creates a space where everyone \u2014 performer or spectator \u2014 can experience the power of a shared language: immediate and deeply human.\n\nBy celebrating creative madness, Locura invites each person to transcend their own boundaries, to welcome the other, and to recognize in them a fragment of oneself.\n\nThe performance thus becomes a contemporary ritual \u2014 a moment in which we remember that humanity, despite its fractures, always tends toward unity.<\/p>\n<p><strong>&#8211; Mourad Merzouki<\/strong><\/p>\n\t<h4><strong>La nouvelle cr\u00e9ation du Concert de l&rsquo;Hostel Dieu en collaboration avec la Compagnie K\u00e4fig<\/strong><\/h4>\n<p>En 2017, <a href=\"https:\/\/www.concert-hosteldieu.com\/en\/nos-artistes-invites\/mourad-merzouki\/\" target=\"_blank\" rel=\"noopener\"><strong>Mourad Merzouki<\/strong><\/a> cr\u00e9e <a href=\"https:\/\/www.concert-hosteldieu.com\/en\/nos-productions\/folia\/\" target=\"_blank\" rel=\"noopener\"><strong>Folia<\/strong><\/a> au festival des Nuits de Fourvi\u00e8re, en collaboration avec <a href=\"https:\/\/www.concert-hosteldieu.com\/en\/franck-emmanuel-comte\/\" target=\"_blank\" rel=\"noopener\"><strong>Franck-Emmanuel Comte<\/strong><\/a>. Immense succ\u00e8s international, ce ballet hip-hop baroque enchante plus de 100 000 spectateurs sur les sc\u00e8nes d&rsquo;Europe.<\/p>\n<p>Aujourd&rsquo;hui, les deux artistes prolongent cette collaboration avec <strong><em>Locura<\/em><\/strong>, une nouvelle cr\u00e9ation qui explore et approfondit ce <strong>dialogue unique entre musique baroque et danse hip-hop<\/strong>. Le spectacle s&rsquo;inscrit dans la continuit\u00e9 de leur travail commun et d\u00e9ploie une po\u00e9sie visuelle et sonore singuli\u00e8re, une palette d&rsquo;\u00e9motions fortes et une v\u00e9ritable complicit\u00e9 artistique et humaine entre les danseurs de la <a href=\"https:\/\/kafig.com\/\" target=\"_blank\" rel=\"noopener\"><strong>compagnie K\u00e4fig<\/strong><\/a> et les musiciens du<strong> Concert de l&rsquo;Hostel Dieu<\/strong>.<\/p>\n<p>Pens\u00e9 comme un \u00ab concert augment\u00e9 \u00bb, <em><strong>Locura<\/strong> <\/em>se nourrit d&rsquo;un m\u00e9tissage d&rsquo;airs baroques et de musiques populaires m\u00e9diterran\u00e9ennes, tour \u00e0 tour envo\u00fbtantes, bondissantes et expressives. Tarentelles et folias virtuoses deviennent autant de variations autour du th\u00e8me de la folie, envisag\u00e9e comme un ferment disruptif qui vient bousculer et colorer nos vies.<\/p>\n<p>S&rsquo;appropriant ce mat\u00e9riau musical original, chaque interpr\u00e8te (chanteuse lyrique, instrumentistes et danseurs) se joue avec fluidit\u00e9 et malice des contrastes et des richesses de ces musiques intemporelles et universelles.<\/p>\n<h4  id=\"images\">\n\t\t\tPICTURES\t<\/h4>\n<h4  id=\"\u00e9couter\">\n\t\t\tLISTEN\t<\/h4>\n\t<iframe loading=\"lazy\" src=\"https:\/\/open.spotify.com\/embed\/album\/6Y1lN67QKoaBy3LqLC28ey?utm_source=generator&#038;theme=0\" width=\"100%\" height=\"280\" frameborder=\"0\" allowfullscreen=\"\" allow=\"autoplay; clipboard-write; encrypted-media; fullscreen; picture-in-picture\"><\/iframe>\n\t\t\t\t\t\t<h4>Partners<\/h4>\n\t\t\t<p>\u00a0<\/p>\n<p>Avec le soutien de l&rsquo;ADAMI et de la <a href=\"https:\/\/www.spedidam.fr\/\">Spedidam<\/a>.<\/p>\n<p><img loading=\"lazy\" decoding=\"async\" src=\"https:\/\/www.concert-hosteldieu.com\/wp-content\/uploads\/2026\/01\/Logo-WEB_4-300x150.jpg\" alt=\"\" width=\"202\" height=\"101\" \/><img loading=\"lazy\" decoding=\"async\" src=\"https:\/\/www.concert-hosteldieu.com\/wp-content\/uploads\/2026\/03\/SPEDIDAM_new-300x150.png\" alt=\"\" width=\"206\" height=\"103\" \/><\/p>\n<hr \/>\n<p>Co-production with <em><strong>Le Radiant-Bellevue<\/strong><\/em> (Caluire-et-Cuire).<br \/>In partnership with <em><strong>Le Majestic<\/strong><\/em> (Montereau-Faut-Yonne) et <strong>P\u00f4le en Sc\u00e8nes<\/strong> (Bron]<br \/>Avec le soutien de l&rsquo;atelier costume du <strong>TNP &#8211; Th\u00e9\u00e2tre National Populaire<\/strong> (Villeurbanne).<\/p>\n<h4  id=\"agenda\">\n\t\t\tCALENDAR\t<\/h4>\n<h4>\n\t\t\tAgenda &#8211; \u00c9v\u00e9nements pass\u00e9s\t<\/h4>\n\t\t\t<a href=\"https:\/\/www.concert-hosteldieu.com\/wp-content\/uploads\/2026\/04\/LOCURA-2026_FR-Adele.pdf\" title=\"Download the presentation file (for promoters)\" target=\"_blank\" rel=\"noopener\"  role=\"button\" aria-label=\"Download the presentation file (for promoters)\">\n\t\t\t\t\t\t\t\t\t\t\tDownload the presentation file (for promoters)\n\t\t<\/a>\n<h4  id=\"autour\">\n\t\t\tMORE ABOUT THIS PROJECT\t<\/h4>\n\t\t\t\t\t\t\t\t\t\t\t\t\t\t<a href=\"https:\/\/www.concert-hosteldieu.com\/en\/nos-productions\/folia\/\" target=\"_self\" title=\"Folia\">\n\t\t\t\t<img decoding=\"async\" src=\"https:\/\/www.concert-hosteldieu.com\/wp-content\/uploads\/2021\/06\/folia-concert-hostel-dieu-merzouki-credit-julie-cherki-128.jpg\" alt=\"Le projet en tourn\u00e9e Folia par Mourad Merzouki et Le Concert de l&#039;Hostel Dieu\" \/>\n\t\t\t\t<\/a>\n\t\t\t\t\t\t<h3>\n\t\t\t\t<a href=\"https:\/\/www.concert-hosteldieu.com\/en\/nos-productions\/folia\/\" title=\"Folia\">Folia<\/a>\t\t\t<\/h3>\n\t\t\t\t\t\t\t\t\t\t\t\t\t\t<a href=\"https:\/\/www.concert-hosteldieu.com\/en\/nos-artistes-invites\/heather-newhouse\/\" target=\"_self\" title=\"Heather Newhouse\">\n\t\t\t\t<img decoding=\"async\" src=\"https:\/\/www.concert-hosteldieu.com\/wp-content\/uploads\/2025\/02\/Heather-Newhouse.jpg\" alt=\"\" \/>\n\t\t\t\t<\/a>\n\t\t\t\t\t\t<h3>\n\t\t\t\t<a href=\"https:\/\/www.concert-hosteldieu.com\/en\/nos-artistes-invites\/heather-newhouse\/\" title=\"Heather Newhouse\">Heather Newhouse<\/a>\t\t\t<\/h3>\n\t\t\t\t\t\t\t\t\t\t\t\t\t\t<a href=\"https:\/\/www.concert-hosteldieu.com\/en\/nos-artistes-invites\/adele-huber\/\" target=\"_self\" title=\"Ad\u00e8le Huber\">\n\t\t\t\t<img decoding=\"async\" src=\"https:\/\/www.concert-hosteldieu.com\/wp-content\/uploads\/2026\/04\/HUBER-Adele-@william.sundfor.jpg\" alt=\"\" \/>\n\t\t\t\t<\/a>\n\t\t\t\t\t\t<h3>\n\t\t\t\t<a href=\"https:\/\/www.concert-hosteldieu.com\/en\/nos-artistes-invites\/adele-huber\/\" title=\"Ad\u00e8le Huber\">Ad\u00e8le Huber<\/a>\t\t\t<\/h3>\n\t\t\t\t\t\t\t\t\t\t\t\t\t\t<a href=\"https:\/\/www.concert-hosteldieu.com\/en\/franck-emmanuel-comte\/\" target=\"_self\" title=\"Franck-Emmanuel Comte\">\n\t\t\t\t<img decoding=\"async\" src=\"https:\/\/www.concert-hosteldieu.com\/wp-content\/uploads\/2021\/07\/CHD-FE-Comte-portrait-Jean-Combier-6.jpg\" alt=\"Franck-Emmanuel Comte, directeur artistique du Concert de l&#039;Hostel Dieu\" \/>\n\t\t\t\t<\/a>\n\t\t\t\t\t\t<h3>\n\t\t\t\t<a href=\"https:\/\/www.concert-hosteldieu.com\/en\/franck-emmanuel-comte\/\" title=\"Franck-Emmanuel Comte\">Franck-Emmanuel Comte<\/a>\t\t\t<\/h3>\n\t\t\t\t\t\t\t\t\t\t\t\t\t\t<a href=\"https:\/\/www.concert-hosteldieu.com\/en\/nos-artistes-invites\/mourad-merzouki\/\" target=\"_self\" title=\"Mourad Merzouki\">\n\t\t\t\t<img decoding=\"async\" src=\"https:\/\/www.concert-hosteldieu.com\/wp-content\/uploads\/2021\/06\/MERZOUKI-Mourad.jpg\" alt=\"\" \/>\n\t\t\t\t<\/a>\n\t\t\t\t\t\t<h3>\n\t\t\t\t<a href=\"https:\/\/www.concert-hosteldieu.com\/en\/nos-artistes-invites\/mourad-merzouki\/\" title=\"Mourad Merzouki\">Mourad Merzouki<\/a>\t\t\t<\/h3>","protected":false},"excerpt":{"rendered":"<p>Programme Henry Le Bailly &#8211; \u00ab Yo soy la locura \u00bb (Air de ballet, Passacalle de la Follie &#8211; Paris, 1614)Antonio Sartorio &#8211; \u00ab Quando voglio \u00bb (Air extrait de Cesare in Egitto &#8211; Venise, 1676)Henry Purcell &#8211; Curtain Tune [&hellip;]<\/p>\n","protected":false},"author":2776,"featured_media":22848,"parent":23593,"menu_order":0,"comment_status":"closed","ping_status":"closed","template":"","meta":{"site-sidebar-layout":"default","site-content-layout":"","ast-site-content-layout":"full-width-container","site-content-style":"unboxed","site-sidebar-style":"unboxed","ast-global-header-display":"","ast-banner-title-visibility":"","ast-main-header-display":"","ast-hfb-above-header-display":"","ast-hfb-below-header-display":"","ast-hfb-mobile-header-display":"","site-post-title":"disabled","ast-breadcrumbs-content":"","ast-featured-img":"disabled","footer-sml-layout":"","ast-disable-related-posts":"","theme-transparent-header-meta":"default","adv-header-id-meta":"","stick-header-meta":"default","header-above-stick-meta":"","header-main-stick-meta":"","header-below-stick-meta":"","astra-migrate-meta-layouts":"set","ast-page-background-enabled":"default","ast-page-background-meta":{"desktop":{"background-color":"","background-image":"","background-repeat":"repeat","background-position":"center center","background-size":"auto","background-attachment":"scroll","background-type":"","background-media":"","overlay-type":"","overlay-color":"","overlay-opacity":"","overlay-gradient":""},"tablet":{"background-color":"","background-image":"","background-repeat":"repeat","background-position":"center center","background-size":"auto","background-attachment":"scroll","background-type":"","background-media":"","overlay-type":"","overlay-color":"","overlay-opacity":"","overlay-gradient":""},"mobile":{"background-color":"","background-image":"","background-repeat":"repeat","background-position":"center center","background-size":"auto","background-attachment":"scroll","background-type":"","background-media":"","overlay-type":"","overlay-color":"","overlay-opacity":"","overlay-gradient":""}},"ast-content-background-meta":{"desktop":{"background-color":"var(--ast-global-color-5)","background-image":"","background-repeat":"repeat","background-position":"center center","background-size":"auto","background-attachment":"scroll","background-type":"","background-media":"","overlay-type":"","overlay-color":"","overlay-opacity":"","overlay-gradient":""},"tablet":{"background-color":"var(--ast-global-color-5)","background-image":"","background-repeat":"repeat","background-position":"center center","background-size":"auto","background-attachment":"scroll","background-type":"","background-media":"","overlay-type":"","overlay-color":"","overlay-opacity":"","overlay-gradient":""},"mobile":{"background-color":"var(--ast-global-color-5)","background-image":"","background-repeat":"repeat","background-position":"center center","background-size":"auto","background-attachment":"scroll","background-type":"","background-media":"","overlay-type":"","overlay-color":"","overlay-opacity":"","overlay-gradient":""}},"footnotes":""},"categories":[451],"tags":[],"class_list":["post-22731","page","type-page","status-publish","has-post-thumbnail","hentry","category-nos-productions"],"yoast_head":"<!-- This site is optimized with the Yoast SEO plugin v27.5 - https:\/\/yoast.com\/product\/yoast-seo-wordpress\/ -->\n<title>Locura - Le Concert de l&#039;Hostel Dieu<\/title>\n<meta name=\"description\" content=\"D\u00e9couvrez Locura et voyagez de la p\u00e9ninsule ib\u00e9rique au sud de l&#039;Italie, aux sons des folias et tarentelles !\" \/>\n<meta name=\"robots\" content=\"index, follow, max-snippet:-1, max-image-preview:large, max-video-preview:-1\" \/>\n<link rel=\"canonical\" href=\"https:\/\/www.concert-hosteldieu.com\/en\/nos-productions\/locura\/\" \/>\n<meta property=\"og:locale\" content=\"en_GB\" \/>\n<meta property=\"og:type\" content=\"article\" \/>\n<meta property=\"og:title\" content=\"Locura - Le Concert de l&#039;Hostel Dieu\" \/>\n<meta property=\"og:description\" content=\"D\u00e9couvrez Locura et voyagez de la p\u00e9ninsule ib\u00e9rique au sud de l&#039;Italie, aux sons des folias et tarentelles !\" \/>\n<meta property=\"og:url\" content=\"https:\/\/www.concert-hosteldieu.com\/en\/nos-productions\/locura\/\" \/>\n<meta property=\"og:site_name\" content=\"Le Concert de l&#039;Hostel Dieu\" \/>\n<meta property=\"article:publisher\" content=\"https:\/\/www.facebook.com\/leconcert.delhosteldieu\" \/>\n<meta property=\"article:modified_time\" content=\"2026-04-20T11:50:45+00:00\" \/>\n<meta property=\"og:image\" content=\"https:\/\/www.concert-hosteldieu.com\/wp-content\/uploads\/2025\/02\/CHD-FugaCites-32-cJulie-Cherki.jpg\" \/>\n\t<meta property=\"og:image:width\" content=\"1920\" \/>\n\t<meta property=\"og:image:height\" content=\"1280\" \/>\n\t<meta property=\"og:image:type\" content=\"image\/jpeg\" \/>\n<meta name=\"twitter:label1\" content=\"Estimated reading time\" \/>\n\t<meta name=\"twitter:data1\" content=\"4 minutes\" \/>\n<script type=\"application\/ld+json\" class=\"yoast-schema-graph\">{\"@context\":\"https:\\\/\\\/schema.org\",\"@graph\":[{\"@type\":\"WebPage\",\"@id\":\"https:\\\/\\\/www.concert-hosteldieu.com\\\/nos-productions\\\/locura\\\/\",\"url\":\"https:\\\/\\\/www.concert-hosteldieu.com\\\/nos-productions\\\/locura\\\/\",\"name\":\"Locura - Le Concert de l&#039;Hostel Dieu\",\"isPartOf\":{\"@id\":\"https:\\\/\\\/www.concert-hosteldieu.com\\\/#website\"},\"primaryImageOfPage\":{\"@id\":\"https:\\\/\\\/www.concert-hosteldieu.com\\\/nos-productions\\\/locura\\\/#primaryimage\"},\"image\":{\"@id\":\"https:\\\/\\\/www.concert-hosteldieu.com\\\/nos-productions\\\/locura\\\/#primaryimage\"},\"thumbnailUrl\":\"https:\\\/\\\/www.concert-hosteldieu.com\\\/wp-content\\\/uploads\\\/2025\\\/02\\\/CHD-FugaCites-32-cJulie-Cherki.jpg\",\"datePublished\":\"2025-01-22T11:32:06+00:00\",\"dateModified\":\"2026-04-20T11:50:45+00:00\",\"description\":\"D\u00e9couvrez Locura et voyagez de la p\u00e9ninsule ib\u00e9rique au sud de l'Italie, aux sons des folias et tarentelles !\",\"breadcrumb\":{\"@id\":\"https:\\\/\\\/www.concert-hosteldieu.com\\\/nos-productions\\\/locura\\\/#breadcrumb\"},\"inLanguage\":\"en-GB\",\"potentialAction\":[{\"@type\":\"ReadAction\",\"target\":[\"https:\\\/\\\/www.concert-hosteldieu.com\\\/nos-productions\\\/locura\\\/\"]}]},{\"@type\":\"ImageObject\",\"inLanguage\":\"en-GB\",\"@id\":\"https:\\\/\\\/www.concert-hosteldieu.com\\\/nos-productions\\\/locura\\\/#primaryimage\",\"url\":\"https:\\\/\\\/www.concert-hosteldieu.com\\\/wp-content\\\/uploads\\\/2025\\\/02\\\/CHD-FugaCites-32-cJulie-Cherki.jpg\",\"contentUrl\":\"https:\\\/\\\/www.concert-hosteldieu.com\\\/wp-content\\\/uploads\\\/2025\\\/02\\\/CHD-FugaCites-32-cJulie-Cherki.jpg\",\"width\":1920,\"height\":1280,\"caption\":\"\u00a9Julie Cherki\"},{\"@type\":\"BreadcrumbList\",\"@id\":\"https:\\\/\\\/www.concert-hosteldieu.com\\\/nos-productions\\\/locura\\\/#breadcrumb\",\"itemListElement\":[{\"@type\":\"ListItem\",\"position\":1,\"name\":\"Accueil\",\"item\":\"https:\\\/\\\/www.concert-hosteldieu.com\\\/\"},{\"@type\":\"ListItem\",\"position\":2,\"name\":\"Nos productions\",\"item\":\"https:\\\/\\\/www.concert-hosteldieu.com\\\/nos-productions\\\/\"},{\"@type\":\"ListItem\",\"position\":3,\"name\":\"Locura\"}]},{\"@type\":\"WebSite\",\"@id\":\"https:\\\/\\\/www.concert-hosteldieu.com\\\/#website\",\"url\":\"https:\\\/\\\/www.concert-hosteldieu.com\\\/\",\"name\":\"Le Concert de l&#039;Hostel Dieu\",\"description\":\"Franck-Emmanuel Comte\",\"publisher\":{\"@id\":\"https:\\\/\\\/www.concert-hosteldieu.com\\\/#organization\"},\"potentialAction\":[{\"@type\":\"SearchAction\",\"target\":{\"@type\":\"EntryPoint\",\"urlTemplate\":\"https:\\\/\\\/www.concert-hosteldieu.com\\\/?s={search_term_string}\"},\"query-input\":{\"@type\":\"PropertyValueSpecification\",\"valueRequired\":true,\"valueName\":\"search_term_string\"}}],\"inLanguage\":\"en-GB\"},{\"@type\":\"Organization\",\"@id\":\"https:\\\/\\\/www.concert-hosteldieu.com\\\/#organization\",\"name\":\"Le Concert de l'Hostel Dieu\",\"url\":\"https:\\\/\\\/www.concert-hosteldieu.com\\\/\",\"logo\":{\"@type\":\"ImageObject\",\"inLanguage\":\"en-GB\",\"@id\":\"https:\\\/\\\/www.concert-hosteldieu.com\\\/#\\\/schema\\\/logo\\\/image\\\/\",\"url\":\"https:\\\/\\\/www.concert-hosteldieu.com\\\/wp-content\\\/uploads\\\/2021\\\/06\\\/logo-chd-noir-transparent.png\",\"contentUrl\":\"https:\\\/\\\/www.concert-hosteldieu.com\\\/wp-content\\\/uploads\\\/2021\\\/06\\\/logo-chd-noir-transparent.png\",\"width\":262,\"height\":106,\"caption\":\"Le Concert de l'Hostel Dieu\"},\"image\":{\"@id\":\"https:\\\/\\\/www.concert-hosteldieu.com\\\/#\\\/schema\\\/logo\\\/image\\\/\"},\"sameAs\":[\"https:\\\/\\\/www.facebook.com\\\/leconcert.delhosteldieu\",\"https:\\\/\\\/x.com\\\/CHDLyon\",\"https:\\\/\\\/instagram.com\\\/concert_hostel_dieu\",\"https:\\\/\\\/www.linkedin.com\\\/company\\\/le-concert-de-l'hostel-dieu\\\/\",\"https:\\\/\\\/www.youtube.com\\\/user\\\/CHDLyon\"]}]}<\/script>\n<!-- \/ Yoast SEO plugin. -->","yoast_head_json":{"title":"Locura - Le Concert de l&#039;Hostel Dieu","description":"D\u00e9couvrez Locura et voyagez de la p\u00e9ninsule ib\u00e9rique au sud de l'Italie, aux sons des folias et tarentelles !","robots":{"index":"index","follow":"follow","max-snippet":"max-snippet:-1","max-image-preview":"max-image-preview:large","max-video-preview":"max-video-preview:-1"},"canonical":"https:\/\/www.concert-hosteldieu.com\/en\/nos-productions\/locura\/","og_locale":"en_GB","og_type":"article","og_title":"Locura - Le Concert de l&#039;Hostel Dieu","og_description":"D\u00e9couvrez Locura et voyagez de la p\u00e9ninsule ib\u00e9rique au sud de l'Italie, aux sons des folias et tarentelles !","og_url":"https:\/\/www.concert-hosteldieu.com\/en\/nos-productions\/locura\/","og_site_name":"Le Concert de l&#039;Hostel Dieu","article_publisher":"https:\/\/www.facebook.com\/leconcert.delhosteldieu","article_modified_time":"2026-04-20T11:50:45+00:00","og_image":[{"width":1920,"height":1280,"url":"https:\/\/www.concert-hosteldieu.com\/wp-content\/uploads\/2025\/02\/CHD-FugaCites-32-cJulie-Cherki.jpg","type":"image\/jpeg"}],"twitter_misc":{"Estimated reading time":"4 minutes"},"schema":{"@context":"https:\/\/schema.org","@graph":[{"@type":"WebPage","@id":"https:\/\/www.concert-hosteldieu.com\/nos-productions\/locura\/","url":"https:\/\/www.concert-hosteldieu.com\/nos-productions\/locura\/","name":"Locura - Le Concert de l&#039;Hostel Dieu","isPartOf":{"@id":"https:\/\/www.concert-hosteldieu.com\/#website"},"primaryImageOfPage":{"@id":"https:\/\/www.concert-hosteldieu.com\/nos-productions\/locura\/#primaryimage"},"image":{"@id":"https:\/\/www.concert-hosteldieu.com\/nos-productions\/locura\/#primaryimage"},"thumbnailUrl":"https:\/\/www.concert-hosteldieu.com\/wp-content\/uploads\/2025\/02\/CHD-FugaCites-32-cJulie-Cherki.jpg","datePublished":"2025-01-22T11:32:06+00:00","dateModified":"2026-04-20T11:50:45+00:00","description":"D\u00e9couvrez Locura et voyagez de la p\u00e9ninsule ib\u00e9rique au sud de l'Italie, aux sons des folias et tarentelles !","breadcrumb":{"@id":"https:\/\/www.concert-hosteldieu.com\/nos-productions\/locura\/#breadcrumb"},"inLanguage":"en-GB","potentialAction":[{"@type":"ReadAction","target":["https:\/\/www.concert-hosteldieu.com\/nos-productions\/locura\/"]}]},{"@type":"ImageObject","inLanguage":"en-GB","@id":"https:\/\/www.concert-hosteldieu.com\/nos-productions\/locura\/#primaryimage","url":"https:\/\/www.concert-hosteldieu.com\/wp-content\/uploads\/2025\/02\/CHD-FugaCites-32-cJulie-Cherki.jpg","contentUrl":"https:\/\/www.concert-hosteldieu.com\/wp-content\/uploads\/2025\/02\/CHD-FugaCites-32-cJulie-Cherki.jpg","width":1920,"height":1280,"caption":"\u00a9Julie Cherki"},{"@type":"BreadcrumbList","@id":"https:\/\/www.concert-hosteldieu.com\/nos-productions\/locura\/#breadcrumb","itemListElement":[{"@type":"ListItem","position":1,"name":"Accueil","item":"https:\/\/www.concert-hosteldieu.com\/"},{"@type":"ListItem","position":2,"name":"Nos productions","item":"https:\/\/www.concert-hosteldieu.com\/nos-productions\/"},{"@type":"ListItem","position":3,"name":"Locura"}]},{"@type":"WebSite","@id":"https:\/\/www.concert-hosteldieu.com\/#website","url":"https:\/\/www.concert-hosteldieu.com\/","name":"Le Concert de l&#039;Hostel Dieu","description":"Franck-Emmanuel Comte","publisher":{"@id":"https:\/\/www.concert-hosteldieu.com\/#organization"},"potentialAction":[{"@type":"SearchAction","target":{"@type":"EntryPoint","urlTemplate":"https:\/\/www.concert-hosteldieu.com\/?s={search_term_string}"},"query-input":{"@type":"PropertyValueSpecification","valueRequired":true,"valueName":"search_term_string"}}],"inLanguage":"en-GB"},{"@type":"Organization","@id":"https:\/\/www.concert-hosteldieu.com\/#organization","name":"Le Concert de l'Hostel Dieu","url":"https:\/\/www.concert-hosteldieu.com\/","logo":{"@type":"ImageObject","inLanguage":"en-GB","@id":"https:\/\/www.concert-hosteldieu.com\/#\/schema\/logo\/image\/","url":"https:\/\/www.concert-hosteldieu.com\/wp-content\/uploads\/2021\/06\/logo-chd-noir-transparent.png","contentUrl":"https:\/\/www.concert-hosteldieu.com\/wp-content\/uploads\/2021\/06\/logo-chd-noir-transparent.png","width":262,"height":106,"caption":"Le Concert de l'Hostel Dieu"},"image":{"@id":"https:\/\/www.concert-hosteldieu.com\/#\/schema\/logo\/image\/"},"sameAs":["https:\/\/www.facebook.com\/leconcert.delhosteldieu","https:\/\/x.com\/CHDLyon","https:\/\/instagram.com\/concert_hostel_dieu","https:\/\/www.linkedin.com\/company\/le-concert-de-l'hostel-dieu\/","https:\/\/www.youtube.com\/user\/CHDLyon"]}]}},"_links":{"self":[{"href":"https:\/\/www.concert-hosteldieu.com\/en\/wp-json\/wp\/v2\/pages\/22731","targetHints":{"allow":["GET"]}}],"collection":[{"href":"https:\/\/www.concert-hosteldieu.com\/en\/wp-json\/wp\/v2\/pages"}],"about":[{"href":"https:\/\/www.concert-hosteldieu.com\/en\/wp-json\/wp\/v2\/types\/page"}],"author":[{"embeddable":true,"href":"https:\/\/www.concert-hosteldieu.com\/en\/wp-json\/wp\/v2\/users\/2776"}],"replies":[{"embeddable":true,"href":"https:\/\/www.concert-hosteldieu.com\/en\/wp-json\/wp\/v2\/comments?post=22731"}],"version-history":[{"count":6,"href":"https:\/\/www.concert-hosteldieu.com\/en\/wp-json\/wp\/v2\/pages\/22731\/revisions"}],"predecessor-version":[{"id":24237,"href":"https:\/\/www.concert-hosteldieu.com\/en\/wp-json\/wp\/v2\/pages\/22731\/revisions\/24237"}],"up":[{"embeddable":true,"href":"https:\/\/www.concert-hosteldieu.com\/en\/wp-json\/wp\/v2\/pages\/23593"}],"wp:featuredmedia":[{"embeddable":true,"href":"https:\/\/www.concert-hosteldieu.com\/en\/wp-json\/wp\/v2\/media\/22848"}],"wp:attachment":[{"href":"https:\/\/www.concert-hosteldieu.com\/en\/wp-json\/wp\/v2\/media?parent=22731"}],"wp:term":[{"taxonomy":"category","embeddable":true,"href":"https:\/\/www.concert-hosteldieu.com\/en\/wp-json\/wp\/v2\/categories?post=22731"},{"taxonomy":"post_tag","embeddable":true,"href":"https:\/\/www.concert-hosteldieu.com\/en\/wp-json\/wp\/v2\/tags?post=22731"}],"curies":[{"name":"wp","href":"https:\/\/api.w.org\/{rel}","templated":true}]}}