{"id":22250,"date":"2024-07-05T11:53:35","date_gmt":"2024-07-05T10:53:35","guid":{"rendered":"https:\/\/www.concert-hosteldieu.com\/?page_id=22250"},"modified":"2025-09-16T09:31:31","modified_gmt":"2025-09-16T08:31:31","slug":"movimento","status":"publish","type":"page","link":"https:\/\/www.concert-hosteldieu.com\/en\/nos-productions\/movimento\/","title":{"rendered":"Movimento"},"content":{"rendered":"<a href=\"https:\/\/trinitelyon.mapado.com\/event\/447158-movimento-in-bach-le-concert-de-lhostel-dieu-arandel\" target=\"_blank\" rel=\"noopener\">\n\t\t\t\t\t\tBook online\n\t\t\t\t\t<\/a>\n\t\t\t\t\t\t<h4>PROGRAM DETAILS<\/h4>\n\t\t\t<p>&#8211; Pr\u00e9lude de la suite N\u00b01 BWV1007 en Sol Majeur pour violoncelle seul de J. S. BACH.<br \/>&#8211; Pr\u00e9lude, extrait de Fragments de Cl\u00e9ment Walker-Viry (inspir\u00e9 par le pr\u00e9lude de J. S. BACH pour clavecin BWV847)<br \/>&#8211; Bourr\u00e9es de la suite N\u00b03 BWV1009 en Do Majeur pour violoncelle seul de J.S. BACH.<br \/>&#8211; Sarabande de la suite N\u00b03 BWV1009 en Do Majeur pour violoncelle seul de J.S. BACH<br \/>&#8211; Gigue de la suite N\u00b03 BWV1009 en Do Majeur pour violoncelle seul de J.S. BACH<br \/>&#8211; Choral, extrait de Fragments de Cl\u00e9ment Walker-Viry (d&rsquo;apr\u00e8s le choral \u00ab\u00a0Jesus meine Freude\u00a0\u00bb BWV147)<br \/>&#8211; Final entrem\u00ealant menuet 1 de la suite N\u00b01 BWV1007 pour violoncelle seul de J. S. BACH et menuet extrait de Fragments de Cl\u00e9ment Walker-Viry (d&rsquo;apr\u00e8s le menuet 2 suite N\u00b01 BWV1007 pour violoncelle seul de J. S. BACH).<\/p>\n\t\t\t\t\t\t<h4>CAST<\/h4>\n\t\t\t<p><a href=\"https:\/\/www.concert-hosteldieu.com\/en\/nos-musiciens\/aude-walker-viry\/\">Aude Walker-Viry<\/a>, baroque cello and looper<br \/><a href=\"https:\/\/www.concert-hosteldieu.com\/en\/nos-artistes-invites\/maria-picardi\/\">Maria Picardi<\/a>, hip-hop and contemporary dance, choreography<br \/><a href=\"https:\/\/www.concert-hosteldieu.com\/en\/nos-artistes-invites\/hubert-hazebroucq\/\">Hubert Hazebroucq<\/a>, baroque and contemporary dance, choreography<\/p>\n<p>Gerrit Berenike Heiter, director<br \/>Cl\u00e9ment Walker-Viry, composition and design of the technical equipment<br \/><a href=\"https:\/\/www.concert-hosteldieu.com\/en\/franck-emmanuel-comte\/\">Franck-Emmanuel Comte<\/a>, artistic direction<\/p>\n<p><strong>A cross-disciplinary performance of hip hop dance and baroque music<\/strong><\/p>\n<p>Ce spectacle associe les danses hip-hop et baroques avec des musiques instrumentales de Johann Sebastian Bach repens\u00e9es par le compositeur Cl\u00e9ment Walker-Viry pour un violoncelle baroque coupl\u00e9 avec un looper. L&rsquo;\u00e9quipe artistique, compos\u00e9e du danseur et chor\u00e9graphe Hubert Hazebroucq, de la danseuse Maria Picardi et de la violoncelliste Aude Walker-Viry, propose une variation chor\u00e9graphique et musicale autour du th\u00e8me \u00ab\u00a0Bach et le mouvement\u00a0\u00bb.<\/p>\n<h4>\n\t\tPICTURES\n\t<\/h4>\n\t\t\t\t\t\t<h4>PARTNERS<\/h4>\n\t\t\t<p><b data-olk-copy-source=\"MailCompose\">Avec le partenariat de l&rsquo;Institut Culturel Italien de Lyon.<\/b><\/p>\n<p><a href=\"https:\/\/iiclione.esteri.it\/fr\/\"><img loading=\"lazy\" decoding=\"async\" src=\"https:\/\/www.concert-hosteldieu.com\/wp-content\/uploads\/2025\/02\/2025_logos-partenaires9-300x300.png\" alt=\"\" width=\"225\" height=\"225\" \/><\/a><\/p>\n<h4>\n\t\tCALENDAR\n\t<\/h4>\n<h4>\n\t\tASSOCIATED ARTISTS\n\t<\/h4>\n\t\t\t\t\t\t\t\t\t\t\t\t\t\t<a href=\"https:\/\/www.concert-hosteldieu.com\/en\/nos-artistes-invites\/maria-picardi\/\" target=\"_self\" title=\"Maria Picardi\">\n\t\t\t\t<img decoding=\"async\" src=\"https:\/\/www.concert-hosteldieu.com\/wp-content\/uploads\/2024\/11\/IMG_20240420_190722_647.jpg\" alt=\"Maria Picardi\" \/>\n\t\t\t\t<\/a>\n\t\t\t\t\t\t<h3>\n\t\t\t\t<a href=\"https:\/\/www.concert-hosteldieu.com\/en\/nos-artistes-invites\/maria-picardi\/\" title=\"Maria Picardi\" tabindex=\"0\">Maria Picardi<\/a>\t\t\t<\/h3>\n\t\t\t\t\t\t\t\t\t\t\t\t\t\t<a href=\"https:\/\/www.concert-hosteldieu.com\/en\/nos-artistes-invites\/hubert-hazebroucq\/\" target=\"_self\" title=\"Hubert Hazebroucq\">\n\t\t\t\t<img decoding=\"async\" src=\"https:\/\/www.concert-hosteldieu.com\/wp-content\/uploads\/2024\/11\/Hazebroucq-\u00a9-Goupy.jpg\" alt=\"Hubert Hazebroucq\" \/>\n\t\t\t\t<\/a>\n\t\t\t\t\t\t<h3>\n\t\t\t\t<a href=\"https:\/\/www.concert-hosteldieu.com\/en\/nos-artistes-invites\/hubert-hazebroucq\/\" title=\"Hubert Hazebroucq\" tabindex=\"0\">Hubert Hazebroucq<\/a>\t\t\t<\/h3>\n\t\t\t\t\t\t\t\t\t\t\t\t\t\t<a href=\"https:\/\/www.concert-hosteldieu.com\/en\/nos-musiciens\/aude-walker-viry\/\" target=\"_self\" title=\"Aude Walker-Viry\">\n\t\t\t\t<img decoding=\"async\" src=\"https:\/\/www.concert-hosteldieu.com\/wp-content\/uploads\/2021\/06\/GAM07756.jpg\" alt=\"\" \/>\n\t\t\t\t<\/a>\n\t\t\t\t\t\t<h3>\n\t\t\t\t<a href=\"https:\/\/www.concert-hosteldieu.com\/en\/nos-musiciens\/aude-walker-viry\/\" title=\"Aude Walker-Viry\" tabindex=\"0\">Aude Walker-Viry<\/a>\t\t\t<\/h3>","protected":false},"excerpt":{"rendered":"<p>R\u00e9server PROGRAMME &#8211; Pr\u00e9lude de la suite N\u00b01 BWV1007 en Sol Majeur pour violoncelle seul de J. S. BACH.&#8211; Pr\u00e9lude, extrait de Fragments de Cl\u00e9ment Walker-Viry (inspir\u00e9 par le pr\u00e9lude de J. S. BACH pour clavecin BWV847)&#8211; Bourr\u00e9es de la [&hellip;]<\/p>\n","protected":false},"author":2776,"featured_media":22277,"parent":23593,"menu_order":0,"comment_status":"closed","ping_status":"closed","template":"","meta":{"site-sidebar-layout":"default","site-content-layout":null,"ast-site-content-layout":"full-width-container","site-content-style":"unboxed","site-sidebar-style":"unboxed","ast-global-header-display":"","ast-banner-title-visibility":"","ast-main-header-display":"","ast-hfb-above-header-display":null,"ast-hfb-below-header-display":null,"ast-hfb-mobile-header-display":"","site-post-title":"disabled","ast-breadcrumbs-content":null,"ast-featured-img":"disabled","footer-sml-layout":"","ast-disable-related-posts":"","theme-transparent-header-meta":"default","adv-header-id-meta":"","stick-header-meta":"default","header-above-stick-meta":null,"header-main-stick-meta":"","header-below-stick-meta":null,"astra-migrate-meta-layouts":"set","ast-page-background-enabled":"default","ast-page-background-meta":{"desktop":{"background-color":"","background-image":"","background-repeat":"repeat","background-position":"center center","background-size":"auto","background-attachment":"scroll","background-type":"","background-media":"","overlay-type":"","overlay-color":"","overlay-opacity":"","overlay-gradient":""},"tablet":{"background-color":"","background-image":"","background-repeat":"repeat","background-position":"center center","background-size":"auto","background-attachment":"scroll","background-type":"","background-media":"","overlay-type":"","overlay-color":"","overlay-opacity":"","overlay-gradient":""},"mobile":{"background-color":"","background-image":"","background-repeat":"repeat","background-position":"center center","background-size":"auto","background-attachment":"scroll","background-type":"","background-media":"","overlay-type":"","overlay-color":"","overlay-opacity":"","overlay-gradient":""}},"ast-content-background-meta":{"desktop":{"background-color":"var(--ast-global-color-5)","background-image":"","background-repeat":"repeat","background-position":"center center","background-size":"auto","background-attachment":"scroll","background-type":"","background-media":"","overlay-type":"","overlay-color":"","overlay-opacity":"","overlay-gradient":""},"tablet":{"background-color":"var(--ast-global-color-5)","background-image":"","background-repeat":"repeat","background-position":"center center","background-size":"auto","background-attachment":"scroll","background-type":"","background-media":"","overlay-type":"","overlay-color":"","overlay-opacity":"","overlay-gradient":""},"mobile":{"background-color":"var(--ast-global-color-5)","background-image":"","background-repeat":"repeat","background-position":"center center","background-size":"auto","background-attachment":"scroll","background-type":"","background-media":"","overlay-type":"","overlay-color":"","overlay-opacity":"","overlay-gradient":""}},"footnotes":""},"categories":[452],"tags":[],"class_list":["post-22250","page","type-page","status-publish","has-post-thumbnail","hentry","category-nos-productions-passees"],"yoast_head":"<!-- This site is optimized with the Yoast SEO plugin v27.4 - https:\/\/yoast.com\/product\/yoast-seo-wordpress\/ -->\n<title>Movimento - Le Concert de l&#039;Hostel Dieu<\/title>\n<meta name=\"robots\" content=\"index, follow, max-snippet:-1, max-image-preview:large, max-video-preview:-1\" \/>\n<link rel=\"canonical\" href=\"https:\/\/www.concert-hosteldieu.com\/en\/nos-productions\/movimento\/\" \/>\n<meta property=\"og:locale\" content=\"en_GB\" \/>\n<meta property=\"og:type\" content=\"article\" \/>\n<meta property=\"og:title\" content=\"Movimento - Le Concert de l&#039;Hostel Dieu\" \/>\n<meta property=\"og:description\" content=\"R\u00e9server PROGRAMME &#8211; Pr\u00e9lude de la suite N\u00b01 BWV1007 en Sol Majeur pour violoncelle seul de J. S. BACH.&#8211; Pr\u00e9lude, extrait de Fragments de Cl\u00e9ment Walker-Viry (inspir\u00e9 par le pr\u00e9lude de J. S. BACH pour clavecin BWV847)&#8211; Bourr\u00e9es de la [&hellip;]\" \/>\n<meta property=\"og:url\" content=\"https:\/\/www.concert-hosteldieu.com\/en\/nos-productions\/movimento\/\" \/>\n<meta property=\"og:site_name\" content=\"Le Concert de l&#039;Hostel Dieu\" \/>\n<meta property=\"article:publisher\" content=\"https:\/\/www.facebook.com\/leconcert.delhosteldieu\" \/>\n<meta property=\"article:modified_time\" content=\"2025-09-16T08:31:31+00:00\" \/>\n<meta property=\"og:image\" content=\"https:\/\/www.concert-hosteldieu.com\/wp-content\/uploads\/2024\/07\/DentroLeNote_JSBach-LArteDelMovimento_023-_ph\u00a9RolandoPaoloGuerzoni-1.jpg\" \/>\n\t<meta property=\"og:image:width\" content=\"1543\" \/>\n\t<meta property=\"og:image:height\" content=\"1026\" \/>\n\t<meta property=\"og:image:type\" content=\"image\/jpeg\" \/>\n<meta name=\"twitter:label1\" content=\"Estimated reading time\" \/>\n\t<meta name=\"twitter:data1\" content=\"3 minutes\" \/>\n<script type=\"application\/ld+json\" class=\"yoast-schema-graph\">{\"@context\":\"https:\\\/\\\/schema.org\",\"@graph\":[{\"@type\":\"WebPage\",\"@id\":\"https:\\\/\\\/www.concert-hosteldieu.com\\\/nos-productions\\\/movimento\\\/\",\"url\":\"https:\\\/\\\/www.concert-hosteldieu.com\\\/nos-productions\\\/movimento\\\/\",\"name\":\"Movimento - Le Concert de l&#039;Hostel Dieu\",\"isPartOf\":{\"@id\":\"https:\\\/\\\/www.concert-hosteldieu.com\\\/#website\"},\"primaryImageOfPage\":{\"@id\":\"https:\\\/\\\/www.concert-hosteldieu.com\\\/nos-productions\\\/movimento\\\/#primaryimage\"},\"image\":{\"@id\":\"https:\\\/\\\/www.concert-hosteldieu.com\\\/nos-productions\\\/movimento\\\/#primaryimage\"},\"thumbnailUrl\":\"https:\\\/\\\/www.concert-hosteldieu.com\\\/wp-content\\\/uploads\\\/2024\\\/07\\\/DentroLeNote_JSBach-LArteDelMovimento_023-_ph\u00a9RolandoPaoloGuerzoni-1.jpg\",\"datePublished\":\"2024-07-05T10:53:35+00:00\",\"dateModified\":\"2025-09-16T08:31:31+00:00\",\"breadcrumb\":{\"@id\":\"https:\\\/\\\/www.concert-hosteldieu.com\\\/nos-productions\\\/movimento\\\/#breadcrumb\"},\"inLanguage\":\"en-GB\",\"potentialAction\":[{\"@type\":\"ReadAction\",\"target\":[\"https:\\\/\\\/www.concert-hosteldieu.com\\\/nos-productions\\\/movimento\\\/\"]}]},{\"@type\":\"ImageObject\",\"inLanguage\":\"en-GB\",\"@id\":\"https:\\\/\\\/www.concert-hosteldieu.com\\\/nos-productions\\\/movimento\\\/#primaryimage\",\"url\":\"https:\\\/\\\/www.concert-hosteldieu.com\\\/wp-content\\\/uploads\\\/2024\\\/07\\\/DentroLeNote_JSBach-LArteDelMovimento_023-_ph\u00a9RolandoPaoloGuerzoni-1.jpg\",\"contentUrl\":\"https:\\\/\\\/www.concert-hosteldieu.com\\\/wp-content\\\/uploads\\\/2024\\\/07\\\/DentroLeNote_JSBach-LArteDelMovimento_023-_ph\u00a9RolandoPaoloGuerzoni-1.jpg\",\"width\":1543,\"height\":1026,\"caption\":\"\u00a9 Rolando Paolo Guerzoni\"},{\"@type\":\"BreadcrumbList\",\"@id\":\"https:\\\/\\\/www.concert-hosteldieu.com\\\/nos-productions\\\/movimento\\\/#breadcrumb\",\"itemListElement\":[{\"@type\":\"ListItem\",\"position\":1,\"name\":\"Accueil\",\"item\":\"https:\\\/\\\/www.concert-hosteldieu.com\\\/\"},{\"@type\":\"ListItem\",\"position\":2,\"name\":\"Nos productions\",\"item\":\"https:\\\/\\\/www.concert-hosteldieu.com\\\/nos-productions\\\/\"},{\"@type\":\"ListItem\",\"position\":3,\"name\":\"Movimento\"}]},{\"@type\":\"WebSite\",\"@id\":\"https:\\\/\\\/www.concert-hosteldieu.com\\\/#website\",\"url\":\"https:\\\/\\\/www.concert-hosteldieu.com\\\/\",\"name\":\"Le Concert de l&#039;Hostel Dieu\",\"description\":\"Franck-Emmanuel Comte\",\"publisher\":{\"@id\":\"https:\\\/\\\/www.concert-hosteldieu.com\\\/#organization\"},\"potentialAction\":[{\"@type\":\"SearchAction\",\"target\":{\"@type\":\"EntryPoint\",\"urlTemplate\":\"https:\\\/\\\/www.concert-hosteldieu.com\\\/?s={search_term_string}\"},\"query-input\":{\"@type\":\"PropertyValueSpecification\",\"valueRequired\":true,\"valueName\":\"search_term_string\"}}],\"inLanguage\":\"en-GB\"},{\"@type\":\"Organization\",\"@id\":\"https:\\\/\\\/www.concert-hosteldieu.com\\\/#organization\",\"name\":\"Le Concert de l'Hostel Dieu\",\"url\":\"https:\\\/\\\/www.concert-hosteldieu.com\\\/\",\"logo\":{\"@type\":\"ImageObject\",\"inLanguage\":\"en-GB\",\"@id\":\"https:\\\/\\\/www.concert-hosteldieu.com\\\/#\\\/schema\\\/logo\\\/image\\\/\",\"url\":\"https:\\\/\\\/www.concert-hosteldieu.com\\\/wp-content\\\/uploads\\\/2021\\\/06\\\/logo-chd-noir-transparent.png\",\"contentUrl\":\"https:\\\/\\\/www.concert-hosteldieu.com\\\/wp-content\\\/uploads\\\/2021\\\/06\\\/logo-chd-noir-transparent.png\",\"width\":262,\"height\":106,\"caption\":\"Le Concert de l'Hostel Dieu\"},\"image\":{\"@id\":\"https:\\\/\\\/www.concert-hosteldieu.com\\\/#\\\/schema\\\/logo\\\/image\\\/\"},\"sameAs\":[\"https:\\\/\\\/www.facebook.com\\\/leconcert.delhosteldieu\",\"https:\\\/\\\/x.com\\\/CHDLyon\",\"https:\\\/\\\/instagram.com\\\/concert_hostel_dieu\",\"https:\\\/\\\/www.linkedin.com\\\/company\\\/le-concert-de-l'hostel-dieu\\\/\",\"https:\\\/\\\/www.youtube.com\\\/user\\\/CHDLyon\"]}]}<\/script>\n<!-- \/ Yoast SEO plugin. -->","yoast_head_json":{"title":"Movimento - Le Concert de l&#039;Hostel Dieu","robots":{"index":"index","follow":"follow","max-snippet":"max-snippet:-1","max-image-preview":"max-image-preview:large","max-video-preview":"max-video-preview:-1"},"canonical":"https:\/\/www.concert-hosteldieu.com\/en\/nos-productions\/movimento\/","og_locale":"en_GB","og_type":"article","og_title":"Movimento - Le Concert de l&#039;Hostel Dieu","og_description":"R\u00e9server PROGRAMME &#8211; Pr\u00e9lude de la suite N\u00b01 BWV1007 en Sol Majeur pour violoncelle seul de J. S. BACH.&#8211; Pr\u00e9lude, extrait de Fragments de Cl\u00e9ment Walker-Viry (inspir\u00e9 par le pr\u00e9lude de J. S. BACH pour clavecin BWV847)&#8211; Bourr\u00e9es de la [&hellip;]","og_url":"https:\/\/www.concert-hosteldieu.com\/en\/nos-productions\/movimento\/","og_site_name":"Le Concert de l&#039;Hostel Dieu","article_publisher":"https:\/\/www.facebook.com\/leconcert.delhosteldieu","article_modified_time":"2025-09-16T08:31:31+00:00","og_image":[{"width":1543,"height":1026,"url":"https:\/\/www.concert-hosteldieu.com\/wp-content\/uploads\/2024\/07\/DentroLeNote_JSBach-LArteDelMovimento_023-_ph\u00a9RolandoPaoloGuerzoni-1.jpg","type":"image\/jpeg"}],"twitter_misc":{"Estimated reading time":"3 minutes"},"schema":{"@context":"https:\/\/schema.org","@graph":[{"@type":"WebPage","@id":"https:\/\/www.concert-hosteldieu.com\/nos-productions\/movimento\/","url":"https:\/\/www.concert-hosteldieu.com\/nos-productions\/movimento\/","name":"Movimento - Le Concert de l&#039;Hostel Dieu","isPartOf":{"@id":"https:\/\/www.concert-hosteldieu.com\/#website"},"primaryImageOfPage":{"@id":"https:\/\/www.concert-hosteldieu.com\/nos-productions\/movimento\/#primaryimage"},"image":{"@id":"https:\/\/www.concert-hosteldieu.com\/nos-productions\/movimento\/#primaryimage"},"thumbnailUrl":"https:\/\/www.concert-hosteldieu.com\/wp-content\/uploads\/2024\/07\/DentroLeNote_JSBach-LArteDelMovimento_023-_ph\u00a9RolandoPaoloGuerzoni-1.jpg","datePublished":"2024-07-05T10:53:35+00:00","dateModified":"2025-09-16T08:31:31+00:00","breadcrumb":{"@id":"https:\/\/www.concert-hosteldieu.com\/nos-productions\/movimento\/#breadcrumb"},"inLanguage":"en-GB","potentialAction":[{"@type":"ReadAction","target":["https:\/\/www.concert-hosteldieu.com\/nos-productions\/movimento\/"]}]},{"@type":"ImageObject","inLanguage":"en-GB","@id":"https:\/\/www.concert-hosteldieu.com\/nos-productions\/movimento\/#primaryimage","url":"https:\/\/www.concert-hosteldieu.com\/wp-content\/uploads\/2024\/07\/DentroLeNote_JSBach-LArteDelMovimento_023-_ph\u00a9RolandoPaoloGuerzoni-1.jpg","contentUrl":"https:\/\/www.concert-hosteldieu.com\/wp-content\/uploads\/2024\/07\/DentroLeNote_JSBach-LArteDelMovimento_023-_ph\u00a9RolandoPaoloGuerzoni-1.jpg","width":1543,"height":1026,"caption":"\u00a9 Rolando Paolo Guerzoni"},{"@type":"BreadcrumbList","@id":"https:\/\/www.concert-hosteldieu.com\/nos-productions\/movimento\/#breadcrumb","itemListElement":[{"@type":"ListItem","position":1,"name":"Accueil","item":"https:\/\/www.concert-hosteldieu.com\/"},{"@type":"ListItem","position":2,"name":"Nos productions","item":"https:\/\/www.concert-hosteldieu.com\/nos-productions\/"},{"@type":"ListItem","position":3,"name":"Movimento"}]},{"@type":"WebSite","@id":"https:\/\/www.concert-hosteldieu.com\/#website","url":"https:\/\/www.concert-hosteldieu.com\/","name":"Le Concert de l&#039;Hostel Dieu","description":"Franck-Emmanuel Comte","publisher":{"@id":"https:\/\/www.concert-hosteldieu.com\/#organization"},"potentialAction":[{"@type":"SearchAction","target":{"@type":"EntryPoint","urlTemplate":"https:\/\/www.concert-hosteldieu.com\/?s={search_term_string}"},"query-input":{"@type":"PropertyValueSpecification","valueRequired":true,"valueName":"search_term_string"}}],"inLanguage":"en-GB"},{"@type":"Organization","@id":"https:\/\/www.concert-hosteldieu.com\/#organization","name":"Le Concert de l'Hostel Dieu","url":"https:\/\/www.concert-hosteldieu.com\/","logo":{"@type":"ImageObject","inLanguage":"en-GB","@id":"https:\/\/www.concert-hosteldieu.com\/#\/schema\/logo\/image\/","url":"https:\/\/www.concert-hosteldieu.com\/wp-content\/uploads\/2021\/06\/logo-chd-noir-transparent.png","contentUrl":"https:\/\/www.concert-hosteldieu.com\/wp-content\/uploads\/2021\/06\/logo-chd-noir-transparent.png","width":262,"height":106,"caption":"Le Concert de l'Hostel Dieu"},"image":{"@id":"https:\/\/www.concert-hosteldieu.com\/#\/schema\/logo\/image\/"},"sameAs":["https:\/\/www.facebook.com\/leconcert.delhosteldieu","https:\/\/x.com\/CHDLyon","https:\/\/instagram.com\/concert_hostel_dieu","https:\/\/www.linkedin.com\/company\/le-concert-de-l'hostel-dieu\/","https:\/\/www.youtube.com\/user\/CHDLyon"]}]}},"_links":{"self":[{"href":"https:\/\/www.concert-hosteldieu.com\/en\/wp-json\/wp\/v2\/pages\/22250","targetHints":{"allow":["GET"]}}],"collection":[{"href":"https:\/\/www.concert-hosteldieu.com\/en\/wp-json\/wp\/v2\/pages"}],"about":[{"href":"https:\/\/www.concert-hosteldieu.com\/en\/wp-json\/wp\/v2\/types\/page"}],"author":[{"embeddable":true,"href":"https:\/\/www.concert-hosteldieu.com\/en\/wp-json\/wp\/v2\/users\/2776"}],"replies":[{"embeddable":true,"href":"https:\/\/www.concert-hosteldieu.com\/en\/wp-json\/wp\/v2\/comments?post=22250"}],"version-history":[{"count":6,"href":"https:\/\/www.concert-hosteldieu.com\/en\/wp-json\/wp\/v2\/pages\/22250\/revisions"}],"predecessor-version":[{"id":23062,"href":"https:\/\/www.concert-hosteldieu.com\/en\/wp-json\/wp\/v2\/pages\/22250\/revisions\/23062"}],"up":[{"embeddable":true,"href":"https:\/\/www.concert-hosteldieu.com\/en\/wp-json\/wp\/v2\/pages\/23593"}],"wp:featuredmedia":[{"embeddable":true,"href":"https:\/\/www.concert-hosteldieu.com\/en\/wp-json\/wp\/v2\/media\/22277"}],"wp:attachment":[{"href":"https:\/\/www.concert-hosteldieu.com\/en\/wp-json\/wp\/v2\/media?parent=22250"}],"wp:term":[{"taxonomy":"category","embeddable":true,"href":"https:\/\/www.concert-hosteldieu.com\/en\/wp-json\/wp\/v2\/categories?post=22250"},{"taxonomy":"post_tag","embeddable":true,"href":"https:\/\/www.concert-hosteldieu.com\/en\/wp-json\/wp\/v2\/tags?post=22250"}],"curies":[{"name":"wp","href":"https:\/\/api.w.org\/{rel}","templated":true}]}}