{"id":21441,"date":"2023-12-06T15:50:31","date_gmt":"2023-12-06T14:50:31","guid":{"rendered":"https:\/\/www.concert-hosteldieu.com\/?page_id=21441"},"modified":"2023-12-06T15:56:06","modified_gmt":"2023-12-06T14:56:06","slug":"mathieu-rebiere","status":"publish","type":"page","link":"https:\/\/www.concert-hosteldieu.com\/en\/nos-artistes-invites\/mathieu-rebiere\/","title":{"rendered":"Mathieu Rebiere"},"content":{"rendered":"<p><a role=\"button\" href=\"https:\/\/www.concert-hosteldieu.com\/en\/nos-artistes-invites\/\" target=\"_self\" rel=\"noopener\" aria-label=\"Our guest artists\"> Our guest artists <\/a><\/p>\r\n<h2>Mathieu Rebi\u00e8re<\/h2>\r\n<h4>Cartoonist<\/h4>\r\n<p class=\"translation-block\">A self-taught cartoonist and scriptwriter who also teaches history and geography, Mathieu is the co-author of several Rues de Lyon, the magazine of the L'\u00c9picerie s\u00e9quentielle collective, and the collective album Les h\u00e9ro\u00efnes lyonnaises, published by Lyon Capitale. He won the Yves Chaland prize for his album, L'\u00c9vasion, released in June 2021, which tells the extraordinary story of the escape of resistance fighter Andr\u00e9 Devigny from Montluc prison. He runs historical fiction workshops in schools and colleges.<\/p>\r\n<p>Website:\u00a0<a href=\"http:\/\/mathieu-rebiere-dessinateur-bd.fr\/\">mathieu-rebiere-dessinateur-bd.fr<\/a><\/p>\r\n<h4>Mathieu Rebi\u00e8re et le Concert de l&rsquo;Hostel Dieu :<\/h4>\r\n<p><a href=\"https:\/\/www.concert-hosteldieu.com\/en\/nos-projets-en-creation\/cold-case\/\" target=\"_self\" rel=\"noopener\"> <img loading=\"lazy\" decoding=\"async\" title=\"Cold Case\" src=\"https:\/\/www.concert-hosteldieu.com\/wp-content\/uploads\/2023\/06\/visuel-cold-case-.jpg\" alt=\"Les musiciens de Cold Case\" width=\"1754\" height=\"1240\" \/> <\/a><\/p>","protected":false},"excerpt":{"rendered":"<p>Artistes invit\u00e9s Mathieu Rebi\u00e8re Dessinateur Dessinateur et sc\u00e9nariste autodidacte mais aussi professeur d&rsquo;histoire-g\u00e9ographie, Mathieu est le co-auteur de plusieurs Rues de Lyon, la revue du collectif L&rsquo;\u00c9picerie s\u00e9quentielle, et de l&rsquo;album collectif,\u00a0Les h\u00e9ro\u00efnes lyonnaises, chez Lyon Capitale. Il a re\u00e7u [&hellip;]<\/p>\n","protected":false},"author":2776,"featured_media":21443,"parent":12628,"menu_order":0,"comment_status":"closed","ping_status":"closed","template":"","meta":{"site-sidebar-layout":"no-sidebar","site-content-layout":"page-builder","ast-site-content-layout":"full-width-container","site-content-style":"unboxed","site-sidebar-style":"unboxed","ast-global-header-display":"","ast-banner-title-visibility":"","ast-main-header-display":"","ast-hfb-above-header-display":"","ast-hfb-below-header-display":"","ast-hfb-mobile-header-display":"","site-post-title":"disabled","ast-breadcrumbs-content":"","ast-featured-img":"disabled","footer-sml-layout":"","ast-disable-related-posts":"","theme-transparent-header-meta":"enabled","adv-header-id-meta":"","stick-header-meta":"default","header-above-stick-meta":"","header-main-stick-meta":"","header-below-stick-meta":"","astra-migrate-meta-layouts":"set","ast-page-background-enabled":"default","ast-page-background-meta":{"desktop":{"background-color":"","background-image":"","background-repeat":"repeat","background-position":"center center","background-size":"auto","background-attachment":"scroll","background-type":"","background-media":"","overlay-type":"","overlay-color":"","overlay-opacity":"","overlay-gradient":""},"tablet":{"background-color":"","background-image":"","background-repeat":"repeat","background-position":"center center","background-size":"auto","background-attachment":"scroll","background-type":"","background-media":"","overlay-type":"","overlay-color":"","overlay-opacity":"","overlay-gradient":""},"mobile":{"background-color":"","background-image":"","background-repeat":"repeat","background-position":"center center","background-size":"auto","background-attachment":"scroll","background-type":"","background-media":"","overlay-type":"","overlay-color":"","overlay-opacity":"","overlay-gradient":""}},"ast-content-background-meta":{"desktop":{"background-color":"var(--ast-global-color-5)","background-image":"","background-repeat":"repeat","background-position":"center center","background-size":"auto","background-attachment":"scroll","background-type":"","background-media":"","overlay-type":"","overlay-color":"","overlay-opacity":"","overlay-gradient":""},"tablet":{"background-color":"var(--ast-global-color-5)","background-image":"","background-repeat":"repeat","background-position":"center center","background-size":"auto","background-attachment":"scroll","background-type":"","background-media":"","overlay-type":"","overlay-color":"","overlay-opacity":"","overlay-gradient":""},"mobile":{"background-color":"var(--ast-global-color-5)","background-image":"","background-repeat":"repeat","background-position":"center center","background-size":"auto","background-attachment":"scroll","background-type":"","background-media":"","overlay-type":"","overlay-color":"","overlay-opacity":"","overlay-gradient":""}},"footnotes":""},"categories":[169,171],"tags":[],"class_list":["post-21441","page","type-page","status-publish","has-post-thumbnail","hentry","category-equipe-artistique","category-nosartistesinvites"],"yoast_head":"<!-- This site is optimized with the Yoast SEO plugin v27.5 - https:\/\/yoast.com\/product\/yoast-seo-wordpress\/ -->\n<title>Mathieu Rebiere - Le Concert de l&#039;Hostel Dieu<\/title>\n<meta name=\"description\" content=\"Retrouvez la metteuse en sc\u00e8ne B\u00e9r\u00e9nice Collet dans deux productions du Concert de l&#039;Hostel Dieu : FugaCit\u00e9s &amp; Talestri, Reine des Amazones.\" \/>\n<meta name=\"robots\" content=\"index, follow, max-snippet:-1, max-image-preview:large, max-video-preview:-1\" \/>\n<link rel=\"canonical\" href=\"https:\/\/www.concert-hosteldieu.com\/en\/nos-artistes-invites\/mathieu-rebiere\/\" \/>\n<meta property=\"og:locale\" content=\"en_GB\" \/>\n<meta property=\"og:type\" content=\"article\" \/>\n<meta property=\"og:title\" content=\"Mathieu Rebiere - Le Concert de l&#039;Hostel Dieu\" \/>\n<meta property=\"og:description\" content=\"Retrouvez la metteuse en sc\u00e8ne B\u00e9r\u00e9nice Collet dans deux productions du Concert de l&#039;Hostel Dieu : FugaCit\u00e9s &amp; Talestri, Reine des Amazones.\" \/>\n<meta property=\"og:url\" content=\"https:\/\/www.concert-hosteldieu.com\/en\/nos-artistes-invites\/mathieu-rebiere\/\" \/>\n<meta property=\"og:site_name\" content=\"Le Concert de l&#039;Hostel Dieu\" \/>\n<meta property=\"article:publisher\" content=\"https:\/\/www.facebook.com\/leconcert.delhosteldieu\" \/>\n<meta property=\"article:modified_time\" content=\"2023-12-06T14:56:06+00:00\" \/>\n<meta property=\"og:image\" content=\"https:\/\/www.concert-hosteldieu.com\/wp-content\/uploads\/2023\/12\/Mathieur-Rebiere.jpg\" \/>\n\t<meta property=\"og:image:width\" content=\"1285\" \/>\n\t<meta property=\"og:image:height\" content=\"1671\" \/>\n\t<meta property=\"og:image:type\" content=\"image\/jpeg\" \/>\n<meta name=\"twitter:label1\" content=\"Estimated reading time\" \/>\n\t<meta name=\"twitter:data1\" content=\"1 minute\" \/>\n<script type=\"application\/ld+json\" class=\"yoast-schema-graph\">{\"@context\":\"https:\\\/\\\/schema.org\",\"@graph\":[{\"@type\":\"WebPage\",\"@id\":\"https:\\\/\\\/www.concert-hosteldieu.com\\\/nos-artistes-invites\\\/mathieu-rebiere\\\/\",\"url\":\"https:\\\/\\\/www.concert-hosteldieu.com\\\/nos-artistes-invites\\\/mathieu-rebiere\\\/\",\"name\":\"Mathieu Rebiere - Le Concert de l&#039;Hostel Dieu\",\"isPartOf\":{\"@id\":\"https:\\\/\\\/www.concert-hosteldieu.com\\\/#website\"},\"primaryImageOfPage\":{\"@id\":\"https:\\\/\\\/www.concert-hosteldieu.com\\\/nos-artistes-invites\\\/mathieu-rebiere\\\/#primaryimage\"},\"image\":{\"@id\":\"https:\\\/\\\/www.concert-hosteldieu.com\\\/nos-artistes-invites\\\/mathieu-rebiere\\\/#primaryimage\"},\"thumbnailUrl\":\"https:\\\/\\\/www.concert-hosteldieu.com\\\/wp-content\\\/uploads\\\/2023\\\/12\\\/Mathieur-Rebiere.jpg\",\"datePublished\":\"2023-12-06T14:50:31+00:00\",\"dateModified\":\"2023-12-06T14:56:06+00:00\",\"description\":\"Retrouvez la metteuse en sc\u00e8ne B\u00e9r\u00e9nice Collet dans deux productions du Concert de l'Hostel Dieu : FugaCit\u00e9s & Talestri, Reine des Amazones.\",\"breadcrumb\":{\"@id\":\"https:\\\/\\\/www.concert-hosteldieu.com\\\/nos-artistes-invites\\\/mathieu-rebiere\\\/#breadcrumb\"},\"inLanguage\":\"en-GB\",\"potentialAction\":[{\"@type\":\"ReadAction\",\"target\":[\"https:\\\/\\\/www.concert-hosteldieu.com\\\/nos-artistes-invites\\\/mathieu-rebiere\\\/\"]}]},{\"@type\":\"ImageObject\",\"inLanguage\":\"en-GB\",\"@id\":\"https:\\\/\\\/www.concert-hosteldieu.com\\\/nos-artistes-invites\\\/mathieu-rebiere\\\/#primaryimage\",\"url\":\"https:\\\/\\\/www.concert-hosteldieu.com\\\/wp-content\\\/uploads\\\/2023\\\/12\\\/Mathieur-Rebiere.jpg\",\"contentUrl\":\"https:\\\/\\\/www.concert-hosteldieu.com\\\/wp-content\\\/uploads\\\/2023\\\/12\\\/Mathieur-Rebiere.jpg\",\"width\":1285,\"height\":1671},{\"@type\":\"BreadcrumbList\",\"@id\":\"https:\\\/\\\/www.concert-hosteldieu.com\\\/nos-artistes-invites\\\/mathieu-rebiere\\\/#breadcrumb\",\"itemListElement\":[{\"@type\":\"ListItem\",\"position\":1,\"name\":\"Accueil\",\"item\":\"https:\\\/\\\/www.concert-hosteldieu.com\\\/\"},{\"@type\":\"ListItem\",\"position\":2,\"name\":\"Nos artistes invit\u00e9s\",\"item\":\"https:\\\/\\\/www.concert-hosteldieu.com\\\/nos-artistes-invites\\\/\"},{\"@type\":\"ListItem\",\"position\":3,\"name\":\"Mathieu Rebiere\"}]},{\"@type\":\"WebSite\",\"@id\":\"https:\\\/\\\/www.concert-hosteldieu.com\\\/#website\",\"url\":\"https:\\\/\\\/www.concert-hosteldieu.com\\\/\",\"name\":\"Le Concert de l&#039;Hostel Dieu\",\"description\":\"Franck-Emmanuel Comte\",\"publisher\":{\"@id\":\"https:\\\/\\\/www.concert-hosteldieu.com\\\/#organization\"},\"potentialAction\":[{\"@type\":\"SearchAction\",\"target\":{\"@type\":\"EntryPoint\",\"urlTemplate\":\"https:\\\/\\\/www.concert-hosteldieu.com\\\/?s={search_term_string}\"},\"query-input\":{\"@type\":\"PropertyValueSpecification\",\"valueRequired\":true,\"valueName\":\"search_term_string\"}}],\"inLanguage\":\"en-GB\"},{\"@type\":\"Organization\",\"@id\":\"https:\\\/\\\/www.concert-hosteldieu.com\\\/#organization\",\"name\":\"Le Concert de l'Hostel Dieu\",\"url\":\"https:\\\/\\\/www.concert-hosteldieu.com\\\/\",\"logo\":{\"@type\":\"ImageObject\",\"inLanguage\":\"en-GB\",\"@id\":\"https:\\\/\\\/www.concert-hosteldieu.com\\\/#\\\/schema\\\/logo\\\/image\\\/\",\"url\":\"https:\\\/\\\/www.concert-hosteldieu.com\\\/wp-content\\\/uploads\\\/2021\\\/06\\\/logo-chd-noir-transparent.png\",\"contentUrl\":\"https:\\\/\\\/www.concert-hosteldieu.com\\\/wp-content\\\/uploads\\\/2021\\\/06\\\/logo-chd-noir-transparent.png\",\"width\":262,\"height\":106,\"caption\":\"Le Concert de l'Hostel Dieu\"},\"image\":{\"@id\":\"https:\\\/\\\/www.concert-hosteldieu.com\\\/#\\\/schema\\\/logo\\\/image\\\/\"},\"sameAs\":[\"https:\\\/\\\/www.facebook.com\\\/leconcert.delhosteldieu\",\"https:\\\/\\\/x.com\\\/CHDLyon\",\"https:\\\/\\\/instagram.com\\\/concert_hostel_dieu\",\"https:\\\/\\\/www.linkedin.com\\\/company\\\/le-concert-de-l'hostel-dieu\\\/\",\"https:\\\/\\\/www.youtube.com\\\/user\\\/CHDLyon\"]}]}<\/script>\n<!-- \/ Yoast SEO plugin. -->","yoast_head_json":{"title":"Mathieu Rebiere - Le Concert de l&#039;Hostel Dieu","description":"Retrouvez la metteuse en sc\u00e8ne B\u00e9r\u00e9nice Collet dans deux productions du Concert de l'Hostel Dieu : FugaCit\u00e9s & Talestri, Reine des Amazones.","robots":{"index":"index","follow":"follow","max-snippet":"max-snippet:-1","max-image-preview":"max-image-preview:large","max-video-preview":"max-video-preview:-1"},"canonical":"https:\/\/www.concert-hosteldieu.com\/en\/nos-artistes-invites\/mathieu-rebiere\/","og_locale":"en_GB","og_type":"article","og_title":"Mathieu Rebiere - Le Concert de l&#039;Hostel Dieu","og_description":"Retrouvez la metteuse en sc\u00e8ne B\u00e9r\u00e9nice Collet dans deux productions du Concert de l'Hostel Dieu : FugaCit\u00e9s & Talestri, Reine des Amazones.","og_url":"https:\/\/www.concert-hosteldieu.com\/en\/nos-artistes-invites\/mathieu-rebiere\/","og_site_name":"Le Concert de l&#039;Hostel Dieu","article_publisher":"https:\/\/www.facebook.com\/leconcert.delhosteldieu","article_modified_time":"2023-12-06T14:56:06+00:00","og_image":[{"width":1285,"height":1671,"url":"https:\/\/www.concert-hosteldieu.com\/wp-content\/uploads\/2023\/12\/Mathieur-Rebiere.jpg","type":"image\/jpeg"}],"twitter_misc":{"Estimated reading time":"1 minute"},"schema":{"@context":"https:\/\/schema.org","@graph":[{"@type":"WebPage","@id":"https:\/\/www.concert-hosteldieu.com\/nos-artistes-invites\/mathieu-rebiere\/","url":"https:\/\/www.concert-hosteldieu.com\/nos-artistes-invites\/mathieu-rebiere\/","name":"Mathieu Rebiere - Le Concert de l&#039;Hostel Dieu","isPartOf":{"@id":"https:\/\/www.concert-hosteldieu.com\/#website"},"primaryImageOfPage":{"@id":"https:\/\/www.concert-hosteldieu.com\/nos-artistes-invites\/mathieu-rebiere\/#primaryimage"},"image":{"@id":"https:\/\/www.concert-hosteldieu.com\/nos-artistes-invites\/mathieu-rebiere\/#primaryimage"},"thumbnailUrl":"https:\/\/www.concert-hosteldieu.com\/wp-content\/uploads\/2023\/12\/Mathieur-Rebiere.jpg","datePublished":"2023-12-06T14:50:31+00:00","dateModified":"2023-12-06T14:56:06+00:00","description":"Retrouvez la metteuse en sc\u00e8ne B\u00e9r\u00e9nice Collet dans deux productions du Concert de l'Hostel Dieu : FugaCit\u00e9s & Talestri, Reine des Amazones.","breadcrumb":{"@id":"https:\/\/www.concert-hosteldieu.com\/nos-artistes-invites\/mathieu-rebiere\/#breadcrumb"},"inLanguage":"en-GB","potentialAction":[{"@type":"ReadAction","target":["https:\/\/www.concert-hosteldieu.com\/nos-artistes-invites\/mathieu-rebiere\/"]}]},{"@type":"ImageObject","inLanguage":"en-GB","@id":"https:\/\/www.concert-hosteldieu.com\/nos-artistes-invites\/mathieu-rebiere\/#primaryimage","url":"https:\/\/www.concert-hosteldieu.com\/wp-content\/uploads\/2023\/12\/Mathieur-Rebiere.jpg","contentUrl":"https:\/\/www.concert-hosteldieu.com\/wp-content\/uploads\/2023\/12\/Mathieur-Rebiere.jpg","width":1285,"height":1671},{"@type":"BreadcrumbList","@id":"https:\/\/www.concert-hosteldieu.com\/nos-artistes-invites\/mathieu-rebiere\/#breadcrumb","itemListElement":[{"@type":"ListItem","position":1,"name":"Accueil","item":"https:\/\/www.concert-hosteldieu.com\/"},{"@type":"ListItem","position":2,"name":"Nos artistes invit\u00e9s","item":"https:\/\/www.concert-hosteldieu.com\/nos-artistes-invites\/"},{"@type":"ListItem","position":3,"name":"Mathieu Rebiere"}]},{"@type":"WebSite","@id":"https:\/\/www.concert-hosteldieu.com\/#website","url":"https:\/\/www.concert-hosteldieu.com\/","name":"Le Concert de l&#039;Hostel Dieu","description":"Franck-Emmanuel Comte","publisher":{"@id":"https:\/\/www.concert-hosteldieu.com\/#organization"},"potentialAction":[{"@type":"SearchAction","target":{"@type":"EntryPoint","urlTemplate":"https:\/\/www.concert-hosteldieu.com\/?s={search_term_string}"},"query-input":{"@type":"PropertyValueSpecification","valueRequired":true,"valueName":"search_term_string"}}],"inLanguage":"en-GB"},{"@type":"Organization","@id":"https:\/\/www.concert-hosteldieu.com\/#organization","name":"Le Concert de l'Hostel Dieu","url":"https:\/\/www.concert-hosteldieu.com\/","logo":{"@type":"ImageObject","inLanguage":"en-GB","@id":"https:\/\/www.concert-hosteldieu.com\/#\/schema\/logo\/image\/","url":"https:\/\/www.concert-hosteldieu.com\/wp-content\/uploads\/2021\/06\/logo-chd-noir-transparent.png","contentUrl":"https:\/\/www.concert-hosteldieu.com\/wp-content\/uploads\/2021\/06\/logo-chd-noir-transparent.png","width":262,"height":106,"caption":"Le Concert de l'Hostel Dieu"},"image":{"@id":"https:\/\/www.concert-hosteldieu.com\/#\/schema\/logo\/image\/"},"sameAs":["https:\/\/www.facebook.com\/leconcert.delhosteldieu","https:\/\/x.com\/CHDLyon","https:\/\/instagram.com\/concert_hostel_dieu","https:\/\/www.linkedin.com\/company\/le-concert-de-l'hostel-dieu\/","https:\/\/www.youtube.com\/user\/CHDLyon"]}]}},"_links":{"self":[{"href":"https:\/\/www.concert-hosteldieu.com\/en\/wp-json\/wp\/v2\/pages\/21441","targetHints":{"allow":["GET"]}}],"collection":[{"href":"https:\/\/www.concert-hosteldieu.com\/en\/wp-json\/wp\/v2\/pages"}],"about":[{"href":"https:\/\/www.concert-hosteldieu.com\/en\/wp-json\/wp\/v2\/types\/page"}],"author":[{"embeddable":true,"href":"https:\/\/www.concert-hosteldieu.com\/en\/wp-json\/wp\/v2\/users\/2776"}],"replies":[{"embeddable":true,"href":"https:\/\/www.concert-hosteldieu.com\/en\/wp-json\/wp\/v2\/comments?post=21441"}],"version-history":[{"count":3,"href":"https:\/\/www.concert-hosteldieu.com\/en\/wp-json\/wp\/v2\/pages\/21441\/revisions"}],"predecessor-version":[{"id":21449,"href":"https:\/\/www.concert-hosteldieu.com\/en\/wp-json\/wp\/v2\/pages\/21441\/revisions\/21449"}],"up":[{"embeddable":true,"href":"https:\/\/www.concert-hosteldieu.com\/en\/wp-json\/wp\/v2\/pages\/12628"}],"wp:featuredmedia":[{"embeddable":true,"href":"https:\/\/www.concert-hosteldieu.com\/en\/wp-json\/wp\/v2\/media\/21443"}],"wp:attachment":[{"href":"https:\/\/www.concert-hosteldieu.com\/en\/wp-json\/wp\/v2\/media?parent=21441"}],"wp:term":[{"taxonomy":"category","embeddable":true,"href":"https:\/\/www.concert-hosteldieu.com\/en\/wp-json\/wp\/v2\/categories?post=21441"},{"taxonomy":"post_tag","embeddable":true,"href":"https:\/\/www.concert-hosteldieu.com\/en\/wp-json\/wp\/v2\/tags?post=21441"}],"curies":[{"name":"wp","href":"https:\/\/api.w.org\/{rel}","templated":true}]}}