{"id":19711,"date":"2023-05-22T11:13:56","date_gmt":"2023-05-22T10:13:56","guid":{"rendered":"https:\/\/www.concert-hosteldieu.com\/?page_id=19711"},"modified":"2026-03-17T15:50:04","modified_gmt":"2026-03-17T14:50:04","slug":"bach-on-the-beat","status":"publish","type":"page","link":"https:\/\/www.concert-hosteldieu.com\/en\/nos-productions\/bach-on-the-beat\/","title":{"rendered":"Bach on the beat"},"content":{"rendered":"<h4>PROGRAM DETAILS<\/h4>\n\t\t\t<p><strong>Cl\u00e9ment Walker-Viry &#8211; <em>Praeludium<\/em><\/strong>, from <em>Fragments<\/em>, d&rsquo;apr\u00e8s le <em>Praeludium<\/em> JS Bach\u2019s Harpischord Praeludium (BWV 847)<\/p>\n<p><strong>Jean-S\u00e9bastien Bach &#8211; <em>Sarabande<\/em><\/strong>, from <em>French Suite no. 2<\/em> for harpsichord (BWV 813)<\/p>\n<p><strong>Cl\u00e9ment Walker-Viry &#8211; <em>Menuet<\/em><\/strong>, from <em>Fragments<\/em>, d&rsquo;apr\u00e8s le Menuet II de la <em>Suite n\u00b01<\/em> JS Bach\u2019s Suite no. 1 for solo cello (BWV 1007)<\/p>\n<p><strong>Cl\u00e9ment Walker-Viry &#8211; <em>Choral<\/em><\/strong>, from <em>Fragments<\/em>, d&rsquo;apr\u00e8s \u00ab Jesus, meine Freude \u00bb de JS Bach (BWV 147)<\/p>\n<p><strong>Cl\u00e9ment Walker-Viry &#8211; <em>Chaconne<\/em><\/strong>, from <em>Fragments<\/em>, d&rsquo;apr\u00e8s la <em>after JS Bach\u2019s Partita No. 2<\/em> for solo violin (BWV 1004)<\/p>\n<p><strong>Antonio Vivaldi &#8211; <em>Allegro<\/em><\/strong>, from <em>the Cello Concerto<\/em>, 3rd movement (RV 419)<\/p>\n<p><strong>Johann Paul von Westhoff &#8211; <em>Imitatione al Campanella<\/em><\/strong>, from <em>Sonata no. 3<\/em>, 3rd movement<\/p>\n<p><strong>Jean-S\u00e9bastien Bach &#8211; <em>Praeludium<\/em><\/strong> for lute (BWV 999)<\/p>\n<p><strong>Jean-S\u00e9bastien Bach &#8211; <em>Courante<\/em><\/strong>, from<em> Suite n\u00b01<\/em> for solo cello (BWV 1007)<\/p>\n<p><strong>Cl\u00e9ment Walker-Viry &#8211; <em>Aria<\/em><\/strong>, from <em>Fragments<\/em>, d&rsquo;apr\u00e8s \u00ab Bist du bei mir \u00bb (BWV 508, faussement attribu\u00e9 \u00e0 JS Bach), extrait du <em>Petit Livre<\/em> d&rsquo;Anna Magdalena Bach<\/p>\n<p><strong>Cl\u00e9ment Walker-Viry &#8211; <em>Largo<\/em><\/strong>, from <em>Fragments<\/em>, d&rsquo;apr\u00e8s le<em> JS Bach\u2019s Harpsichord Concerto (BWV 1056)<\/em> , 2nd movement<\/p>\n<p><strong>Cl\u00e9ment Walker-Viry &#8211; <em>Allegro<\/em><\/strong>, from <em>Fragments<\/em>, d&rsquo;apr\u00e8s la <em>JS Bach\u2019s Sonata no. 2 for solo violin (BMW 1003)<\/em> , 3rd movement<\/p>\n<p><strong>Jean-S\u00e9bastien Bach &#8211; <em>Choral<\/em><\/strong>,  \u00ab Seelenweide, meine Freude \u00bb, from the <em>Petit Livre<\/em> d&rsquo;Anna Magdalena Bach<\/p>\n\t\t\t\t\t\t<h4>CAST<\/h4>\n\t\t\t<p><strong><a href=\"https:\/\/www.concert-hosteldieu.com\/en\/nos-musiciens\/aude-walker-viry\/\">Aude Walker-Viry<\/a><\/strong>, cello, voice &amp; looper<br \/><a href=\"https:\/\/www.concert-hosteldieu.com\/en\/nos-musiciens\/andre-costa\/\"><strong>Andr\u00e9 Costa<\/strong>,<\/a> violin &amp; looper<br \/><a href=\"https:\/\/www.concert-hosteldieu.com\/en\/nos-artistes-invites\/tiko\/\"><strong>Tiko<\/strong><\/a>, human beatbox<br \/><strong><a href=\"https:\/\/www.concert-hosteldieu.com\/en\/franck-emmanuel-comte\/\">Franck-Emmanuel Comte<\/a><\/strong>, harpsichord<\/p>\n<p><a href=\"https:\/\/www.concert-hosteldieu.com\/en\/nos-artistes-invites\/clement-walker-viry\/\"><strong>Cl\u00e9ment Walker-Viry<\/strong><\/a>, composition<br \/><a href=\"https:\/\/www.concert-hosteldieu.com\/en\/franck-emmanuel-comte\/\"><strong>Franck-Emmanuel Comte<\/strong><\/a>, arrangements &amp; artistic direction<br \/><strong>Quentin Morichon<\/strong>, sound<br \/><strong>TBC<\/strong>, set design and lighting<\/p>\n<p>The project <em>Bach on the beat<\/em> s&rsquo;inspire de l&rsquo;esprit des \u0153uvres instrumentales pour instrument soliste de JS Bach et propose une approche r\u00e9solument contemporaine de leur expression musicale. En associant les sonorit\u00e9s des instruments baroques, l&rsquo;\u00e9nergie hip-hop du beatboxer Tiko et l&rsquo;\u00e9criture minimaliste du compositeur Cl\u00e9ment Walker-Viry, le quatuor d&rsquo;artistes propose une relecture intemporelle et po\u00e9tique de la musique de JS Bach. Augment\u00e9es et s\u00e9quenc\u00e9es par un dispositif de \u00ab loopers \u00bb, les m\u00e9lodies du v\u00e9n\u00e9rable ma\u00eetre baroque se rapprochent de l&rsquo;univers de la musique \u00e9lectro, s&rsquo;inscrivant dans un cadre esth\u00e9tique r\u00e9solument actuel.<\/p>\n<p><em>Bach on the beat <\/em>questionne le rapport entre interpr\u00e9tation historiquement inform\u00e9e et cr\u00e9ation contemporaine. Derri\u00e8re ce d\u00e9fi se cache un oxymore doubl\u00e9 d&rsquo;une interrogation : une nouvelle musique ancienne est-elle possible ? Ou bien encore : une musique baroque ainsi \u00ab\u00a0augment\u00e9e\u00a0\u00bb est-elle susceptible de trouver un chemin d&rsquo;\u00e9coute aupr\u00e8s d&rsquo;un large public, si possible plus jeune et divers que celui de la musique dite \u00ab\u00a0savante\u00a0\u00bb ? Il faut se souvenir que JS Bach ne jouait que de la \u00ab\u00a0musique contemporaine\u00a0\u00bb et que sa d\u00e9marche cr\u00e9ative r\u00e9pondait \u00e0 des envies du moment en lien avec les aspirations de son \u00e9poque.<\/p>\n<p class=\"translation-block\">Rediscovering this repertoire\u2019s spontaneity and sharing it is <em>Bach on the beat<\/em>\u2019s mission! Rhythms, colors, and energy are the highlights of this creative and surprising project which blurs our reference points and crosses boundaries.<\/p>\n<p>&nbsp;<\/p>\n<p><b>Note d&rsquo;intention de <\/b><b>Cl\u00e9ment Walker-Viry\u00a0<\/b><b>:<\/b><\/p>\n<p><i>Avec l&rsquo;\u00e9criture de Fragments, commande du Concert de l&rsquo;Hostel Dieu, l&rsquo;id\u00e9e premi\u00e8re est de pr\u00e9lever un \u00e9l\u00e9ment marquant de l&rsquo;\u0153uvre de Bach &#8211; un motif, une m\u00e9lodie, une harmonie &#8211; pour en faire le point de d\u00e9part d&rsquo;une nouvelle composition. Pr\u00e9lude, menuet, sonate. J&rsquo;aime travailler \u00e0 partir du souvenir de cette musique, de son empreinte \u00e9motionnelle, qui ouvre l&rsquo;inspiration \u00e0 une cr\u00e9ation nouvelle. L&rsquo;int\u00e9gration du looper dans le processus de l&rsquo;\u00e9criture fait un pont direct avec l&rsquo;univers de la musique \u00e9lectronique et minimaliste, utilisant le concept de boucles qui se superposent comme des briques musicales, cr\u00e9ant un \u00e9difice sonore en mouvement. Instruments baroques et beatbox tissent ensemble un dialogue entre pass\u00e9 et futur. En concert, chaque musicien dialogue en direct avec les motifs qu&rsquo;il enregistre, enrichissant les timbres et les textures. Le looper devient une extension du musicien, un \u00e9cho de son instrument, un double avec lequel il b\u00e2tit peu \u00e0 peu une \u0153uvre vivante et aux multiples\u00a0dimensions.<\/i><\/p>\n<h4  id=\"formule\">\n\t\t\tCHOOSE YOUR FORMULA:\t<\/h4>\n<h4  id=\"images\">\n\t\t\tPICTURES\t<\/h4>\n<h4  id=\"video\">\n\t\t\tVideo\t<\/h4>\n\t\t\t\t\t<img decoding=\"async\" src=\"https:\/\/i.ytimg.com\/vi\/qIg1gVkYM_c\/maxresdefault.jpg\" alt=\"youtube-video-thumbnail\"\/>\n\t\t\t\t\t\t<h4>PRESS REVIEW<\/h4>\n\t\t\t<p><a href=\"https:\/\/www.elperiodicodearagon.com\/cultura\/2025\/08\/13\/le-concert-l-hostel-dieu-120589562.html\" target=\"_blank\" rel=\"noopener\"><strong><b>El Peri\u00f2dico de Aragon (ES) | 13\/08\/2025<\/b><\/strong><\/a><br \/>\u00ab Le quatuor d&rsquo;artistes propose une r\u00e9interpr\u00e9tation intemporelle et po\u00e9tique de la musique instrumentale du v\u00e9n\u00e9rable ma\u00eetre baroque. \u00bb<\/p>\n<p><a href=\"https:\/\/elpirineoaragones.com\/2025\/08\/15\/bach-se-pone-a-ritmo-urbano-en-echo-con-le-concert-de-lhostel-dieu\/\" target=\"_blank\" rel=\"noopener\"><strong><b>El Pirineo Aragon\u00e9s (ES) | 15\/08\/2025<\/b><\/strong><\/a><br \/>\u00ab Entre lyrique et \u00e9lectrique, le concert s&rsquo;est conclu sous les acclamations et les applaudissements, confirmant que Bach est un territoire in\u00e9puisable, ouvert \u00e0 la r\u00e9interpr\u00e9tation. \u00bb<\/p>\n\t\t\t\t\t\t<h4>PARTNERS<\/h4>\n\t\t\t<p>With the support of SPEDIDAM.<\/p>\n<p><img loading=\"lazy\" decoding=\"async\" src=\"https:\/\/www.concert-hosteldieu.com\/wp-content\/uploads\/2026\/03\/SPEDIDAM_new-300x150.png\" alt=\"\" width=\"202\" height=\"101\" \/><\/p>\n<h4  id=\"agenda\">\n\t\t\tCALENDAR\t<\/h4>\n<h4>\n\t\t\tAgenda &#8211; \u00c9v\u00e9nements pass\u00e9s\t<\/h4>\n\t\t\t<a href=\"https:\/\/www.concert-hosteldieu.com\/wp-content\/uploads\/2026\/03\/BACH-ON-THE-BEAT-ENG_new.pdf\" title=\"Download the presentation file (for promoters)\" target=\"_blank\" rel=\"noopener\"  role=\"button\" aria-label=\"Download the presentation file (for promoters)\">\n\t\t\t\t\t\t\t\t\t\t\tDownload the presentation file (for promoters)\n\t\t<\/a>","protected":false},"excerpt":{"rendered":"<p>PROGRAMME Cl\u00e9ment Walker-Viry &#8211; Praeludium, extrait de Fragments, d&rsquo;apr\u00e8s le Pr\u00e9lude pour clavecin de Jean-S\u00e9bastien Bach (BWV 847) Jean-S\u00e9bastien Bach &#8211; Sarabande, extrait de la Suite fran\u00e7aise n\u00b02 pour clavecin (BWV 813) Cl\u00e9ment Walker-Viry &#8211; Menuet, extrait de Fragments, d&rsquo;apr\u00e8s [&hellip;]<\/p>\n","protected":false},"author":2776,"featured_media":19712,"parent":23593,"menu_order":0,"comment_status":"closed","ping_status":"closed","template":"","meta":{"site-sidebar-layout":"default","site-content-layout":"","ast-site-content-layout":"full-width-container","site-content-style":"unboxed","site-sidebar-style":"unboxed","ast-global-header-display":"","ast-banner-title-visibility":"","ast-main-header-display":"","ast-hfb-above-header-display":"","ast-hfb-below-header-display":"","ast-hfb-mobile-header-display":"","site-post-title":"disabled","ast-breadcrumbs-content":"","ast-featured-img":"disabled","footer-sml-layout":"","ast-disable-related-posts":"","theme-transparent-header-meta":"default","adv-header-id-meta":"","stick-header-meta":"default","header-above-stick-meta":"","header-main-stick-meta":"","header-below-stick-meta":"","astra-migrate-meta-layouts":"set","ast-page-background-enabled":"default","ast-page-background-meta":{"desktop":{"background-color":"","background-image":"","background-repeat":"repeat","background-position":"center center","background-size":"auto","background-attachment":"scroll","background-type":"","background-media":"","overlay-type":"","overlay-color":"","overlay-opacity":"","overlay-gradient":""},"tablet":{"background-color":"","background-image":"","background-repeat":"repeat","background-position":"center center","background-size":"auto","background-attachment":"scroll","background-type":"","background-media":"","overlay-type":"","overlay-color":"","overlay-opacity":"","overlay-gradient":""},"mobile":{"background-color":"","background-image":"","background-repeat":"repeat","background-position":"center center","background-size":"auto","background-attachment":"scroll","background-type":"","background-media":"","overlay-type":"","overlay-color":"","overlay-opacity":"","overlay-gradient":""}},"ast-content-background-meta":{"desktop":{"background-color":"var(--ast-global-color-5)","background-image":"","background-repeat":"repeat","background-position":"center center","background-size":"auto","background-attachment":"scroll","background-type":"","background-media":"","overlay-type":"","overlay-color":"","overlay-opacity":"","overlay-gradient":""},"tablet":{"background-color":"var(--ast-global-color-5)","background-image":"","background-repeat":"repeat","background-position":"center center","background-size":"auto","background-attachment":"scroll","background-type":"","background-media":"","overlay-type":"","overlay-color":"","overlay-opacity":"","overlay-gradient":""},"mobile":{"background-color":"var(--ast-global-color-5)","background-image":"","background-repeat":"repeat","background-position":"center center","background-size":"auto","background-attachment":"scroll","background-type":"","background-media":"","overlay-type":"","overlay-color":"","overlay-opacity":"","overlay-gradient":""}},"footnotes":""},"categories":[451],"tags":[],"class_list":["post-19711","page","type-page","status-publish","has-post-thumbnail","hentry","category-nos-productions"],"yoast_head":"<!-- This site is optimized with the Yoast SEO plugin v27.5 - https:\/\/yoast.com\/product\/yoast-seo-wordpress\/ -->\n<title>Bach on the beat - Le Concert de l&#039;Hostel Dieu<\/title>\n<meta name=\"robots\" content=\"index, follow, max-snippet:-1, max-image-preview:large, max-video-preview:-1\" \/>\n<link rel=\"canonical\" href=\"https:\/\/www.concert-hosteldieu.com\/en\/nos-productions\/bach-on-the-beat\/\" \/>\n<meta property=\"og:locale\" content=\"en_GB\" \/>\n<meta property=\"og:type\" content=\"article\" \/>\n<meta property=\"og:title\" content=\"Bach on the beat - Le Concert de l&#039;Hostel Dieu\" \/>\n<meta property=\"og:description\" content=\"PROGRAMME Cl\u00e9ment Walker-Viry &#8211; Praeludium, extrait de Fragments, d&rsquo;apr\u00e8s le Pr\u00e9lude pour clavecin de Jean-S\u00e9bastien Bach (BWV 847) Jean-S\u00e9bastien Bach &#8211; Sarabande, extrait de la Suite fran\u00e7aise n\u00b02 pour clavecin (BWV 813) Cl\u00e9ment Walker-Viry &#8211; Menuet, extrait de Fragments, d&rsquo;apr\u00e8s [&hellip;]\" \/>\n<meta property=\"og:url\" content=\"https:\/\/www.concert-hosteldieu.com\/en\/nos-productions\/bach-on-the-beat\/\" \/>\n<meta property=\"og:site_name\" content=\"Le Concert de l&#039;Hostel Dieu\" \/>\n<meta property=\"article:publisher\" content=\"https:\/\/www.facebook.com\/leconcert.delhosteldieu\" \/>\n<meta property=\"article:modified_time\" content=\"2026-03-17T14:50:04+00:00\" \/>\n<meta property=\"og:image\" content=\"https:\/\/www.concert-hosteldieu.com\/wp-content\/uploads\/2023\/05\/CHD-FugaCites-268-1.jpg\" \/>\n\t<meta property=\"og:image:width\" content=\"1280\" \/>\n\t<meta property=\"og:image:height\" content=\"853\" \/>\n\t<meta property=\"og:image:type\" content=\"image\/jpeg\" \/>\n<meta name=\"twitter:label1\" content=\"Estimated reading time\" \/>\n\t<meta name=\"twitter:data1\" content=\"6 minutes\" \/>\n<script type=\"application\/ld+json\" class=\"yoast-schema-graph\">{\"@context\":\"https:\\\/\\\/schema.org\",\"@graph\":[{\"@type\":\"WebPage\",\"@id\":\"https:\\\/\\\/www.concert-hosteldieu.com\\\/nos-productions\\\/bach-on-the-beat\\\/\",\"url\":\"https:\\\/\\\/www.concert-hosteldieu.com\\\/nos-productions\\\/bach-on-the-beat\\\/\",\"name\":\"Bach on the beat - Le Concert de l&#039;Hostel Dieu\",\"isPartOf\":{\"@id\":\"https:\\\/\\\/www.concert-hosteldieu.com\\\/#website\"},\"primaryImageOfPage\":{\"@id\":\"https:\\\/\\\/www.concert-hosteldieu.com\\\/nos-productions\\\/bach-on-the-beat\\\/#primaryimage\"},\"image\":{\"@id\":\"https:\\\/\\\/www.concert-hosteldieu.com\\\/nos-productions\\\/bach-on-the-beat\\\/#primaryimage\"},\"thumbnailUrl\":\"https:\\\/\\\/www.concert-hosteldieu.com\\\/wp-content\\\/uploads\\\/2023\\\/05\\\/CHD-FugaCites-268-1.jpg\",\"datePublished\":\"2023-05-22T10:13:56+00:00\",\"dateModified\":\"2026-03-17T14:50:04+00:00\",\"breadcrumb\":{\"@id\":\"https:\\\/\\\/www.concert-hosteldieu.com\\\/nos-productions\\\/bach-on-the-beat\\\/#breadcrumb\"},\"inLanguage\":\"en-GB\",\"potentialAction\":[{\"@type\":\"ReadAction\",\"target\":[\"https:\\\/\\\/www.concert-hosteldieu.com\\\/nos-productions\\\/bach-on-the-beat\\\/\"]}]},{\"@type\":\"ImageObject\",\"inLanguage\":\"en-GB\",\"@id\":\"https:\\\/\\\/www.concert-hosteldieu.com\\\/nos-productions\\\/bach-on-the-beat\\\/#primaryimage\",\"url\":\"https:\\\/\\\/www.concert-hosteldieu.com\\\/wp-content\\\/uploads\\\/2023\\\/05\\\/CHD-FugaCites-268-1.jpg\",\"contentUrl\":\"https:\\\/\\\/www.concert-hosteldieu.com\\\/wp-content\\\/uploads\\\/2023\\\/05\\\/CHD-FugaCites-268-1.jpg\",\"width\":1280,\"height\":853,\"caption\":\"\u00a9 Julie Cherki\"},{\"@type\":\"BreadcrumbList\",\"@id\":\"https:\\\/\\\/www.concert-hosteldieu.com\\\/nos-productions\\\/bach-on-the-beat\\\/#breadcrumb\",\"itemListElement\":[{\"@type\":\"ListItem\",\"position\":1,\"name\":\"Accueil\",\"item\":\"https:\\\/\\\/www.concert-hosteldieu.com\\\/\"},{\"@type\":\"ListItem\",\"position\":2,\"name\":\"Nos productions\",\"item\":\"https:\\\/\\\/www.concert-hosteldieu.com\\\/nos-productions\\\/\"},{\"@type\":\"ListItem\",\"position\":3,\"name\":\"Bach on the beat\"}]},{\"@type\":\"WebSite\",\"@id\":\"https:\\\/\\\/www.concert-hosteldieu.com\\\/#website\",\"url\":\"https:\\\/\\\/www.concert-hosteldieu.com\\\/\",\"name\":\"Le Concert de l&#039;Hostel Dieu\",\"description\":\"Franck-Emmanuel Comte\",\"publisher\":{\"@id\":\"https:\\\/\\\/www.concert-hosteldieu.com\\\/#organization\"},\"potentialAction\":[{\"@type\":\"SearchAction\",\"target\":{\"@type\":\"EntryPoint\",\"urlTemplate\":\"https:\\\/\\\/www.concert-hosteldieu.com\\\/?s={search_term_string}\"},\"query-input\":{\"@type\":\"PropertyValueSpecification\",\"valueRequired\":true,\"valueName\":\"search_term_string\"}}],\"inLanguage\":\"en-GB\"},{\"@type\":\"Organization\",\"@id\":\"https:\\\/\\\/www.concert-hosteldieu.com\\\/#organization\",\"name\":\"Le Concert de l'Hostel Dieu\",\"url\":\"https:\\\/\\\/www.concert-hosteldieu.com\\\/\",\"logo\":{\"@type\":\"ImageObject\",\"inLanguage\":\"en-GB\",\"@id\":\"https:\\\/\\\/www.concert-hosteldieu.com\\\/#\\\/schema\\\/logo\\\/image\\\/\",\"url\":\"https:\\\/\\\/www.concert-hosteldieu.com\\\/wp-content\\\/uploads\\\/2021\\\/06\\\/logo-chd-noir-transparent.png\",\"contentUrl\":\"https:\\\/\\\/www.concert-hosteldieu.com\\\/wp-content\\\/uploads\\\/2021\\\/06\\\/logo-chd-noir-transparent.png\",\"width\":262,\"height\":106,\"caption\":\"Le Concert de l'Hostel Dieu\"},\"image\":{\"@id\":\"https:\\\/\\\/www.concert-hosteldieu.com\\\/#\\\/schema\\\/logo\\\/image\\\/\"},\"sameAs\":[\"https:\\\/\\\/www.facebook.com\\\/leconcert.delhosteldieu\",\"https:\\\/\\\/x.com\\\/CHDLyon\",\"https:\\\/\\\/instagram.com\\\/concert_hostel_dieu\",\"https:\\\/\\\/www.linkedin.com\\\/company\\\/le-concert-de-l'hostel-dieu\\\/\",\"https:\\\/\\\/www.youtube.com\\\/user\\\/CHDLyon\"]}]}<\/script>\n<!-- \/ Yoast SEO plugin. -->","yoast_head_json":{"title":"Bach on the beat - Le Concert de l&#039;Hostel Dieu","robots":{"index":"index","follow":"follow","max-snippet":"max-snippet:-1","max-image-preview":"max-image-preview:large","max-video-preview":"max-video-preview:-1"},"canonical":"https:\/\/www.concert-hosteldieu.com\/en\/nos-productions\/bach-on-the-beat\/","og_locale":"en_GB","og_type":"article","og_title":"Bach on the beat - Le Concert de l&#039;Hostel Dieu","og_description":"PROGRAMME Cl\u00e9ment Walker-Viry &#8211; Praeludium, extrait de Fragments, d&rsquo;apr\u00e8s le Pr\u00e9lude pour clavecin de Jean-S\u00e9bastien Bach (BWV 847) Jean-S\u00e9bastien Bach &#8211; Sarabande, extrait de la Suite fran\u00e7aise n\u00b02 pour clavecin (BWV 813) Cl\u00e9ment Walker-Viry &#8211; Menuet, extrait de Fragments, d&rsquo;apr\u00e8s [&hellip;]","og_url":"https:\/\/www.concert-hosteldieu.com\/en\/nos-productions\/bach-on-the-beat\/","og_site_name":"Le Concert de l&#039;Hostel Dieu","article_publisher":"https:\/\/www.facebook.com\/leconcert.delhosteldieu","article_modified_time":"2026-03-17T14:50:04+00:00","og_image":[{"width":1280,"height":853,"url":"https:\/\/www.concert-hosteldieu.com\/wp-content\/uploads\/2023\/05\/CHD-FugaCites-268-1.jpg","type":"image\/jpeg"}],"twitter_misc":{"Estimated reading time":"6 minutes"},"schema":{"@context":"https:\/\/schema.org","@graph":[{"@type":"WebPage","@id":"https:\/\/www.concert-hosteldieu.com\/nos-productions\/bach-on-the-beat\/","url":"https:\/\/www.concert-hosteldieu.com\/nos-productions\/bach-on-the-beat\/","name":"Bach on the beat - Le Concert de l&#039;Hostel Dieu","isPartOf":{"@id":"https:\/\/www.concert-hosteldieu.com\/#website"},"primaryImageOfPage":{"@id":"https:\/\/www.concert-hosteldieu.com\/nos-productions\/bach-on-the-beat\/#primaryimage"},"image":{"@id":"https:\/\/www.concert-hosteldieu.com\/nos-productions\/bach-on-the-beat\/#primaryimage"},"thumbnailUrl":"https:\/\/www.concert-hosteldieu.com\/wp-content\/uploads\/2023\/05\/CHD-FugaCites-268-1.jpg","datePublished":"2023-05-22T10:13:56+00:00","dateModified":"2026-03-17T14:50:04+00:00","breadcrumb":{"@id":"https:\/\/www.concert-hosteldieu.com\/nos-productions\/bach-on-the-beat\/#breadcrumb"},"inLanguage":"en-GB","potentialAction":[{"@type":"ReadAction","target":["https:\/\/www.concert-hosteldieu.com\/nos-productions\/bach-on-the-beat\/"]}]},{"@type":"ImageObject","inLanguage":"en-GB","@id":"https:\/\/www.concert-hosteldieu.com\/nos-productions\/bach-on-the-beat\/#primaryimage","url":"https:\/\/www.concert-hosteldieu.com\/wp-content\/uploads\/2023\/05\/CHD-FugaCites-268-1.jpg","contentUrl":"https:\/\/www.concert-hosteldieu.com\/wp-content\/uploads\/2023\/05\/CHD-FugaCites-268-1.jpg","width":1280,"height":853,"caption":"\u00a9 Julie Cherki"},{"@type":"BreadcrumbList","@id":"https:\/\/www.concert-hosteldieu.com\/nos-productions\/bach-on-the-beat\/#breadcrumb","itemListElement":[{"@type":"ListItem","position":1,"name":"Accueil","item":"https:\/\/www.concert-hosteldieu.com\/"},{"@type":"ListItem","position":2,"name":"Nos productions","item":"https:\/\/www.concert-hosteldieu.com\/nos-productions\/"},{"@type":"ListItem","position":3,"name":"Bach on the beat"}]},{"@type":"WebSite","@id":"https:\/\/www.concert-hosteldieu.com\/#website","url":"https:\/\/www.concert-hosteldieu.com\/","name":"Le Concert de l&#039;Hostel Dieu","description":"Franck-Emmanuel Comte","publisher":{"@id":"https:\/\/www.concert-hosteldieu.com\/#organization"},"potentialAction":[{"@type":"SearchAction","target":{"@type":"EntryPoint","urlTemplate":"https:\/\/www.concert-hosteldieu.com\/?s={search_term_string}"},"query-input":{"@type":"PropertyValueSpecification","valueRequired":true,"valueName":"search_term_string"}}],"inLanguage":"en-GB"},{"@type":"Organization","@id":"https:\/\/www.concert-hosteldieu.com\/#organization","name":"Le Concert de l'Hostel Dieu","url":"https:\/\/www.concert-hosteldieu.com\/","logo":{"@type":"ImageObject","inLanguage":"en-GB","@id":"https:\/\/www.concert-hosteldieu.com\/#\/schema\/logo\/image\/","url":"https:\/\/www.concert-hosteldieu.com\/wp-content\/uploads\/2021\/06\/logo-chd-noir-transparent.png","contentUrl":"https:\/\/www.concert-hosteldieu.com\/wp-content\/uploads\/2021\/06\/logo-chd-noir-transparent.png","width":262,"height":106,"caption":"Le Concert de l'Hostel Dieu"},"image":{"@id":"https:\/\/www.concert-hosteldieu.com\/#\/schema\/logo\/image\/"},"sameAs":["https:\/\/www.facebook.com\/leconcert.delhosteldieu","https:\/\/x.com\/CHDLyon","https:\/\/instagram.com\/concert_hostel_dieu","https:\/\/www.linkedin.com\/company\/le-concert-de-l'hostel-dieu\/","https:\/\/www.youtube.com\/user\/CHDLyon"]}]}},"_links":{"self":[{"href":"https:\/\/www.concert-hosteldieu.com\/en\/wp-json\/wp\/v2\/pages\/19711","targetHints":{"allow":["GET"]}}],"collection":[{"href":"https:\/\/www.concert-hosteldieu.com\/en\/wp-json\/wp\/v2\/pages"}],"about":[{"href":"https:\/\/www.concert-hosteldieu.com\/en\/wp-json\/wp\/v2\/types\/page"}],"author":[{"embeddable":true,"href":"https:\/\/www.concert-hosteldieu.com\/en\/wp-json\/wp\/v2\/users\/2776"}],"replies":[{"embeddable":true,"href":"https:\/\/www.concert-hosteldieu.com\/en\/wp-json\/wp\/v2\/comments?post=19711"}],"version-history":[{"count":6,"href":"https:\/\/www.concert-hosteldieu.com\/en\/wp-json\/wp\/v2\/pages\/19711\/revisions"}],"predecessor-version":[{"id":24136,"href":"https:\/\/www.concert-hosteldieu.com\/en\/wp-json\/wp\/v2\/pages\/19711\/revisions\/24136"}],"up":[{"embeddable":true,"href":"https:\/\/www.concert-hosteldieu.com\/en\/wp-json\/wp\/v2\/pages\/23593"}],"wp:featuredmedia":[{"embeddable":true,"href":"https:\/\/www.concert-hosteldieu.com\/en\/wp-json\/wp\/v2\/media\/19712"}],"wp:attachment":[{"href":"https:\/\/www.concert-hosteldieu.com\/en\/wp-json\/wp\/v2\/media?parent=19711"}],"wp:term":[{"taxonomy":"category","embeddable":true,"href":"https:\/\/www.concert-hosteldieu.com\/en\/wp-json\/wp\/v2\/categories?post=19711"},{"taxonomy":"post_tag","embeddable":true,"href":"https:\/\/www.concert-hosteldieu.com\/en\/wp-json\/wp\/v2\/tags?post=19711"}],"curies":[{"name":"wp","href":"https:\/\/api.w.org\/{rel}","templated":true}]}}