{"id":19471,"date":"2023-03-24T11:20:57","date_gmt":"2023-03-24T10:20:57","guid":{"rendered":"https:\/\/www.concert-hosteldieu.com\/?page_id=19471"},"modified":"2025-09-16T09:26:04","modified_gmt":"2025-09-16T08:26:04","slug":"quatre-saisons-rasmussen","status":"publish","type":"page","link":"https:\/\/www.concert-hosteldieu.com\/en\/nos-productions\/quatre-saisons-rasmussen\/","title":{"rendered":"4 Se\u00e5s\u00f8ns, Vivaldi\/Rasmussen"},"content":{"rendered":"<a href=\"https:\/\/trinitelyon.mapado.com\/event\/447186-4-seasons-le-concert-de-lhostel-dieu\" target=\"_blank\" rel=\"noopener\">\n\t\t\t\t\t\tBook online\n\t\t\t\t\t<\/a>\n\t\t\t\t\t\t<h4>Program details<\/h4>\n\t\t\t<p>Concerto \u201cLa tempesti di mare\u201d RV 253 in E flat<br \/>Antonio Vivaldi<\/p>\n<p><em>The Four Seasons<\/em>, a new setting\u00a0(2018)<br \/>Karl Aage Rasmussen<strong>,<\/strong> d&rsquo;apr\u00e8s Antonio Vivaldi<br \/>1. Spring<br \/>2. Summer<br \/>3. Autumn<br \/>4. Winter<\/p>\n\t\t\t\t\t\t<h4>Cast<\/h4>\n\t\t\t<p><a href=\"https:\/\/www.concert-hosteldieu.com\/en\/nos-artistes-invites\/patrick-cohen-akenine\/\">Patrick Coh\u00ebn-Akenine<\/a>,<strong>\u00a0<\/strong>violon solo en alternance avec <a href=\"https:\/\/www.concert-hosteldieu.com\/en\/nos-musiciens\/minori-deguchi\/\" target=\"_blank\" rel=\"noopener\">Minori Deguchi<\/a><br \/>Le Concert de l&rsquo;Hostel Dieu<br \/><a href=\"https:\/\/www.concert-hosteldieu.com\/en\/franck-emmanuel-comte\/\">Franck-Emmanuel Comte<\/a>, harpsichord and musical direction<br \/><a href=\"https:\/\/www.concert-hosteldieu.com\/en\/nos-artistes-invites\/karl-aage-rasmussen\/\">Karl Aage Rasmussen<\/a>, composition<\/p>\n<p>\u00a0<\/p>\n<p><strong>On stage:<\/strong><br \/>1 solo violin, 5 tutti violinists, 2 violas, 2 cellos, double bass, theorbo, harpsichord<\/p>\n\t\t\t\t\t\t<h4>Note d&rsquo;intention<\/h4>\n\t\t\t<p><b>De Vivaldi \u00e0 Rasmussen<\/b><\/p>\n<p>L&rsquo;approche musicale de Karl Aage Rasmussen pose la question de la pertinence d&rsquo;une appropriation de la musique ancienne uniquement fond\u00e9e sur une approche interpr\u00e9tative historiquement inform\u00e9e. Pos\u00e9e comme un dogme intangible, cette approche a nourri l&rsquo;imaginaire de nombre d&rsquo;interpr\u00e8tes qui dans un premier temps, avec sinc\u00e9rit\u00e9 et passion, ont apport\u00e9 un souffle totalement r\u00e9volutionnaire \u00e0 la r\u00e9-interpr\u00e9tation de ce r\u00e9pertoire.<\/p>\n<p>Avec le temps et le recul, on s&rsquo;aper\u00e7oit que cette vision a n\u00e9anmoins une limite : on peut choisir de jouer des instruments en tout point conformes \u00e0 ceux du si\u00e8cle de Vivaldi, on peut se donner les moyens de recr\u00e9er le geste musical historique appropri\u00e9 et d&rsquo;int\u00e9grer l&rsquo;environnement culturel d&rsquo;une \u00e9poque pr\u00e9cise, mais on ne peut pas recr\u00e9er la psychologie et l&rsquo;\u00e9coute des auditeurs de l&rsquo;\u00e9poque, car celles-ci sont fa\u00e7onn\u00e9es par le temps pr\u00e9sent.<\/p>\n<p>Rasmussen, compositeur de notre temps et amoureux de musique ancienne, pose la question pertinente de l&rsquo;\u00e9volution de cette \u00e9coute vis \u00e0 vis de la musique patrimoniale. Voici une partie de sa pens\u00e9e :\u00a0<br \/>\u00ab\u00a0Dans le monde de la musique, l&rsquo;id\u00e9e est largement r\u00e9pandue que la musique devrait id\u00e9alement sonner exactement comme elle l&rsquo;\u00e9tait lorsqu&rsquo;elle a \u00e9t\u00e9 compos\u00e9e, c&rsquo;est-\u00e0-dire \u00eatre jou\u00e9e en fonction des coutumes et des conditions qui pr\u00e9valaient \u00e0 cette \u00e9poque particuli\u00e8re. L&rsquo;interpr\u00e9tation musicale, cependant, est toujours ancr\u00e9e dans le pr\u00e9sent, elle est in\u00e9vitablement sujette aux concepts de l&rsquo;\u00e9poque et in\u00e9vitablement soumise aux cadres conceptuels qui s&rsquo;appliquent au moment o\u00f9 elle est jou\u00e9e. Et la partition, les textes, les notes ou les mots, cachent autant qu&rsquo;ils r\u00e9v\u00e8lent. Il n&rsquo;y a pas de ligne id\u00e9ale \u00e0 adopter, pas de v\u00e9rit\u00e9 &#8211; l&rsquo;\u0153uvre n&rsquo;existe que comme une approche sans cesse renouvel\u00e9e. Les notes sont de la musique endormie ! Chercher l&rsquo;\u0153uvre dans une forme d\u00e9finie, c&rsquo;est comme chercher l&rsquo;obscurit\u00e9 avec une bougie \u00e0 la main.\u00a0\u00bb<\/p>\n<p>C&rsquo;est pr\u00e9cis\u00e9ment cette vision qui nourrie sa relecture du chef d&rsquo;\u0153uvre de Vivaldi. Ainsi, poursuit-il :<br \/>\u00ab\u00a0J&rsquo;ai eu envie d&rsquo;entendre comment les <em>Quatre Saisons<\/em> de Vivaldi pourraient sonner si des oreilles modernes les entendaient avec le m\u00eame \u00e9tonnement que celui qu&rsquo;a d\u00fb ressentir le public de Vivaldi, non pas en changeant la composition en tant que telle, mais simplement en soulignant les aspects de la musique qui annoncent les p\u00e9riodes ult\u00e9rieures sur le plan du rythme et de l&rsquo;idiome musical.\u00a0\u00bb<\/p>\n<p>Il termine ainsi, en d\u00e9voilant quelques fragments de sa \u00ab\u00a0philosophie artistique\u00a0\u00bb :<br \/><em>\u00ab\u00a0<\/em>Lorsque ce qui se passe est (presque) exactement ce que nous attendons, l&rsquo;exp\u00e9rience musicale peut perdre sa capacit\u00e9 \u00e0 d\u00e9ployer un morceau de vie sous une forme comprim\u00e9e, mentale. Car la vie n&rsquo;est jamais compl\u00e8tement pr\u00e9visible.\u00a0\u00bb<\/p>\n\t<p class=\"translation-block\">In 2025, we will be celebrating the 300th anniversary of the first printed edition of Vivaldi's <em>Four Seasons<\/em>. Published by Michel Le C\u00e8ne in Amsterdam, these concertos from the collection <em>Il Cimento dell'Armonia e dell'Invenzione<\/em> were already known throughout Europe. Then, after a century and a half in eclipse, the <em>Four Seasons<\/em> began to fascinate and captivate, especially after their rediscovery in the 1950s.<\/p>\n<p>Depuis, on peut affirmer sans trop prendre de risque qu&rsquo;il s&rsquo;agit de la partition la plus enregistr\u00e9e ! Se pose ainsi, in\u00e9vitablement, la question de son \u00ab\u00a0usure\u00a0\u00bb dans le temps&#8230;\u00a0 Aussi, sans doute pour renouveler l&rsquo;\u00e9coute de cette oeuvre fameuse, Karl Richter propose en 1992 une r\u00e9\u00e9criture pour orchestre symphonique. Mais la version de Karl Aage Rasmussen, con\u00e7ue en 2018 pour orchestre baroque, nous emm\u00e8ne dans une direction bien diff\u00e9rente&#8230;<\/p>\n<h4  id=\"images\">\n\t\t\tPICTURES\t<\/h4>\n<h4  id=\"vid\u00e9o\">\n\t\t\tVIDEO\t<\/h4>\n\t\t<iframe loading=\"lazy\" title=\"4 Se\u00e5s\u00f8ns, Vivaldi\/Rasmussen - Le Concert de l&#039;Hostel Dieu\" width=\"500\" height=\"281\" src=\"https:\/\/www.youtube.com\/embed\/hsoEfGQoYp4?feature=oembed\" frameborder=\"0\" allow=\"accelerometer; autoplay; clipboard-write; encrypted-media; gyroscope; picture-in-picture; web-share\" referrerpolicy=\"strict-origin-when-cross-origin\" allowfullscreen><\/iframe> \t\n\t\t\t\t\t\t<h4>PARTNERS<\/h4>\n\t\t\t<p>With the support of SPEDIDAM.<\/p>\n<p><img loading=\"lazy\" decoding=\"async\" src=\"https:\/\/www.concert-hosteldieu.com\/wp-content\/uploads\/2022\/04\/SPEDIDAM-LOGO-2017-300x142.png\" alt=\"\" width=\"188\" height=\"89\" \/><\/p>\n<h4  id=\"agenda\">\n\t\t\tCALENDAR\t<\/h4>\n<h4  id=\"agendapasse\">\n\t\t\tAgenda &#8211; \u00c9v\u00e9nements pass\u00e9s\t<\/h4>\n<h4  id=\"artiste\">\n\t\t\tASSOCIATED ARTISTS\t<\/h4>\n\t\t\t\t\t\t\t\t\t\t\t\t\t\t<a href=\"https:\/\/www.concert-hosteldieu.com\/en\/nos-artistes-invites\/patrick-cohen-akenine\/\" target=\"_self\" title=\"Patrick Coh\u00ebn-Akenine\">\n\t\t\t\t<img decoding=\"async\" src=\"https:\/\/www.concert-hosteldieu.com\/wp-content\/uploads\/2024\/07\/Patrick-Cohen-Akenine-\u00a9-Les-Folies-francoises-Manuel-Braun-web.png\" alt=\"Patrick Coh\u00ebn-Akenine\" \/>\n\t\t\t\t<\/a>\n\t\t\t\t\t\t<h3>\n\t\t\t\t<a href=\"https:\/\/www.concert-hosteldieu.com\/en\/nos-artistes-invites\/patrick-cohen-akenine\/\" title=\"Patrick Coh\u00ebn-Akenine\" tabindex=\"0\">Patrick Coh\u00ebn-Akenine<\/a>\t\t\t<\/h3>\n\t\t\t\t\t\t\t\t\t\t\t\t\t\t<a href=\"https:\/\/www.concert-hosteldieu.com\/en\/franck-emmanuel-comte\/\" target=\"_self\" title=\"Franck-Emmanuel Comte\">\n\t\t\t\t<img decoding=\"async\" src=\"https:\/\/www.concert-hosteldieu.com\/wp-content\/uploads\/2021\/07\/CHD-FE-Comte-portrait-Jean-Combier-6.jpg\" alt=\"Franck-Emmanuel Comte, directeur artistique du Concert de l&#039;Hostel Dieu\" \/>\n\t\t\t\t<\/a>\n\t\t\t\t\t\t<h3>\n\t\t\t\t<a href=\"https:\/\/www.concert-hosteldieu.com\/en\/franck-emmanuel-comte\/\" title=\"Franck-Emmanuel Comte\" tabindex=\"0\">Franck-Emmanuel Comte<\/a>\t\t\t<\/h3>","protected":false},"excerpt":{"rendered":"<p>R\u00e9server Programme Concerto \u00ab La tempesti di mare \u00bb RV 253 en Mi b\u00e9molAntonio Vivaldi The Four Seasons, a new setting\u00a0(2018)Karl Aage Rasmussen, d&rsquo;apr\u00e8s Antonio Vivaldi1. Spring2. Summer3. Autumn4. Winter Distribution Patrick Coh\u00ebn-Akenine,\u00a0violon solo en alternance avec Minori DeguchiLe Concert [&hellip;]<\/p>\n","protected":false},"author":2776,"featured_media":23317,"parent":23593,"menu_order":0,"comment_status":"closed","ping_status":"closed","template":"","meta":{"site-sidebar-layout":"default","site-content-layout":null,"ast-site-content-layout":"full-width-container","site-content-style":"unboxed","site-sidebar-style":"unboxed","ast-global-header-display":"","ast-banner-title-visibility":"","ast-main-header-display":"","ast-hfb-above-header-display":null,"ast-hfb-below-header-display":null,"ast-hfb-mobile-header-display":"","site-post-title":"disabled","ast-breadcrumbs-content":null,"ast-featured-img":"disabled","footer-sml-layout":"","ast-disable-related-posts":"","theme-transparent-header-meta":"default","adv-header-id-meta":"","stick-header-meta":"default","header-above-stick-meta":null,"header-main-stick-meta":"","header-below-stick-meta":null,"astra-migrate-meta-layouts":"set","ast-page-background-enabled":"default","ast-page-background-meta":{"desktop":{"background-color":"","background-image":"","background-repeat":"repeat","background-position":"center center","background-size":"auto","background-attachment":"scroll","background-type":"","background-media":"","overlay-type":"","overlay-color":"","overlay-opacity":"","overlay-gradient":""},"tablet":{"background-color":"","background-image":"","background-repeat":"repeat","background-position":"center center","background-size":"auto","background-attachment":"scroll","background-type":"","background-media":"","overlay-type":"","overlay-color":"","overlay-opacity":"","overlay-gradient":""},"mobile":{"background-color":"","background-image":"","background-repeat":"repeat","background-position":"center center","background-size":"auto","background-attachment":"scroll","background-type":"","background-media":"","overlay-type":"","overlay-color":"","overlay-opacity":"","overlay-gradient":""}},"ast-content-background-meta":{"desktop":{"background-color":"var(--ast-global-color-5)","background-image":"","background-repeat":"repeat","background-position":"center center","background-size":"auto","background-attachment":"scroll","background-type":"","background-media":"","overlay-type":"","overlay-color":"","overlay-opacity":"","overlay-gradient":""},"tablet":{"background-color":"var(--ast-global-color-5)","background-image":"","background-repeat":"repeat","background-position":"center center","background-size":"auto","background-attachment":"scroll","background-type":"","background-media":"","overlay-type":"","overlay-color":"","overlay-opacity":"","overlay-gradient":""},"mobile":{"background-color":"var(--ast-global-color-5)","background-image":"","background-repeat":"repeat","background-position":"center center","background-size":"auto","background-attachment":"scroll","background-type":"","background-media":"","overlay-type":"","overlay-color":"","overlay-opacity":"","overlay-gradient":""}},"footnotes":""},"categories":[452],"tags":[],"class_list":["post-19471","page","type-page","status-publish","has-post-thumbnail","hentry","category-nos-productions-passees"],"yoast_head":"<!-- This site is optimized with the Yoast SEO plugin v27.5 - https:\/\/yoast.com\/product\/yoast-seo-wordpress\/ -->\n<title>4 Se\u00e5s\u00f8ns, Vivaldi\/Rasmussen - Le Concert de l&#039;Hostel Dieu<\/title>\n<meta name=\"description\" content=\"D\u00e9couvrez 4 Se\u00e5s\u00f8ns, Vivaldi\/Rasmussen, une r\u00e9\u00e9criture imaginative et color\u00e9e du chef-d&#039;\u0153uvre de Vivaldi !\" \/>\n<meta name=\"robots\" content=\"index, follow, max-snippet:-1, max-image-preview:large, max-video-preview:-1\" \/>\n<link rel=\"canonical\" href=\"https:\/\/www.concert-hosteldieu.com\/en\/nos-productions\/quatre-saisons-rasmussen\/\" \/>\n<meta property=\"og:locale\" content=\"en_GB\" \/>\n<meta property=\"og:type\" content=\"article\" \/>\n<meta property=\"og:title\" content=\"4 Se\u00e5s\u00f8ns, Vivaldi\/Rasmussen - Le Concert de l&#039;Hostel Dieu\" \/>\n<meta property=\"og:description\" content=\"D\u00e9couvrez 4 Se\u00e5s\u00f8ns, Vivaldi\/Rasmussen, une r\u00e9\u00e9criture imaginative et color\u00e9e du chef-d&#039;\u0153uvre de Vivaldi !\" \/>\n<meta property=\"og:url\" content=\"https:\/\/www.concert-hosteldieu.com\/en\/nos-productions\/quatre-saisons-rasmussen\/\" \/>\n<meta property=\"og:site_name\" content=\"Le Concert de l&#039;Hostel Dieu\" \/>\n<meta property=\"article:publisher\" content=\"https:\/\/www.facebook.com\/leconcert.delhosteldieu\" \/>\n<meta property=\"article:modified_time\" content=\"2025-09-16T08:26:04+00:00\" \/>\n<meta property=\"og:image\" content=\"https:\/\/www.concert-hosteldieu.com\/wp-content\/uploads\/2025\/05\/2025.05.09-La-Trinite-4-seasons-Vivaldi-Rasmussen-204720-@william.sundfor.jpg\" \/>\n\t<meta property=\"og:image:width\" content=\"1920\" \/>\n\t<meta property=\"og:image:height\" content=\"1280\" \/>\n\t<meta property=\"og:image:type\" content=\"image\/jpeg\" \/>\n<meta name=\"twitter:label1\" content=\"Estimated reading time\" \/>\n\t<meta name=\"twitter:data1\" content=\"6 minutes\" \/>\n<script type=\"application\/ld+json\" class=\"yoast-schema-graph\">{\"@context\":\"https:\\\/\\\/schema.org\",\"@graph\":[{\"@type\":\"WebPage\",\"@id\":\"https:\\\/\\\/www.concert-hosteldieu.com\\\/nos-productions\\\/quatre-saisons-rasmussen\\\/\",\"url\":\"https:\\\/\\\/www.concert-hosteldieu.com\\\/nos-productions\\\/quatre-saisons-rasmussen\\\/\",\"name\":\"4 Se\u00e5s\u00f8ns, Vivaldi\\\/Rasmussen - Le Concert de l&#039;Hostel Dieu\",\"isPartOf\":{\"@id\":\"https:\\\/\\\/www.concert-hosteldieu.com\\\/#website\"},\"primaryImageOfPage\":{\"@id\":\"https:\\\/\\\/www.concert-hosteldieu.com\\\/nos-productions\\\/quatre-saisons-rasmussen\\\/#primaryimage\"},\"image\":{\"@id\":\"https:\\\/\\\/www.concert-hosteldieu.com\\\/nos-productions\\\/quatre-saisons-rasmussen\\\/#primaryimage\"},\"thumbnailUrl\":\"https:\\\/\\\/www.concert-hosteldieu.com\\\/wp-content\\\/uploads\\\/2025\\\/05\\\/2025.05.09-La-Trinite-4-seasons-Vivaldi-Rasmussen-204720-@william.sundfor.jpg\",\"datePublished\":\"2023-03-24T10:20:57+00:00\",\"dateModified\":\"2025-09-16T08:26:04+00:00\",\"description\":\"D\u00e9couvrez 4 Se\u00e5s\u00f8ns, Vivaldi\\\/Rasmussen, une r\u00e9\u00e9criture imaginative et color\u00e9e du chef-d'\u0153uvre de Vivaldi !\",\"breadcrumb\":{\"@id\":\"https:\\\/\\\/www.concert-hosteldieu.com\\\/nos-productions\\\/quatre-saisons-rasmussen\\\/#breadcrumb\"},\"inLanguage\":\"en-GB\",\"potentialAction\":[{\"@type\":\"ReadAction\",\"target\":[\"https:\\\/\\\/www.concert-hosteldieu.com\\\/nos-productions\\\/quatre-saisons-rasmussen\\\/\"]}]},{\"@type\":\"ImageObject\",\"inLanguage\":\"en-GB\",\"@id\":\"https:\\\/\\\/www.concert-hosteldieu.com\\\/nos-productions\\\/quatre-saisons-rasmussen\\\/#primaryimage\",\"url\":\"https:\\\/\\\/www.concert-hosteldieu.com\\\/wp-content\\\/uploads\\\/2025\\\/05\\\/2025.05.09-La-Trinite-4-seasons-Vivaldi-Rasmussen-204720-@william.sundfor.jpg\",\"contentUrl\":\"https:\\\/\\\/www.concert-hosteldieu.com\\\/wp-content\\\/uploads\\\/2025\\\/05\\\/2025.05.09-La-Trinite-4-seasons-Vivaldi-Rasmussen-204720-@william.sundfor.jpg\",\"width\":1920,\"height\":1280,\"caption\":\"\u00a9 William Sundfor\"},{\"@type\":\"BreadcrumbList\",\"@id\":\"https:\\\/\\\/www.concert-hosteldieu.com\\\/nos-productions\\\/quatre-saisons-rasmussen\\\/#breadcrumb\",\"itemListElement\":[{\"@type\":\"ListItem\",\"position\":1,\"name\":\"Accueil\",\"item\":\"https:\\\/\\\/www.concert-hosteldieu.com\\\/\"},{\"@type\":\"ListItem\",\"position\":2,\"name\":\"Nos productions\",\"item\":\"https:\\\/\\\/www.concert-hosteldieu.com\\\/nos-productions\\\/\"},{\"@type\":\"ListItem\",\"position\":3,\"name\":\"4 Se\u00e5s\u00f8ns, Vivaldi\\\/Rasmussen\"}]},{\"@type\":\"WebSite\",\"@id\":\"https:\\\/\\\/www.concert-hosteldieu.com\\\/#website\",\"url\":\"https:\\\/\\\/www.concert-hosteldieu.com\\\/\",\"name\":\"Le Concert de l&#039;Hostel Dieu\",\"description\":\"Franck-Emmanuel Comte\",\"publisher\":{\"@id\":\"https:\\\/\\\/www.concert-hosteldieu.com\\\/#organization\"},\"potentialAction\":[{\"@type\":\"SearchAction\",\"target\":{\"@type\":\"EntryPoint\",\"urlTemplate\":\"https:\\\/\\\/www.concert-hosteldieu.com\\\/?s={search_term_string}\"},\"query-input\":{\"@type\":\"PropertyValueSpecification\",\"valueRequired\":true,\"valueName\":\"search_term_string\"}}],\"inLanguage\":\"en-GB\"},{\"@type\":\"Organization\",\"@id\":\"https:\\\/\\\/www.concert-hosteldieu.com\\\/#organization\",\"name\":\"Le Concert de l'Hostel Dieu\",\"url\":\"https:\\\/\\\/www.concert-hosteldieu.com\\\/\",\"logo\":{\"@type\":\"ImageObject\",\"inLanguage\":\"en-GB\",\"@id\":\"https:\\\/\\\/www.concert-hosteldieu.com\\\/#\\\/schema\\\/logo\\\/image\\\/\",\"url\":\"https:\\\/\\\/www.concert-hosteldieu.com\\\/wp-content\\\/uploads\\\/2021\\\/06\\\/logo-chd-noir-transparent.png\",\"contentUrl\":\"https:\\\/\\\/www.concert-hosteldieu.com\\\/wp-content\\\/uploads\\\/2021\\\/06\\\/logo-chd-noir-transparent.png\",\"width\":262,\"height\":106,\"caption\":\"Le Concert de l'Hostel Dieu\"},\"image\":{\"@id\":\"https:\\\/\\\/www.concert-hosteldieu.com\\\/#\\\/schema\\\/logo\\\/image\\\/\"},\"sameAs\":[\"https:\\\/\\\/www.facebook.com\\\/leconcert.delhosteldieu\",\"https:\\\/\\\/x.com\\\/CHDLyon\",\"https:\\\/\\\/instagram.com\\\/concert_hostel_dieu\",\"https:\\\/\\\/www.linkedin.com\\\/company\\\/le-concert-de-l'hostel-dieu\\\/\",\"https:\\\/\\\/www.youtube.com\\\/user\\\/CHDLyon\"]}]}<\/script>\n<!-- \/ Yoast SEO plugin. -->","yoast_head_json":{"title":"4 Se\u00e5s\u00f8ns, Vivaldi\/Rasmussen - Le Concert de l&#039;Hostel Dieu","description":"D\u00e9couvrez 4 Se\u00e5s\u00f8ns, Vivaldi\/Rasmussen, une r\u00e9\u00e9criture imaginative et color\u00e9e du chef-d'\u0153uvre de Vivaldi !","robots":{"index":"index","follow":"follow","max-snippet":"max-snippet:-1","max-image-preview":"max-image-preview:large","max-video-preview":"max-video-preview:-1"},"canonical":"https:\/\/www.concert-hosteldieu.com\/en\/nos-productions\/quatre-saisons-rasmussen\/","og_locale":"en_GB","og_type":"article","og_title":"4 Se\u00e5s\u00f8ns, Vivaldi\/Rasmussen - Le Concert de l&#039;Hostel Dieu","og_description":"D\u00e9couvrez 4 Se\u00e5s\u00f8ns, Vivaldi\/Rasmussen, une r\u00e9\u00e9criture imaginative et color\u00e9e du chef-d'\u0153uvre de Vivaldi !","og_url":"https:\/\/www.concert-hosteldieu.com\/en\/nos-productions\/quatre-saisons-rasmussen\/","og_site_name":"Le Concert de l&#039;Hostel Dieu","article_publisher":"https:\/\/www.facebook.com\/leconcert.delhosteldieu","article_modified_time":"2025-09-16T08:26:04+00:00","og_image":[{"width":1920,"height":1280,"url":"https:\/\/www.concert-hosteldieu.com\/wp-content\/uploads\/2025\/05\/2025.05.09-La-Trinite-4-seasons-Vivaldi-Rasmussen-204720-@william.sundfor.jpg","type":"image\/jpeg"}],"twitter_misc":{"Estimated reading time":"6 minutes"},"schema":{"@context":"https:\/\/schema.org","@graph":[{"@type":"WebPage","@id":"https:\/\/www.concert-hosteldieu.com\/nos-productions\/quatre-saisons-rasmussen\/","url":"https:\/\/www.concert-hosteldieu.com\/nos-productions\/quatre-saisons-rasmussen\/","name":"4 Se\u00e5s\u00f8ns, Vivaldi\/Rasmussen - Le Concert de l&#039;Hostel Dieu","isPartOf":{"@id":"https:\/\/www.concert-hosteldieu.com\/#website"},"primaryImageOfPage":{"@id":"https:\/\/www.concert-hosteldieu.com\/nos-productions\/quatre-saisons-rasmussen\/#primaryimage"},"image":{"@id":"https:\/\/www.concert-hosteldieu.com\/nos-productions\/quatre-saisons-rasmussen\/#primaryimage"},"thumbnailUrl":"https:\/\/www.concert-hosteldieu.com\/wp-content\/uploads\/2025\/05\/2025.05.09-La-Trinite-4-seasons-Vivaldi-Rasmussen-204720-@william.sundfor.jpg","datePublished":"2023-03-24T10:20:57+00:00","dateModified":"2025-09-16T08:26:04+00:00","description":"D\u00e9couvrez 4 Se\u00e5s\u00f8ns, Vivaldi\/Rasmussen, une r\u00e9\u00e9criture imaginative et color\u00e9e du chef-d'\u0153uvre de Vivaldi !","breadcrumb":{"@id":"https:\/\/www.concert-hosteldieu.com\/nos-productions\/quatre-saisons-rasmussen\/#breadcrumb"},"inLanguage":"en-GB","potentialAction":[{"@type":"ReadAction","target":["https:\/\/www.concert-hosteldieu.com\/nos-productions\/quatre-saisons-rasmussen\/"]}]},{"@type":"ImageObject","inLanguage":"en-GB","@id":"https:\/\/www.concert-hosteldieu.com\/nos-productions\/quatre-saisons-rasmussen\/#primaryimage","url":"https:\/\/www.concert-hosteldieu.com\/wp-content\/uploads\/2025\/05\/2025.05.09-La-Trinite-4-seasons-Vivaldi-Rasmussen-204720-@william.sundfor.jpg","contentUrl":"https:\/\/www.concert-hosteldieu.com\/wp-content\/uploads\/2025\/05\/2025.05.09-La-Trinite-4-seasons-Vivaldi-Rasmussen-204720-@william.sundfor.jpg","width":1920,"height":1280,"caption":"\u00a9 William Sundfor"},{"@type":"BreadcrumbList","@id":"https:\/\/www.concert-hosteldieu.com\/nos-productions\/quatre-saisons-rasmussen\/#breadcrumb","itemListElement":[{"@type":"ListItem","position":1,"name":"Accueil","item":"https:\/\/www.concert-hosteldieu.com\/"},{"@type":"ListItem","position":2,"name":"Nos productions","item":"https:\/\/www.concert-hosteldieu.com\/nos-productions\/"},{"@type":"ListItem","position":3,"name":"4 Se\u00e5s\u00f8ns, Vivaldi\/Rasmussen"}]},{"@type":"WebSite","@id":"https:\/\/www.concert-hosteldieu.com\/#website","url":"https:\/\/www.concert-hosteldieu.com\/","name":"Le Concert de l&#039;Hostel Dieu","description":"Franck-Emmanuel Comte","publisher":{"@id":"https:\/\/www.concert-hosteldieu.com\/#organization"},"potentialAction":[{"@type":"SearchAction","target":{"@type":"EntryPoint","urlTemplate":"https:\/\/www.concert-hosteldieu.com\/?s={search_term_string}"},"query-input":{"@type":"PropertyValueSpecification","valueRequired":true,"valueName":"search_term_string"}}],"inLanguage":"en-GB"},{"@type":"Organization","@id":"https:\/\/www.concert-hosteldieu.com\/#organization","name":"Le Concert de l'Hostel Dieu","url":"https:\/\/www.concert-hosteldieu.com\/","logo":{"@type":"ImageObject","inLanguage":"en-GB","@id":"https:\/\/www.concert-hosteldieu.com\/#\/schema\/logo\/image\/","url":"https:\/\/www.concert-hosteldieu.com\/wp-content\/uploads\/2021\/06\/logo-chd-noir-transparent.png","contentUrl":"https:\/\/www.concert-hosteldieu.com\/wp-content\/uploads\/2021\/06\/logo-chd-noir-transparent.png","width":262,"height":106,"caption":"Le Concert de l'Hostel Dieu"},"image":{"@id":"https:\/\/www.concert-hosteldieu.com\/#\/schema\/logo\/image\/"},"sameAs":["https:\/\/www.facebook.com\/leconcert.delhosteldieu","https:\/\/x.com\/CHDLyon","https:\/\/instagram.com\/concert_hostel_dieu","https:\/\/www.linkedin.com\/company\/le-concert-de-l'hostel-dieu\/","https:\/\/www.youtube.com\/user\/CHDLyon"]}]}},"_links":{"self":[{"href":"https:\/\/www.concert-hosteldieu.com\/en\/wp-json\/wp\/v2\/pages\/19471","targetHints":{"allow":["GET"]}}],"collection":[{"href":"https:\/\/www.concert-hosteldieu.com\/en\/wp-json\/wp\/v2\/pages"}],"about":[{"href":"https:\/\/www.concert-hosteldieu.com\/en\/wp-json\/wp\/v2\/types\/page"}],"author":[{"embeddable":true,"href":"https:\/\/www.concert-hosteldieu.com\/en\/wp-json\/wp\/v2\/users\/2776"}],"replies":[{"embeddable":true,"href":"https:\/\/www.concert-hosteldieu.com\/en\/wp-json\/wp\/v2\/comments?post=19471"}],"version-history":[{"count":7,"href":"https:\/\/www.concert-hosteldieu.com\/en\/wp-json\/wp\/v2\/pages\/19471\/revisions"}],"predecessor-version":[{"id":23352,"href":"https:\/\/www.concert-hosteldieu.com\/en\/wp-json\/wp\/v2\/pages\/19471\/revisions\/23352"}],"up":[{"embeddable":true,"href":"https:\/\/www.concert-hosteldieu.com\/en\/wp-json\/wp\/v2\/pages\/23593"}],"wp:featuredmedia":[{"embeddable":true,"href":"https:\/\/www.concert-hosteldieu.com\/en\/wp-json\/wp\/v2\/media\/23317"}],"wp:attachment":[{"href":"https:\/\/www.concert-hosteldieu.com\/en\/wp-json\/wp\/v2\/media?parent=19471"}],"wp:term":[{"taxonomy":"category","embeddable":true,"href":"https:\/\/www.concert-hosteldieu.com\/en\/wp-json\/wp\/v2\/categories?post=19471"},{"taxonomy":"post_tag","embeddable":true,"href":"https:\/\/www.concert-hosteldieu.com\/en\/wp-json\/wp\/v2\/tags?post=19471"}],"curies":[{"name":"wp","href":"https:\/\/api.w.org\/{rel}","templated":true}]}}