{"id":19152,"date":"2023-01-09T15:15:22","date_gmt":"2023-01-09T14:15:22","guid":{"rendered":"https:\/\/www.concert-hosteldieu.com\/?page_id=19152"},"modified":"2026-03-16T17:30:45","modified_gmt":"2026-03-16T16:30:45","slug":"prima-donna","status":"publish","type":"page","link":"https:\/\/www.concert-hosteldieu.com\/en\/nos-productions\/prima-donna\/","title":{"rendered":"Prima Donna"},"content":{"rendered":"\n\n\t\t\t\t\t\t<h4>Programme<\/h4>\n\t\t\t<p>Adagio e spiccato, Allegro, extraits du Concerto pour 2 violons et violoncelle RV 578<\/p>\n<p>\u00ab\u00a0Qual Furore, qual affanno\u00a0\u00bb, air d&rsquo;Asteria, extrait de Bajazet, RV 703<\/p>\n<p>\u00ab\u00a0Cum dederit\u00a0\u00bb, extrait de Nisi Dominus,\u00a0RV 608<\/p>\n<p>Sinfonia RV 156 (Allegro, Adagio, Allegro)<\/p>\n<p>R\u00e9citatif \u00ab\u00a0Milites hum venite\u00a0\u00bb et Aria \u00ab\u00a0Armatae face et anguibis\u00a0\u00bb, air de Vagaus, extrait de Judith Triumphans,\u00a0RV 644<\/p>\n<p>Allegro, extrait du Concerto RV 152<\/p>\n<p>\u00ab\u00a0Eia mater\u00a0\u00bb et \u00ab\u00a0Fac ut ardeat\u00a0\u00bb, extrait de Stabat Mater,\u00a0RV 621<\/p>\n<p>Sinfonia (Andante molto),\u00a0extrait de Bajazet, RV 703<\/p>\n<p>\u00ab\u00a0Sposa son disprezzata\u00a0\u00bb, air d&rsquo;Irena,\u00a0extrait de Bajazet, RV 703<\/p>\n<p>\u00ab\u00a0Svena, uccidi\u00a0\u00bb, air d&rsquo;Asteria,\u00a0extrait de Bajazet, RV 703<\/p>\n<p>Allegro, extrait de la Sonate pour violoncelle RV 44\u00a0<\/p>\n<p>\u00ab\u00a0Qual guerriero in campo\u00a0\u00bb, air d&rsquo;Irena, extrait de Bajazet, RV 703<\/p>\n\t\t\t\t\t\t<h4>Distribution<\/h4>\n\t\t\t<p><a href=\"https:\/\/www.concert-hosteldieu.com\/nos-artistes-invites\/blandine-de-sansal\/\">Blandine de Sansal<\/a>, mezzo-soprano<br \/>Le Concert de l&rsquo;Hostel Dieu<br \/><a href=\"https:\/\/www.concert-hosteldieu.com\/franck-emmanuel-comte\/\">Franck-Emmanuel Comte<\/a>, clavecin et direction<br \/><a href=\"https:\/\/www.concert-hosteldieu.com\/nos-musiciens\/reynier-guerrero\/\">Reynier Guerrero<\/a>, violon solo<\/p>\n<p><strong>Effectif :<\/strong><br \/>1 soliste, 12 instrumentistes<\/p>\n\t<p>Fille d&rsquo;un perruquier fran\u00e7ais install\u00e9 \u00e0 Mantoue, la mezzo-soprano Anna Giraud rencontre Vivaldi dans cette m\u00eame ville. La jeune fille et le musicien se lient ; il lui donne des le\u00e7ons qui se poursuivent \u00e0 Venise \u00e0 l&rsquo;Ospedale della piet\u00e0. Subjugu\u00e9 par celle qui deviendra une des principale Prima donna de la S\u00e9r\u00e9nissime, le pr\u00eatre roux compose pour Anna &#8211; surnomm\u00e9e \u00ab\u00a0<em>La Gir\u00f2<\/em>\u00a0\u00bb &#8211; pas moins d&rsquo;une dizaine de ses premiers r\u00f4les. \u00ab\u00a0<em>L&rsquo;Anima Del prete rosso<\/em>\u00ab\u00a0, d\u00e9nomm\u00e9e ainsi par les v\u00e9nitiens devient la Prima donna d&rsquo;ouvrages majeurs tel que <em>Griselda<\/em>, <em>Orlando, Alcina, Bajazet&#8230;.<\/em><\/p>\n<p>Sans montrer la virtuosit\u00e9 des grands castrats, elle est reconnue pour ses nombreuses qualit\u00e9s : chant expressif, tessiture flatteuse vers le registre grave, charisme et charme d&rsquo;un physique avantageux et, surtout, un talent av\u00e9r\u00e9 de com\u00e9dienne, lequel lui vaut les \u00e9loges de Goldoni. L&rsquo;\u00e9poque retiendra \u00e9galement le parfum de myst\u00e8re et de scandale qui accompagnait la relation amoureuse et suppos\u00e9e reliant le ma\u00eetre et sa muse&#8230;<\/p>\n<p><a href=\"https:\/\/www.quellusignolo.fr\/contraltos\/giro.html\" target=\"_blank\" rel=\"noopener\">Voir le portrait de Anna Giraud sur le site Quell&rsquo;Usignolo<\/a><\/p>\n\t<h4>\n\t\t\t\tEN IMAGES\n\t\t\t<\/h4>\n\t<h4>\n\t\t\t\tEN VIDEO\n\t\t\t<\/h4>\n\t\t\t\t\t<a href=\"https:\/\/youtu.be\/La01-ri-z98\" aria-label=\"uabb-video-gallery\" data-fancybox=\"uabb-video-gallery\" data-url=\"https:\/\/www.youtube.com\/embed\/?autoplay=1&#038;version=3&#038;enablejsapi=1\"class=\"uabb-video-gallery-fancybox uabb-vg__play_full \">\t\t\t\t\t\t\n\t\t\t\t\t<\/a>\t\t\t\t\n\t\t\t\t\t\t<h4>LA PRESSE EN PARLE<\/h4>\n\t\t\t<p><strong><a href=\"https:\/\/www.resmusica.com\/2023\/07\/05\/mezzo-soprano-et-contre-tenors-au-festival-de-musique-baroque-et-sacree-de-froville\/?fbclid=IwAR1itahs8L0f5snKNgdI_gqlfBGGkvRMsdB5LB0v9opnVBMuWdAKhbQa0A0_aem_AQNszyf8wrPYEUKGsC8eeGQJ-_gBhl0HhV_5ezyIGnBaPJK7agi-o-166KRcir-Q2eA\" target=\"_blank\" rel=\"noopener\">RESMUSICA | 05.07.2023 | Pierre Degott<\/a><br \/><\/strong>\u00ab \u00c0 l&rsquo;aise dans les redoutables vocalises du c\u00e9l\u00e8bre <em>\u00ab Agitata da due venti \u00bb<\/em>, dont elle ne fait qu&rsquo;une bouch\u00e9e, la jeune chanteuse sait \u00e9galement plier sa voix aux longues phrases de\u00a0<em>\u00ab Sposa son disprezzata \u00bb<\/em>\u00a0de\u00a0<em>Bajazet<\/em>. Son interpr\u00e9tation des airs d&rsquo;<em>Alcina<\/em> fait valoir tout le velout\u00e9 et le capiteux d&rsquo;un timbre naturellement rond et chaleureux [&#8230;]\u00a0Magistralement accompagn\u00e9e par les musiciens du Concert de L&rsquo;Hostel Dieu, sous la direction de\u00a0<a title=\"Posts tagged with Franck-Emmanuel Comte\" href=\"https:\/\/www.resmusica.com\/mot-clef\/franck-emmanuel-comte\/\" target=\"_blank\" rel=\"noopener tag\" data-saferedirecturl=\"https:\/\/www.google.com\/url?q=https:\/\/www.resmusica.com\/mot-clef\/franck-emmanuel-comte\/&amp;source=gmail&amp;ust=1689236778466000&amp;usg=AOvVaw3e08YRhglqXFEIIKern7eM\">Franck-Emmanuel Comte<\/a>, Blandine de Sansal est de toute \u00e9vidence une enfant ch\u00e9rie du Festival de Froville, et l&rsquo;on se r\u00e9jouit de la r\u00e9entendre dans les ann\u00e9es \u00e0 venir. \u00bb<\/p>\n\t\t\t\t\t\t<h4>MENTIONS<\/h4>\n\t\t\t<p>Avec le soutien de la <a href=\"https:\/\/www.spedidam.fr\/\">SPEDIDAM<\/a>.<\/p>\n<p><img loading=\"lazy\" decoding=\"async\" src=\"https:\/\/www.concert-hosteldieu.com\/wp-content\/uploads\/2026\/03\/SPEDIDAM_new-300x150.png\" alt=\"\" width=\"200\" height=\"100\" \/><\/p>\n\t<h4>\n\t\t\t\tAGENDA\n\t\t\t<\/h4>\n\t<h4>\n\t\t\t\tAgenda &#8211; \u00c9v\u00e9nements pass\u00e9s\n\t\t\t<\/h4>\n<h4  id=\"artiste\">\n\t\t\tLES ARTISTES ASSOCI\u00c9S\t<\/h4>\n\t\t\t\t\t\t\t\t\t\t\t\t\t\t<a href=\"https:\/\/www.concert-hosteldieu.com\/nos-artistes-invites\/blandine-de-sansal\/\" target=\"_self\" title=\"Blandine de Sansal\">\n\t\t\t\t<img decoding=\"async\" src=\"https:\/\/www.concert-hosteldieu.com\/wp-content\/uploads\/2025\/05\/Photo-Blandine-3_h-\u00a9Marielle-Aube.jpg\" alt=\"\" \/>\n\t\t\t\t<\/a>\n\t\t\t\t\t\t<h3>\n\t\t\t\t<a href=\"https:\/\/www.concert-hosteldieu.com\/nos-artistes-invites\/blandine-de-sansal\/\" title=\"Blandine de Sansal\">Blandine de Sansal<\/a>\t\t\t<\/h3>\n\t\t\t\t\t\t\t\t\t\t\t\t\t\t<a href=\"https:\/\/www.concert-hosteldieu.com\/franck-emmanuel-comte\/\" target=\"_self\" title=\"Franck-Emmanuel Comte\">\n\t\t\t\t<img decoding=\"async\" src=\"https:\/\/www.concert-hosteldieu.com\/wp-content\/uploads\/2021\/07\/CHD-FE-Comte-portrait-Jean-Combier-6.jpg\" alt=\"Franck-Emmanuel Comte, directeur artistique du Concert de l&#039;Hostel Dieu\" \/>\n\t\t\t\t<\/a>\n\t\t\t\t\t\t<h3>\n\t\t\t\t<a href=\"https:\/\/www.concert-hosteldieu.com\/franck-emmanuel-comte\/\" title=\"Franck-Emmanuel Comte\">Franck-Emmanuel Comte<\/a>\t\t\t<\/h3>\n\t\t\t\t\t\t\t\t\t\t\t\t\t\t<a href=\"https:\/\/www.concert-hosteldieu.com\/nos-musiciens\/reynier-guerrero\/\" target=\"_self\" title=\"Reynier Guerrero\">\n\t\t\t\t<img decoding=\"async\" src=\"https:\/\/www.concert-hosteldieu.com\/wp-content\/uploads\/2025\/05\/24-12-05_Prima-Donna_Salle-Saint-Helene-Lyon-\u00a9Karelle-Perdrizet-7.jpg\" alt=\"\" \/>\n\t\t\t\t<\/a>\n\t\t\t\t\t\t<h3>\n\t\t\t\t<a href=\"https:\/\/www.concert-hosteldieu.com\/nos-musiciens\/reynier-guerrero\/\" title=\"Reynier Guerrero\">Reynier Guerrero<\/a>\t\t\t<\/h3>\n\t\t\t\t\t\t\t\t\t\t\t\t\t\t<a href=\"https:\/\/www.concert-hosteldieu.com\/nos-musiciens\/sayaka-shinoda\/\" target=\"_self\" title=\"Sayaka Shinoda\">\n\t\t\t\t<img decoding=\"async\" src=\"https:\/\/www.concert-hosteldieu.com\/wp-content\/uploads\/2021\/07\/Sayaka-Shinoda1\u00a9Julie-Cherki-1.jpg\" alt=\"\" \/>\n\t\t\t\t<\/a>\n\t\t\t\t\t\t<h3>\n\t\t\t\t<a href=\"https:\/\/www.concert-hosteldieu.com\/nos-musiciens\/sayaka-shinoda\/\" title=\"Sayaka Shinoda\">Sayaka Shinoda<\/a>\t\t\t<\/h3>\n\t\t\t\t\t\t\t\t\t\t\t\t\t\t<a href=\"https:\/\/www.concert-hosteldieu.com\/nos-musiciens\/andre-costa\/\" target=\"_self\" title=\"Andr\u00e9 Costa\">\n\t\t\t\t<img decoding=\"async\" src=\"https:\/\/www.concert-hosteldieu.com\/wp-content\/uploads\/2021\/06\/Confluence-109_web.jpg\" alt=\"\" \/>\n\t\t\t\t<\/a>\n\t\t\t\t\t\t<h3>\n\t\t\t\t<a href=\"https:\/\/www.concert-hosteldieu.com\/nos-musiciens\/andre-costa\/\" title=\"Andr\u00e9 Costa\">Andr\u00e9 Costa<\/a>\t\t\t<\/h3>\n\t\t\t\t\t\t\t\t\t\t\t\t\t\t<a href=\"https:\/\/www.concert-hosteldieu.com\/nos-musiciens\/aude-walker-viry\/\" target=\"_self\" title=\"Aude Walker-Viry\">\n\t\t\t\t<img decoding=\"async\" src=\"https:\/\/www.concert-hosteldieu.com\/wp-content\/uploads\/2021\/06\/GAM07756.jpg\" alt=\"\" \/>\n\t\t\t\t<\/a>\n\t\t\t\t\t\t<h3>\n\t\t\t\t<a href=\"https:\/\/www.concert-hosteldieu.com\/nos-musiciens\/aude-walker-viry\/\" title=\"Aude Walker-Viry\">Aude Walker-Viry<\/a>\t\t\t<\/h3>\n\t\t\t\t\t\t\t\t\t\t\t\t\t\t<a href=\"https:\/\/www.concert-hosteldieu.com\/nos-musiciens\/nicolas-janot\/\" target=\"_self\" title=\"Nicolas Janot\">\n\t\t\t\t<img decoding=\"async\" src=\"https:\/\/www.concert-hosteldieu.com\/wp-content\/uploads\/2021\/06\/GAM07278.jpg\" alt=\"\" \/>\n\t\t\t\t<\/a>\n\t\t\t\t\t\t<h3>\n\t\t\t\t<a href=\"https:\/\/www.concert-hosteldieu.com\/nos-musiciens\/nicolas-janot\/\" title=\"Nicolas Janot\">Nicolas Janot<\/a>\t\t\t<\/h3>\n\n","protected":false},"excerpt":{"rendered":"<p>Programme Adagio e spiccato, Allegro, extraits du Concerto pour 2 violons et violoncelle RV 578 \u00ab\u00a0Qual Furore, qual affanno\u00a0\u00bb, air d&rsquo;Asteria, extrait de Bajazet, RV 703 \u00ab\u00a0Cum dederit\u00a0\u00bb, extrait de Nisi Dominus,\u00a0RV 608 Sinfonia RV 156 (Allegro, Adagio, Allegro) R\u00e9citatif [&hellip;]<\/p>\n","protected":false},"author":2776,"featured_media":22269,"parent":23593,"menu_order":0,"comment_status":"closed","ping_status":"closed","template":"","meta":{"site-sidebar-layout":"default","site-content-layout":"","ast-site-content-layout":"full-width-container","site-content-style":"unboxed","site-sidebar-style":"unboxed","ast-global-header-display":"","ast-banner-title-visibility":"","ast-main-header-display":"","ast-hfb-above-header-display":"","ast-hfb-below-header-display":"","ast-hfb-mobile-header-display":"","site-post-title":"disabled","ast-breadcrumbs-content":"","ast-featured-img":"disabled","footer-sml-layout":"","ast-disable-related-posts":"","theme-transparent-header-meta":"default","adv-header-id-meta":"","stick-header-meta":"default","header-above-stick-meta":"","header-main-stick-meta":"","header-below-stick-meta":"","astra-migrate-meta-layouts":"set","ast-page-background-enabled":"default","ast-page-background-meta":{"desktop":{"background-color":"","background-image":"","background-repeat":"repeat","background-position":"center center","background-size":"auto","background-attachment":"scroll","background-type":"","background-media":"","overlay-type":"","overlay-color":"","overlay-opacity":"","overlay-gradient":""},"tablet":{"background-color":"","background-image":"","background-repeat":"repeat","background-position":"center center","background-size":"auto","background-attachment":"scroll","background-type":"","background-media":"","overlay-type":"","overlay-color":"","overlay-opacity":"","overlay-gradient":""},"mobile":{"background-color":"","background-image":"","background-repeat":"repeat","background-position":"center center","background-size":"auto","background-attachment":"scroll","background-type":"","background-media":"","overlay-type":"","overlay-color":"","overlay-opacity":"","overlay-gradient":""}},"ast-content-background-meta":{"desktop":{"background-color":"var(--ast-global-color-5)","background-image":"","background-repeat":"repeat","background-position":"center center","background-size":"auto","background-attachment":"scroll","background-type":"","background-media":"","overlay-type":"","overlay-color":"","overlay-opacity":"","overlay-gradient":""},"tablet":{"background-color":"var(--ast-global-color-5)","background-image":"","background-repeat":"repeat","background-position":"center center","background-size":"auto","background-attachment":"scroll","background-type":"","background-media":"","overlay-type":"","overlay-color":"","overlay-opacity":"","overlay-gradient":""},"mobile":{"background-color":"var(--ast-global-color-5)","background-image":"","background-repeat":"repeat","background-position":"center center","background-size":"auto","background-attachment":"scroll","background-type":"","background-media":"","overlay-type":"","overlay-color":"","overlay-opacity":"","overlay-gradient":""}},"footnotes":""},"categories":[452],"tags":[],"class_list":["post-19152","page","type-page","status-publish","has-post-thumbnail","hentry","category-nos-productions-passees"],"yoast_head":"<!-- This site is optimized with the Yoast SEO plugin v27.5 - https:\/\/yoast.com\/product\/yoast-seo-wordpress\/ -->\n<title>Prima Donna - Le Concert de l&#039;Hostel Dieu<\/title>\n<meta name=\"description\" content=\"D\u00e9couvrez Fantasmi di Ambleto, et laissez-vous transporter dans l\u2019univers passionnant, ambigu\u00eb et fascinant d\u2019Hamlet !\" \/>\n<meta name=\"robots\" content=\"index, follow, max-snippet:-1, max-image-preview:large, max-video-preview:-1\" \/>\n<link rel=\"canonical\" href=\"https:\/\/www.concert-hosteldieu.com\/en\/nos-productions\/prima-donna\/\" \/>\n<meta property=\"og:locale\" content=\"en_GB\" \/>\n<meta property=\"og:type\" content=\"article\" \/>\n<meta property=\"og:title\" content=\"Prima Donna - Le Concert de l&#039;Hostel Dieu\" \/>\n<meta property=\"og:description\" content=\"D\u00e9couvrez Fantasmi di Ambleto, et laissez-vous transporter dans l\u2019univers passionnant, ambigu\u00eb et fascinant d\u2019Hamlet !\" \/>\n<meta property=\"og:url\" content=\"https:\/\/www.concert-hosteldieu.com\/en\/nos-productions\/prima-donna\/\" \/>\n<meta property=\"og:site_name\" content=\"Le Concert de l&#039;Hostel Dieu\" \/>\n<meta property=\"article:publisher\" content=\"https:\/\/www.facebook.com\/leconcert.delhosteldieu\" \/>\n<meta property=\"article:modified_time\" content=\"2026-03-16T16:30:45+00:00\" \/>\n<meta property=\"og:image\" content=\"https:\/\/www.concert-hosteldieu.com\/wp-content\/uploads\/2024\/07\/24-07-21_Prima-Donna_Cordon_Festival-du-Mont-Blanc-\u00a9Pierre-Duclos.jpg\" \/>\n\t<meta property=\"og:image:width\" content=\"1920\" \/>\n\t<meta property=\"og:image:height\" content=\"1280\" \/>\n\t<meta property=\"og:image:type\" content=\"image\/jpeg\" \/>\n<meta name=\"twitter:label1\" content=\"Estimated reading time\" \/>\n\t<meta name=\"twitter:data1\" content=\"6 minutes\" \/>\n<script type=\"application\/ld+json\" class=\"yoast-schema-graph\">{\"@context\":\"https:\\\/\\\/schema.org\",\"@graph\":[{\"@type\":\"WebPage\",\"@id\":\"https:\\\/\\\/www.concert-hosteldieu.com\\\/nos-productions\\\/prima-donna\\\/\",\"url\":\"https:\\\/\\\/www.concert-hosteldieu.com\\\/nos-productions\\\/prima-donna\\\/\",\"name\":\"Prima Donna - Le Concert de l&#039;Hostel Dieu\",\"isPartOf\":{\"@id\":\"https:\\\/\\\/www.concert-hosteldieu.com\\\/#website\"},\"primaryImageOfPage\":{\"@id\":\"https:\\\/\\\/www.concert-hosteldieu.com\\\/nos-productions\\\/prima-donna\\\/#primaryimage\"},\"image\":{\"@id\":\"https:\\\/\\\/www.concert-hosteldieu.com\\\/nos-productions\\\/prima-donna\\\/#primaryimage\"},\"thumbnailUrl\":\"https:\\\/\\\/www.concert-hosteldieu.com\\\/wp-content\\\/uploads\\\/2024\\\/07\\\/24-07-21_Prima-Donna_Cordon_Festival-du-Mont-Blanc-\u00a9Pierre-Duclos.jpg\",\"datePublished\":\"2023-01-09T14:15:22+00:00\",\"dateModified\":\"2026-03-16T16:30:45+00:00\",\"description\":\"D\u00e9couvrez Fantasmi di Ambleto, et laissez-vous transporter dans l\u2019univers passionnant, ambigu\u00eb et fascinant d\u2019Hamlet !\",\"breadcrumb\":{\"@id\":\"https:\\\/\\\/www.concert-hosteldieu.com\\\/nos-productions\\\/prima-donna\\\/#breadcrumb\"},\"inLanguage\":\"en-GB\",\"potentialAction\":[{\"@type\":\"ReadAction\",\"target\":[\"https:\\\/\\\/www.concert-hosteldieu.com\\\/nos-productions\\\/prima-donna\\\/\"]}]},{\"@type\":\"ImageObject\",\"inLanguage\":\"en-GB\",\"@id\":\"https:\\\/\\\/www.concert-hosteldieu.com\\\/nos-productions\\\/prima-donna\\\/#primaryimage\",\"url\":\"https:\\\/\\\/www.concert-hosteldieu.com\\\/wp-content\\\/uploads\\\/2024\\\/07\\\/24-07-21_Prima-Donna_Cordon_Festival-du-Mont-Blanc-\u00a9Pierre-Duclos.jpg\",\"contentUrl\":\"https:\\\/\\\/www.concert-hosteldieu.com\\\/wp-content\\\/uploads\\\/2024\\\/07\\\/24-07-21_Prima-Donna_Cordon_Festival-du-Mont-Blanc-\u00a9Pierre-Duclos.jpg\",\"width\":1920,\"height\":1280,\"caption\":\"\u00a9Pierre Duclos\"},{\"@type\":\"BreadcrumbList\",\"@id\":\"https:\\\/\\\/www.concert-hosteldieu.com\\\/nos-productions\\\/prima-donna\\\/#breadcrumb\",\"itemListElement\":[{\"@type\":\"ListItem\",\"position\":1,\"name\":\"Accueil\",\"item\":\"https:\\\/\\\/www.concert-hosteldieu.com\\\/\"},{\"@type\":\"ListItem\",\"position\":2,\"name\":\"Nos productions\",\"item\":\"https:\\\/\\\/www.concert-hosteldieu.com\\\/nos-productions\\\/\"},{\"@type\":\"ListItem\",\"position\":3,\"name\":\"Prima Donna\"}]},{\"@type\":\"WebSite\",\"@id\":\"https:\\\/\\\/www.concert-hosteldieu.com\\\/#website\",\"url\":\"https:\\\/\\\/www.concert-hosteldieu.com\\\/\",\"name\":\"Le Concert de l&#039;Hostel Dieu\",\"description\":\"Franck-Emmanuel Comte\",\"publisher\":{\"@id\":\"https:\\\/\\\/www.concert-hosteldieu.com\\\/#organization\"},\"potentialAction\":[{\"@type\":\"SearchAction\",\"target\":{\"@type\":\"EntryPoint\",\"urlTemplate\":\"https:\\\/\\\/www.concert-hosteldieu.com\\\/?s={search_term_string}\"},\"query-input\":{\"@type\":\"PropertyValueSpecification\",\"valueRequired\":true,\"valueName\":\"search_term_string\"}}],\"inLanguage\":\"en-GB\"},{\"@type\":\"Organization\",\"@id\":\"https:\\\/\\\/www.concert-hosteldieu.com\\\/#organization\",\"name\":\"Le Concert de l'Hostel Dieu\",\"url\":\"https:\\\/\\\/www.concert-hosteldieu.com\\\/\",\"logo\":{\"@type\":\"ImageObject\",\"inLanguage\":\"en-GB\",\"@id\":\"https:\\\/\\\/www.concert-hosteldieu.com\\\/#\\\/schema\\\/logo\\\/image\\\/\",\"url\":\"https:\\\/\\\/www.concert-hosteldieu.com\\\/wp-content\\\/uploads\\\/2021\\\/06\\\/logo-chd-noir-transparent.png\",\"contentUrl\":\"https:\\\/\\\/www.concert-hosteldieu.com\\\/wp-content\\\/uploads\\\/2021\\\/06\\\/logo-chd-noir-transparent.png\",\"width\":262,\"height\":106,\"caption\":\"Le Concert de l'Hostel Dieu\"},\"image\":{\"@id\":\"https:\\\/\\\/www.concert-hosteldieu.com\\\/#\\\/schema\\\/logo\\\/image\\\/\"},\"sameAs\":[\"https:\\\/\\\/www.facebook.com\\\/leconcert.delhosteldieu\",\"https:\\\/\\\/x.com\\\/CHDLyon\",\"https:\\\/\\\/instagram.com\\\/concert_hostel_dieu\",\"https:\\\/\\\/www.linkedin.com\\\/company\\\/le-concert-de-l'hostel-dieu\\\/\",\"https:\\\/\\\/www.youtube.com\\\/user\\\/CHDLyon\"]}]}<\/script>\n<!-- \/ Yoast SEO plugin. -->","yoast_head_json":{"title":"Prima Donna - Le Concert de l&#039;Hostel Dieu","description":"D\u00e9couvrez Fantasmi di Ambleto, et laissez-vous transporter dans l\u2019univers passionnant, ambigu\u00eb et fascinant d\u2019Hamlet !","robots":{"index":"index","follow":"follow","max-snippet":"max-snippet:-1","max-image-preview":"max-image-preview:large","max-video-preview":"max-video-preview:-1"},"canonical":"https:\/\/www.concert-hosteldieu.com\/en\/nos-productions\/prima-donna\/","og_locale":"en_GB","og_type":"article","og_title":"Prima Donna - Le Concert de l&#039;Hostel Dieu","og_description":"D\u00e9couvrez Fantasmi di Ambleto, et laissez-vous transporter dans l\u2019univers passionnant, ambigu\u00eb et fascinant d\u2019Hamlet !","og_url":"https:\/\/www.concert-hosteldieu.com\/en\/nos-productions\/prima-donna\/","og_site_name":"Le Concert de l&#039;Hostel Dieu","article_publisher":"https:\/\/www.facebook.com\/leconcert.delhosteldieu","article_modified_time":"2026-03-16T16:30:45+00:00","og_image":[{"width":1920,"height":1280,"url":"https:\/\/www.concert-hosteldieu.com\/wp-content\/uploads\/2024\/07\/24-07-21_Prima-Donna_Cordon_Festival-du-Mont-Blanc-\u00a9Pierre-Duclos.jpg","type":"image\/jpeg"}],"twitter_misc":{"Estimated reading time":"6 minutes"},"schema":{"@context":"https:\/\/schema.org","@graph":[{"@type":"WebPage","@id":"https:\/\/www.concert-hosteldieu.com\/nos-productions\/prima-donna\/","url":"https:\/\/www.concert-hosteldieu.com\/nos-productions\/prima-donna\/","name":"Prima Donna - Le Concert de l&#039;Hostel Dieu","isPartOf":{"@id":"https:\/\/www.concert-hosteldieu.com\/#website"},"primaryImageOfPage":{"@id":"https:\/\/www.concert-hosteldieu.com\/nos-productions\/prima-donna\/#primaryimage"},"image":{"@id":"https:\/\/www.concert-hosteldieu.com\/nos-productions\/prima-donna\/#primaryimage"},"thumbnailUrl":"https:\/\/www.concert-hosteldieu.com\/wp-content\/uploads\/2024\/07\/24-07-21_Prima-Donna_Cordon_Festival-du-Mont-Blanc-\u00a9Pierre-Duclos.jpg","datePublished":"2023-01-09T14:15:22+00:00","dateModified":"2026-03-16T16:30:45+00:00","description":"D\u00e9couvrez Fantasmi di Ambleto, et laissez-vous transporter dans l\u2019univers passionnant, ambigu\u00eb et fascinant d\u2019Hamlet !","breadcrumb":{"@id":"https:\/\/www.concert-hosteldieu.com\/nos-productions\/prima-donna\/#breadcrumb"},"inLanguage":"en-GB","potentialAction":[{"@type":"ReadAction","target":["https:\/\/www.concert-hosteldieu.com\/nos-productions\/prima-donna\/"]}]},{"@type":"ImageObject","inLanguage":"en-GB","@id":"https:\/\/www.concert-hosteldieu.com\/nos-productions\/prima-donna\/#primaryimage","url":"https:\/\/www.concert-hosteldieu.com\/wp-content\/uploads\/2024\/07\/24-07-21_Prima-Donna_Cordon_Festival-du-Mont-Blanc-\u00a9Pierre-Duclos.jpg","contentUrl":"https:\/\/www.concert-hosteldieu.com\/wp-content\/uploads\/2024\/07\/24-07-21_Prima-Donna_Cordon_Festival-du-Mont-Blanc-\u00a9Pierre-Duclos.jpg","width":1920,"height":1280,"caption":"\u00a9Pierre Duclos"},{"@type":"BreadcrumbList","@id":"https:\/\/www.concert-hosteldieu.com\/nos-productions\/prima-donna\/#breadcrumb","itemListElement":[{"@type":"ListItem","position":1,"name":"Accueil","item":"https:\/\/www.concert-hosteldieu.com\/"},{"@type":"ListItem","position":2,"name":"Nos productions","item":"https:\/\/www.concert-hosteldieu.com\/nos-productions\/"},{"@type":"ListItem","position":3,"name":"Prima Donna"}]},{"@type":"WebSite","@id":"https:\/\/www.concert-hosteldieu.com\/#website","url":"https:\/\/www.concert-hosteldieu.com\/","name":"Le Concert de l&#039;Hostel Dieu","description":"Franck-Emmanuel Comte","publisher":{"@id":"https:\/\/www.concert-hosteldieu.com\/#organization"},"potentialAction":[{"@type":"SearchAction","target":{"@type":"EntryPoint","urlTemplate":"https:\/\/www.concert-hosteldieu.com\/?s={search_term_string}"},"query-input":{"@type":"PropertyValueSpecification","valueRequired":true,"valueName":"search_term_string"}}],"inLanguage":"en-GB"},{"@type":"Organization","@id":"https:\/\/www.concert-hosteldieu.com\/#organization","name":"Le Concert de l'Hostel Dieu","url":"https:\/\/www.concert-hosteldieu.com\/","logo":{"@type":"ImageObject","inLanguage":"en-GB","@id":"https:\/\/www.concert-hosteldieu.com\/#\/schema\/logo\/image\/","url":"https:\/\/www.concert-hosteldieu.com\/wp-content\/uploads\/2021\/06\/logo-chd-noir-transparent.png","contentUrl":"https:\/\/www.concert-hosteldieu.com\/wp-content\/uploads\/2021\/06\/logo-chd-noir-transparent.png","width":262,"height":106,"caption":"Le Concert de l'Hostel Dieu"},"image":{"@id":"https:\/\/www.concert-hosteldieu.com\/#\/schema\/logo\/image\/"},"sameAs":["https:\/\/www.facebook.com\/leconcert.delhosteldieu","https:\/\/x.com\/CHDLyon","https:\/\/instagram.com\/concert_hostel_dieu","https:\/\/www.linkedin.com\/company\/le-concert-de-l'hostel-dieu\/","https:\/\/www.youtube.com\/user\/CHDLyon"]}]}},"_links":{"self":[{"href":"https:\/\/www.concert-hosteldieu.com\/en\/wp-json\/wp\/v2\/pages\/19152","targetHints":{"allow":["GET"]}}],"collection":[{"href":"https:\/\/www.concert-hosteldieu.com\/en\/wp-json\/wp\/v2\/pages"}],"about":[{"href":"https:\/\/www.concert-hosteldieu.com\/en\/wp-json\/wp\/v2\/types\/page"}],"author":[{"embeddable":true,"href":"https:\/\/www.concert-hosteldieu.com\/en\/wp-json\/wp\/v2\/users\/2776"}],"replies":[{"embeddable":true,"href":"https:\/\/www.concert-hosteldieu.com\/en\/wp-json\/wp\/v2\/comments?post=19152"}],"version-history":[{"count":6,"href":"https:\/\/www.concert-hosteldieu.com\/en\/wp-json\/wp\/v2\/pages\/19152\/revisions"}],"predecessor-version":[{"id":24130,"href":"https:\/\/www.concert-hosteldieu.com\/en\/wp-json\/wp\/v2\/pages\/19152\/revisions\/24130"}],"up":[{"embeddable":true,"href":"https:\/\/www.concert-hosteldieu.com\/en\/wp-json\/wp\/v2\/pages\/23593"}],"wp:featuredmedia":[{"embeddable":true,"href":"https:\/\/www.concert-hosteldieu.com\/en\/wp-json\/wp\/v2\/media\/22269"}],"wp:attachment":[{"href":"https:\/\/www.concert-hosteldieu.com\/en\/wp-json\/wp\/v2\/media?parent=19152"}],"wp:term":[{"taxonomy":"category","embeddable":true,"href":"https:\/\/www.concert-hosteldieu.com\/en\/wp-json\/wp\/v2\/categories?post=19152"},{"taxonomy":"post_tag","embeddable":true,"href":"https:\/\/www.concert-hosteldieu.com\/en\/wp-json\/wp\/v2\/tags?post=19152"}],"curies":[{"name":"wp","href":"https:\/\/api.w.org\/{rel}","templated":true}]}}