{"id":17184,"date":"2022-05-18T10:06:09","date_gmt":"2022-05-18T09:06:09","guid":{"rendered":"https:\/\/www.concert-hosteldieu.com\/?page_id=17184"},"modified":"2025-09-16T09:28:15","modified_gmt":"2025-09-16T08:28:15","slug":"babel-bach","status":"publish","type":"page","link":"https:\/\/www.concert-hosteldieu.com\/en\/nos-productions\/babel-bach\/","title":{"rendered":"Babel Bach"},"content":{"rendered":"<h2>Babel Bach<\/h2>\r\n<h4>PROGRAM DETAILS<\/h4>\r\n<p><em>Praeludium<\/em> for cello, Suite No. 1 BWV 1007<br \/><em>Largo<\/em> for harpsichord, Concerto No. 5 BWV 1056<br \/><em>Bourr\u00e9es,<\/em> Suite n\u00b03 BWV 1009<br \/><em>Praeludium<\/em> for lute, BWV 999<br \/><em>Sarabande,<\/em> French Suite No. 2 BWV 813<br \/><em>Praeludium<\/em> for cello, Suite No. 5 BWV 1011<br \/><em>Fugue<\/em> for cello, Suite No. 5 BWV 1011<br \/><em>Praeludium<\/em> for harpsichord, BWV 847<br \/>David Chalmin, <em>Music for a while : Another Song<\/em><br \/><em>Courante<\/em> for cello, Suite No. 1 BWV 1007<br \/>Air from the <em>Goldberg Variations<\/em><br \/><em>Praeludium<\/em> for cello, Suite No. 1 BWV 1007<\/p>\r\n<h4>CAST<\/h4>\r\n<p><a href=\"https:\/\/www.concert-hosteldieu.com\/en\/nos-artistes-invites\/mehdi-kruger\/\">Mehdi Kr\u00fcger<\/a>, slam<br \/>Josephine von Bl\u00fctenstaub, slam<br \/>Simone Savogin, slam<br \/><a href=\"https:\/\/www.concert-hosteldieu.com\/en\/nos-artistes-invites\/tiko\/\">Tiko<\/a>, human beatbox<br \/><a href=\"https:\/\/www.concert-hosteldieu.com\/en\/nos-musiciens\/aude-walker-viry\/\">Aude Walker-Viry<\/a>, cello <br \/><a href=\"http:\/\/www.concert-hosteldieu.com\/en\/presentation\/lequipe-artistique\/franck-emmanuel-comte\/\" target=\"_blank\" rel=\"noopener noreferrer\">Franck-Emmanuel Comte<\/a>, harpsichord<\/p>\r\n<p>Apr\u00e8s <em>Bach, le jour d&rsquo;apr\u00e8s<\/em>, voici le second volet du projet <a href=\"https:\/\/www.concert-hosteldieu.com\/en\/european-music-trails\/\">European Music Trails<\/a>.<\/p>\r\n<p>Au cours de l&rsquo;hiver 1705, J.-S. Bach entreprend \u00e0 pied un voyage de plus de 400 km de Arnstadt \u00e0 L\u00fcbeck pour rencontrer le plus grand organiste d&rsquo;Europe du Nord : Dietrich Buxtehude.<\/p>\r\n<p>\u00c0 partir de cet \u00e9pisode, qui a sans doute constitu\u00e9 pour le jeune homme une qu\u00eate \u00e0 la fois spirituelle et artistique, l&rsquo;\u00e9quipe artistique compos\u00e9e du slameur Mehdi Kr\u00fcger et du directeur artistique Franck-Emmanuel Comte imagine un spectacle associant la musique de J.-S. Bach \u00e0 l&rsquo;\u00e9criture de po\u00e9sies en italien, allemand et fran\u00e7ais, interpr\u00e9t\u00e9es par Simone Savogin, Josephine von Bl\u00fctenstaub et Mehdi Kr\u00fcger, accompagn\u00e9s par le violoncelle d&rsquo;Aude Walker-Viry et le beatbox de Tiko.<\/p>\r\n<h4>WATCH<\/h4>\r\n<h4>PICTURES<\/h4>\r\n<p><a href=\"https:\/\/www.concert-hosteldieu.com\/wp-content\/uploads\/2023\/03\/Textes_slams_Babel_Bach.pdf\"><strong>Download the texts and translations of the slams<\/strong><\/a><\/p>\r\n<h4>PARTNERS<\/h4>\r\n<p>Co-funded by Europe Creative<\/p>\r\n<p><img loading=\"lazy\" decoding=\"async\" src=\"https:\/\/www.concert-hosteldieu.com\/wp-content\/uploads\/2022\/07\/EuropNotensp_Logo_white_horizontal_english.png\" alt=\"Logo European Music Trails\" width=\"173\" height=\"52\" \/><img loading=\"lazy\" decoding=\"async\" src=\"https:\/\/www.concert-hosteldieu.com\/wp-content\/uploads\/2022\/07\/EN-Co-funded-by-the-EU_PANTONE.jpg\" alt=\"Logo Cofinanc\u00e9 par l'Union europ\u00e9enne pour l'European Music Trails\" width=\"196\" height=\"41\" \/><\/p>\r\n<p>Avec le soutien de l&rsquo;Institut fran\u00e7ais et de la Ville de Lyon<br \/><img loading=\"lazy\" decoding=\"async\" src=\"https:\/\/www.concert-hosteldieu.com\/wp-content\/uploads\/2023\/03\/BLOC_LOGOS_IFVILLE_LYON_couleur-300x96.png\" alt=\"\" width=\"300\" height=\"96\" \/><\/p>\r\n<p>En partenariat avec l&rsquo;Institut Culturel Italien et le Goethe-Institut<br \/><img loading=\"lazy\" decoding=\"async\" src=\"https:\/\/www.concert-hosteldieu.com\/wp-content\/uploads\/2018\/04\/Logo-Instituto-Italiano-di-Cultura-2-300x200.jpg\" alt=\"\" width=\"110\" height=\"73\" \/><img loading=\"lazy\" decoding=\"async\" src=\"https:\/\/www.concert-hosteldieu.com\/wp-content\/uploads\/2023\/01\/Logo-Goethe-Institut-300x158.png\" alt=\"\" width=\"114\" height=\"60\" \/><\/p>\r\n<h4>CALENDAR<\/h4>","protected":false},"excerpt":{"rendered":"<p>Babel Bach PROGRAMME Pr\u00e9lude pour violoncelle, Suite n\u00b01 BWV 1007Largo pour clavecin, Concerto n\u00b05 BWV 1056Bourr\u00e9es, Suite n\u00b03 BWV 1009Pr\u00e9lude pour Luth, BWV 999Sarabande, Suite fran\u00e7aise n\u00b02 BWV 813Pr\u00e9lude pour violoncelle, Suite n\u00b05 BWV 1011Fugue pour violoncelle, Suite n\u00b05 BWV [&hellip;]<\/p>\n","protected":false},"author":2776,"featured_media":19287,"parent":23593,"menu_order":0,"comment_status":"closed","ping_status":"closed","template":"","meta":{"site-sidebar-layout":"default","site-content-layout":null,"ast-site-content-layout":"full-width-container","site-content-style":"unboxed","site-sidebar-style":"unboxed","ast-global-header-display":"","ast-banner-title-visibility":"","ast-main-header-display":"","ast-hfb-above-header-display":null,"ast-hfb-below-header-display":null,"ast-hfb-mobile-header-display":"","site-post-title":"disabled","ast-breadcrumbs-content":null,"ast-featured-img":"disabled","footer-sml-layout":"","ast-disable-related-posts":"","theme-transparent-header-meta":"default","adv-header-id-meta":"","stick-header-meta":"default","header-above-stick-meta":null,"header-main-stick-meta":"","header-below-stick-meta":null,"astra-migrate-meta-layouts":"set","ast-page-background-enabled":"default","ast-page-background-meta":{"desktop":{"background-color":"","background-image":"","background-repeat":"repeat","background-position":"center center","background-size":"auto","background-attachment":"scroll","background-type":"","background-media":"","overlay-type":"","overlay-color":"","overlay-opacity":"","overlay-gradient":""},"tablet":{"background-color":"","background-image":"","background-repeat":"repeat","background-position":"center center","background-size":"auto","background-attachment":"scroll","background-type":"","background-media":"","overlay-type":"","overlay-color":"","overlay-opacity":"","overlay-gradient":""},"mobile":{"background-color":"","background-image":"","background-repeat":"repeat","background-position":"center center","background-size":"auto","background-attachment":"scroll","background-type":"","background-media":"","overlay-type":"","overlay-color":"","overlay-opacity":"","overlay-gradient":""}},"ast-content-background-meta":{"desktop":{"background-color":"var(--ast-global-color-5)","background-image":"","background-repeat":"repeat","background-position":"center center","background-size":"auto","background-attachment":"scroll","background-type":"","background-media":"","overlay-type":"","overlay-color":"","overlay-opacity":"","overlay-gradient":""},"tablet":{"background-color":"var(--ast-global-color-5)","background-image":"","background-repeat":"repeat","background-position":"center center","background-size":"auto","background-attachment":"scroll","background-type":"","background-media":"","overlay-type":"","overlay-color":"","overlay-opacity":"","overlay-gradient":""},"mobile":{"background-color":"var(--ast-global-color-5)","background-image":"","background-repeat":"repeat","background-position":"center center","background-size":"auto","background-attachment":"scroll","background-type":"","background-media":"","overlay-type":"","overlay-color":"","overlay-opacity":"","overlay-gradient":""}},"footnotes":""},"categories":[452],"tags":[],"class_list":["post-17184","page","type-page","status-publish","has-post-thumbnail","hentry","category-nos-productions-passees"],"yoast_head":"<!-- This site is optimized with the Yoast SEO plugin v27.5 - https:\/\/yoast.com\/product\/yoast-seo-wordpress\/ -->\n<title>Babel Bach - Le Concert de l&#039;Hostel Dieu<\/title>\n<meta name=\"robots\" content=\"index, follow, max-snippet:-1, max-image-preview:large, max-video-preview:-1\" \/>\n<link rel=\"canonical\" href=\"https:\/\/www.concert-hosteldieu.com\/en\/nos-productions\/babel-bach\/\" \/>\n<meta property=\"og:locale\" content=\"en_GB\" \/>\n<meta property=\"og:type\" content=\"article\" \/>\n<meta property=\"og:title\" content=\"Babel Bach - Le Concert de l&#039;Hostel Dieu\" \/>\n<meta property=\"og:description\" content=\"Babel Bach PROGRAMME Pr\u00e9lude pour violoncelle, Suite n\u00b01 BWV 1007Largo pour clavecin, Concerto n\u00b05 BWV 1056Bourr\u00e9es, Suite n\u00b03 BWV 1009Pr\u00e9lude pour Luth, BWV 999Sarabande, Suite fran\u00e7aise n\u00b02 BWV 813Pr\u00e9lude pour violoncelle, Suite n\u00b05 BWV 1011Fugue pour violoncelle, Suite n\u00b05 BWV [&hellip;]\" \/>\n<meta property=\"og:url\" content=\"https:\/\/www.concert-hosteldieu.com\/en\/nos-productions\/babel-bach\/\" \/>\n<meta property=\"og:site_name\" content=\"Le Concert de l&#039;Hostel Dieu\" \/>\n<meta property=\"article:publisher\" content=\"https:\/\/www.facebook.com\/leconcert.delhosteldieu\" \/>\n<meta property=\"article:modified_time\" content=\"2025-09-16T08:28:15+00:00\" \/>\n<meta property=\"og:image\" content=\"https:\/\/www.concert-hosteldieu.com\/wp-content\/uploads\/2023\/01\/CHD-FugaCites-141_web-1.jpg\" \/>\n\t<meta property=\"og:image:width\" content=\"1920\" \/>\n\t<meta property=\"og:image:height\" content=\"1280\" \/>\n\t<meta property=\"og:image:type\" content=\"image\/jpeg\" \/>\n<meta name=\"twitter:label1\" content=\"Estimated reading time\" \/>\n\t<meta name=\"twitter:data1\" content=\"4 minutes\" \/>\n<script type=\"application\/ld+json\" class=\"yoast-schema-graph\">{\"@context\":\"https:\\\/\\\/schema.org\",\"@graph\":[{\"@type\":\"WebPage\",\"@id\":\"https:\\\/\\\/www.concert-hosteldieu.com\\\/nos-productions\\\/babel-bach\\\/\",\"url\":\"https:\\\/\\\/www.concert-hosteldieu.com\\\/nos-productions\\\/babel-bach\\\/\",\"name\":\"Babel Bach - Le Concert de l&#039;Hostel Dieu\",\"isPartOf\":{\"@id\":\"https:\\\/\\\/www.concert-hosteldieu.com\\\/#website\"},\"primaryImageOfPage\":{\"@id\":\"https:\\\/\\\/www.concert-hosteldieu.com\\\/nos-productions\\\/babel-bach\\\/#primaryimage\"},\"image\":{\"@id\":\"https:\\\/\\\/www.concert-hosteldieu.com\\\/nos-productions\\\/babel-bach\\\/#primaryimage\"},\"thumbnailUrl\":\"https:\\\/\\\/www.concert-hosteldieu.com\\\/wp-content\\\/uploads\\\/2023\\\/01\\\/CHD-FugaCites-141_web-1.jpg\",\"datePublished\":\"2022-05-18T09:06:09+00:00\",\"dateModified\":\"2025-09-16T08:28:15+00:00\",\"breadcrumb\":{\"@id\":\"https:\\\/\\\/www.concert-hosteldieu.com\\\/nos-productions\\\/babel-bach\\\/#breadcrumb\"},\"inLanguage\":\"en-GB\",\"potentialAction\":[{\"@type\":\"ReadAction\",\"target\":[\"https:\\\/\\\/www.concert-hosteldieu.com\\\/nos-productions\\\/babel-bach\\\/\"]}]},{\"@type\":\"ImageObject\",\"inLanguage\":\"en-GB\",\"@id\":\"https:\\\/\\\/www.concert-hosteldieu.com\\\/nos-productions\\\/babel-bach\\\/#primaryimage\",\"url\":\"https:\\\/\\\/www.concert-hosteldieu.com\\\/wp-content\\\/uploads\\\/2023\\\/01\\\/CHD-FugaCites-141_web-1.jpg\",\"contentUrl\":\"https:\\\/\\\/www.concert-hosteldieu.com\\\/wp-content\\\/uploads\\\/2023\\\/01\\\/CHD-FugaCites-141_web-1.jpg\",\"width\":1920,\"height\":1280,\"caption\":\"\u00a9Julie Cherki\"},{\"@type\":\"BreadcrumbList\",\"@id\":\"https:\\\/\\\/www.concert-hosteldieu.com\\\/nos-productions\\\/babel-bach\\\/#breadcrumb\",\"itemListElement\":[{\"@type\":\"ListItem\",\"position\":1,\"name\":\"Accueil\",\"item\":\"https:\\\/\\\/www.concert-hosteldieu.com\\\/\"},{\"@type\":\"ListItem\",\"position\":2,\"name\":\"Nos productions\",\"item\":\"https:\\\/\\\/www.concert-hosteldieu.com\\\/nos-productions\\\/\"},{\"@type\":\"ListItem\",\"position\":3,\"name\":\"Babel Bach\"}]},{\"@type\":\"WebSite\",\"@id\":\"https:\\\/\\\/www.concert-hosteldieu.com\\\/#website\",\"url\":\"https:\\\/\\\/www.concert-hosteldieu.com\\\/\",\"name\":\"Le Concert de l&#039;Hostel Dieu\",\"description\":\"Franck-Emmanuel Comte\",\"publisher\":{\"@id\":\"https:\\\/\\\/www.concert-hosteldieu.com\\\/#organization\"},\"potentialAction\":[{\"@type\":\"SearchAction\",\"target\":{\"@type\":\"EntryPoint\",\"urlTemplate\":\"https:\\\/\\\/www.concert-hosteldieu.com\\\/?s={search_term_string}\"},\"query-input\":{\"@type\":\"PropertyValueSpecification\",\"valueRequired\":true,\"valueName\":\"search_term_string\"}}],\"inLanguage\":\"en-GB\"},{\"@type\":\"Organization\",\"@id\":\"https:\\\/\\\/www.concert-hosteldieu.com\\\/#organization\",\"name\":\"Le Concert de l'Hostel Dieu\",\"url\":\"https:\\\/\\\/www.concert-hosteldieu.com\\\/\",\"logo\":{\"@type\":\"ImageObject\",\"inLanguage\":\"en-GB\",\"@id\":\"https:\\\/\\\/www.concert-hosteldieu.com\\\/#\\\/schema\\\/logo\\\/image\\\/\",\"url\":\"https:\\\/\\\/www.concert-hosteldieu.com\\\/wp-content\\\/uploads\\\/2021\\\/06\\\/logo-chd-noir-transparent.png\",\"contentUrl\":\"https:\\\/\\\/www.concert-hosteldieu.com\\\/wp-content\\\/uploads\\\/2021\\\/06\\\/logo-chd-noir-transparent.png\",\"width\":262,\"height\":106,\"caption\":\"Le Concert de l'Hostel Dieu\"},\"image\":{\"@id\":\"https:\\\/\\\/www.concert-hosteldieu.com\\\/#\\\/schema\\\/logo\\\/image\\\/\"},\"sameAs\":[\"https:\\\/\\\/www.facebook.com\\\/leconcert.delhosteldieu\",\"https:\\\/\\\/x.com\\\/CHDLyon\",\"https:\\\/\\\/instagram.com\\\/concert_hostel_dieu\",\"https:\\\/\\\/www.linkedin.com\\\/company\\\/le-concert-de-l'hostel-dieu\\\/\",\"https:\\\/\\\/www.youtube.com\\\/user\\\/CHDLyon\"]}]}<\/script>\n<!-- \/ Yoast SEO plugin. -->","yoast_head_json":{"title":"Babel Bach - Le Concert de l&#039;Hostel Dieu","robots":{"index":"index","follow":"follow","max-snippet":"max-snippet:-1","max-image-preview":"max-image-preview:large","max-video-preview":"max-video-preview:-1"},"canonical":"https:\/\/www.concert-hosteldieu.com\/en\/nos-productions\/babel-bach\/","og_locale":"en_GB","og_type":"article","og_title":"Babel Bach - Le Concert de l&#039;Hostel Dieu","og_description":"Babel Bach PROGRAMME Pr\u00e9lude pour violoncelle, Suite n\u00b01 BWV 1007Largo pour clavecin, Concerto n\u00b05 BWV 1056Bourr\u00e9es, Suite n\u00b03 BWV 1009Pr\u00e9lude pour Luth, BWV 999Sarabande, Suite fran\u00e7aise n\u00b02 BWV 813Pr\u00e9lude pour violoncelle, Suite n\u00b05 BWV 1011Fugue pour violoncelle, Suite n\u00b05 BWV [&hellip;]","og_url":"https:\/\/www.concert-hosteldieu.com\/en\/nos-productions\/babel-bach\/","og_site_name":"Le Concert de l&#039;Hostel Dieu","article_publisher":"https:\/\/www.facebook.com\/leconcert.delhosteldieu","article_modified_time":"2025-09-16T08:28:15+00:00","og_image":[{"width":1920,"height":1280,"url":"https:\/\/www.concert-hosteldieu.com\/wp-content\/uploads\/2023\/01\/CHD-FugaCites-141_web-1.jpg","type":"image\/jpeg"}],"twitter_misc":{"Estimated reading time":"4 minutes"},"schema":{"@context":"https:\/\/schema.org","@graph":[{"@type":"WebPage","@id":"https:\/\/www.concert-hosteldieu.com\/nos-productions\/babel-bach\/","url":"https:\/\/www.concert-hosteldieu.com\/nos-productions\/babel-bach\/","name":"Babel Bach - Le Concert de l&#039;Hostel Dieu","isPartOf":{"@id":"https:\/\/www.concert-hosteldieu.com\/#website"},"primaryImageOfPage":{"@id":"https:\/\/www.concert-hosteldieu.com\/nos-productions\/babel-bach\/#primaryimage"},"image":{"@id":"https:\/\/www.concert-hosteldieu.com\/nos-productions\/babel-bach\/#primaryimage"},"thumbnailUrl":"https:\/\/www.concert-hosteldieu.com\/wp-content\/uploads\/2023\/01\/CHD-FugaCites-141_web-1.jpg","datePublished":"2022-05-18T09:06:09+00:00","dateModified":"2025-09-16T08:28:15+00:00","breadcrumb":{"@id":"https:\/\/www.concert-hosteldieu.com\/nos-productions\/babel-bach\/#breadcrumb"},"inLanguage":"en-GB","potentialAction":[{"@type":"ReadAction","target":["https:\/\/www.concert-hosteldieu.com\/nos-productions\/babel-bach\/"]}]},{"@type":"ImageObject","inLanguage":"en-GB","@id":"https:\/\/www.concert-hosteldieu.com\/nos-productions\/babel-bach\/#primaryimage","url":"https:\/\/www.concert-hosteldieu.com\/wp-content\/uploads\/2023\/01\/CHD-FugaCites-141_web-1.jpg","contentUrl":"https:\/\/www.concert-hosteldieu.com\/wp-content\/uploads\/2023\/01\/CHD-FugaCites-141_web-1.jpg","width":1920,"height":1280,"caption":"\u00a9Julie Cherki"},{"@type":"BreadcrumbList","@id":"https:\/\/www.concert-hosteldieu.com\/nos-productions\/babel-bach\/#breadcrumb","itemListElement":[{"@type":"ListItem","position":1,"name":"Accueil","item":"https:\/\/www.concert-hosteldieu.com\/"},{"@type":"ListItem","position":2,"name":"Nos productions","item":"https:\/\/www.concert-hosteldieu.com\/nos-productions\/"},{"@type":"ListItem","position":3,"name":"Babel Bach"}]},{"@type":"WebSite","@id":"https:\/\/www.concert-hosteldieu.com\/#website","url":"https:\/\/www.concert-hosteldieu.com\/","name":"Le Concert de l&#039;Hostel Dieu","description":"Franck-Emmanuel Comte","publisher":{"@id":"https:\/\/www.concert-hosteldieu.com\/#organization"},"potentialAction":[{"@type":"SearchAction","target":{"@type":"EntryPoint","urlTemplate":"https:\/\/www.concert-hosteldieu.com\/?s={search_term_string}"},"query-input":{"@type":"PropertyValueSpecification","valueRequired":true,"valueName":"search_term_string"}}],"inLanguage":"en-GB"},{"@type":"Organization","@id":"https:\/\/www.concert-hosteldieu.com\/#organization","name":"Le Concert de l'Hostel Dieu","url":"https:\/\/www.concert-hosteldieu.com\/","logo":{"@type":"ImageObject","inLanguage":"en-GB","@id":"https:\/\/www.concert-hosteldieu.com\/#\/schema\/logo\/image\/","url":"https:\/\/www.concert-hosteldieu.com\/wp-content\/uploads\/2021\/06\/logo-chd-noir-transparent.png","contentUrl":"https:\/\/www.concert-hosteldieu.com\/wp-content\/uploads\/2021\/06\/logo-chd-noir-transparent.png","width":262,"height":106,"caption":"Le Concert de l'Hostel Dieu"},"image":{"@id":"https:\/\/www.concert-hosteldieu.com\/#\/schema\/logo\/image\/"},"sameAs":["https:\/\/www.facebook.com\/leconcert.delhosteldieu","https:\/\/x.com\/CHDLyon","https:\/\/instagram.com\/concert_hostel_dieu","https:\/\/www.linkedin.com\/company\/le-concert-de-l'hostel-dieu\/","https:\/\/www.youtube.com\/user\/CHDLyon"]}]}},"_links":{"self":[{"href":"https:\/\/www.concert-hosteldieu.com\/en\/wp-json\/wp\/v2\/pages\/17184","targetHints":{"allow":["GET"]}}],"collection":[{"href":"https:\/\/www.concert-hosteldieu.com\/en\/wp-json\/wp\/v2\/pages"}],"about":[{"href":"https:\/\/www.concert-hosteldieu.com\/en\/wp-json\/wp\/v2\/types\/page"}],"author":[{"embeddable":true,"href":"https:\/\/www.concert-hosteldieu.com\/en\/wp-json\/wp\/v2\/users\/2776"}],"replies":[{"embeddable":true,"href":"https:\/\/www.concert-hosteldieu.com\/en\/wp-json\/wp\/v2\/comments?post=17184"}],"version-history":[{"count":4,"href":"https:\/\/www.concert-hosteldieu.com\/en\/wp-json\/wp\/v2\/pages\/17184\/revisions"}],"predecessor-version":[{"id":23610,"href":"https:\/\/www.concert-hosteldieu.com\/en\/wp-json\/wp\/v2\/pages\/17184\/revisions\/23610"}],"up":[{"embeddable":true,"href":"https:\/\/www.concert-hosteldieu.com\/en\/wp-json\/wp\/v2\/pages\/23593"}],"wp:featuredmedia":[{"embeddable":true,"href":"https:\/\/www.concert-hosteldieu.com\/en\/wp-json\/wp\/v2\/media\/19287"}],"wp:attachment":[{"href":"https:\/\/www.concert-hosteldieu.com\/en\/wp-json\/wp\/v2\/media?parent=17184"}],"wp:term":[{"taxonomy":"category","embeddable":true,"href":"https:\/\/www.concert-hosteldieu.com\/en\/wp-json\/wp\/v2\/categories?post=17184"},{"taxonomy":"post_tag","embeddable":true,"href":"https:\/\/www.concert-hosteldieu.com\/en\/wp-json\/wp\/v2\/tags?post=17184"}],"curies":[{"name":"wp","href":"https:\/\/api.w.org\/{rel}","templated":true}]}}