{"id":16727,"date":"2021-12-01T12:53:00","date_gmt":"2021-12-01T11:53:00","guid":{"rendered":"https:\/\/www.concert-hosteldieu.com\/?page_id=16727"},"modified":"2024-09-04T11:37:10","modified_gmt":"2024-09-04T10:37:10","slug":"chorale-feminine-et-solidaire","status":"publish","type":"page","link":"https:\/\/www.concert-hosteldieu.com\/en\/musique-et-inclusivite\/chorale-feminine-et-solidaire\/","title":{"rendered":"Women's solidarity choir"},"content":{"rendered":"<h2>\n\t\t\t\tWomen's solidarity choir\n\t\t\t<\/h2>\n\t<p><strong>La Chorale f\u00e9minine et solidaire r\u00e9unit des femmes de tous horizons et de toutes cultures autour d&rsquo;un r\u00e9pertoire vari\u00e9. Chaque ann\u00e9e, ce projet donne lieu \u00e0 une ou plusieurs repr\u00e9sentations publiques qui s&rsquo;inscrivent dans la saison lyonnaise du Concert de l&rsquo;Hostel Dieu. <\/strong><\/p>\n<p>A travers la cr\u00e9ation de liens de solidarit\u00e9 entre des femmes aux parcours de vie diff\u00e9rents, ce projet favorise la rencontre et le partage par le travail de l&rsquo;\u00e9coute mutuelle et collective. Des femmes en situation d&rsquo;isolement et de fragilit\u00e9 rejoignent des femmes dirigeantes d&rsquo;entreprise et d&rsquo;autres en reconversion professionnelle, pour se rencontrer autour d&rsquo;une exp\u00e9rience de cr\u00e9ation musicale in\u00e9dite, et \u00e9changer, apprendre les unes des autres et s&rsquo;encourager !<\/p>\n\t\t\t\t\t\t<h4>Objectives<\/h4>\n\t\t\t<ul>\n<li><strong>Favoriser la coh\u00e9sion et la solidarit\u00e9<\/strong> entre des femmes aux parcours de vie diff\u00e9rents autour d&rsquo;une exp\u00e9rience de cr\u00e9ation artistique in\u00e9dite et valorisante<\/li>\n<li>Proposer un <strong>espace de dialogue et d&rsquo;\u00e9change<\/strong> autour d&rsquo;une exp\u00e9rience collective<\/li>\n<li>Renforcer pour chaque femme, l&rsquo;<strong>estime de soi et la capacit\u00e9 d&rsquo;agir<\/strong><\/li>\n<li>Sensibiliser \u00e0 la musique baroque et plus particuli\u00e8re au chant et <strong>permettre l&rsquo;acc\u00e8s \u00e0 une pratique artistique<\/strong><\/li>\n<\/ul>\n<p><em>\u00a0<\/em><\/p>\n\t\t\t\t\t\t<h4>Artists<\/h4>\n\t\t\t<p><strong>Marie Leroyer <\/strong><\/p>\n<p>Chanteuse et cheffe de ch\u0153ur, Marie Leroyer d\u00e9bute tr\u00e8s jeune son apprentissage de la musique par le piano et le chant choral \u00e0 Lyon. Apr\u00e8s son baccalaur\u00e9at, elle suit un cursus de direction de ch\u0153ur \u00e0 l&rsquo;\u00c9cole nationale de Villeurbanne. Elle a l&rsquo;occasion de diriger plusieurs ch\u0153urs amateurs dans la r\u00e9gion lyonnaise. Tr\u00e8s int\u00e9ress\u00e9e par la p\u00e9dagogie, elle est \u00e9galement professeure de chant et anime pour les Hospices civils de Lyon des ateliers de chant pour des patients atteints de maladies neurod\u00e9g\u00e9n\u00e9ratives.<\/p>\n<p><strong><a href=\"https:\/\/www.concert-hosteldieu.com\/en\/?page_id=12350\" target=\"_blank\" rel=\"noopener noreferrer\">Franck-Emmanuel Comte<\/a><\/strong><\/p>\n<p>Directeur artistique et chef d&rsquo;orchestre sp\u00e9cialis\u00e9 dans l&rsquo;interpr\u00e9tation du r\u00e9pertoire baroque et classique sur instruments anciens, Franck-Emmanuel Comte se passionne pour les projets transversaux ou atypiques.<\/p>\n\t\t\t\t\t<a href=\"https:\/\/www.youtube.com\/watch?v=-qGWWDiRgxE\" aria-label=\"uabb-video-gallery\" data-fancybox=\"uabb-video-gallery\" data-url=\"https:\/\/www.youtube.com\/embed\/-qGWWDiRgxE?autoplay=1&#038;version=3&#038;enablejsapi=1\"class=\"uabb-video-gallery-fancybox uabb-vg__play_full\">\t\t\t\t\t\t\n\t\t\t\t\t<\/a>\t\t\t\t\n\t\t\t\t\t\t<h4>In partnership with associations<\/h4>\n\t\t\t<p>The associations <a href=\"http:\/\/www.forcefemmes.com\/\" target=\"_blank\" rel=\"noopener noreferrer\"><strong>Force Femmes<\/strong><\/a>, <a href=\"http:\/\/www.passerellesbuissonnieres.org\/\" target=\"_blank\" rel=\"noopener noreferrer\"><strong>PasserElles Buissonni\u00e8res<\/strong><\/a> and <a href=\"http:\/\/reseau-universelles.fr\/\" target=\"_blank\" rel=\"noopener noreferrer\"><strong>Univers&rsquo;Elles<\/strong><\/a> are partners of the Women's Solidarity Choir.<\/p>\n\t\t\t\t\t\t<h4>Supports<\/h4>\n\t\t\t<p>Merci \u00e0 la Fondation Monoprix et \u00e0 SNCF qui soutiennent ce projet, ainsi qu&rsquo;aux 30 contributeurs qui ont particip\u00e9 \u00e0 la campagne de crowdfunding sur <a href=\"https:\/\/fr.ulule.com\/chorale-voix-feminines\/\" target=\"_blank\" rel=\"noopener noreferrer\">Ulule.com<\/a>.<\/p>\n<p>\u00a0<img loading=\"lazy\" decoding=\"async\" src=\"https:\/\/www.concert-hosteldieu.com\/wp-content\/uploads\/2019\/09\/logo-fondation-monoprix-300x82.jpg\" alt=\"\" width=\"171\" height=\"47\" \/> \u00a0 <img loading=\"lazy\" decoding=\"async\" src=\"https:\/\/www.concert-hosteldieu.com\/wp-content\/uploads\/2019\/11\/Logo-Fondation-SNCF-300x213.png\" alt=\"\" width=\"85\" height=\"60\" \/> <\/p>\n<h4>\n\t\tMore about this project\n\t<\/h4>\n\t\t\t\t<a href=\"https:\/\/www.concert-hosteldieu.com\/en\/nos-musiciens\/sophie-junker\/\" target=\"_self\" itemprop=\"url\" rel=\"noopener\">\n\t\t\t\t<img loading=\"lazy\" decoding=\"async\" src=\"https:\/\/www.concert-hosteldieu.com\/wp-content\/uploads\/2022\/06\/Sophie-Junker_La-Francesina\u00a9Jean-Baptiste-Millot.jpg\" alt=\"Sophie Junker_La Francesina\u00a9Jean-Baptiste Millot\" itemprop=\"image\" height=\"1278\" width=\"1920\" title=\"Sophie Junker_La Francesina\u00a9Jean-Baptiste Millot\" onerror=\"this.style.display='none'\"  \/>\n\t\t\t\t<\/a>\n\t<h3>\n\t\t\t\t<a href=\"https:\/\/www.concert-hosteldieu.com\/en\/nos-artistes-invites\/sophie-junker\/\" title=\"Sophie Junker\" target=\"_self\" rel=\"noopener\">\n\t\t\t\tSophie Junker\n\t\t\t\t<\/a>\n\t\t\t<\/h3>\n\t\t\t\t<a href=\"https:\/\/www.concert-hosteldieu.com\/en\/product\/la-francesina\/\" target=\"_self\" itemprop=\"url\" rel=\"noopener\">\n\t\t\t\t<img loading=\"lazy\" decoding=\"async\" src=\"https:\/\/www.concert-hosteldieu.com\/wp-content\/uploads\/2021\/06\/CD-La-Francesina-fond-noir.jpg\" alt=\"CD La Francesina fond noir\" itemprop=\"image\" height=\"1920\" width=\"1920\" title=\"CD La Francesina fond noir\" onerror=\"this.style.display='none'\"  \/>\n\t\t\t\t<\/a>\n\t<h3>\n\t\t\t\t<a href=\"https:\/\/www.concert-hosteldieu.com\/en\/product\/la-francesina\/\" title=\"Album\" target=\"_self\" rel=\"noopener\">\n\t\t\t\tAlbum\n\t\t\t\t<\/a>\n\t\t\t<\/h3>","protected":false},"excerpt":{"rendered":"<p>Chorale f\u00e9minine et solidaire La Chorale f\u00e9minine et solidaire r\u00e9unit des femmes de tous horizons et de toutes cultures autour d&rsquo;un r\u00e9pertoire vari\u00e9. Chaque ann\u00e9e, ce projet donne lieu \u00e0 une ou plusieurs repr\u00e9sentations publiques qui s&rsquo;inscrivent dans la saison [&hellip;]<\/p>\n","protected":false},"author":2776,"featured_media":16756,"parent":12049,"menu_order":0,"comment_status":"closed","ping_status":"closed","template":"","meta":{"site-sidebar-layout":"default","site-content-layout":"page-builder","ast-site-content-layout":"default","site-content-style":"default","site-sidebar-style":"default","ast-global-header-display":"","ast-banner-title-visibility":"","ast-main-header-display":"","ast-hfb-above-header-display":"","ast-hfb-below-header-display":"","ast-hfb-mobile-header-display":"","site-post-title":"disabled","ast-breadcrumbs-content":"","ast-featured-img":"disabled","footer-sml-layout":"","ast-disable-related-posts":"","theme-transparent-header-meta":"default","adv-header-id-meta":"","stick-header-meta":"default","header-above-stick-meta":"","header-main-stick-meta":"","header-below-stick-meta":"","astra-migrate-meta-layouts":"default","ast-page-background-enabled":"default","ast-page-background-meta":{"desktop":{"background-color":"","background-image":"","background-repeat":"repeat","background-position":"center center","background-size":"auto","background-attachment":"scroll","background-type":"","background-media":"","overlay-type":"","overlay-color":"","overlay-opacity":"","overlay-gradient":""},"tablet":{"background-color":"","background-image":"","background-repeat":"repeat","background-position":"center center","background-size":"auto","background-attachment":"scroll","background-type":"","background-media":"","overlay-type":"","overlay-color":"","overlay-opacity":"","overlay-gradient":""},"mobile":{"background-color":"","background-image":"","background-repeat":"repeat","background-position":"center center","background-size":"auto","background-attachment":"scroll","background-type":"","background-media":"","overlay-type":"","overlay-color":"","overlay-opacity":"","overlay-gradient":""}},"ast-content-background-meta":{"desktop":{"background-color":"var(--ast-global-color-5)","background-image":"","background-repeat":"repeat","background-position":"center center","background-size":"auto","background-attachment":"scroll","background-type":"","background-media":"","overlay-type":"","overlay-color":"","overlay-opacity":"","overlay-gradient":""},"tablet":{"background-color":"var(--ast-global-color-5)","background-image":"","background-repeat":"repeat","background-position":"center center","background-size":"auto","background-attachment":"scroll","background-type":"","background-media":"","overlay-type":"","overlay-color":"","overlay-opacity":"","overlay-gradient":""},"mobile":{"background-color":"var(--ast-global-color-5)","background-image":"","background-repeat":"repeat","background-position":"center center","background-size":"auto","background-attachment":"scroll","background-type":"","background-media":"","overlay-type":"","overlay-color":"","overlay-opacity":"","overlay-gradient":""}},"footnotes":""},"categories":[1],"tags":[],"class_list":["post-16727","page","type-page","status-publish","has-post-thumbnail","hentry","category-non-classe"],"yoast_head":"<!-- This site is optimized with the Yoast SEO plugin v27.5 - https:\/\/yoast.com\/product\/yoast-seo-wordpress\/ -->\n<title>Chorale f\u00e9minine et solidaire - Le Concert de l&#039;Hostel Dieu<\/title>\n<meta name=\"robots\" content=\"index, follow, max-snippet:-1, max-image-preview:large, max-video-preview:-1\" \/>\n<link rel=\"canonical\" href=\"https:\/\/www.concert-hosteldieu.com\/en\/musique-et-inclusivite\/chorale-feminine-et-solidaire\/\" \/>\n<meta property=\"og:locale\" content=\"en_GB\" \/>\n<meta property=\"og:type\" content=\"article\" \/>\n<meta property=\"og:title\" content=\"Chorale f\u00e9minine et solidaire - Le Concert de l&#039;Hostel Dieu\" \/>\n<meta property=\"og:description\" content=\"Chorale f\u00e9minine et solidaire La Chorale f\u00e9minine et solidaire r\u00e9unit des femmes de tous horizons et de toutes cultures autour d&rsquo;un r\u00e9pertoire vari\u00e9. Chaque ann\u00e9e, ce projet donne lieu \u00e0 une ou plusieurs repr\u00e9sentations publiques qui s&rsquo;inscrivent dans la saison [&hellip;]\" \/>\n<meta property=\"og:url\" content=\"https:\/\/www.concert-hosteldieu.com\/en\/musique-et-inclusivite\/chorale-feminine-et-solidaire\/\" \/>\n<meta property=\"og:site_name\" content=\"Le Concert de l&#039;Hostel Dieu\" \/>\n<meta property=\"article:publisher\" content=\"https:\/\/www.facebook.com\/leconcert.delhosteldieu\" \/>\n<meta property=\"article:modified_time\" content=\"2024-09-04T10:37:10+00:00\" \/>\n<meta property=\"og:image\" content=\"https:\/\/www.concert-hosteldieu.com\/wp-content\/uploads\/2021\/12\/Photo-chorale.jpg\" \/>\n\t<meta property=\"og:image:width\" content=\"1440\" \/>\n\t<meta property=\"og:image:height\" content=\"900\" \/>\n\t<meta property=\"og:image:type\" content=\"image\/jpeg\" \/>\n<meta name=\"twitter:label1\" content=\"Estimated reading time\" \/>\n\t<meta name=\"twitter:data1\" content=\"2 minutes\" \/>\n<script type=\"application\/ld+json\" class=\"yoast-schema-graph\">{\"@context\":\"https:\\\/\\\/schema.org\",\"@graph\":[{\"@type\":\"WebPage\",\"@id\":\"https:\\\/\\\/www.concert-hosteldieu.com\\\/musique-et-inclusivite\\\/chorale-feminine-et-solidaire\\\/\",\"url\":\"https:\\\/\\\/www.concert-hosteldieu.com\\\/musique-et-inclusivite\\\/chorale-feminine-et-solidaire\\\/\",\"name\":\"Chorale f\u00e9minine et solidaire - Le Concert de l&#039;Hostel Dieu\",\"isPartOf\":{\"@id\":\"https:\\\/\\\/www.concert-hosteldieu.com\\\/#website\"},\"primaryImageOfPage\":{\"@id\":\"https:\\\/\\\/www.concert-hosteldieu.com\\\/musique-et-inclusivite\\\/chorale-feminine-et-solidaire\\\/#primaryimage\"},\"image\":{\"@id\":\"https:\\\/\\\/www.concert-hosteldieu.com\\\/musique-et-inclusivite\\\/chorale-feminine-et-solidaire\\\/#primaryimage\"},\"thumbnailUrl\":\"https:\\\/\\\/www.concert-hosteldieu.com\\\/wp-content\\\/uploads\\\/2021\\\/12\\\/Photo-chorale.jpg\",\"datePublished\":\"2021-12-01T11:53:00+00:00\",\"dateModified\":\"2024-09-04T10:37:10+00:00\",\"breadcrumb\":{\"@id\":\"https:\\\/\\\/www.concert-hosteldieu.com\\\/musique-et-inclusivite\\\/chorale-feminine-et-solidaire\\\/#breadcrumb\"},\"inLanguage\":\"en-GB\",\"potentialAction\":[{\"@type\":\"ReadAction\",\"target\":[\"https:\\\/\\\/www.concert-hosteldieu.com\\\/musique-et-inclusivite\\\/chorale-feminine-et-solidaire\\\/\"]}]},{\"@type\":\"ImageObject\",\"inLanguage\":\"en-GB\",\"@id\":\"https:\\\/\\\/www.concert-hosteldieu.com\\\/musique-et-inclusivite\\\/chorale-feminine-et-solidaire\\\/#primaryimage\",\"url\":\"https:\\\/\\\/www.concert-hosteldieu.com\\\/wp-content\\\/uploads\\\/2021\\\/12\\\/Photo-chorale.jpg\",\"contentUrl\":\"https:\\\/\\\/www.concert-hosteldieu.com\\\/wp-content\\\/uploads\\\/2021\\\/12\\\/Photo-chorale.jpg\",\"width\":1440,\"height\":900},{\"@type\":\"BreadcrumbList\",\"@id\":\"https:\\\/\\\/www.concert-hosteldieu.com\\\/musique-et-inclusivite\\\/chorale-feminine-et-solidaire\\\/#breadcrumb\",\"itemListElement\":[{\"@type\":\"ListItem\",\"position\":1,\"name\":\"Accueil\",\"item\":\"https:\\\/\\\/www.concert-hosteldieu.com\\\/\"},{\"@type\":\"ListItem\",\"position\":2,\"name\":\"Musique et inclusivit\u00e9\",\"item\":\"https:\\\/\\\/www.concert-hosteldieu.com\\\/musique-et-inclusivite\\\/\"},{\"@type\":\"ListItem\",\"position\":3,\"name\":\"Chorale f\u00e9minine et solidaire\"}]},{\"@type\":\"WebSite\",\"@id\":\"https:\\\/\\\/www.concert-hosteldieu.com\\\/#website\",\"url\":\"https:\\\/\\\/www.concert-hosteldieu.com\\\/\",\"name\":\"Le Concert de l&#039;Hostel Dieu\",\"description\":\"Franck-Emmanuel Comte\",\"publisher\":{\"@id\":\"https:\\\/\\\/www.concert-hosteldieu.com\\\/#organization\"},\"potentialAction\":[{\"@type\":\"SearchAction\",\"target\":{\"@type\":\"EntryPoint\",\"urlTemplate\":\"https:\\\/\\\/www.concert-hosteldieu.com\\\/?s={search_term_string}\"},\"query-input\":{\"@type\":\"PropertyValueSpecification\",\"valueRequired\":true,\"valueName\":\"search_term_string\"}}],\"inLanguage\":\"en-GB\"},{\"@type\":\"Organization\",\"@id\":\"https:\\\/\\\/www.concert-hosteldieu.com\\\/#organization\",\"name\":\"Le Concert de l'Hostel Dieu\",\"url\":\"https:\\\/\\\/www.concert-hosteldieu.com\\\/\",\"logo\":{\"@type\":\"ImageObject\",\"inLanguage\":\"en-GB\",\"@id\":\"https:\\\/\\\/www.concert-hosteldieu.com\\\/#\\\/schema\\\/logo\\\/image\\\/\",\"url\":\"https:\\\/\\\/www.concert-hosteldieu.com\\\/wp-content\\\/uploads\\\/2021\\\/06\\\/logo-chd-noir-transparent.png\",\"contentUrl\":\"https:\\\/\\\/www.concert-hosteldieu.com\\\/wp-content\\\/uploads\\\/2021\\\/06\\\/logo-chd-noir-transparent.png\",\"width\":262,\"height\":106,\"caption\":\"Le Concert de l'Hostel Dieu\"},\"image\":{\"@id\":\"https:\\\/\\\/www.concert-hosteldieu.com\\\/#\\\/schema\\\/logo\\\/image\\\/\"},\"sameAs\":[\"https:\\\/\\\/www.facebook.com\\\/leconcert.delhosteldieu\",\"https:\\\/\\\/x.com\\\/CHDLyon\",\"https:\\\/\\\/instagram.com\\\/concert_hostel_dieu\",\"https:\\\/\\\/www.linkedin.com\\\/company\\\/le-concert-de-l'hostel-dieu\\\/\",\"https:\\\/\\\/www.youtube.com\\\/user\\\/CHDLyon\"]}]}<\/script>\n<!-- \/ Yoast SEO plugin. -->","yoast_head_json":{"title":"Chorale f\u00e9minine et solidaire - Le Concert de l&#039;Hostel Dieu","robots":{"index":"index","follow":"follow","max-snippet":"max-snippet:-1","max-image-preview":"max-image-preview:large","max-video-preview":"max-video-preview:-1"},"canonical":"https:\/\/www.concert-hosteldieu.com\/en\/musique-et-inclusivite\/chorale-feminine-et-solidaire\/","og_locale":"en_GB","og_type":"article","og_title":"Chorale f\u00e9minine et solidaire - Le Concert de l&#039;Hostel Dieu","og_description":"Chorale f\u00e9minine et solidaire La Chorale f\u00e9minine et solidaire r\u00e9unit des femmes de tous horizons et de toutes cultures autour d&rsquo;un r\u00e9pertoire vari\u00e9. Chaque ann\u00e9e, ce projet donne lieu \u00e0 une ou plusieurs repr\u00e9sentations publiques qui s&rsquo;inscrivent dans la saison [&hellip;]","og_url":"https:\/\/www.concert-hosteldieu.com\/en\/musique-et-inclusivite\/chorale-feminine-et-solidaire\/","og_site_name":"Le Concert de l&#039;Hostel Dieu","article_publisher":"https:\/\/www.facebook.com\/leconcert.delhosteldieu","article_modified_time":"2024-09-04T10:37:10+00:00","og_image":[{"width":1440,"height":900,"url":"https:\/\/www.concert-hosteldieu.com\/wp-content\/uploads\/2021\/12\/Photo-chorale.jpg","type":"image\/jpeg"}],"twitter_misc":{"Estimated reading time":"2 minutes"},"schema":{"@context":"https:\/\/schema.org","@graph":[{"@type":"WebPage","@id":"https:\/\/www.concert-hosteldieu.com\/musique-et-inclusivite\/chorale-feminine-et-solidaire\/","url":"https:\/\/www.concert-hosteldieu.com\/musique-et-inclusivite\/chorale-feminine-et-solidaire\/","name":"Chorale f\u00e9minine et solidaire - Le Concert de l&#039;Hostel Dieu","isPartOf":{"@id":"https:\/\/www.concert-hosteldieu.com\/#website"},"primaryImageOfPage":{"@id":"https:\/\/www.concert-hosteldieu.com\/musique-et-inclusivite\/chorale-feminine-et-solidaire\/#primaryimage"},"image":{"@id":"https:\/\/www.concert-hosteldieu.com\/musique-et-inclusivite\/chorale-feminine-et-solidaire\/#primaryimage"},"thumbnailUrl":"https:\/\/www.concert-hosteldieu.com\/wp-content\/uploads\/2021\/12\/Photo-chorale.jpg","datePublished":"2021-12-01T11:53:00+00:00","dateModified":"2024-09-04T10:37:10+00:00","breadcrumb":{"@id":"https:\/\/www.concert-hosteldieu.com\/musique-et-inclusivite\/chorale-feminine-et-solidaire\/#breadcrumb"},"inLanguage":"en-GB","potentialAction":[{"@type":"ReadAction","target":["https:\/\/www.concert-hosteldieu.com\/musique-et-inclusivite\/chorale-feminine-et-solidaire\/"]}]},{"@type":"ImageObject","inLanguage":"en-GB","@id":"https:\/\/www.concert-hosteldieu.com\/musique-et-inclusivite\/chorale-feminine-et-solidaire\/#primaryimage","url":"https:\/\/www.concert-hosteldieu.com\/wp-content\/uploads\/2021\/12\/Photo-chorale.jpg","contentUrl":"https:\/\/www.concert-hosteldieu.com\/wp-content\/uploads\/2021\/12\/Photo-chorale.jpg","width":1440,"height":900},{"@type":"BreadcrumbList","@id":"https:\/\/www.concert-hosteldieu.com\/musique-et-inclusivite\/chorale-feminine-et-solidaire\/#breadcrumb","itemListElement":[{"@type":"ListItem","position":1,"name":"Accueil","item":"https:\/\/www.concert-hosteldieu.com\/"},{"@type":"ListItem","position":2,"name":"Musique et inclusivit\u00e9","item":"https:\/\/www.concert-hosteldieu.com\/musique-et-inclusivite\/"},{"@type":"ListItem","position":3,"name":"Chorale f\u00e9minine et solidaire"}]},{"@type":"WebSite","@id":"https:\/\/www.concert-hosteldieu.com\/#website","url":"https:\/\/www.concert-hosteldieu.com\/","name":"Le Concert de l&#039;Hostel Dieu","description":"Franck-Emmanuel Comte","publisher":{"@id":"https:\/\/www.concert-hosteldieu.com\/#organization"},"potentialAction":[{"@type":"SearchAction","target":{"@type":"EntryPoint","urlTemplate":"https:\/\/www.concert-hosteldieu.com\/?s={search_term_string}"},"query-input":{"@type":"PropertyValueSpecification","valueRequired":true,"valueName":"search_term_string"}}],"inLanguage":"en-GB"},{"@type":"Organization","@id":"https:\/\/www.concert-hosteldieu.com\/#organization","name":"Le Concert de l'Hostel Dieu","url":"https:\/\/www.concert-hosteldieu.com\/","logo":{"@type":"ImageObject","inLanguage":"en-GB","@id":"https:\/\/www.concert-hosteldieu.com\/#\/schema\/logo\/image\/","url":"https:\/\/www.concert-hosteldieu.com\/wp-content\/uploads\/2021\/06\/logo-chd-noir-transparent.png","contentUrl":"https:\/\/www.concert-hosteldieu.com\/wp-content\/uploads\/2021\/06\/logo-chd-noir-transparent.png","width":262,"height":106,"caption":"Le Concert de l'Hostel Dieu"},"image":{"@id":"https:\/\/www.concert-hosteldieu.com\/#\/schema\/logo\/image\/"},"sameAs":["https:\/\/www.facebook.com\/leconcert.delhosteldieu","https:\/\/x.com\/CHDLyon","https:\/\/instagram.com\/concert_hostel_dieu","https:\/\/www.linkedin.com\/company\/le-concert-de-l'hostel-dieu\/","https:\/\/www.youtube.com\/user\/CHDLyon"]}]}},"_links":{"self":[{"href":"https:\/\/www.concert-hosteldieu.com\/en\/wp-json\/wp\/v2\/pages\/16727","targetHints":{"allow":["GET"]}}],"collection":[{"href":"https:\/\/www.concert-hosteldieu.com\/en\/wp-json\/wp\/v2\/pages"}],"about":[{"href":"https:\/\/www.concert-hosteldieu.com\/en\/wp-json\/wp\/v2\/types\/page"}],"author":[{"embeddable":true,"href":"https:\/\/www.concert-hosteldieu.com\/en\/wp-json\/wp\/v2\/users\/2776"}],"replies":[{"embeddable":true,"href":"https:\/\/www.concert-hosteldieu.com\/en\/wp-json\/wp\/v2\/comments?post=16727"}],"version-history":[{"count":2,"href":"https:\/\/www.concert-hosteldieu.com\/en\/wp-json\/wp\/v2\/pages\/16727\/revisions"}],"predecessor-version":[{"id":22339,"href":"https:\/\/www.concert-hosteldieu.com\/en\/wp-json\/wp\/v2\/pages\/16727\/revisions\/22339"}],"up":[{"embeddable":true,"href":"https:\/\/www.concert-hosteldieu.com\/en\/wp-json\/wp\/v2\/pages\/12049"}],"wp:featuredmedia":[{"embeddable":true,"href":"https:\/\/www.concert-hosteldieu.com\/en\/wp-json\/wp\/v2\/media\/16756"}],"wp:attachment":[{"href":"https:\/\/www.concert-hosteldieu.com\/en\/wp-json\/wp\/v2\/media?parent=16727"}],"wp:term":[{"taxonomy":"category","embeddable":true,"href":"https:\/\/www.concert-hosteldieu.com\/en\/wp-json\/wp\/v2\/categories?post=16727"},{"taxonomy":"post_tag","embeddable":true,"href":"https:\/\/www.concert-hosteldieu.com\/en\/wp-json\/wp\/v2\/tags?post=16727"}],"curies":[{"name":"wp","href":"https:\/\/api.w.org\/{rel}","templated":true}]}}