{"id":14387,"date":"2021-07-06T09:51:07","date_gmt":"2021-07-06T08:51:07","guid":{"rendered":"https:\/\/dev.concert-hosteldieu.com\/?page_id=14387"},"modified":"2023-03-22T17:21:28","modified_gmt":"2023-03-22T16:21:28","slug":"berenice-collet","status":"publish","type":"page","link":"https:\/\/www.concert-hosteldieu.com\/en\/nos-artistes-invites\/berenice-collet\/","title":{"rendered":"B\u00e9r\u00e9nice Collet"},"content":{"rendered":"<a href=\"https:\/\/www.concert-hosteldieu.com\/en\/nos-artistes-invites\/\" target=\"_self\" role=\"button\" aria-label=\"Our guest artists\" rel=\"noopener\">\n\t\t\t\t\t\t\t\t\t\t\tOur guest artists\n\t\t<\/a>\n\t<h2>\n\t\t\t\tB\u00e9r\u00e9nice Collet\n\t\t\t<\/h2>\n\t\t\t<h4>Stage director<\/h4>\t\n\t<p class=\"translation-block\">B\u00e9r\u00e9nice Collet trained as a stage director at the \u00c9cole Claude Matthieu. She perfected her directing technique with Jean-Yves Ruf and Katie Mitchell. She directed her first opera, Britten's The Little Sweep, at the Th\u00e9\u00e2tre des Champs-\u00c9lys\u00e9es in 2004. In 2007, she directed the world premiere of Verf\u00fcgbar aux enfers, an operetta set in Ravensbr\u00fcck by Germaine Tillion at the Th\u00e9\u00e2tre du Ch\u00e2telet. This was followed by Verdi's Rigoletto in 2011, at the Th\u00e9\u00e2tre Roger Barat in Herblay, and Barber's Vanessa in 2012, co-produced by the Op\u00e9ra de Metz (2014). This was followed by productions of Mascagni's Zanetto and Weber's Abu Hassan in 2013, and Menotti's The Consul in 2014, revived at the Th\u00e9\u00e2tre de l'Ath\u00e9n\u00e9e.<\/p>\n<p class=\"translation-block\">For the theatre, she directed L'Infusion by Pauline Sales in 2012, Une femme seule by Dario Fo, Franca Rame in 2015 at the Manufacture des Abbesses in Paris and Un fruit amer in 2016, based on texts by L\u00e9onard Vincent. In 2017, she directed Purcell's Fairy Queen at the Conservatoire Hector Berlioz in Paris. In 2018, she collaborated with Katie Mitchell on Marguerite Duras' La Maladie de la mort at Les Bouffes du Nord. She is currently preparing a staging of M\u00e9d\u00e9e ou avoir peur des femmes after La P\u00e9ruse and is collaborating with composer Petter Eckman on the creation of an opera based on Am\u00e9lie Nothomb's novel Robert des noms propres and with composer Virginia Guastella on Sounds of silence.<\/p>\n<p>Elle a \u00e9t\u00e9 artiste en r\u00e9sidence au Th\u00e9\u00e2tre d&rsquo;Herblay dans le Val d&rsquo;Oise, o\u00f9 elle a cr\u00e9\u00e9 quatre productions d&rsquo;op\u00e9ra, au Th\u00e9\u00e2tre de l&rsquo;Usine \u00e0 Eragny-sur-Oise, puis \u00e0 La Maison du Com\u00e9dien &#8211; Maria Casar\u00e8s en Charente.<\/p>\n<p><em>Source : site de l&rsquo;Op\u00e9ra national du Rhin<\/em><\/p>\n<h4>\n\t\tB\u00e9r\u00e9nice Collet et le Concert de l&rsquo;Hostel Dieu :\n\t<\/h4>\n\t\t\t\t<a href=\"https:\/\/www.concert-hosteldieu.com\/en\/nos-projets-en-tournee\/fugacites\/\" target=\"_self\" itemprop=\"url\" rel=\"noopener\">\n\t\t\t\t<img loading=\"lazy\" decoding=\"async\" src=\"https:\/\/www.concert-hosteldieu.com\/wp-content\/uploads\/2022\/10\/CHD-FugaCites-5_web.jpg\" alt=\"Les artistes de FugaCit\u00e9s\" itemprop=\"image\" height=\"1280\" width=\"1920\" title=\"FugaCit\u00e9s\" onerror=\"this.style.display='none'\"  \/>\n\t\t\t\t<\/a>\n\t<h3>\n\t\t\t\t<a href=\"https:\/\/www.concert-hosteldieu.com\/en\/nos-projets-en-tournee\/fugacites\/\" title=\"FugaCit\u00e9s\" target=\"_self\" rel=\"noopener\">\n\t\t\t\tFugaCit\u00e9s\n\t\t\t\t<\/a>\n\t\t\t<\/h3>","protected":false},"excerpt":{"rendered":"<p>Artistes invit\u00e9s B\u00e9r\u00e9nice Collet Metteuse en sc\u00e8ne B\u00e9r\u00e9nice Collet s&rsquo;est form\u00e9e \u00e0 la mise en sc\u00e8ne en passant par les planches, \u00e0 l&rsquo;\u00c9cole Claude Matthieu. Elle approfondit sa technique de direction d&rsquo;acteur avec Jean-Yves Ruf et Katie Mitchell. Elle met [&hellip;]<\/p>\n","protected":false},"author":2776,"featured_media":18618,"parent":12628,"menu_order":0,"comment_status":"closed","ping_status":"closed","template":"","meta":{"site-sidebar-layout":"no-sidebar","site-content-layout":"page-builder","ast-site-content-layout":"default","site-content-style":"default","site-sidebar-style":"default","ast-global-header-display":"","ast-banner-title-visibility":"","ast-main-header-display":"","ast-hfb-above-header-display":"","ast-hfb-below-header-display":"","ast-hfb-mobile-header-display":"","site-post-title":"disabled","ast-breadcrumbs-content":"","ast-featured-img":"disabled","footer-sml-layout":"","ast-disable-related-posts":"","theme-transparent-header-meta":"enabled","adv-header-id-meta":"","stick-header-meta":"default","header-above-stick-meta":"","header-main-stick-meta":"","header-below-stick-meta":"","astra-migrate-meta-layouts":"default","ast-page-background-enabled":"default","ast-page-background-meta":{"desktop":{"background-color":"","background-image":"","background-repeat":"repeat","background-position":"center center","background-size":"auto","background-attachment":"scroll","background-type":"","background-media":"","overlay-type":"","overlay-color":"","overlay-opacity":"","overlay-gradient":""},"tablet":{"background-color":"","background-image":"","background-repeat":"repeat","background-position":"center center","background-size":"auto","background-attachment":"scroll","background-type":"","background-media":"","overlay-type":"","overlay-color":"","overlay-opacity":"","overlay-gradient":""},"mobile":{"background-color":"","background-image":"","background-repeat":"repeat","background-position":"center center","background-size":"auto","background-attachment":"scroll","background-type":"","background-media":"","overlay-type":"","overlay-color":"","overlay-opacity":"","overlay-gradient":""}},"ast-content-background-meta":{"desktop":{"background-color":"var(--ast-global-color-5)","background-image":"","background-repeat":"repeat","background-position":"center center","background-size":"auto","background-attachment":"scroll","background-type":"","background-media":"","overlay-type":"","overlay-color":"","overlay-opacity":"","overlay-gradient":""},"tablet":{"background-color":"var(--ast-global-color-5)","background-image":"","background-repeat":"repeat","background-position":"center center","background-size":"auto","background-attachment":"scroll","background-type":"","background-media":"","overlay-type":"","overlay-color":"","overlay-opacity":"","overlay-gradient":""},"mobile":{"background-color":"var(--ast-global-color-5)","background-image":"","background-repeat":"repeat","background-position":"center center","background-size":"auto","background-attachment":"scroll","background-type":"","background-media":"","overlay-type":"","overlay-color":"","overlay-opacity":"","overlay-gradient":""}},"footnotes":""},"categories":[169,171],"tags":[],"class_list":["post-14387","page","type-page","status-publish","has-post-thumbnail","hentry","category-equipe-artistique","category-nosartistesinvites"],"yoast_head":"<!-- This site is optimized with the Yoast SEO plugin v27.5 - https:\/\/yoast.com\/product\/yoast-seo-wordpress\/ -->\n<title>B\u00e9r\u00e9nice Collet - Le Concert de l&#039;Hostel Dieu<\/title>\n<meta name=\"description\" content=\"Retrouvez la metteuse en sc\u00e8ne B\u00e9r\u00e9nice Collet dans deux productions du Concert de l&#039;Hostel Dieu : FugaCit\u00e9s &amp; Talestri, Reine des Amazones.\" \/>\n<meta name=\"robots\" content=\"index, follow, max-snippet:-1, max-image-preview:large, max-video-preview:-1\" \/>\n<link rel=\"canonical\" href=\"https:\/\/www.concert-hosteldieu.com\/en\/nos-artistes-invites\/berenice-collet\/\" \/>\n<meta property=\"og:locale\" content=\"en_GB\" \/>\n<meta property=\"og:type\" content=\"article\" \/>\n<meta property=\"og:title\" content=\"B\u00e9r\u00e9nice Collet - Le Concert de l&#039;Hostel Dieu\" \/>\n<meta property=\"og:description\" content=\"Retrouvez la metteuse en sc\u00e8ne B\u00e9r\u00e9nice Collet dans deux productions du Concert de l&#039;Hostel Dieu : FugaCit\u00e9s &amp; Talestri, Reine des Amazones.\" \/>\n<meta property=\"og:url\" content=\"https:\/\/www.concert-hosteldieu.com\/en\/nos-artistes-invites\/berenice-collet\/\" \/>\n<meta property=\"og:site_name\" content=\"Le Concert de l&#039;Hostel Dieu\" \/>\n<meta property=\"article:publisher\" content=\"https:\/\/www.facebook.com\/leconcert.delhosteldieu\" \/>\n<meta property=\"article:modified_time\" content=\"2023-03-22T16:21:28+00:00\" \/>\n<meta property=\"og:image\" content=\"https:\/\/www.concert-hosteldieu.com\/wp-content\/uploads\/2022\/10\/CHD-FugaCites-277_web.jpg\" \/>\n\t<meta property=\"og:image:width\" content=\"1920\" \/>\n\t<meta property=\"og:image:height\" content=\"1280\" \/>\n\t<meta property=\"og:image:type\" content=\"image\/jpeg\" \/>\n<meta name=\"twitter:label1\" content=\"Estimated reading time\" \/>\n\t<meta name=\"twitter:data1\" content=\"3 minutes\" \/>\n<script type=\"application\/ld+json\" class=\"yoast-schema-graph\">{\"@context\":\"https:\\\/\\\/schema.org\",\"@graph\":[{\"@type\":\"WebPage\",\"@id\":\"https:\\\/\\\/www.concert-hosteldieu.com\\\/nos-artistes-invites\\\/berenice-collet\\\/\",\"url\":\"https:\\\/\\\/www.concert-hosteldieu.com\\\/nos-artistes-invites\\\/berenice-collet\\\/\",\"name\":\"B\u00e9r\u00e9nice Collet - Le Concert de l&#039;Hostel Dieu\",\"isPartOf\":{\"@id\":\"https:\\\/\\\/www.concert-hosteldieu.com\\\/#website\"},\"primaryImageOfPage\":{\"@id\":\"https:\\\/\\\/www.concert-hosteldieu.com\\\/nos-artistes-invites\\\/berenice-collet\\\/#primaryimage\"},\"image\":{\"@id\":\"https:\\\/\\\/www.concert-hosteldieu.com\\\/nos-artistes-invites\\\/berenice-collet\\\/#primaryimage\"},\"thumbnailUrl\":\"https:\\\/\\\/www.concert-hosteldieu.com\\\/wp-content\\\/uploads\\\/2022\\\/10\\\/CHD-FugaCites-277_web.jpg\",\"datePublished\":\"2021-07-06T08:51:07+00:00\",\"dateModified\":\"2023-03-22T16:21:28+00:00\",\"description\":\"Retrouvez la metteuse en sc\u00e8ne B\u00e9r\u00e9nice Collet dans deux productions du Concert de l'Hostel Dieu : FugaCit\u00e9s & Talestri, Reine des Amazones.\",\"breadcrumb\":{\"@id\":\"https:\\\/\\\/www.concert-hosteldieu.com\\\/nos-artistes-invites\\\/berenice-collet\\\/#breadcrumb\"},\"inLanguage\":\"en-GB\",\"potentialAction\":[{\"@type\":\"ReadAction\",\"target\":[\"https:\\\/\\\/www.concert-hosteldieu.com\\\/nos-artistes-invites\\\/berenice-collet\\\/\"]}]},{\"@type\":\"ImageObject\",\"inLanguage\":\"en-GB\",\"@id\":\"https:\\\/\\\/www.concert-hosteldieu.com\\\/nos-artistes-invites\\\/berenice-collet\\\/#primaryimage\",\"url\":\"https:\\\/\\\/www.concert-hosteldieu.com\\\/wp-content\\\/uploads\\\/2022\\\/10\\\/CHD-FugaCites-277_web.jpg\",\"contentUrl\":\"https:\\\/\\\/www.concert-hosteldieu.com\\\/wp-content\\\/uploads\\\/2022\\\/10\\\/CHD-FugaCites-277_web.jpg\",\"width\":1920,\"height\":1280,\"caption\":\"\u00a9Julie Cherki\"},{\"@type\":\"BreadcrumbList\",\"@id\":\"https:\\\/\\\/www.concert-hosteldieu.com\\\/nos-artistes-invites\\\/berenice-collet\\\/#breadcrumb\",\"itemListElement\":[{\"@type\":\"ListItem\",\"position\":1,\"name\":\"Accueil\",\"item\":\"https:\\\/\\\/www.concert-hosteldieu.com\\\/\"},{\"@type\":\"ListItem\",\"position\":2,\"name\":\"Nos artistes invit\u00e9s\",\"item\":\"https:\\\/\\\/www.concert-hosteldieu.com\\\/nos-artistes-invites\\\/\"},{\"@type\":\"ListItem\",\"position\":3,\"name\":\"B\u00e9r\u00e9nice Collet\"}]},{\"@type\":\"WebSite\",\"@id\":\"https:\\\/\\\/www.concert-hosteldieu.com\\\/#website\",\"url\":\"https:\\\/\\\/www.concert-hosteldieu.com\\\/\",\"name\":\"Le Concert de l&#039;Hostel Dieu\",\"description\":\"Franck-Emmanuel Comte\",\"publisher\":{\"@id\":\"https:\\\/\\\/www.concert-hosteldieu.com\\\/#organization\"},\"potentialAction\":[{\"@type\":\"SearchAction\",\"target\":{\"@type\":\"EntryPoint\",\"urlTemplate\":\"https:\\\/\\\/www.concert-hosteldieu.com\\\/?s={search_term_string}\"},\"query-input\":{\"@type\":\"PropertyValueSpecification\",\"valueRequired\":true,\"valueName\":\"search_term_string\"}}],\"inLanguage\":\"en-GB\"},{\"@type\":\"Organization\",\"@id\":\"https:\\\/\\\/www.concert-hosteldieu.com\\\/#organization\",\"name\":\"Le Concert de l'Hostel Dieu\",\"url\":\"https:\\\/\\\/www.concert-hosteldieu.com\\\/\",\"logo\":{\"@type\":\"ImageObject\",\"inLanguage\":\"en-GB\",\"@id\":\"https:\\\/\\\/www.concert-hosteldieu.com\\\/#\\\/schema\\\/logo\\\/image\\\/\",\"url\":\"https:\\\/\\\/www.concert-hosteldieu.com\\\/wp-content\\\/uploads\\\/2021\\\/06\\\/logo-chd-noir-transparent.png\",\"contentUrl\":\"https:\\\/\\\/www.concert-hosteldieu.com\\\/wp-content\\\/uploads\\\/2021\\\/06\\\/logo-chd-noir-transparent.png\",\"width\":262,\"height\":106,\"caption\":\"Le Concert de l'Hostel Dieu\"},\"image\":{\"@id\":\"https:\\\/\\\/www.concert-hosteldieu.com\\\/#\\\/schema\\\/logo\\\/image\\\/\"},\"sameAs\":[\"https:\\\/\\\/www.facebook.com\\\/leconcert.delhosteldieu\",\"https:\\\/\\\/x.com\\\/CHDLyon\",\"https:\\\/\\\/instagram.com\\\/concert_hostel_dieu\",\"https:\\\/\\\/www.linkedin.com\\\/company\\\/le-concert-de-l'hostel-dieu\\\/\",\"https:\\\/\\\/www.youtube.com\\\/user\\\/CHDLyon\"]}]}<\/script>\n<!-- \/ Yoast SEO plugin. -->","yoast_head_json":{"title":"B\u00e9r\u00e9nice Collet - Le Concert de l&#039;Hostel Dieu","description":"Retrouvez la metteuse en sc\u00e8ne B\u00e9r\u00e9nice Collet dans deux productions du Concert de l'Hostel Dieu : FugaCit\u00e9s & Talestri, Reine des Amazones.","robots":{"index":"index","follow":"follow","max-snippet":"max-snippet:-1","max-image-preview":"max-image-preview:large","max-video-preview":"max-video-preview:-1"},"canonical":"https:\/\/www.concert-hosteldieu.com\/en\/nos-artistes-invites\/berenice-collet\/","og_locale":"en_GB","og_type":"article","og_title":"B\u00e9r\u00e9nice Collet - Le Concert de l&#039;Hostel Dieu","og_description":"Retrouvez la metteuse en sc\u00e8ne B\u00e9r\u00e9nice Collet dans deux productions du Concert de l'Hostel Dieu : FugaCit\u00e9s & Talestri, Reine des Amazones.","og_url":"https:\/\/www.concert-hosteldieu.com\/en\/nos-artistes-invites\/berenice-collet\/","og_site_name":"Le Concert de l&#039;Hostel Dieu","article_publisher":"https:\/\/www.facebook.com\/leconcert.delhosteldieu","article_modified_time":"2023-03-22T16:21:28+00:00","og_image":[{"width":1920,"height":1280,"url":"https:\/\/www.concert-hosteldieu.com\/wp-content\/uploads\/2022\/10\/CHD-FugaCites-277_web.jpg","type":"image\/jpeg"}],"twitter_misc":{"Estimated reading time":"3 minutes"},"schema":{"@context":"https:\/\/schema.org","@graph":[{"@type":"WebPage","@id":"https:\/\/www.concert-hosteldieu.com\/nos-artistes-invites\/berenice-collet\/","url":"https:\/\/www.concert-hosteldieu.com\/nos-artistes-invites\/berenice-collet\/","name":"B\u00e9r\u00e9nice Collet - Le Concert de l&#039;Hostel Dieu","isPartOf":{"@id":"https:\/\/www.concert-hosteldieu.com\/#website"},"primaryImageOfPage":{"@id":"https:\/\/www.concert-hosteldieu.com\/nos-artistes-invites\/berenice-collet\/#primaryimage"},"image":{"@id":"https:\/\/www.concert-hosteldieu.com\/nos-artistes-invites\/berenice-collet\/#primaryimage"},"thumbnailUrl":"https:\/\/www.concert-hosteldieu.com\/wp-content\/uploads\/2022\/10\/CHD-FugaCites-277_web.jpg","datePublished":"2021-07-06T08:51:07+00:00","dateModified":"2023-03-22T16:21:28+00:00","description":"Retrouvez la metteuse en sc\u00e8ne B\u00e9r\u00e9nice Collet dans deux productions du Concert de l'Hostel Dieu : FugaCit\u00e9s & Talestri, Reine des Amazones.","breadcrumb":{"@id":"https:\/\/www.concert-hosteldieu.com\/nos-artistes-invites\/berenice-collet\/#breadcrumb"},"inLanguage":"en-GB","potentialAction":[{"@type":"ReadAction","target":["https:\/\/www.concert-hosteldieu.com\/nos-artistes-invites\/berenice-collet\/"]}]},{"@type":"ImageObject","inLanguage":"en-GB","@id":"https:\/\/www.concert-hosteldieu.com\/nos-artistes-invites\/berenice-collet\/#primaryimage","url":"https:\/\/www.concert-hosteldieu.com\/wp-content\/uploads\/2022\/10\/CHD-FugaCites-277_web.jpg","contentUrl":"https:\/\/www.concert-hosteldieu.com\/wp-content\/uploads\/2022\/10\/CHD-FugaCites-277_web.jpg","width":1920,"height":1280,"caption":"\u00a9Julie Cherki"},{"@type":"BreadcrumbList","@id":"https:\/\/www.concert-hosteldieu.com\/nos-artistes-invites\/berenice-collet\/#breadcrumb","itemListElement":[{"@type":"ListItem","position":1,"name":"Accueil","item":"https:\/\/www.concert-hosteldieu.com\/"},{"@type":"ListItem","position":2,"name":"Nos artistes invit\u00e9s","item":"https:\/\/www.concert-hosteldieu.com\/nos-artistes-invites\/"},{"@type":"ListItem","position":3,"name":"B\u00e9r\u00e9nice Collet"}]},{"@type":"WebSite","@id":"https:\/\/www.concert-hosteldieu.com\/#website","url":"https:\/\/www.concert-hosteldieu.com\/","name":"Le Concert de l&#039;Hostel Dieu","description":"Franck-Emmanuel Comte","publisher":{"@id":"https:\/\/www.concert-hosteldieu.com\/#organization"},"potentialAction":[{"@type":"SearchAction","target":{"@type":"EntryPoint","urlTemplate":"https:\/\/www.concert-hosteldieu.com\/?s={search_term_string}"},"query-input":{"@type":"PropertyValueSpecification","valueRequired":true,"valueName":"search_term_string"}}],"inLanguage":"en-GB"},{"@type":"Organization","@id":"https:\/\/www.concert-hosteldieu.com\/#organization","name":"Le Concert de l'Hostel Dieu","url":"https:\/\/www.concert-hosteldieu.com\/","logo":{"@type":"ImageObject","inLanguage":"en-GB","@id":"https:\/\/www.concert-hosteldieu.com\/#\/schema\/logo\/image\/","url":"https:\/\/www.concert-hosteldieu.com\/wp-content\/uploads\/2021\/06\/logo-chd-noir-transparent.png","contentUrl":"https:\/\/www.concert-hosteldieu.com\/wp-content\/uploads\/2021\/06\/logo-chd-noir-transparent.png","width":262,"height":106,"caption":"Le Concert de l'Hostel Dieu"},"image":{"@id":"https:\/\/www.concert-hosteldieu.com\/#\/schema\/logo\/image\/"},"sameAs":["https:\/\/www.facebook.com\/leconcert.delhosteldieu","https:\/\/x.com\/CHDLyon","https:\/\/instagram.com\/concert_hostel_dieu","https:\/\/www.linkedin.com\/company\/le-concert-de-l'hostel-dieu\/","https:\/\/www.youtube.com\/user\/CHDLyon"]}]}},"_links":{"self":[{"href":"https:\/\/www.concert-hosteldieu.com\/en\/wp-json\/wp\/v2\/pages\/14387","targetHints":{"allow":["GET"]}}],"collection":[{"href":"https:\/\/www.concert-hosteldieu.com\/en\/wp-json\/wp\/v2\/pages"}],"about":[{"href":"https:\/\/www.concert-hosteldieu.com\/en\/wp-json\/wp\/v2\/types\/page"}],"author":[{"embeddable":true,"href":"https:\/\/www.concert-hosteldieu.com\/en\/wp-json\/wp\/v2\/users\/2776"}],"replies":[{"embeddable":true,"href":"https:\/\/www.concert-hosteldieu.com\/en\/wp-json\/wp\/v2\/comments?post=14387"}],"version-history":[{"count":3,"href":"https:\/\/www.concert-hosteldieu.com\/en\/wp-json\/wp\/v2\/pages\/14387\/revisions"}],"predecessor-version":[{"id":19440,"href":"https:\/\/www.concert-hosteldieu.com\/en\/wp-json\/wp\/v2\/pages\/14387\/revisions\/19440"}],"up":[{"embeddable":true,"href":"https:\/\/www.concert-hosteldieu.com\/en\/wp-json\/wp\/v2\/pages\/12628"}],"wp:featuredmedia":[{"embeddable":true,"href":"https:\/\/www.concert-hosteldieu.com\/en\/wp-json\/wp\/v2\/media\/18618"}],"wp:attachment":[{"href":"https:\/\/www.concert-hosteldieu.com\/en\/wp-json\/wp\/v2\/media?parent=14387"}],"wp:term":[{"taxonomy":"category","embeddable":true,"href":"https:\/\/www.concert-hosteldieu.com\/en\/wp-json\/wp\/v2\/categories?post=14387"},{"taxonomy":"post_tag","embeddable":true,"href":"https:\/\/www.concert-hosteldieu.com\/en\/wp-json\/wp\/v2\/tags?post=14387"}],"curies":[{"name":"wp","href":"https:\/\/api.w.org\/{rel}","templated":true}]}}