{"id":14301,"date":"2021-07-05T15:06:25","date_gmt":"2021-07-05T14:06:25","guid":{"rendered":"https:\/\/dev.concert-hosteldieu.com\/?page_id=14301"},"modified":"2023-03-22T17:06:42","modified_gmt":"2023-03-22T16:06:42","slug":"saskia-salembier","status":"publish","type":"page","link":"https:\/\/www.concert-hosteldieu.com\/en\/nos-artistes-invites\/saskia-salembier\/","title":{"rendered":"Saskia Salembier"},"content":{"rendered":"<h2>\n\t\t\t\tSaskia Salembier\n\t\t\t<\/h2>\n\t\t\t<h4>Mezzo Soprano<\/h4>\t\n<p>Artiste pluridisciplinaire, Saskia Salembier se construit une solide formation musicale de violoniste et de chanteuse lyrique : elle fait ses premiers pas musicaux au Conservatoire d&rsquo;Annecy. Elle poursuit ensuite l&rsquo;\u00e9tude du chant lyrique dans la classe de Gilles Cachemaille \u00e0 la Haute Ecole de Musique de Gen\u00e8ve, puis se perfectionne en chant baroque au P\u00f4le Sup\u00e9rieur Paris-Boulogne aupr\u00e8s d&rsquo;Howard Crook et Isabelle Poulenard, et \u00e0 la Schola Cantorum Basiliensis aupr\u00e8s de Rosa Dominguez. En parall\u00e8le, elle poursuit ses \u00e9tudes de violon baroque aupr\u00e8s de Patrick Bism\u00fcth, et rejoint la classe de Fran\u00e7ois Fernandez au Conservatoire national sup\u00e9rieur de musique de Paris. Elle \u00e9tudie \u00e9galement la litt\u00e9rature en classe pr\u00e9paratoire et la musicologie \u00e0 l&rsquo;universit\u00e9 Paris-Sorbonne. Passionn\u00e9e par l&rsquo;apprentissage de la voix, elle est aujourd&rsquo;hui professeure titulaire de chant lyrique et de chant baroque au conservatoire de Nanterre.<\/p>\n<p>Sp\u00e9cialiste en musique ancienne, Saskia Salembier intervient en tant que violoniste baroque et chanteuse soliste sous la direction de Jean Tub\u00e9ry, Gabriel Garrido, Hugo Reyne, Paul Agnew, Franck-Emmanuel Comte, Jean-Christophe Spinosi, Christophe Rousset ou Sigiswald Kuijken. Elle est r\u00e9guli\u00e8rement invit\u00e9e par des ensembles tels que Elyma, Faenza, La Simphonie du Marais, Le Concert de l&rsquo;Hostel Dieu ou La Fenice.<\/p>\n<p>On a pu l&rsquo;entendre r\u00e9cemment comme soliste \u00e0 la Philharmonie de Paris, \u00e0 la Salle Gaveau, aux festivals d&rsquo;Uz\u00e8s, Torroella de Montgri, Brou, Utrecht, Royaumont ou encore Sinfonia en P\u00e9rigord&#8230; Elle interpr\u00e8te les r\u00f4les de Poppea, Musica, Euridice, Proserpina (Monteverdi), Medea (Cavalli), Alceste (Lully), Proserpine (Charpentier), Ph\u00e8dre (Rameau), Colette (Rousseau), Orph\u00e9e (Gluck), Carmen (Bizet)&#8230;<\/p>\n<p>\u200bOuverte \u00e0 de nombreux r\u00e9pertoires et tr\u00e8s impliqu\u00e9e dans le travail sc\u00e9nique et corporel, elle est de plus en plus r\u00e9guli\u00e8rement sollicit\u00e9e comme metteuse en sc\u00e8ne \u00e0 l&rsquo;image de <em>Orph\u00e9e<\/em> de Gluck, 2015 ; <em>La Figure<\/em> de Leos Janacek, 2016 ; <em>Il Giasone<\/em> de Cavalli, 2017 ; <em>Le Carnaval<\/em> de Lully, 2018. Depuis 2006, elle assure \u00e9galement la direction de l&rsquo;ensemble vocal et instrumental <a href=\"http:\/\/www.opalescences.com\/\" target=\"_blank\" rel=\"noopener\">Opalescences<\/a>, sp\u00e9cialis\u00e9 en musique ancienne.<\/p>","protected":false},"excerpt":{"rendered":"<p>Saskia Salembier Mezzo-Soprano Artiste pluridisciplinaire, Saskia Salembier se construit une solide formation musicale de violoniste et de chanteuse lyrique : elle fait ses premiers pas musicaux au Conservatoire d&rsquo;Annecy. Elle poursuit ensuite l&rsquo;\u00e9tude du chant lyrique dans la classe de [&hellip;]<\/p>\n","protected":false},"author":2776,"featured_media":13002,"parent":12628,"menu_order":0,"comment_status":"closed","ping_status":"closed","template":"","meta":{"site-sidebar-layout":"no-sidebar","site-content-layout":"page-builder","ast-site-content-layout":"default","site-content-style":"default","site-sidebar-style":"default","ast-global-header-display":"","ast-banner-title-visibility":"","ast-main-header-display":"","ast-hfb-above-header-display":"","ast-hfb-below-header-display":"","ast-hfb-mobile-header-display":"","site-post-title":"disabled","ast-breadcrumbs-content":"","ast-featured-img":"disabled","footer-sml-layout":"","ast-disable-related-posts":"","theme-transparent-header-meta":"enabled","adv-header-id-meta":"","stick-header-meta":"default","header-above-stick-meta":"","header-main-stick-meta":"","header-below-stick-meta":"","astra-migrate-meta-layouts":"default","ast-page-background-enabled":"default","ast-page-background-meta":{"desktop":{"background-color":"","background-image":"","background-repeat":"repeat","background-position":"center center","background-size":"auto","background-attachment":"scroll","background-type":"","background-media":"","overlay-type":"","overlay-color":"","overlay-opacity":"","overlay-gradient":""},"tablet":{"background-color":"","background-image":"","background-repeat":"repeat","background-position":"center center","background-size":"auto","background-attachment":"scroll","background-type":"","background-media":"","overlay-type":"","overlay-color":"","overlay-opacity":"","overlay-gradient":""},"mobile":{"background-color":"","background-image":"","background-repeat":"repeat","background-position":"center center","background-size":"auto","background-attachment":"scroll","background-type":"","background-media":"","overlay-type":"","overlay-color":"","overlay-opacity":"","overlay-gradient":""}},"ast-content-background-meta":{"desktop":{"background-color":"var(--ast-global-color-5)","background-image":"","background-repeat":"repeat","background-position":"center center","background-size":"auto","background-attachment":"scroll","background-type":"","background-media":"","overlay-type":"","overlay-color":"","overlay-opacity":"","overlay-gradient":""},"tablet":{"background-color":"var(--ast-global-color-5)","background-image":"","background-repeat":"repeat","background-position":"center center","background-size":"auto","background-attachment":"scroll","background-type":"","background-media":"","overlay-type":"","overlay-color":"","overlay-opacity":"","overlay-gradient":""},"mobile":{"background-color":"var(--ast-global-color-5)","background-image":"","background-repeat":"repeat","background-position":"center center","background-size":"auto","background-attachment":"scroll","background-type":"","background-media":"","overlay-type":"","overlay-color":"","overlay-opacity":"","overlay-gradient":""}},"footnotes":""},"categories":[169,171],"tags":[],"class_list":["post-14301","page","type-page","status-publish","has-post-thumbnail","hentry","category-equipe-artistique","category-nosartistesinvites"],"yoast_head":"<!-- This site is optimized with the Yoast SEO plugin v27.5 - https:\/\/yoast.com\/product\/yoast-seo-wordpress\/ -->\n<title>Saskia Salembier - Le Concert de l&#039;Hostel Dieu<\/title>\n<meta name=\"robots\" content=\"index, follow, max-snippet:-1, max-image-preview:large, max-video-preview:-1\" \/>\n<link rel=\"canonical\" href=\"https:\/\/www.concert-hosteldieu.com\/en\/nos-artistes-invites\/saskia-salembier\/\" \/>\n<meta property=\"og:locale\" content=\"en_GB\" \/>\n<meta property=\"og:type\" content=\"article\" \/>\n<meta property=\"og:title\" content=\"Saskia Salembier - Le Concert de l&#039;Hostel Dieu\" \/>\n<meta property=\"og:description\" content=\"Saskia Salembier Mezzo-Soprano Artiste pluridisciplinaire, Saskia Salembier se construit une solide formation musicale de violoniste et de chanteuse lyrique : elle fait ses premiers pas musicaux au Conservatoire d&rsquo;Annecy. Elle poursuit ensuite l&rsquo;\u00e9tude du chant lyrique dans la classe de [&hellip;]\" \/>\n<meta property=\"og:url\" content=\"https:\/\/www.concert-hosteldieu.com\/en\/nos-artistes-invites\/saskia-salembier\/\" \/>\n<meta property=\"og:site_name\" content=\"Le Concert de l&#039;Hostel Dieu\" \/>\n<meta property=\"article:publisher\" content=\"https:\/\/www.facebook.com\/leconcert.delhosteldieu\" \/>\n<meta property=\"article:modified_time\" content=\"2023-03-22T16:06:42+00:00\" \/>\n<meta property=\"og:image\" content=\"https:\/\/www.concert-hosteldieu.com\/wp-content\/uploads\/2021\/06\/SALEMBIER-Saskia-credit-Maciej-Kotlarski-3.jpg\" \/>\n\t<meta property=\"og:image:width\" content=\"1920\" \/>\n\t<meta property=\"og:image:height\" content=\"1280\" \/>\n\t<meta property=\"og:image:type\" content=\"image\/jpeg\" \/>\n<meta name=\"twitter:label1\" content=\"Estimated reading time\" \/>\n\t<meta name=\"twitter:data1\" content=\"2 minutes\" \/>\n<script type=\"application\/ld+json\" class=\"yoast-schema-graph\">{\"@context\":\"https:\\\/\\\/schema.org\",\"@graph\":[{\"@type\":\"WebPage\",\"@id\":\"https:\\\/\\\/www.concert-hosteldieu.com\\\/nos-artistes-invites\\\/saskia-salembier\\\/\",\"url\":\"https:\\\/\\\/www.concert-hosteldieu.com\\\/nos-artistes-invites\\\/saskia-salembier\\\/\",\"name\":\"Saskia Salembier - Le Concert de l&#039;Hostel Dieu\",\"isPartOf\":{\"@id\":\"https:\\\/\\\/www.concert-hosteldieu.com\\\/#website\"},\"primaryImageOfPage\":{\"@id\":\"https:\\\/\\\/www.concert-hosteldieu.com\\\/nos-artistes-invites\\\/saskia-salembier\\\/#primaryimage\"},\"image\":{\"@id\":\"https:\\\/\\\/www.concert-hosteldieu.com\\\/nos-artistes-invites\\\/saskia-salembier\\\/#primaryimage\"},\"thumbnailUrl\":\"https:\\\/\\\/www.concert-hosteldieu.com\\\/wp-content\\\/uploads\\\/2021\\\/06\\\/SALEMBIER-Saskia-credit-Maciej-Kotlarski-3.jpg\",\"datePublished\":\"2021-07-05T14:06:25+00:00\",\"dateModified\":\"2023-03-22T16:06:42+00:00\",\"breadcrumb\":{\"@id\":\"https:\\\/\\\/www.concert-hosteldieu.com\\\/nos-artistes-invites\\\/saskia-salembier\\\/#breadcrumb\"},\"inLanguage\":\"en-GB\",\"potentialAction\":[{\"@type\":\"ReadAction\",\"target\":[\"https:\\\/\\\/www.concert-hosteldieu.com\\\/nos-artistes-invites\\\/saskia-salembier\\\/\"]}]},{\"@type\":\"ImageObject\",\"inLanguage\":\"en-GB\",\"@id\":\"https:\\\/\\\/www.concert-hosteldieu.com\\\/nos-artistes-invites\\\/saskia-salembier\\\/#primaryimage\",\"url\":\"https:\\\/\\\/www.concert-hosteldieu.com\\\/wp-content\\\/uploads\\\/2021\\\/06\\\/SALEMBIER-Saskia-credit-Maciej-Kotlarski-3.jpg\",\"contentUrl\":\"https:\\\/\\\/www.concert-hosteldieu.com\\\/wp-content\\\/uploads\\\/2021\\\/06\\\/SALEMBIER-Saskia-credit-Maciej-Kotlarski-3.jpg\",\"width\":1920,\"height\":1280,\"caption\":\"Le Parnasse au f\u00e9minin\"},{\"@type\":\"BreadcrumbList\",\"@id\":\"https:\\\/\\\/www.concert-hosteldieu.com\\\/nos-artistes-invites\\\/saskia-salembier\\\/#breadcrumb\",\"itemListElement\":[{\"@type\":\"ListItem\",\"position\":1,\"name\":\"Accueil\",\"item\":\"https:\\\/\\\/www.concert-hosteldieu.com\\\/\"},{\"@type\":\"ListItem\",\"position\":2,\"name\":\"Nos artistes invit\u00e9s\",\"item\":\"https:\\\/\\\/www.concert-hosteldieu.com\\\/nos-artistes-invites\\\/\"},{\"@type\":\"ListItem\",\"position\":3,\"name\":\"Saskia Salembier\"}]},{\"@type\":\"WebSite\",\"@id\":\"https:\\\/\\\/www.concert-hosteldieu.com\\\/#website\",\"url\":\"https:\\\/\\\/www.concert-hosteldieu.com\\\/\",\"name\":\"Le Concert de l&#039;Hostel Dieu\",\"description\":\"Franck-Emmanuel Comte\",\"publisher\":{\"@id\":\"https:\\\/\\\/www.concert-hosteldieu.com\\\/#organization\"},\"potentialAction\":[{\"@type\":\"SearchAction\",\"target\":{\"@type\":\"EntryPoint\",\"urlTemplate\":\"https:\\\/\\\/www.concert-hosteldieu.com\\\/?s={search_term_string}\"},\"query-input\":{\"@type\":\"PropertyValueSpecification\",\"valueRequired\":true,\"valueName\":\"search_term_string\"}}],\"inLanguage\":\"en-GB\"},{\"@type\":\"Organization\",\"@id\":\"https:\\\/\\\/www.concert-hosteldieu.com\\\/#organization\",\"name\":\"Le Concert de l'Hostel Dieu\",\"url\":\"https:\\\/\\\/www.concert-hosteldieu.com\\\/\",\"logo\":{\"@type\":\"ImageObject\",\"inLanguage\":\"en-GB\",\"@id\":\"https:\\\/\\\/www.concert-hosteldieu.com\\\/#\\\/schema\\\/logo\\\/image\\\/\",\"url\":\"https:\\\/\\\/www.concert-hosteldieu.com\\\/wp-content\\\/uploads\\\/2021\\\/06\\\/logo-chd-noir-transparent.png\",\"contentUrl\":\"https:\\\/\\\/www.concert-hosteldieu.com\\\/wp-content\\\/uploads\\\/2021\\\/06\\\/logo-chd-noir-transparent.png\",\"width\":262,\"height\":106,\"caption\":\"Le Concert de l'Hostel Dieu\"},\"image\":{\"@id\":\"https:\\\/\\\/www.concert-hosteldieu.com\\\/#\\\/schema\\\/logo\\\/image\\\/\"},\"sameAs\":[\"https:\\\/\\\/www.facebook.com\\\/leconcert.delhosteldieu\",\"https:\\\/\\\/x.com\\\/CHDLyon\",\"https:\\\/\\\/instagram.com\\\/concert_hostel_dieu\",\"https:\\\/\\\/www.linkedin.com\\\/company\\\/le-concert-de-l'hostel-dieu\\\/\",\"https:\\\/\\\/www.youtube.com\\\/user\\\/CHDLyon\"]}]}<\/script>\n<!-- \/ Yoast SEO plugin. -->","yoast_head_json":{"title":"Saskia Salembier - Le Concert de l&#039;Hostel Dieu","robots":{"index":"index","follow":"follow","max-snippet":"max-snippet:-1","max-image-preview":"max-image-preview:large","max-video-preview":"max-video-preview:-1"},"canonical":"https:\/\/www.concert-hosteldieu.com\/en\/nos-artistes-invites\/saskia-salembier\/","og_locale":"en_GB","og_type":"article","og_title":"Saskia Salembier - Le Concert de l&#039;Hostel Dieu","og_description":"Saskia Salembier Mezzo-Soprano Artiste pluridisciplinaire, Saskia Salembier se construit une solide formation musicale de violoniste et de chanteuse lyrique : elle fait ses premiers pas musicaux au Conservatoire d&rsquo;Annecy. Elle poursuit ensuite l&rsquo;\u00e9tude du chant lyrique dans la classe de [&hellip;]","og_url":"https:\/\/www.concert-hosteldieu.com\/en\/nos-artistes-invites\/saskia-salembier\/","og_site_name":"Le Concert de l&#039;Hostel Dieu","article_publisher":"https:\/\/www.facebook.com\/leconcert.delhosteldieu","article_modified_time":"2023-03-22T16:06:42+00:00","og_image":[{"width":1920,"height":1280,"url":"https:\/\/www.concert-hosteldieu.com\/wp-content\/uploads\/2021\/06\/SALEMBIER-Saskia-credit-Maciej-Kotlarski-3.jpg","type":"image\/jpeg"}],"twitter_misc":{"Estimated reading time":"2 minutes"},"schema":{"@context":"https:\/\/schema.org","@graph":[{"@type":"WebPage","@id":"https:\/\/www.concert-hosteldieu.com\/nos-artistes-invites\/saskia-salembier\/","url":"https:\/\/www.concert-hosteldieu.com\/nos-artistes-invites\/saskia-salembier\/","name":"Saskia Salembier - Le Concert de l&#039;Hostel Dieu","isPartOf":{"@id":"https:\/\/www.concert-hosteldieu.com\/#website"},"primaryImageOfPage":{"@id":"https:\/\/www.concert-hosteldieu.com\/nos-artistes-invites\/saskia-salembier\/#primaryimage"},"image":{"@id":"https:\/\/www.concert-hosteldieu.com\/nos-artistes-invites\/saskia-salembier\/#primaryimage"},"thumbnailUrl":"https:\/\/www.concert-hosteldieu.com\/wp-content\/uploads\/2021\/06\/SALEMBIER-Saskia-credit-Maciej-Kotlarski-3.jpg","datePublished":"2021-07-05T14:06:25+00:00","dateModified":"2023-03-22T16:06:42+00:00","breadcrumb":{"@id":"https:\/\/www.concert-hosteldieu.com\/nos-artistes-invites\/saskia-salembier\/#breadcrumb"},"inLanguage":"en-GB","potentialAction":[{"@type":"ReadAction","target":["https:\/\/www.concert-hosteldieu.com\/nos-artistes-invites\/saskia-salembier\/"]}]},{"@type":"ImageObject","inLanguage":"en-GB","@id":"https:\/\/www.concert-hosteldieu.com\/nos-artistes-invites\/saskia-salembier\/#primaryimage","url":"https:\/\/www.concert-hosteldieu.com\/wp-content\/uploads\/2021\/06\/SALEMBIER-Saskia-credit-Maciej-Kotlarski-3.jpg","contentUrl":"https:\/\/www.concert-hosteldieu.com\/wp-content\/uploads\/2021\/06\/SALEMBIER-Saskia-credit-Maciej-Kotlarski-3.jpg","width":1920,"height":1280,"caption":"Le Parnasse au f\u00e9minin"},{"@type":"BreadcrumbList","@id":"https:\/\/www.concert-hosteldieu.com\/nos-artistes-invites\/saskia-salembier\/#breadcrumb","itemListElement":[{"@type":"ListItem","position":1,"name":"Accueil","item":"https:\/\/www.concert-hosteldieu.com\/"},{"@type":"ListItem","position":2,"name":"Nos artistes invit\u00e9s","item":"https:\/\/www.concert-hosteldieu.com\/nos-artistes-invites\/"},{"@type":"ListItem","position":3,"name":"Saskia Salembier"}]},{"@type":"WebSite","@id":"https:\/\/www.concert-hosteldieu.com\/#website","url":"https:\/\/www.concert-hosteldieu.com\/","name":"Le Concert de l&#039;Hostel Dieu","description":"Franck-Emmanuel Comte","publisher":{"@id":"https:\/\/www.concert-hosteldieu.com\/#organization"},"potentialAction":[{"@type":"SearchAction","target":{"@type":"EntryPoint","urlTemplate":"https:\/\/www.concert-hosteldieu.com\/?s={search_term_string}"},"query-input":{"@type":"PropertyValueSpecification","valueRequired":true,"valueName":"search_term_string"}}],"inLanguage":"en-GB"},{"@type":"Organization","@id":"https:\/\/www.concert-hosteldieu.com\/#organization","name":"Le Concert de l'Hostel Dieu","url":"https:\/\/www.concert-hosteldieu.com\/","logo":{"@type":"ImageObject","inLanguage":"en-GB","@id":"https:\/\/www.concert-hosteldieu.com\/#\/schema\/logo\/image\/","url":"https:\/\/www.concert-hosteldieu.com\/wp-content\/uploads\/2021\/06\/logo-chd-noir-transparent.png","contentUrl":"https:\/\/www.concert-hosteldieu.com\/wp-content\/uploads\/2021\/06\/logo-chd-noir-transparent.png","width":262,"height":106,"caption":"Le Concert de l'Hostel Dieu"},"image":{"@id":"https:\/\/www.concert-hosteldieu.com\/#\/schema\/logo\/image\/"},"sameAs":["https:\/\/www.facebook.com\/leconcert.delhosteldieu","https:\/\/x.com\/CHDLyon","https:\/\/instagram.com\/concert_hostel_dieu","https:\/\/www.linkedin.com\/company\/le-concert-de-l'hostel-dieu\/","https:\/\/www.youtube.com\/user\/CHDLyon"]}]}},"_links":{"self":[{"href":"https:\/\/www.concert-hosteldieu.com\/en\/wp-json\/wp\/v2\/pages\/14301","targetHints":{"allow":["GET"]}}],"collection":[{"href":"https:\/\/www.concert-hosteldieu.com\/en\/wp-json\/wp\/v2\/pages"}],"about":[{"href":"https:\/\/www.concert-hosteldieu.com\/en\/wp-json\/wp\/v2\/types\/page"}],"author":[{"embeddable":true,"href":"https:\/\/www.concert-hosteldieu.com\/en\/wp-json\/wp\/v2\/users\/2776"}],"replies":[{"embeddable":true,"href":"https:\/\/www.concert-hosteldieu.com\/en\/wp-json\/wp\/v2\/comments?post=14301"}],"version-history":[{"count":3,"href":"https:\/\/www.concert-hosteldieu.com\/en\/wp-json\/wp\/v2\/pages\/14301\/revisions"}],"predecessor-version":[{"id":19433,"href":"https:\/\/www.concert-hosteldieu.com\/en\/wp-json\/wp\/v2\/pages\/14301\/revisions\/19433"}],"up":[{"embeddable":true,"href":"https:\/\/www.concert-hosteldieu.com\/en\/wp-json\/wp\/v2\/pages\/12628"}],"wp:featuredmedia":[{"embeddable":true,"href":"https:\/\/www.concert-hosteldieu.com\/en\/wp-json\/wp\/v2\/media\/13002"}],"wp:attachment":[{"href":"https:\/\/www.concert-hosteldieu.com\/en\/wp-json\/wp\/v2\/media?parent=14301"}],"wp:term":[{"taxonomy":"category","embeddable":true,"href":"https:\/\/www.concert-hosteldieu.com\/en\/wp-json\/wp\/v2\/categories?post=14301"},{"taxonomy":"post_tag","embeddable":true,"href":"https:\/\/www.concert-hosteldieu.com\/en\/wp-json\/wp\/v2\/tags?post=14301"}],"curies":[{"name":"wp","href":"https:\/\/api.w.org\/{rel}","templated":true}]}}