{"id":14065,"date":"2021-06-29T16:00:11","date_gmt":"2021-06-29T15:00:11","guid":{"rendered":"https:\/\/dev.concert-hosteldieu.com\/?page_id=14065"},"modified":"2025-09-16T10:54:01","modified_gmt":"2025-09-16T09:54:01","slug":"qui-sommes-nous","status":"publish","type":"page","link":"https:\/\/www.concert-hosteldieu.com\/en\/qui-sommes-nous\/","title":{"rendered":"Who we are"},"content":{"rendered":"<h1>\n\t\t\t\t<a href=\"#intro\" title=\"Who we are\" target=\"_self\"  aria-label=\"Aller \u00e0 #intro\">\n\t\t\t\tWho we are\n\t\t\t\t<\/a>\n\t\t\t<\/h1>\n\t<h2>\n\t\t\t\tOur Music\n\t\t\t<\/h2>\n\t<p>Nous d\u00e9fendons prioritairement l&rsquo;originalit\u00e9 et la sp\u00e9cificit\u00e9 du r\u00e9pertoire r\u00e9gional\u00a0en valorisant les manuscrits baroques conserv\u00e9s dans les biblioth\u00e8ques en Auvergne-Rh\u00f4ne-Alpes. Nous r\u00e9alisons ainsi chaque saison des restitutions et \u00e9ditions de partitions in\u00e9dites, riches des liens privil\u00e9gi\u00e9s que Lyon et la r\u00e9gion entretenaient avec l&rsquo;Italie.<\/p>\n<p>Transposer la diversit\u00e9 des musiques baroques dans notre \u00e9poque est \u00e9galement l&rsquo;un de nos axes artistiques majeurs. Nous nourrissant de collaborations artistiques stimulantes, nous provoquons\u00a0la rencontre des esth\u00e9tiques baroques avec des cultures et des artistes d&rsquo;horizons divers. Renouvelant la forme concertante, nos cr\u00e9ations ont \u00e9galement vocation \u00e0 sensibiliser de nouveaux publics issus de g\u00e9n\u00e9rations et de territoires diff\u00e9rents.<\/p>\n\t\t\t<a href=\"https:\/\/www.concert-hosteldieu.com\/en\/notre-orchestre\/\" title=\"Cliquez ici\" target=\"_self\"   role=\"button\" aria-label=\"Listen\">\n\t\t\t\t\t\t\t\t\t\t\tListen\n\t\t<\/a>\n\t\t\t\t<img decoding=\"async\" src=\"https:\/\/www.concert-hosteldieu.com\/wp-content\/uploads\/2021\/07\/NOS-RAISON-DETRE.jpg\" alt=\"NOS RAISON DETRE\" itemprop=\"image\" height=\"1667\" width=\"1667\" title=\"NOS RAISON DETRE\" onerror=\"this.style.display='none'\" loading=\"lazy\" \/>\n\t<h2>\n\t\t\t\tNos raisons d&rsquo;\u00eatre\n\t\t\t<\/h2>\n\t<strong><br \/>\nFavoriser un fonctionnement en collectif artistique<\/strong>, en co-construction des projets (\u00e9quipes, partenaires, r\u00e9seaux d&rsquo;\u00e9change) et en gestion participative de l&rsquo;association (gouvernance partag\u00e9e, organigramme horizontal).<br \/>\n<strong>Rendre accessible notre r\u00e9pertoire \u00e0 un large public<\/strong>, dans une dynamique interg\u00e9n\u00e9rationnelle et multi-territoriale en s&rsquo;effor\u00e7ant de porter notre message musical et humain avec spontan\u00e9it\u00e9 et g\u00e9n\u00e9rosit\u00e9 aupr\u00e8s de tous les publics, connaisseurs ou non.<br \/>\n<strong>Transmettre nos connaissances, nos savoir-faire et notre passion<\/strong>, aupr\u00e8s du jeune public et des publics \u00e9loign\u00e9s de l&rsquo;offre culturelle dans un esprit de solidarit\u00e9 et de partage. Accompagner l&rsquo;\u00e9mergence professionnelle par des actions de formation et d&rsquo;int\u00e9gration.<br \/>\n<strong><strong>Step up to the challenges of sustainable development<\/strong><\/strong><strong> :<br \/>\n<\/strong>\u2022 Lutter contre les discriminations, Le Concert de l&rsquo;Hostel Dieu s&rsquo;engage \u00e0 d\u00e9fendre ses valeurs en faveur de l&rsquo;\u00e9galit\u00e9 femmes\/hommes, de la diversit\u00e9 et de l&rsquo;environnement.<br \/>\n\u2022 Pr\u00e9server la plan\u00e8te et inscrire l&rsquo;ensemble de nos actions de production, de fonctionnement et d&rsquo;accueil du public dans un esprit de d\u00e9veloppement durable et de respect de l&rsquo;environnement. \u00c0 ce titre, l&rsquo;ensemble est adh\u00e9rent des associations <a href=\"https:\/\/arviva.org\/\">ARVIVA<\/a> and <a href=\"https:\/\/www.hfauvergnerhonealpes.org\/\" target=\"_blank\" rel=\"noopener\">HF AURA.<\/a>\n\t\t\t\t<img decoding=\"async\" src=\"https:\/\/www.concert-hosteldieu.com\/wp-content\/uploads\/2021\/07\/notre-histoire-1.jpg\" alt=\"Le Grand H\u00f4tel-Dieu, lieu de naissance de Le Concert de l&#039;Hostel Dieu\" itemprop=\"image\" height=\"1667\" width=\"1667\" title=\"notre histoire\" onerror=\"this.style.display='none'\" loading=\"lazy\" \/>\n\t<h2>\n\t\t\t\tOur story\n\t\t\t<\/h2>\n\t<p>Notre ensemble est n\u00e9 en d\u00e9cembre 1992 \u00e0 l&rsquo;initiative de Franck-Emmanuel Comte, alors \u00e9tudiant au CNSMD de Lyon. Avec le soutien de m\u00e9decins de l&rsquo;Hostel Dieu institution m\u00e9dicale lyonnaise multi-s\u00e9culaire, l&rsquo;ensemble anime de 1992 \u00e0 1994 deux saisons de concerts dans les b\u00e2timents du Grand H\u00f4tel-Dieu (chapelle, cours, r\u00e9fectoire). Un lien fid\u00e8le est ainsi cr\u00e9\u00e9 avec le public lyonnais et les collectivit\u00e9s locales qui, assez rapidement, apportent leur soutien. En 1994, l&rsquo;ensemble quitte les b\u00e2timents de l&rsquo;institution m\u00e9dicale, qui bient\u00f4t amorcera une belle mue architecturale et fonctionnelle.<\/p>\n<p>Nous produisant dans diverses salles ou \u00e9glises de la m\u00e9tropole lyonnaise, nous d\u00e9veloppons une saison \u00ab hors les murs \u00bb, d&rsquo;abord en autoproduction, puis en partenariat avec diff\u00e9rentes institutions culturelles du territoire. Autour des ann\u00e9es 2000, notre notori\u00e9t\u00e9 s&rsquo;\u00e9tablit en France puis \u00e0 l&rsquo;\u00e9tranger, par le biais de nombreuses tourn\u00e9es. Nous enregistrons notre premier disque en 1997 (Alceste \/ G.F H\u00e4ndel), une vingtaine d&rsquo;autres enregistrements suivront. Le dernier en date, sorti en octobre 2020 (<em>La Francesina<\/em> \/ G.F Handel), re\u00e7oit de nombreuses r\u00e9compenses de la presse internationale. Il est \u00e9lu \u00ab Disque de l&rsquo;ann\u00e9e 2021 \u00bb par l&rsquo;International Classical Music Awards dans la cat\u00e9gorie \u00ab Baroque vocal \u00bb.<\/p>\n\t\t\t\t<img decoding=\"async\" src=\"https:\/\/www.concert-hosteldieu.com\/wp-content\/uploads\/2021\/07\/rayonnement-international.jpg\" alt=\"Musicien de Le Concert de l&#039;Hostel Dieu\" itemprop=\"image\" height=\"1667\" width=\"1667\" title=\"rayonnement international\" onerror=\"this.style.display='none'\" loading=\"lazy\" \/>\n\t<h2>\n\t\t\t\tInternational\n\t\t\t<\/h2>\n\t<p>L&rsquo;ensemble d\u00e9veloppe \u00e0 la fois une diffusion r\u00e9guli\u00e8re mais \u00e9galement des \u00e9changes artistiques enrichissants. Au cours des ann\u00e9es pr\u00e9c\u00e9dentes, nous avons ainsi r\u00e9alis\u00e9 des \u00e9changes avec divers ensembles europ\u00e9ens, se mat\u00e9rialisant par des accueils mutuels des chefs ou d&rsquo;artistes membres de ces ensembles, ou de l&rsquo;ensemble dans son int\u00e9gralit\u00e9. Nous collaborons ainsi avec le Collegium Musicum de Riga, l&rsquo;ensemble portugais Divino Sospiro, les ensembles italiens L&rsquo;Astr\u00e9e et Les Nations.<\/p>\n<p>Nous co-construisons \u00e9galement des projets cr\u00e9\u00e9s et r\u00e9alis\u00e9s avec des artistes ou ensembles extra-europ\u00e9ens. Ces projets donnent lieu \u00e0 des r\u00e9sidences et \u00e0 des tourn\u00e9es \u00e0 la fois en France et dans les pays d&rsquo;accueil. T\u00e9moins de ces collaborations, les tourn\u00e9es r\u00e9alis\u00e9es en Inde et en Chine au cours des derni\u00e8res saisons attestent de la plus-value humaine et artistique de ces cr\u00e9ations collectives.<\/p>\n<p>In 2021, and despite the considerable restrictions on our concert schedule imposed by the Coronavirus pandemic, we have presented 14 performances in Russia, Italy, Belgium, Switzerland, and Germany.<\/p>\n\t\t\t<a href=\"https:\/\/www.concert-hosteldieu.com\/en\/nos-productions\/\" title=\"Cliquez ici\" target=\"_self\"   role=\"button\" aria-label=\"Our productions\">\n\t\t\t\t\t\t\t\t\t\t\tOur productions\n\t\t<\/a>","protected":false},"excerpt":{"rendered":"<p>Qui sommes-nous? Notre musique Nous d\u00e9fendons prioritairement l&rsquo;originalit\u00e9 et la sp\u00e9cificit\u00e9 du r\u00e9pertoire r\u00e9gional\u00a0en valorisant les manuscrits baroques conserv\u00e9s dans les biblioth\u00e8ques en Auvergne-Rh\u00f4ne-Alpes. Nous r\u00e9alisons ainsi chaque saison des restitutions et \u00e9ditions de partitions in\u00e9dites, riches des liens privil\u00e9gi\u00e9s [&hellip;]<\/p>\n","protected":false},"author":2776,"featured_media":14698,"parent":0,"menu_order":0,"comment_status":"closed","ping_status":"closed","template":"","meta":{"site-sidebar-layout":"no-sidebar","site-content-layout":"page-builder","ast-site-content-layout":"default","site-content-style":"default","site-sidebar-style":"default","ast-global-header-display":"","ast-banner-title-visibility":"","ast-main-header-display":"","ast-hfb-above-header-display":"","ast-hfb-below-header-display":"","ast-hfb-mobile-header-display":"","site-post-title":"disabled","ast-breadcrumbs-content":"","ast-featured-img":"disabled","footer-sml-layout":"","ast-disable-related-posts":"","theme-transparent-header-meta":"enabled","adv-header-id-meta":"","stick-header-meta":"default","header-above-stick-meta":"","header-main-stick-meta":"","header-below-stick-meta":"","astra-migrate-meta-layouts":"default","ast-page-background-enabled":"default","ast-page-background-meta":{"desktop":{"background-color":"","background-image":"","background-repeat":"repeat","background-position":"center center","background-size":"auto","background-attachment":"scroll","background-type":"","background-media":"","overlay-type":"","overlay-color":"","overlay-opacity":"","overlay-gradient":""},"tablet":{"background-color":"","background-image":"","background-repeat":"repeat","background-position":"center center","background-size":"auto","background-attachment":"scroll","background-type":"","background-media":"","overlay-type":"","overlay-color":"","overlay-opacity":"","overlay-gradient":""},"mobile":{"background-color":"","background-image":"","background-repeat":"repeat","background-position":"center center","background-size":"auto","background-attachment":"scroll","background-type":"","background-media":"","overlay-type":"","overlay-color":"","overlay-opacity":"","overlay-gradient":""}},"ast-content-background-meta":{"desktop":{"background-color":"var(--ast-global-color-5)","background-image":"","background-repeat":"repeat","background-position":"center center","background-size":"auto","background-attachment":"scroll","background-type":"","background-media":"","overlay-type":"","overlay-color":"","overlay-opacity":"","overlay-gradient":""},"tablet":{"background-color":"var(--ast-global-color-5)","background-image":"","background-repeat":"repeat","background-position":"center center","background-size":"auto","background-attachment":"scroll","background-type":"","background-media":"","overlay-type":"","overlay-color":"","overlay-opacity":"","overlay-gradient":""},"mobile":{"background-color":"var(--ast-global-color-5)","background-image":"","background-repeat":"repeat","background-position":"center center","background-size":"auto","background-attachment":"scroll","background-type":"","background-media":"","overlay-type":"","overlay-color":"","overlay-opacity":"","overlay-gradient":""}},"footnotes":""},"categories":[162],"tags":[],"class_list":["post-14065","page","type-page","status-publish","has-post-thumbnail","hentry","category-pages"],"yoast_head":"<!-- This site is optimized with the Yoast SEO plugin v27.5 - https:\/\/yoast.com\/product\/yoast-seo-wordpress\/ -->\n<title>Le Concert de l&#039;Hostel Dieu - Qui sommes-nous ?<\/title>\n<meta name=\"description\" content=\"Apprenez-en plus sur Le Concert de l&#039;Hostel Dieu, orchestre de musique baroque lyonnais cr\u00e9\u00e9 par Franck-Emmanuel Comte.\" \/>\n<meta name=\"robots\" content=\"index, follow, max-snippet:-1, max-image-preview:large, max-video-preview:-1\" \/>\n<link rel=\"canonical\" href=\"https:\/\/www.concert-hosteldieu.com\/en\/qui-sommes-nous\/\" \/>\n<meta property=\"og:locale\" content=\"en_GB\" \/>\n<meta property=\"og:type\" content=\"article\" \/>\n<meta property=\"og:title\" content=\"Le Concert de l&#039;Hostel Dieu - Qui sommes-nous ?\" \/>\n<meta property=\"og:description\" content=\"Apprenez-en plus sur Le Concert de l&#039;Hostel Dieu, orchestre de musique baroque lyonnais cr\u00e9\u00e9 par Franck-Emmanuel Comte.\" \/>\n<meta property=\"og:url\" content=\"https:\/\/www.concert-hosteldieu.com\/en\/qui-sommes-nous\/\" \/>\n<meta property=\"og:site_name\" content=\"Le Concert de l&#039;Hostel Dieu\" \/>\n<meta property=\"article:publisher\" content=\"https:\/\/www.facebook.com\/leconcert.delhosteldieu\" \/>\n<meta property=\"article:modified_time\" content=\"2025-09-16T09:54:01+00:00\" \/>\n<meta property=\"og:image\" content=\"https:\/\/www.concert-hosteldieu.com\/wp-content\/uploads\/2021\/07\/Confluence-26_web.jpg\" \/>\n\t<meta property=\"og:image:width\" content=\"1920\" \/>\n\t<meta property=\"og:image:height\" content=\"1280\" \/>\n\t<meta property=\"og:image:type\" content=\"image\/jpeg\" \/>\n<meta name=\"twitter:label1\" content=\"Estimated reading time\" \/>\n\t<meta name=\"twitter:data1\" content=\"4 minutes\" \/>\n<script type=\"application\/ld+json\" class=\"yoast-schema-graph\">{\"@context\":\"https:\\\/\\\/schema.org\",\"@graph\":[{\"@type\":\"WebPage\",\"@id\":\"https:\\\/\\\/www.concert-hosteldieu.com\\\/qui-sommes-nous\\\/\",\"url\":\"https:\\\/\\\/www.concert-hosteldieu.com\\\/qui-sommes-nous\\\/\",\"name\":\"Le Concert de l'Hostel Dieu - Qui sommes-nous ?\",\"isPartOf\":{\"@id\":\"https:\\\/\\\/www.concert-hosteldieu.com\\\/#website\"},\"primaryImageOfPage\":{\"@id\":\"https:\\\/\\\/www.concert-hosteldieu.com\\\/qui-sommes-nous\\\/#primaryimage\"},\"image\":{\"@id\":\"https:\\\/\\\/www.concert-hosteldieu.com\\\/qui-sommes-nous\\\/#primaryimage\"},\"thumbnailUrl\":\"https:\\\/\\\/www.concert-hosteldieu.com\\\/wp-content\\\/uploads\\\/2021\\\/07\\\/Confluence-26_web.jpg\",\"datePublished\":\"2021-06-29T15:00:11+00:00\",\"dateModified\":\"2025-09-16T09:54:01+00:00\",\"description\":\"Apprenez-en plus sur Le Concert de l'Hostel Dieu, orchestre de musique baroque lyonnais cr\u00e9\u00e9 par Franck-Emmanuel Comte.\",\"breadcrumb\":{\"@id\":\"https:\\\/\\\/www.concert-hosteldieu.com\\\/qui-sommes-nous\\\/#breadcrumb\"},\"inLanguage\":\"en-GB\",\"potentialAction\":[{\"@type\":\"ReadAction\",\"target\":[\"https:\\\/\\\/www.concert-hosteldieu.com\\\/qui-sommes-nous\\\/\"]}]},{\"@type\":\"ImageObject\",\"inLanguage\":\"en-GB\",\"@id\":\"https:\\\/\\\/www.concert-hosteldieu.com\\\/qui-sommes-nous\\\/#primaryimage\",\"url\":\"https:\\\/\\\/www.concert-hosteldieu.com\\\/wp-content\\\/uploads\\\/2021\\\/07\\\/Confluence-26_web.jpg\",\"contentUrl\":\"https:\\\/\\\/www.concert-hosteldieu.com\\\/wp-content\\\/uploads\\\/2021\\\/07\\\/Confluence-26_web.jpg\",\"width\":1920,\"height\":1280,\"caption\":\"Les artistes du Concert de l'Hostel Dieu\"},{\"@type\":\"BreadcrumbList\",\"@id\":\"https:\\\/\\\/www.concert-hosteldieu.com\\\/qui-sommes-nous\\\/#breadcrumb\",\"itemListElement\":[{\"@type\":\"ListItem\",\"position\":1,\"name\":\"Accueil\",\"item\":\"https:\\\/\\\/www.concert-hosteldieu.com\\\/\"},{\"@type\":\"ListItem\",\"position\":2,\"name\":\"Qui sommes-nous ?\"}]},{\"@type\":\"WebSite\",\"@id\":\"https:\\\/\\\/www.concert-hosteldieu.com\\\/#website\",\"url\":\"https:\\\/\\\/www.concert-hosteldieu.com\\\/\",\"name\":\"Le Concert de l&#039;Hostel Dieu\",\"description\":\"Franck-Emmanuel Comte\",\"publisher\":{\"@id\":\"https:\\\/\\\/www.concert-hosteldieu.com\\\/#organization\"},\"potentialAction\":[{\"@type\":\"SearchAction\",\"target\":{\"@type\":\"EntryPoint\",\"urlTemplate\":\"https:\\\/\\\/www.concert-hosteldieu.com\\\/?s={search_term_string}\"},\"query-input\":{\"@type\":\"PropertyValueSpecification\",\"valueRequired\":true,\"valueName\":\"search_term_string\"}}],\"inLanguage\":\"en-GB\"},{\"@type\":\"Organization\",\"@id\":\"https:\\\/\\\/www.concert-hosteldieu.com\\\/#organization\",\"name\":\"Le Concert de l'Hostel Dieu\",\"url\":\"https:\\\/\\\/www.concert-hosteldieu.com\\\/\",\"logo\":{\"@type\":\"ImageObject\",\"inLanguage\":\"en-GB\",\"@id\":\"https:\\\/\\\/www.concert-hosteldieu.com\\\/#\\\/schema\\\/logo\\\/image\\\/\",\"url\":\"https:\\\/\\\/www.concert-hosteldieu.com\\\/wp-content\\\/uploads\\\/2021\\\/06\\\/logo-chd-noir-transparent.png\",\"contentUrl\":\"https:\\\/\\\/www.concert-hosteldieu.com\\\/wp-content\\\/uploads\\\/2021\\\/06\\\/logo-chd-noir-transparent.png\",\"width\":262,\"height\":106,\"caption\":\"Le Concert de l'Hostel Dieu\"},\"image\":{\"@id\":\"https:\\\/\\\/www.concert-hosteldieu.com\\\/#\\\/schema\\\/logo\\\/image\\\/\"},\"sameAs\":[\"https:\\\/\\\/www.facebook.com\\\/leconcert.delhosteldieu\",\"https:\\\/\\\/x.com\\\/CHDLyon\",\"https:\\\/\\\/instagram.com\\\/concert_hostel_dieu\",\"https:\\\/\\\/www.linkedin.com\\\/company\\\/le-concert-de-l'hostel-dieu\\\/\",\"https:\\\/\\\/www.youtube.com\\\/user\\\/CHDLyon\"]}]}<\/script>\n<!-- \/ Yoast SEO plugin. -->","yoast_head_json":{"title":"Le Concert de l'Hostel Dieu - Qui sommes-nous ?","description":"Apprenez-en plus sur Le Concert de l'Hostel Dieu, orchestre de musique baroque lyonnais cr\u00e9\u00e9 par Franck-Emmanuel Comte.","robots":{"index":"index","follow":"follow","max-snippet":"max-snippet:-1","max-image-preview":"max-image-preview:large","max-video-preview":"max-video-preview:-1"},"canonical":"https:\/\/www.concert-hosteldieu.com\/en\/qui-sommes-nous\/","og_locale":"en_GB","og_type":"article","og_title":"Le Concert de l'Hostel Dieu - Qui sommes-nous ?","og_description":"Apprenez-en plus sur Le Concert de l'Hostel Dieu, orchestre de musique baroque lyonnais cr\u00e9\u00e9 par Franck-Emmanuel Comte.","og_url":"https:\/\/www.concert-hosteldieu.com\/en\/qui-sommes-nous\/","og_site_name":"Le Concert de l&#039;Hostel Dieu","article_publisher":"https:\/\/www.facebook.com\/leconcert.delhosteldieu","article_modified_time":"2025-09-16T09:54:01+00:00","og_image":[{"width":1920,"height":1280,"url":"https:\/\/www.concert-hosteldieu.com\/wp-content\/uploads\/2021\/07\/Confluence-26_web.jpg","type":"image\/jpeg"}],"twitter_misc":{"Estimated reading time":"4 minutes"},"schema":{"@context":"https:\/\/schema.org","@graph":[{"@type":"WebPage","@id":"https:\/\/www.concert-hosteldieu.com\/qui-sommes-nous\/","url":"https:\/\/www.concert-hosteldieu.com\/qui-sommes-nous\/","name":"Le Concert de l'Hostel Dieu - Qui sommes-nous ?","isPartOf":{"@id":"https:\/\/www.concert-hosteldieu.com\/#website"},"primaryImageOfPage":{"@id":"https:\/\/www.concert-hosteldieu.com\/qui-sommes-nous\/#primaryimage"},"image":{"@id":"https:\/\/www.concert-hosteldieu.com\/qui-sommes-nous\/#primaryimage"},"thumbnailUrl":"https:\/\/www.concert-hosteldieu.com\/wp-content\/uploads\/2021\/07\/Confluence-26_web.jpg","datePublished":"2021-06-29T15:00:11+00:00","dateModified":"2025-09-16T09:54:01+00:00","description":"Apprenez-en plus sur Le Concert de l'Hostel Dieu, orchestre de musique baroque lyonnais cr\u00e9\u00e9 par Franck-Emmanuel Comte.","breadcrumb":{"@id":"https:\/\/www.concert-hosteldieu.com\/qui-sommes-nous\/#breadcrumb"},"inLanguage":"en-GB","potentialAction":[{"@type":"ReadAction","target":["https:\/\/www.concert-hosteldieu.com\/qui-sommes-nous\/"]}]},{"@type":"ImageObject","inLanguage":"en-GB","@id":"https:\/\/www.concert-hosteldieu.com\/qui-sommes-nous\/#primaryimage","url":"https:\/\/www.concert-hosteldieu.com\/wp-content\/uploads\/2021\/07\/Confluence-26_web.jpg","contentUrl":"https:\/\/www.concert-hosteldieu.com\/wp-content\/uploads\/2021\/07\/Confluence-26_web.jpg","width":1920,"height":1280,"caption":"Les artistes du Concert de l'Hostel Dieu"},{"@type":"BreadcrumbList","@id":"https:\/\/www.concert-hosteldieu.com\/qui-sommes-nous\/#breadcrumb","itemListElement":[{"@type":"ListItem","position":1,"name":"Accueil","item":"https:\/\/www.concert-hosteldieu.com\/"},{"@type":"ListItem","position":2,"name":"Qui sommes-nous ?"}]},{"@type":"WebSite","@id":"https:\/\/www.concert-hosteldieu.com\/#website","url":"https:\/\/www.concert-hosteldieu.com\/","name":"Le Concert de l&#039;Hostel Dieu","description":"Franck-Emmanuel Comte","publisher":{"@id":"https:\/\/www.concert-hosteldieu.com\/#organization"},"potentialAction":[{"@type":"SearchAction","target":{"@type":"EntryPoint","urlTemplate":"https:\/\/www.concert-hosteldieu.com\/?s={search_term_string}"},"query-input":{"@type":"PropertyValueSpecification","valueRequired":true,"valueName":"search_term_string"}}],"inLanguage":"en-GB"},{"@type":"Organization","@id":"https:\/\/www.concert-hosteldieu.com\/#organization","name":"Le Concert de l'Hostel Dieu","url":"https:\/\/www.concert-hosteldieu.com\/","logo":{"@type":"ImageObject","inLanguage":"en-GB","@id":"https:\/\/www.concert-hosteldieu.com\/#\/schema\/logo\/image\/","url":"https:\/\/www.concert-hosteldieu.com\/wp-content\/uploads\/2021\/06\/logo-chd-noir-transparent.png","contentUrl":"https:\/\/www.concert-hosteldieu.com\/wp-content\/uploads\/2021\/06\/logo-chd-noir-transparent.png","width":262,"height":106,"caption":"Le Concert de l'Hostel Dieu"},"image":{"@id":"https:\/\/www.concert-hosteldieu.com\/#\/schema\/logo\/image\/"},"sameAs":["https:\/\/www.facebook.com\/leconcert.delhosteldieu","https:\/\/x.com\/CHDLyon","https:\/\/instagram.com\/concert_hostel_dieu","https:\/\/www.linkedin.com\/company\/le-concert-de-l'hostel-dieu\/","https:\/\/www.youtube.com\/user\/CHDLyon"]}]}},"_links":{"self":[{"href":"https:\/\/www.concert-hosteldieu.com\/en\/wp-json\/wp\/v2\/pages\/14065","targetHints":{"allow":["GET"]}}],"collection":[{"href":"https:\/\/www.concert-hosteldieu.com\/en\/wp-json\/wp\/v2\/pages"}],"about":[{"href":"https:\/\/www.concert-hosteldieu.com\/en\/wp-json\/wp\/v2\/types\/page"}],"author":[{"embeddable":true,"href":"https:\/\/www.concert-hosteldieu.com\/en\/wp-json\/wp\/v2\/users\/2776"}],"replies":[{"embeddable":true,"href":"https:\/\/www.concert-hosteldieu.com\/en\/wp-json\/wp\/v2\/comments?post=14065"}],"version-history":[{"count":5,"href":"https:\/\/www.concert-hosteldieu.com\/en\/wp-json\/wp\/v2\/pages\/14065\/revisions"}],"predecessor-version":[{"id":23667,"href":"https:\/\/www.concert-hosteldieu.com\/en\/wp-json\/wp\/v2\/pages\/14065\/revisions\/23667"}],"wp:featuredmedia":[{"embeddable":true,"href":"https:\/\/www.concert-hosteldieu.com\/en\/wp-json\/wp\/v2\/media\/14698"}],"wp:attachment":[{"href":"https:\/\/www.concert-hosteldieu.com\/en\/wp-json\/wp\/v2\/media?parent=14065"}],"wp:term":[{"taxonomy":"category","embeddable":true,"href":"https:\/\/www.concert-hosteldieu.com\/en\/wp-json\/wp\/v2\/categories?post=14065"},{"taxonomy":"post_tag","embeddable":true,"href":"https:\/\/www.concert-hosteldieu.com\/en\/wp-json\/wp\/v2\/tags?post=14065"}],"curies":[{"name":"wp","href":"https:\/\/api.w.org\/{rel}","templated":true}]}}