{"id":13769,"date":"2021-06-24T15:32:12","date_gmt":"2021-06-24T14:32:12","guid":{"rendered":"https:\/\/dev.concert-hosteldieu.com\/?page_id=13769"},"modified":"2022-08-10T15:22:23","modified_gmt":"2022-08-10T14:22:23","slug":"clara-fellmann","status":"publish","type":"page","link":"https:\/\/www.concert-hosteldieu.com\/en\/nos-musiciens\/clara-fellmann\/","title":{"rendered":"Clara Fellmann"},"content":{"rendered":"<h2>\n\t\t\t\tClara Fellmann\n\t\t\t<\/h2>\n\t\t\t<h4>Cello<\/h4>\t\n\t<p>Apr\u00e8s un prix au CNSMD de Lyon en violoncelle baroque et au CRR de Paris en viole de gambe, Clara Fellmann int\u00e8gre Les Nouveaux Caract\u00e8res (direction Sebastien D&rsquo;H\u00e9rin) et Le Concert de L&rsquo;Hostel Dieu (direction Franck-Emmanuel Comte).<\/p>\n<p>Son envie permanente de d\u00e9couverte l&rsquo;am\u00e8ne vers le r\u00e9pertoire classique et romantique en trio (violon et piano forte), la musique contemporaine pour viole de gambe seule (r\u00e9cital pour le festival du Ventoux 2019), puis vers la musique traditionnelle gr\u00e2ce \u00e0 sa rencontre avec Margaux Lienard. L&rsquo;enseignement d&rsquo;Emmanuel Balssa, Dominique Dujardin et Christine Plubeau lui donne un go\u00fbt pour la p\u00e9dagogie et la pousse \u00e0 devenir professeure de viole de gambe au CRR de Toulon tout en terminant sa formation au certificat d&rsquo;aptitude. Clara consacre \u00e9galement son temps \u00e0 l&rsquo;Euphonie des Coquecigrues (direction Margaux Lienard), m\u00ealant musique traditionnelle de l&rsquo;Avesnois et compositions.<\/p>\n<p>En parall\u00e8le de sa carri\u00e8re professionnelle, Clara Fellmann pratique le jujitsu br\u00e9silien \u00e0 haut\u00a0niveau (vice championne d&rsquo;Europe 2017 et 2018, championne de France 2019) dans l&rsquo;acad\u00e9mie\u00a0One jujitsu avec le professeur Vincent Nguyen.<\/p>\n\t\t\t\t<img loading=\"lazy\" decoding=\"async\" src=\"https:\/\/www.concert-hosteldieu.com\/wp-content\/uploads\/2021\/06\/Confluence-100_web.jpg\" alt=\"\u00a9Julie Cherki\" itemprop=\"image\" height=\"1280\" width=\"1920\" title=\"Clara Fellmann\u00a9Julie Cherki\" onerror=\"this.style.display='none'\"  \/>\n\t\t\u00a9Julie Cherki\n<h4>\n\t\tOur musicians\n\t<\/h4>\n\t\t\t\t\t\t\t\t\t\t\t\t\t\t<a href=\"https:\/\/www.concert-hosteldieu.com\/en\/nos-musiciens\/nicolas-muzy\/\" target=\"_self\" title=\"Nicolas Muzy\" rel=\"noopener\">\n\t\t\t\t<img decoding=\"async\" src=\"https:\/\/www.concert-hosteldieu.com\/wp-content\/uploads\/2021\/06\/Confluence-61_web.jpg\" alt=\"\" \/>\n\t\t\t\t<\/a>\n\t\t\t\t\t\t<h3>\n\t\t\t\t<a href=\"https:\/\/www.concert-hosteldieu.com\/en\/nos-musiciens\/nicolas-muzy\/\" title=\"Nicolas Muzy\" tabindex=\"0\">Nicolas Muzy<\/a>\t\t\t<\/h3>\n\t\t\t\t\t\t\t\t\t\t\t\t\t\t<a href=\"https:\/\/www.concert-hosteldieu.com\/en\/nos-musiciens\/aurelie-metivier\/\" target=\"_self\" title=\"Aur\u00e9lie M\u00e9tivier\" rel=\"noopener\">\n\t\t\t\t<img decoding=\"async\" src=\"https:\/\/www.concert-hosteldieu.com\/wp-content\/uploads\/2021\/06\/Confluence-121_web.jpg\" alt=\"\" \/>\n\t\t\t\t<\/a>\n\t\t\t\t\t\t<h3>\n\t\t\t\t<a href=\"https:\/\/www.concert-hosteldieu.com\/en\/nos-musiciens\/aurelie-metivier\/\" title=\"Aur\u00e9lie M\u00e9tivier\" tabindex=\"0\">Aur\u00e9lie M\u00e9tivier<\/a>\t\t\t<\/h3>\n\t\t\t\t\t\t\t\t\t\t\t\t\t\t<a href=\"https:\/\/www.concert-hosteldieu.com\/en\/nos-musiciens\/florian-verhaegen\/\" target=\"_self\" title=\"Florian Verhaegen\" rel=\"noopener\">\n\t\t\t\t<img decoding=\"async\" src=\"https:\/\/www.concert-hosteldieu.com\/wp-content\/uploads\/2021\/06\/Confluence-91-2.jpg\" alt=\"\" \/>\n\t\t\t\t<\/a>\n\t\t\t\t\t\t<h3>\n\t\t\t\t<a href=\"https:\/\/www.concert-hosteldieu.com\/en\/nos-musiciens\/florian-verhaegen\/\" title=\"Florian Verhaegen\" tabindex=\"0\">Florian Verhaegen<\/a>\t\t\t<\/h3>\n\t\t\t\t\t\t\t\t\t\t\t\t\t\t<a href=\"https:\/\/www.concert-hosteldieu.com\/en\/nos-musiciens\/myriam-cambreling\/\" target=\"_self\" title=\"Myriam Cambreling\" rel=\"noopener\">\n\t\t\t\t<img decoding=\"async\" src=\"https:\/\/www.concert-hosteldieu.com\/wp-content\/uploads\/2021\/07\/GAM07643.jpg\" alt=\"\" \/>\n\t\t\t\t<\/a>\n\t\t\t\t\t\t<h3>\n\t\t\t\t<a href=\"https:\/\/www.concert-hosteldieu.com\/en\/nos-musiciens\/myriam-cambreling\/\" title=\"Myriam Cambreling\" tabindex=\"0\">Myriam Cambreling<\/a>\t\t\t<\/h3>\n\t\t\t\t\t\t\t\t\t\t\t\t\t\t<a href=\"https:\/\/www.concert-hosteldieu.com\/en\/nos-musiciens\/aude-walker-viry\/\" target=\"_self\" title=\"Aude Walker-Viry\" rel=\"noopener\">\n\t\t\t\t<img decoding=\"async\" src=\"https:\/\/www.concert-hosteldieu.com\/wp-content\/uploads\/2021\/06\/GAM07756.jpg\" alt=\"\" \/>\n\t\t\t\t<\/a>\n\t\t\t\t\t\t<h3>\n\t\t\t\t<a href=\"https:\/\/www.concert-hosteldieu.com\/en\/nos-musiciens\/aude-walker-viry\/\" title=\"Aude Walker-Viry\" tabindex=\"0\">Aude Walker-Viry<\/a>\t\t\t<\/h3>\n\t\t\t\t\t\t\t\t\t\t\t\t\t\t<a href=\"https:\/\/www.concert-hosteldieu.com\/en\/nos-musiciens\/ulrik-gaston-larsen\/\" target=\"_self\" title=\"Ulrik Gaston Larsen\" rel=\"noopener\">\n\t\t\t\t<img decoding=\"async\" src=\"https:\/\/www.concert-hosteldieu.com\/wp-content\/uploads\/2020\/06\/concert-hostel-dieu-GASTON-LARSEN-Ulrik-credit-Alfonso-Marin.jpeg\" alt=\"concert-hostel-dieu-GASTON-LARSEN-Ulrik-credit-Alfonso-Marin\" \/>\n\t\t\t\t<\/a>\n\t\t\t\t\t\t<h3>\n\t\t\t\t<a href=\"https:\/\/www.concert-hosteldieu.com\/en\/nos-musiciens\/ulrik-gaston-larsen\/\" title=\"Ulrik Gaston Larsen\" tabindex=\"0\">Ulrik Gaston Larsen<\/a>\t\t\t<\/h3>\n\t\t\t\t\t\t\t\t\t\t\t\t\t\t<a href=\"https:\/\/www.concert-hosteldieu.com\/en\/nos-musiciens\/elisabeth-passot\/\" target=\"_self\" title=\"Elisabeth Passot\" rel=\"noopener\">\n\t\t\t\t<img decoding=\"async\" src=\"https:\/\/www.concert-hosteldieu.com\/wp-content\/uploads\/2021\/07\/concert-hostel-dieu-porpora-elisabeth-passot-credit-julie-cherki-2.jpg\" alt=\"\" \/>\n\t\t\t\t<\/a>\n\t\t\t\t\t\t<h3>\n\t\t\t\t<a href=\"https:\/\/www.concert-hosteldieu.com\/en\/nos-musiciens\/elisabeth-passot\/\" title=\"Elisabeth Passot\" tabindex=\"0\">Elisabeth Passot<\/a>\t\t\t<\/h3>\n\t\t\t\t\t\t\t\t\t\t\t\t\t\t<a href=\"https:\/\/www.concert-hosteldieu.com\/en\/nos-musiciens\/nicolas-janot\/\" target=\"_self\" title=\"Nicolas Janot\" rel=\"noopener\">\n\t\t\t\t<img decoding=\"async\" src=\"https:\/\/www.concert-hosteldieu.com\/wp-content\/uploads\/2021\/06\/GAM07278.jpg\" alt=\"\" \/>\n\t\t\t\t<\/a>\n\t\t\t\t\t\t<h3>\n\t\t\t\t<a href=\"https:\/\/www.concert-hosteldieu.com\/en\/nos-musiciens\/nicolas-janot\/\" title=\"Nicolas Janot\" tabindex=\"0\">Nicolas Janot<\/a>\t\t\t<\/h3>\n\t\t\t\t\t\t\t\t\t\t\t\t\t\t<a href=\"https:\/\/www.concert-hosteldieu.com\/en\/nos-musiciens\/sayaka-shinoda\/\" target=\"_self\" title=\"Sayaka Shinoda\" rel=\"noopener\">\n\t\t\t\t<img decoding=\"async\" src=\"https:\/\/www.concert-hosteldieu.com\/wp-content\/uploads\/2021\/07\/Sayaka-Shinoda1\u00a9Julie-Cherki-1.jpg\" alt=\"\" \/>\n\t\t\t\t<\/a>\n\t\t\t\t\t\t<h3>\n\t\t\t\t<a href=\"https:\/\/www.concert-hosteldieu.com\/en\/nos-musiciens\/sayaka-shinoda\/\" title=\"Sayaka Shinoda\" tabindex=\"0\">Sayaka Shinoda<\/a>\t\t\t<\/h3>\n\t\t\t\t\t\t\t\t\t\t\t\t\t\t<a href=\"https:\/\/www.concert-hosteldieu.com\/en\/nos-musiciens\/angelina-holzhofer\/\" target=\"_self\" title=\"Angelina Holzhofer\" rel=\"noopener\">\n\t\t\t\t<img decoding=\"async\" src=\"https:\/\/www.concert-hosteldieu.com\/wp-content\/uploads\/2021\/06\/Confluence-117_web.jpg\" alt=\"\" \/>\n\t\t\t\t<\/a>\n\t\t\t\t\t\t<h3>\n\t\t\t\t<a href=\"https:\/\/www.concert-hosteldieu.com\/en\/nos-musiciens\/angelina-holzhofer\/\" title=\"Angelina Holzhofer\" tabindex=\"0\">Angelina Holzhofer<\/a>\t\t\t<\/h3>","protected":false},"excerpt":{"rendered":"<p>Clara Fellmann Violoncelle Apr\u00e8s un prix au CNSMD de Lyon en violoncelle baroque et au CRR de Paris en viole de gambe, Clara Fellmann int\u00e8gre Les Nouveaux Caract\u00e8res (direction Sebastien D&rsquo;H\u00e9rin) et Le Concert de L&rsquo;Hostel Dieu (direction Franck-Emmanuel Comte). [&hellip;]<\/p>\n","protected":false},"author":2776,"featured_media":13787,"parent":12605,"menu_order":0,"comment_status":"closed","ping_status":"closed","template":"","meta":{"site-sidebar-layout":"no-sidebar","site-content-layout":"page-builder","ast-site-content-layout":"default","site-content-style":"default","site-sidebar-style":"default","ast-global-header-display":"","ast-banner-title-visibility":"","ast-main-header-display":"","ast-hfb-above-header-display":"","ast-hfb-below-header-display":"","ast-hfb-mobile-header-display":"","site-post-title":"disabled","ast-breadcrumbs-content":"","ast-featured-img":"disabled","footer-sml-layout":"","ast-disable-related-posts":"","theme-transparent-header-meta":"enabled","adv-header-id-meta":"","stick-header-meta":"default","header-above-stick-meta":"","header-main-stick-meta":"","header-below-stick-meta":"","astra-migrate-meta-layouts":"default","ast-page-background-enabled":"default","ast-page-background-meta":{"desktop":{"background-color":"","background-image":"","background-repeat":"repeat","background-position":"center center","background-size":"auto","background-attachment":"scroll","background-type":"","background-media":"","overlay-type":"","overlay-color":"","overlay-opacity":"","overlay-gradient":""},"tablet":{"background-color":"","background-image":"","background-repeat":"repeat","background-position":"center center","background-size":"auto","background-attachment":"scroll","background-type":"","background-media":"","overlay-type":"","overlay-color":"","overlay-opacity":"","overlay-gradient":""},"mobile":{"background-color":"","background-image":"","background-repeat":"repeat","background-position":"center center","background-size":"auto","background-attachment":"scroll","background-type":"","background-media":"","overlay-type":"","overlay-color":"","overlay-opacity":"","overlay-gradient":""}},"ast-content-background-meta":{"desktop":{"background-color":"var(--ast-global-color-5)","background-image":"","background-repeat":"repeat","background-position":"center center","background-size":"auto","background-attachment":"scroll","background-type":"","background-media":"","overlay-type":"","overlay-color":"","overlay-opacity":"","overlay-gradient":""},"tablet":{"background-color":"var(--ast-global-color-5)","background-image":"","background-repeat":"repeat","background-position":"center center","background-size":"auto","background-attachment":"scroll","background-type":"","background-media":"","overlay-type":"","overlay-color":"","overlay-opacity":"","overlay-gradient":""},"mobile":{"background-color":"var(--ast-global-color-5)","background-image":"","background-repeat":"repeat","background-position":"center center","background-size":"auto","background-attachment":"scroll","background-type":"","background-media":"","overlay-type":"","overlay-color":"","overlay-opacity":"","overlay-gradient":""}},"footnotes":""},"categories":[169,170],"tags":[],"class_list":["post-13769","page","type-page","status-publish","has-post-thumbnail","hentry","category-equipe-artistique","category-nosmusiciens"],"yoast_head":"<!-- This site is optimized with the Yoast SEO plugin v27.5 - https:\/\/yoast.com\/product\/yoast-seo-wordpress\/ -->\n<title>Clara Fellmann - Le Concert de l&#039;Hostel Dieu<\/title>\n<meta name=\"robots\" content=\"index, follow, max-snippet:-1, max-image-preview:large, max-video-preview:-1\" \/>\n<link rel=\"canonical\" href=\"https:\/\/www.concert-hosteldieu.com\/en\/nos-musiciens\/clara-fellmann\/\" \/>\n<meta property=\"og:locale\" content=\"en_GB\" \/>\n<meta property=\"og:type\" content=\"article\" \/>\n<meta property=\"og:title\" content=\"Clara Fellmann - Le Concert de l&#039;Hostel Dieu\" \/>\n<meta property=\"og:description\" content=\"Clara Fellmann Violoncelle Apr\u00e8s un prix au CNSMD de Lyon en violoncelle baroque et au CRR de Paris en viole de gambe, Clara Fellmann int\u00e8gre Les Nouveaux Caract\u00e8res (direction Sebastien D&rsquo;H\u00e9rin) et Le Concert de L&rsquo;Hostel Dieu (direction Franck-Emmanuel Comte). [&hellip;]\" \/>\n<meta property=\"og:url\" content=\"https:\/\/www.concert-hosteldieu.com\/en\/nos-musiciens\/clara-fellmann\/\" \/>\n<meta property=\"og:site_name\" content=\"Le Concert de l&#039;Hostel Dieu\" \/>\n<meta property=\"article:publisher\" content=\"https:\/\/www.facebook.com\/leconcert.delhosteldieu\" \/>\n<meta property=\"article:modified_time\" content=\"2022-08-10T14:22:23+00:00\" \/>\n<meta property=\"og:image\" content=\"https:\/\/www.concert-hosteldieu.com\/wp-content\/uploads\/2021\/06\/Confluence-101_web.jpg\" \/>\n\t<meta property=\"og:image:width\" content=\"1920\" \/>\n\t<meta property=\"og:image:height\" content=\"1280\" \/>\n\t<meta property=\"og:image:type\" content=\"image\/jpeg\" \/>\n<meta name=\"twitter:label1\" content=\"Estimated reading time\" \/>\n\t<meta name=\"twitter:data1\" content=\"1 minute\" \/>\n<script type=\"application\/ld+json\" class=\"yoast-schema-graph\">{\"@context\":\"https:\\\/\\\/schema.org\",\"@graph\":[{\"@type\":\"WebPage\",\"@id\":\"https:\\\/\\\/www.concert-hosteldieu.com\\\/nos-musiciens\\\/clara-fellmann\\\/\",\"url\":\"https:\\\/\\\/www.concert-hosteldieu.com\\\/nos-musiciens\\\/clara-fellmann\\\/\",\"name\":\"Clara Fellmann - Le Concert de l&#039;Hostel Dieu\",\"isPartOf\":{\"@id\":\"https:\\\/\\\/www.concert-hosteldieu.com\\\/#website\"},\"primaryImageOfPage\":{\"@id\":\"https:\\\/\\\/www.concert-hosteldieu.com\\\/nos-musiciens\\\/clara-fellmann\\\/#primaryimage\"},\"image\":{\"@id\":\"https:\\\/\\\/www.concert-hosteldieu.com\\\/nos-musiciens\\\/clara-fellmann\\\/#primaryimage\"},\"thumbnailUrl\":\"https:\\\/\\\/www.concert-hosteldieu.com\\\/wp-content\\\/uploads\\\/2021\\\/06\\\/Confluence-101_web.jpg\",\"datePublished\":\"2021-06-24T14:32:12+00:00\",\"dateModified\":\"2022-08-10T14:22:23+00:00\",\"breadcrumb\":{\"@id\":\"https:\\\/\\\/www.concert-hosteldieu.com\\\/nos-musiciens\\\/clara-fellmann\\\/#breadcrumb\"},\"inLanguage\":\"en-GB\",\"potentialAction\":[{\"@type\":\"ReadAction\",\"target\":[\"https:\\\/\\\/www.concert-hosteldieu.com\\\/nos-musiciens\\\/clara-fellmann\\\/\"]}]},{\"@type\":\"ImageObject\",\"inLanguage\":\"en-GB\",\"@id\":\"https:\\\/\\\/www.concert-hosteldieu.com\\\/nos-musiciens\\\/clara-fellmann\\\/#primaryimage\",\"url\":\"https:\\\/\\\/www.concert-hosteldieu.com\\\/wp-content\\\/uploads\\\/2021\\\/06\\\/Confluence-101_web.jpg\",\"contentUrl\":\"https:\\\/\\\/www.concert-hosteldieu.com\\\/wp-content\\\/uploads\\\/2021\\\/06\\\/Confluence-101_web.jpg\",\"width\":1920,\"height\":1280},{\"@type\":\"BreadcrumbList\",\"@id\":\"https:\\\/\\\/www.concert-hosteldieu.com\\\/nos-musiciens\\\/clara-fellmann\\\/#breadcrumb\",\"itemListElement\":[{\"@type\":\"ListItem\",\"position\":1,\"name\":\"Accueil\",\"item\":\"https:\\\/\\\/www.concert-hosteldieu.com\\\/\"},{\"@type\":\"ListItem\",\"position\":2,\"name\":\"Nos musiciens\",\"item\":\"https:\\\/\\\/www.concert-hosteldieu.com\\\/nos-musiciens\\\/\"},{\"@type\":\"ListItem\",\"position\":3,\"name\":\"Clara Fellmann\"}]},{\"@type\":\"WebSite\",\"@id\":\"https:\\\/\\\/www.concert-hosteldieu.com\\\/#website\",\"url\":\"https:\\\/\\\/www.concert-hosteldieu.com\\\/\",\"name\":\"Le Concert de l&#039;Hostel Dieu\",\"description\":\"Franck-Emmanuel Comte\",\"publisher\":{\"@id\":\"https:\\\/\\\/www.concert-hosteldieu.com\\\/#organization\"},\"potentialAction\":[{\"@type\":\"SearchAction\",\"target\":{\"@type\":\"EntryPoint\",\"urlTemplate\":\"https:\\\/\\\/www.concert-hosteldieu.com\\\/?s={search_term_string}\"},\"query-input\":{\"@type\":\"PropertyValueSpecification\",\"valueRequired\":true,\"valueName\":\"search_term_string\"}}],\"inLanguage\":\"en-GB\"},{\"@type\":\"Organization\",\"@id\":\"https:\\\/\\\/www.concert-hosteldieu.com\\\/#organization\",\"name\":\"Le Concert de l'Hostel Dieu\",\"url\":\"https:\\\/\\\/www.concert-hosteldieu.com\\\/\",\"logo\":{\"@type\":\"ImageObject\",\"inLanguage\":\"en-GB\",\"@id\":\"https:\\\/\\\/www.concert-hosteldieu.com\\\/#\\\/schema\\\/logo\\\/image\\\/\",\"url\":\"https:\\\/\\\/www.concert-hosteldieu.com\\\/wp-content\\\/uploads\\\/2021\\\/06\\\/logo-chd-noir-transparent.png\",\"contentUrl\":\"https:\\\/\\\/www.concert-hosteldieu.com\\\/wp-content\\\/uploads\\\/2021\\\/06\\\/logo-chd-noir-transparent.png\",\"width\":262,\"height\":106,\"caption\":\"Le Concert de l'Hostel Dieu\"},\"image\":{\"@id\":\"https:\\\/\\\/www.concert-hosteldieu.com\\\/#\\\/schema\\\/logo\\\/image\\\/\"},\"sameAs\":[\"https:\\\/\\\/www.facebook.com\\\/leconcert.delhosteldieu\",\"https:\\\/\\\/x.com\\\/CHDLyon\",\"https:\\\/\\\/instagram.com\\\/concert_hostel_dieu\",\"https:\\\/\\\/www.linkedin.com\\\/company\\\/le-concert-de-l'hostel-dieu\\\/\",\"https:\\\/\\\/www.youtube.com\\\/user\\\/CHDLyon\"]}]}<\/script>\n<!-- \/ Yoast SEO plugin. -->","yoast_head_json":{"title":"Clara Fellmann - Le Concert de l&#039;Hostel Dieu","robots":{"index":"index","follow":"follow","max-snippet":"max-snippet:-1","max-image-preview":"max-image-preview:large","max-video-preview":"max-video-preview:-1"},"canonical":"https:\/\/www.concert-hosteldieu.com\/en\/nos-musiciens\/clara-fellmann\/","og_locale":"en_GB","og_type":"article","og_title":"Clara Fellmann - Le Concert de l&#039;Hostel Dieu","og_description":"Clara Fellmann Violoncelle Apr\u00e8s un prix au CNSMD de Lyon en violoncelle baroque et au CRR de Paris en viole de gambe, Clara Fellmann int\u00e8gre Les Nouveaux Caract\u00e8res (direction Sebastien D&rsquo;H\u00e9rin) et Le Concert de L&rsquo;Hostel Dieu (direction Franck-Emmanuel Comte). [&hellip;]","og_url":"https:\/\/www.concert-hosteldieu.com\/en\/nos-musiciens\/clara-fellmann\/","og_site_name":"Le Concert de l&#039;Hostel Dieu","article_publisher":"https:\/\/www.facebook.com\/leconcert.delhosteldieu","article_modified_time":"2022-08-10T14:22:23+00:00","og_image":[{"width":1920,"height":1280,"url":"https:\/\/www.concert-hosteldieu.com\/wp-content\/uploads\/2021\/06\/Confluence-101_web.jpg","type":"image\/jpeg"}],"twitter_misc":{"Estimated reading time":"1 minute"},"schema":{"@context":"https:\/\/schema.org","@graph":[{"@type":"WebPage","@id":"https:\/\/www.concert-hosteldieu.com\/nos-musiciens\/clara-fellmann\/","url":"https:\/\/www.concert-hosteldieu.com\/nos-musiciens\/clara-fellmann\/","name":"Clara Fellmann - Le Concert de l&#039;Hostel Dieu","isPartOf":{"@id":"https:\/\/www.concert-hosteldieu.com\/#website"},"primaryImageOfPage":{"@id":"https:\/\/www.concert-hosteldieu.com\/nos-musiciens\/clara-fellmann\/#primaryimage"},"image":{"@id":"https:\/\/www.concert-hosteldieu.com\/nos-musiciens\/clara-fellmann\/#primaryimage"},"thumbnailUrl":"https:\/\/www.concert-hosteldieu.com\/wp-content\/uploads\/2021\/06\/Confluence-101_web.jpg","datePublished":"2021-06-24T14:32:12+00:00","dateModified":"2022-08-10T14:22:23+00:00","breadcrumb":{"@id":"https:\/\/www.concert-hosteldieu.com\/nos-musiciens\/clara-fellmann\/#breadcrumb"},"inLanguage":"en-GB","potentialAction":[{"@type":"ReadAction","target":["https:\/\/www.concert-hosteldieu.com\/nos-musiciens\/clara-fellmann\/"]}]},{"@type":"ImageObject","inLanguage":"en-GB","@id":"https:\/\/www.concert-hosteldieu.com\/nos-musiciens\/clara-fellmann\/#primaryimage","url":"https:\/\/www.concert-hosteldieu.com\/wp-content\/uploads\/2021\/06\/Confluence-101_web.jpg","contentUrl":"https:\/\/www.concert-hosteldieu.com\/wp-content\/uploads\/2021\/06\/Confluence-101_web.jpg","width":1920,"height":1280},{"@type":"BreadcrumbList","@id":"https:\/\/www.concert-hosteldieu.com\/nos-musiciens\/clara-fellmann\/#breadcrumb","itemListElement":[{"@type":"ListItem","position":1,"name":"Accueil","item":"https:\/\/www.concert-hosteldieu.com\/"},{"@type":"ListItem","position":2,"name":"Nos musiciens","item":"https:\/\/www.concert-hosteldieu.com\/nos-musiciens\/"},{"@type":"ListItem","position":3,"name":"Clara Fellmann"}]},{"@type":"WebSite","@id":"https:\/\/www.concert-hosteldieu.com\/#website","url":"https:\/\/www.concert-hosteldieu.com\/","name":"Le Concert de l&#039;Hostel Dieu","description":"Franck-Emmanuel Comte","publisher":{"@id":"https:\/\/www.concert-hosteldieu.com\/#organization"},"potentialAction":[{"@type":"SearchAction","target":{"@type":"EntryPoint","urlTemplate":"https:\/\/www.concert-hosteldieu.com\/?s={search_term_string}"},"query-input":{"@type":"PropertyValueSpecification","valueRequired":true,"valueName":"search_term_string"}}],"inLanguage":"en-GB"},{"@type":"Organization","@id":"https:\/\/www.concert-hosteldieu.com\/#organization","name":"Le Concert de l'Hostel Dieu","url":"https:\/\/www.concert-hosteldieu.com\/","logo":{"@type":"ImageObject","inLanguage":"en-GB","@id":"https:\/\/www.concert-hosteldieu.com\/#\/schema\/logo\/image\/","url":"https:\/\/www.concert-hosteldieu.com\/wp-content\/uploads\/2021\/06\/logo-chd-noir-transparent.png","contentUrl":"https:\/\/www.concert-hosteldieu.com\/wp-content\/uploads\/2021\/06\/logo-chd-noir-transparent.png","width":262,"height":106,"caption":"Le Concert de l'Hostel Dieu"},"image":{"@id":"https:\/\/www.concert-hosteldieu.com\/#\/schema\/logo\/image\/"},"sameAs":["https:\/\/www.facebook.com\/leconcert.delhosteldieu","https:\/\/x.com\/CHDLyon","https:\/\/instagram.com\/concert_hostel_dieu","https:\/\/www.linkedin.com\/company\/le-concert-de-l'hostel-dieu\/","https:\/\/www.youtube.com\/user\/CHDLyon"]}]}},"_links":{"self":[{"href":"https:\/\/www.concert-hosteldieu.com\/en\/wp-json\/wp\/v2\/pages\/13769","targetHints":{"allow":["GET"]}}],"collection":[{"href":"https:\/\/www.concert-hosteldieu.com\/en\/wp-json\/wp\/v2\/pages"}],"about":[{"href":"https:\/\/www.concert-hosteldieu.com\/en\/wp-json\/wp\/v2\/types\/page"}],"author":[{"embeddable":true,"href":"https:\/\/www.concert-hosteldieu.com\/en\/wp-json\/wp\/v2\/users\/2776"}],"replies":[{"embeddable":true,"href":"https:\/\/www.concert-hosteldieu.com\/en\/wp-json\/wp\/v2\/comments?post=13769"}],"version-history":[{"count":1,"href":"https:\/\/www.concert-hosteldieu.com\/en\/wp-json\/wp\/v2\/pages\/13769\/revisions"}],"predecessor-version":[{"id":18377,"href":"https:\/\/www.concert-hosteldieu.com\/en\/wp-json\/wp\/v2\/pages\/13769\/revisions\/18377"}],"up":[{"embeddable":true,"href":"https:\/\/www.concert-hosteldieu.com\/en\/wp-json\/wp\/v2\/pages\/12605"}],"wp:featuredmedia":[{"embeddable":true,"href":"https:\/\/www.concert-hosteldieu.com\/en\/wp-json\/wp\/v2\/media\/13787"}],"wp:attachment":[{"href":"https:\/\/www.concert-hosteldieu.com\/en\/wp-json\/wp\/v2\/media?parent=13769"}],"wp:term":[{"taxonomy":"category","embeddable":true,"href":"https:\/\/www.concert-hosteldieu.com\/en\/wp-json\/wp\/v2\/categories?post=13769"},{"taxonomy":"post_tag","embeddable":true,"href":"https:\/\/www.concert-hosteldieu.com\/en\/wp-json\/wp\/v2\/tags?post=13769"}],"curies":[{"name":"wp","href":"https:\/\/api.w.org\/{rel}","templated":true}]}}