{"id":12874,"date":"2021-06-07T15:22:02","date_gmt":"2021-06-07T14:22:02","guid":{"rendered":"https:\/\/dev.concert-hosteldieu.com\/?page_id=12874"},"modified":"2026-03-16T17:27:49","modified_gmt":"2026-03-16T16:27:49","slug":"fugacites","status":"publish","type":"page","link":"https:\/\/www.concert-hosteldieu.com\/en\/nos-productions\/fugacites\/","title":{"rendered":"FugaCit\u00e9s"},"content":{"rendered":"\n\n\t\t\t\t\t\t<h4>PROGRAMME<\/h4>\n\t\t\t<p><strong>Acte I : le corps (Musique baroque + danse hip hop)<\/strong><br \/>John Playford, \u00ab Stingo \u00bb, extrait de The English Dancing Master<br \/>Johann Paul von Westhoff, \u00ab Imitatione del liuto \u00bb et \u00ab Finale \u00bb, extraits de la Sonata n\u00b02 <br \/>John Playford, \u00ab The Virgin Queen \u00bb, extrait de The English Dancing Master <br \/>Henry Purcell, \u00ab Here the deities approve\u00bb, extraite de Welcome to all the pleasure, Z 339 <br \/>Antonio Vivaldi, Allegro poco, extrait de la Sonate RV 42 <br \/>John Playford, \u00ab Stingo \u00bb, extrait de The English Dancing Master<br \/>Michel Farinel, The Farinel&rsquo;s ground ou Les Folies d&rsquo;Espagne<\/p>\n<p><strong>Acte II : l&rsquo;air (Musique baroque + beatbox)<\/strong><br \/>Johann Paul von Westhoff, Troisi\u00e8me mouvement de la Sonata n\u00b03<br \/>Antonio Vivaldi, Allegro, extrait du Concerto pour violoncelle RV 419<br \/>David Chalmin, \u00ab Another song \u00bb <br \/>Johann Sebastian Bach, Courante, extrait de la Suite n\u00b01 pour violoncelle BWV 1007) <br \/>Johann Sebastian Bach, Praeludium pour Luth BWV 999<\/p>\n<p><strong>Acte III : L&rsquo;esprit (Musique baroque + slam)<\/strong><br \/>Antonio Vivaldi, Cello sonata RV 43, Adagio \/ Texte : Mehdi Kr\u00fcger, Voir la mer <br \/>Antonio Vivaldi, Cello sonata RV 43, Allegro \/ Texte : Mehdi Kr\u00fcger, L&rsquo;Odyss\u00e9e \u00e0 l&rsquo;envers<br \/>Fran\u00e7ois Couperin, Les barricades myst\u00e9rieuses \/ Texte : Mehdi Kr\u00fcger, Septembre est loin<br \/>Antonio Vivaldi, Allegro poco, extrait de la Sonate RV 42 \/ Texte : Mehdi Kr\u00fcger, Le cerf volant<br \/>Jean-Baptiste Barri\u00e8re, Sonate n\u00b02 pour violoncelle, Adagio \/ Texte : Mehdi Kr\u00fcger, Les d\u00e9sertaires<br \/>Claudio Monteverdi, Si dolc&rsquo;\u00e9 tormento <br \/>Tarentelle napolitaine \/ Texte : Mehdi Kr\u00fcger, \u00ab Caf\u00e9-croissants \u00bb <br \/>John Playford, Drive the cold winter away, Beggar Boy \/ Texte : Mehdi Kr\u00fcger, Du vent<br \/>Texte Mehdi Kr\u00fcger, r\u00e9solution<br \/>John Playford, \u00ab Nobody&rsquo;s Jig \u00bb et \u00ab Stingo \u00bb, extraits de The English Dancing Master<\/p>\n\t\t\t\t\t\t<h4>DISTRIBUTION<\/h4>\n\t\t\t<p><a href=\"https:\/\/www.concert-hosteldieu.com\/nos-artistes-invites\/jerome-oussou\/\">J\u00e9r\u00f4me Oussou<\/a> en alternance avec <a href=\"https:\/\/www.concert-hosteldieu.com\/nos-artistes-invites\/melissa-cirillo\/\">M\u00e9lissa Cirillo<\/a>, danse hip-hop<br \/><a href=\"https:\/\/www.concert-hosteldieu.com\/nos-artistes-invites\/tiko\/\">Tiko<\/a>, human beatbox<br \/><a href=\"https:\/\/www.concert-hosteldieu.com\/nos-artistes-invites\/mehdi-kruger\/\">Mehdi Kr\u00fcger<\/a>, slam<br \/><a href=\"https:\/\/www.concert-hosteldieu.com\/nos-musiciens\/reynier-guerrero\/\">Reynier Guerrero<\/a>, violon<br \/><a href=\"https:\/\/www.concert-hosteldieu.com\/nos-musiciens\/aude-walker-viry\/\">Aude Walker-Viry<\/a>, violoncelle<br \/><a href=\"https:\/\/www.concert-hosteldieu.com\/presentation\/lequipe-artistique\/franck-emmanuel-comte\/\" target=\"_blank\" rel=\"noopener noreferrer\">Franck-Emmanuel Comte<\/a>,\u00a0clavecin<\/p>\n<p><a href=\"https:\/\/www.concert-hosteldieu.com\/nos-artistes-invites\/berenice-collet\/\">B\u00e9r\u00e9nice Collet<\/a>, mise en sc\u00e8ne<br \/><a href=\"https:\/\/www.concert-hosteldieu.com\/nos-artistes-invites\/mourad-merzouki\/\">Mourad Merzouki<\/a>, chor\u00e9graphie<br \/>Christophe Waksmann, cr\u00e9ation vid\u00e9o<br \/>Pauline Vauchez, cr\u00e9ation lumi\u00e8res<br \/><a href=\"https:\/\/www.concert-hosteldieu.com\/franck-emmanuel-comte\/\">Franck-Emmanuel Comte<\/a>, direction et conception musicale<\/p>\n<p><strong><em>FugaCit\u00e9s<\/em> est une rencontre entre la musique baroque et les cultures urbaines<\/strong> imagin\u00e9e par Franck-Emmanuel Comte et sc\u00e9nographi\u00e9e par la metteuse en sc\u00e8ne <a href=\"https:\/\/www.concert-hosteldieu.com\/nos-artistes-invites\/berenice-collet\/\">B\u00e9r\u00e9nice Collet<\/a>. Ce sont trois variations po\u00e9tiques et interdisciplinaires aux multiples inspirations, un dialogue cr\u00e9atif entre les instrumentistes du Concert de l&rsquo;Hostel Dieu et trois artistes-phare des cultures urbaines : <a href=\"http:\/\/www.concert-hosteldieu.com\/presentation\/lequipe-artistique\/tiko-nicolas-giemza\/\">Tiko<\/a> (human beatbox), <a href=\"http:\/\/www.concert-hosteldieu.com\/presentation\/lequipe-artistique\/mehdi-kruger\/\">Mehdi Kr\u00fcger<\/a> (slam), <a href=\"http:\/\/www.concert-hosteldieu.com\/presentation\/lequipe-artistique\/jerome-oussou\/\">J\u00e9r\u00f4me Oussou<\/a> (danse hip-hop) chor\u00e9graphi\u00e9 par<a href=\"http:\/\/www.concert-hosteldieu.com\/presentation\/lequipe-artistique\/mourad-merzouki\/\"> Mourad Merzouki<\/a>.<\/p>\n<p>Imagin\u00e9 pendant le confinement comme 3 formes courtes et ind\u00e9pendantes, <em>FugaCit\u00e9s<\/em> est d\u00e9sormais un spectacle unique mis en sc\u00e8ne par B\u00e9r\u00e9nice Collet et accompagn\u00e9 par le contrepoint vid\u00e9o de Christophe Waksmann. Fruit de la rencontre po\u00e9tique entre musique baroque et hip hop, il invite tous types de spectateurs \u00e0 un voyage sensible et onirique, rythm\u00e9 par les textes de Mehdi Kr\u00fcger et les chor\u00e9graphies de Mourad Merzouki.<\/p>\n<strong>Dur\u00e9e : 1h10 pour la version tout public<\/strong><br \/>\n<strong>50 min pour la version scolaire (\u00e0 partir de 11 ans)<\/strong>\n<h4  id=\"image\">\n\t\t\tFUGACIT\u00c9S EN IMAGES\t<\/h4>\n<h4  id=\"vid\u00e9os\">\n\t\t\tFUGACIT\u00c9S en vid\u00e9os\t<\/h4>\n\t\t\t\t\t<a href=\"https:\/\/www.youtube.com\/watch?v=YfhPVSBbBHc\" aria-label=\"uabb-video-gallery\" data-fancybox=\"uabb-video-gallery\" data-url=\"https:\/\/www.youtube.com\/embed\/YfhPVSBbBHc?autoplay=1&#038;version=3&#038;enablejsapi=1\"class=\"uabb-video-gallery-fancybox uabb-vg__play_full \">\t\t\t\t\t\t\n\t\t\t\t\t<\/a>\t\t\t\t\n\t\t\t\t\t<a href=\"https:\/\/www.youtube.com\/watch?v=coxMv6xYHX4\" aria-label=\"uabb-video-gallery\" data-fancybox=\"uabb-video-gallery\" data-url=\"https:\/\/www.youtube.com\/embed\/coxMv6xYHX4?autoplay=1&#038;version=3&#038;enablejsapi=1\"class=\"uabb-video-gallery-fancybox uabb-vg__play_full \">\t\t\t\t\t\t\n\t\t\t\t\t<\/a>\t\t\t\t\n\t\t\t\t\t<a href=\"https:\/\/www.youtube.com\/watch?v=6spLGp9SwHs\" aria-label=\"uabb-video-gallery\" data-fancybox=\"uabb-video-gallery\" data-url=\"https:\/\/www.youtube.com\/embed\/6spLGp9SwHs?autoplay=1&#038;version=3&#038;enablejsapi=1\"class=\"uabb-video-gallery-fancybox uabb-vg__play_full \">\t\t\t\t\t\t\n\t\t\t\t\t<\/a>\t\t\t\t\n\t\t\t\t\t<a href=\"https:\/\/www.youtube.com\/watch?v=1j0OH9nX9mo\" aria-label=\"uabb-video-gallery\" data-fancybox=\"uabb-video-gallery\" data-url=\"https:\/\/www.youtube.com\/embed\/1j0OH9nX9mo?autoplay=1&#038;version=3&#038;enablejsapi=1\"class=\"uabb-video-gallery-fancybox uabb-vg__play_full \">\t\t\t\t\t\t\n\t\t\t\t\t<\/a>\t\t\t\t\n<h4  id=\"confiance\">\n\t\t\tIls nous ont fait confiance&#8230;\t<\/h4>\n<p>Festival 1001 notes en Limousin, Espace culturel Eole \u00e0 Craponne, L&rsquo;Aqueduc \u00e0 Dardilly, Espace Albert Camus \u00e0 Bron, Festival d&rsquo;Ambronay, Centre Saint-Marc \u00e0 Lyon, Midsummer Festival du Ch\u00e2teau d&rsquo;Hardelot, Centre Culturel Th\u00e9\u00e2tre Central de La Louvi\u00e8re, Th\u00e9\u00e2tre de Belley, Espace culturel des Corbi\u00e8res, Th\u00e9\u00e2tre de Lempdes, Th\u00e9\u00e2tre Th\u00e9o Argence \u00e0 Saint-Priest, Sc\u00e8ne de l&rsquo;H\u00f4tel de ville \u00e0 Sarreguemines, Th\u00e9\u00e2tre de Bagnols sur C\u00e8ze, Centre Culturel Jean-Pierre Fabr\u00e8gue\u00a0\u00e0\u00a0Saint-Yrieix, Saison culturelle de Montmorin, Op\u00e9ra de Clermont-Ferrand, Festival Internacional en el Camino de Santiago, Festival baroque en Forez, La Pl\u00e9iade \u00e0 la Riche, CCO La Rayonne\u00a0\u00e0 Villeurbanne, Espace Paul Jargot \u00e0 Crolles, Sinfonia en P\u00e9rigord, Le Ph\u00e9nix \u00e0 Valenciennes, Le Parvis des Fiz \u00e0 Passy, Le Rocher de Palmer \u00e0 C\u00e9non, Festival Bach de Saint-Donat, Grand Man\u00e8ge Namur Concert Hall, Lyc\u00e9e fran\u00e7ais de New York, Le P\u00f4le \u00e0 Alby, Espace Michel Croz \u00e0 Chamonix, Festival de Lournand.<\/p>\n\t\t\t\t\t\t<h4>LA PRESSE EN PARLE<\/h4>\n\t\t\t<p><strong><a href=\"https:\/\/classicagenda.fr\/festival-ambronay-hip-hop-baroque\/\" target=\"_blank\" rel=\"noopener\"><u>CLA<\/u><u>SSICAGENDA &#8211; 20\/09\/2021 <\/u><u>&#8211; <\/u><u>Julien Bordas<\/u><\/a><u><br \/><\/u><\/strong>\u00ab\u00a0Dans la veine du pr\u00e9c\u00e9dent spectacle <em>Folia<\/em>, [Mourad Merzouki] combine avec audace les partitions de Vivaldi, Purcell ou encore Playford et le talent du danseur hip-hop J\u00e9r\u00f4me Oussou. Ce dernier est m\u00eame rejoint par les musiciens dans une sorte de jeu de r\u00f4les artistique, et le public, convi\u00e9 \u00e0 la f\u00eate.\u00a0\u00bb<\/p>\n<p><strong><u><a href=\"http:\/\/www.baroquiades.com\/articles\/chronic\/1\/ambronay-2021-fugacit%EF%BF%83%EF%BE%A9s\" target=\"_blank\" rel=\"noopener\">BAROQUIADES &#8211; 24\/09\/2021 &#8211; Emmanuel Deroeux<\/a><br \/><\/u><\/strong>\u00ab\u00a0Dispos\u00e9s comme un v\u00e9ritable quatuor, les quatre musiciens jouent effectivement comme un v\u00e9ritable ensemble [&#8230;] On ressent alors, gr\u00e2ce notamment aux arrangements de Franck-Emmanuel Comte, une v\u00e9ritable symbiose entre les artistes.\u00a0\u00bb<\/p>\n<p><strong><u><a href=\"https:\/\/www.francetvinfo.fr\/culture\/musique\/classique\/ambronay-2021-quand-la-rencontre-de-la-musique-baroque-et-de-la-danse-hip-hop-fait-des-etincelles_4780175.html\" target=\"_blank\" rel=\"noopener\">FRANCEINFO &#8211; \u00a022\/09\/2021 &#8211; Lorenzo Ciavarini Azzi<\/a><br \/><\/u><\/strong>\u00ab\u00a0La symbiose baroque hip-hop rel\u00e8ve presque de l&rsquo;\u00e9vidence.\u00a0\u00bb<\/p>\n<p><strong><u><a href=\"https:\/\/classiquemaispashasbeen.fr\/2021\/09\/24\/a-ambronay-baroque-et-hip-hop-font-bon-menage\/\" target=\"_blank\" rel=\"noopener\">CLASSICMAISPASHASBEEN &#8211; 24\/09\/2021 &#8211; S\u00e9verine Garnier<\/a><br \/><\/u><\/strong>\u00ab\u00a0Le Concert de l&rsquo;Hostel Dieu \u00e9tait au meilleur de sa forme, et a montr\u00e9 sa souplesse et son humour [&#8230;]\u00a0\u00bb<\/p>\n<p><strong><a href=\"https:\/\/www.elperiodicodearagon.com\/cultura\/2023\/08\/06\/critica-javier-losilla-fiesta-popular-90715693.html\">EL PERIODICO DE ARAGON &#8211; 06\/08\/2023 &#8211; Javier Losilla<\/a><\/strong><br \/>\u00ab En d&rsquo;autres termes, nous avons appr\u00e9ci\u00e9 un spectacle bien ficel\u00e9, divertissant, th\u00e9\u00e2tral et non sans humour, o\u00f9 les compositions baroques se rattachent aux cr\u00e9ations du temps pr\u00e9sent.\u00a0\u00bb<\/p>\n\t\t\t\t\t\t<h4>MENTIONS<\/h4>\n\t\t\t<p>En co-production avec P\u00f4le En Sc\u00e8nes.<\/p>\n<hr \/>\n<p>Avec le soutien de la <a href=\"https:\/\/www.spedidam.fr\/\">SPEDIDAM<\/a>.<\/p>\n<p><img loading=\"lazy\" decoding=\"async\" src=\"https:\/\/www.concert-hosteldieu.com\/wp-content\/uploads\/2026\/03\/SPEDIDAM_new-300x150.png\" alt=\"\" width=\"220\" height=\"110\" \/><\/p>\n<h4  id=\"agenda\">\n\t\t\tAGENDA\t<\/h4>\n<h4>\n\t\t\tAgenda &#8211; \u00c9v\u00e9nements pass\u00e9s\t<\/h4>\n<h4  id=\"artiste\">\n\t\t\tLES ARTISTES ASSOCI\u00c9S\t<\/h4>\n\t\t\t\t\t\t\t\t\t\t\t\t\t\t<a href=\"https:\/\/www.concert-hosteldieu.com\/nos-artistes-invites\/jerome-oussou\/\" target=\"_self\" title=\"J\u00e9r\u00f4me Oussou\">\n\t\t\t\t<img decoding=\"async\" src=\"https:\/\/www.concert-hosteldieu.com\/wp-content\/uploads\/2022\/10\/CHD-FugaCites-256.jpg\" alt=\"\" \/>\n\t\t\t\t<\/a>\n\t\t\t\t\t\t<h3>\n\t\t\t\t<a href=\"https:\/\/www.concert-hosteldieu.com\/nos-artistes-invites\/jerome-oussou\/\" title=\"J\u00e9r\u00f4me Oussou\">J\u00e9r\u00f4me Oussou<\/a>\t\t\t<\/h3>\n\t\t\t\t\t\t\t\t\t\t\t\t\t\t<a href=\"https:\/\/www.concert-hosteldieu.com\/nos-artistes-invites\/melissa-cirillo\/\" target=\"_self\" title=\"M\u00e9lissa Cirillo\">\n\t\t\t\t<img decoding=\"async\" src=\"https:\/\/www.concert-hosteldieu.com\/wp-content\/uploads\/2024\/01\/Melissa-Cirillo-2.jpg\" alt=\"\" \/>\n\t\t\t\t<\/a>\n\t\t\t\t\t\t<h3>\n\t\t\t\t<a href=\"https:\/\/www.concert-hosteldieu.com\/nos-artistes-invites\/melissa-cirillo\/\" title=\"M\u00e9lissa Cirillo\">M\u00e9lissa Cirillo<\/a>\t\t\t<\/h3>\n\t\t\t\t\t\t\t\t\t\t\t\t\t\t<a href=\"https:\/\/www.concert-hosteldieu.com\/nos-artistes-invites\/tiko\/\" target=\"_self\" title=\"Tiko\">\n\t\t\t\t<img decoding=\"async\" src=\"https:\/\/www.concert-hosteldieu.com\/wp-content\/uploads\/2021\/06\/concert-hostel-dieu-fugacites-credit-Florent-De-Gaudemar-7.jpg\" alt=\"Tiko pour Fugacit\u00e9s beatbox\" \/>\n\t\t\t\t<\/a>\n\t\t\t\t\t\t<h3>\n\t\t\t\t<a href=\"https:\/\/www.concert-hosteldieu.com\/nos-artistes-invites\/tiko\/\" title=\"Tiko\">Tiko<\/a>\t\t\t<\/h3>\n\t\t\t\t\t\t\t\t\t\t\t\t\t\t<a href=\"https:\/\/www.concert-hosteldieu.com\/nos-artistes-invites\/mehdi-kruger\/\" target=\"_self\" title=\"Mehdi Kr\u00fcger\">\n\t\t\t\t<img decoding=\"async\" src=\"https:\/\/www.concert-hosteldieu.com\/wp-content\/uploads\/2022\/10\/CHD-FugaCites-209_web.jpg\" alt=\"\" \/>\n\t\t\t\t<\/a>\n\t\t\t\t\t\t<h3>\n\t\t\t\t<a href=\"https:\/\/www.concert-hosteldieu.com\/nos-artistes-invites\/mehdi-kruger\/\" title=\"Mehdi Kr\u00fcger\">Mehdi Kr\u00fcger<\/a>\t\t\t<\/h3>\n\t\t\t\t\t\t\t\t\t\t\t\t\t\t<a href=\"https:\/\/www.concert-hosteldieu.com\/nos-artistes-invites\/berenice-collet\/\" target=\"_self\" title=\"B\u00e9r\u00e9nice Collet\">\n\t\t\t\t<img decoding=\"async\" src=\"https:\/\/www.concert-hosteldieu.com\/wp-content\/uploads\/2022\/10\/CHD-FugaCites-277_web.jpg\" alt=\"\" \/>\n\t\t\t\t<\/a>\n\t\t\t\t\t\t<h3>\n\t\t\t\t<a href=\"https:\/\/www.concert-hosteldieu.com\/nos-artistes-invites\/berenice-collet\/\" title=\"B\u00e9r\u00e9nice Collet\">B\u00e9r\u00e9nice Collet<\/a>\t\t\t<\/h3>\n\t\t\t\t\t\t\t\t\t\t\t\t\t\t<a href=\"https:\/\/www.concert-hosteldieu.com\/nos-artistes-invites\/mourad-merzouki\/\" target=\"_self\" title=\"Mourad Merzouki\">\n\t\t\t\t<img decoding=\"async\" src=\"https:\/\/www.concert-hosteldieu.com\/wp-content\/uploads\/2021\/06\/MERZOUKI-Mourad.jpg\" alt=\"\" \/>\n\t\t\t\t<\/a>\n\t\t\t\t\t\t<h3>\n\t\t\t\t<a href=\"https:\/\/www.concert-hosteldieu.com\/nos-artistes-invites\/mourad-merzouki\/\" title=\"Mourad Merzouki\">Mourad Merzouki<\/a>\t\t\t<\/h3>\n\n","protected":false},"excerpt":{"rendered":"<p>PROGRAMME Acte I : le corps (Musique baroque + danse hip hop)John Playford, \u00ab Stingo \u00bb, extrait de The English Dancing MasterJohann Paul von Westhoff, \u00ab Imitatione del liuto \u00bb et \u00ab Finale \u00bb, extraits de la Sonata n\u00b02 John [&hellip;]<\/p>\n","protected":false},"author":2776,"featured_media":18667,"parent":23593,"menu_order":0,"comment_status":"closed","ping_status":"closed","template":"","meta":{"site-sidebar-layout":"default","site-content-layout":null,"ast-site-content-layout":"full-width-container","site-content-style":"unboxed","site-sidebar-style":"unboxed","ast-global-header-display":"","ast-banner-title-visibility":"","ast-main-header-display":"","ast-hfb-above-header-display":null,"ast-hfb-below-header-display":null,"ast-hfb-mobile-header-display":"","site-post-title":"disabled","ast-breadcrumbs-content":null,"ast-featured-img":"disabled","footer-sml-layout":"","ast-disable-related-posts":"","theme-transparent-header-meta":"default","adv-header-id-meta":"","stick-header-meta":"default","header-above-stick-meta":null,"header-main-stick-meta":"","header-below-stick-meta":null,"astra-migrate-meta-layouts":"set","ast-page-background-enabled":"default","ast-page-background-meta":{"desktop":{"background-color":"","background-image":"","background-repeat":"repeat","background-position":"center center","background-size":"auto","background-attachment":"scroll","background-type":"","background-media":"","overlay-type":"","overlay-color":"","overlay-opacity":"","overlay-gradient":""},"tablet":{"background-color":"","background-image":"","background-repeat":"repeat","background-position":"center center","background-size":"auto","background-attachment":"scroll","background-type":"","background-media":"","overlay-type":"","overlay-color":"","overlay-opacity":"","overlay-gradient":""},"mobile":{"background-color":"","background-image":"","background-repeat":"repeat","background-position":"center center","background-size":"auto","background-attachment":"scroll","background-type":"","background-media":"","overlay-type":"","overlay-color":"","overlay-opacity":"","overlay-gradient":""}},"ast-content-background-meta":{"desktop":{"background-color":"var(--ast-global-color-5)","background-image":"","background-repeat":"repeat","background-position":"center center","background-size":"auto","background-attachment":"scroll","background-type":"","background-media":"","overlay-type":"","overlay-color":"","overlay-opacity":"","overlay-gradient":""},"tablet":{"background-color":"var(--ast-global-color-5)","background-image":"","background-repeat":"repeat","background-position":"center center","background-size":"auto","background-attachment":"scroll","background-type":"","background-media":"","overlay-type":"","overlay-color":"","overlay-opacity":"","overlay-gradient":""},"mobile":{"background-color":"var(--ast-global-color-5)","background-image":"","background-repeat":"repeat","background-position":"center center","background-size":"auto","background-attachment":"scroll","background-type":"","background-media":"","overlay-type":"","overlay-color":"","overlay-opacity":"","overlay-gradient":""}},"footnotes":""},"categories":[451],"tags":[173],"class_list":["post-12874","page","type-page","status-publish","has-post-thumbnail","hentry","category-nos-productions","tag-fugacites"],"yoast_head":"<!-- This site is optimized with the Yoast SEO plugin v27.5 - https:\/\/yoast.com\/product\/yoast-seo-wordpress\/ -->\n<title>FugaCit\u00e9s - Le Concert de l&#039;Hostel Dieu<\/title>\n<meta name=\"description\" content=\"D\u00e9couvrez FugaCit\u00e9s, trois variations po\u00e9tiques et interdisciplinaires dans lesquelles la musique baroque rencontre les cultures urbaines.\" \/>\n<meta name=\"robots\" content=\"index, follow, max-snippet:-1, max-image-preview:large, max-video-preview:-1\" \/>\n<link rel=\"canonical\" href=\"https:\/\/www.concert-hosteldieu.com\/en\/nos-productions\/fugacites\/\" \/>\n<meta property=\"og:locale\" content=\"en_GB\" \/>\n<meta property=\"og:type\" content=\"article\" \/>\n<meta property=\"og:title\" content=\"FugaCit\u00e9s - Le Concert de l&#039;Hostel Dieu\" \/>\n<meta property=\"og:description\" content=\"D\u00e9couvrez FugaCit\u00e9s, trois variations po\u00e9tiques et interdisciplinaires dans lesquelles la musique baroque rencontre les cultures urbaines.\" \/>\n<meta property=\"og:url\" content=\"https:\/\/www.concert-hosteldieu.com\/en\/nos-productions\/fugacites\/\" \/>\n<meta property=\"og:site_name\" content=\"Le Concert de l&#039;Hostel Dieu\" \/>\n<meta property=\"article:publisher\" content=\"https:\/\/www.facebook.com\/leconcert.delhosteldieu\" \/>\n<meta property=\"article:modified_time\" content=\"2026-03-16T16:27:49+00:00\" \/>\n<meta property=\"og:image\" content=\"https:\/\/www.concert-hosteldieu.com\/wp-content\/uploads\/2022\/10\/CHD-FugaCites-65_web.jpg\" \/>\n\t<meta property=\"og:image:width\" content=\"1920\" \/>\n\t<meta property=\"og:image:height\" content=\"1280\" \/>\n\t<meta property=\"og:image:type\" content=\"image\/jpeg\" \/>\n<meta name=\"twitter:label1\" content=\"Estimated reading time\" \/>\n\t<meta name=\"twitter:data1\" content=\"5 minutes\" \/>\n<script type=\"application\/ld+json\" class=\"yoast-schema-graph\">{\"@context\":\"https:\\\/\\\/schema.org\",\"@graph\":[{\"@type\":\"WebPage\",\"@id\":\"https:\\\/\\\/www.concert-hosteldieu.com\\\/nos-productions\\\/fugacites\\\/\",\"url\":\"https:\\\/\\\/www.concert-hosteldieu.com\\\/nos-productions\\\/fugacites\\\/\",\"name\":\"FugaCit\u00e9s - Le Concert de l&#039;Hostel Dieu\",\"isPartOf\":{\"@id\":\"https:\\\/\\\/www.concert-hosteldieu.com\\\/#website\"},\"primaryImageOfPage\":{\"@id\":\"https:\\\/\\\/www.concert-hosteldieu.com\\\/nos-productions\\\/fugacites\\\/#primaryimage\"},\"image\":{\"@id\":\"https:\\\/\\\/www.concert-hosteldieu.com\\\/nos-productions\\\/fugacites\\\/#primaryimage\"},\"thumbnailUrl\":\"https:\\\/\\\/www.concert-hosteldieu.com\\\/wp-content\\\/uploads\\\/2022\\\/10\\\/CHD-FugaCites-65_web.jpg\",\"datePublished\":\"2021-06-07T14:22:02+00:00\",\"dateModified\":\"2026-03-16T16:27:49+00:00\",\"description\":\"D\u00e9couvrez FugaCit\u00e9s, trois variations po\u00e9tiques et interdisciplinaires dans lesquelles la musique baroque rencontre les cultures urbaines.\",\"breadcrumb\":{\"@id\":\"https:\\\/\\\/www.concert-hosteldieu.com\\\/nos-productions\\\/fugacites\\\/#breadcrumb\"},\"inLanguage\":\"en-GB\",\"potentialAction\":[{\"@type\":\"ReadAction\",\"target\":[\"https:\\\/\\\/www.concert-hosteldieu.com\\\/nos-productions\\\/fugacites\\\/\"]}]},{\"@type\":\"ImageObject\",\"inLanguage\":\"en-GB\",\"@id\":\"https:\\\/\\\/www.concert-hosteldieu.com\\\/nos-productions\\\/fugacites\\\/#primaryimage\",\"url\":\"https:\\\/\\\/www.concert-hosteldieu.com\\\/wp-content\\\/uploads\\\/2022\\\/10\\\/CHD-FugaCites-65_web.jpg\",\"contentUrl\":\"https:\\\/\\\/www.concert-hosteldieu.com\\\/wp-content\\\/uploads\\\/2022\\\/10\\\/CHD-FugaCites-65_web.jpg\",\"width\":1920,\"height\":1280,\"caption\":\"\u00a9Julie Cherki\"},{\"@type\":\"BreadcrumbList\",\"@id\":\"https:\\\/\\\/www.concert-hosteldieu.com\\\/nos-productions\\\/fugacites\\\/#breadcrumb\",\"itemListElement\":[{\"@type\":\"ListItem\",\"position\":1,\"name\":\"Accueil\",\"item\":\"https:\\\/\\\/www.concert-hosteldieu.com\\\/\"},{\"@type\":\"ListItem\",\"position\":2,\"name\":\"Nos productions\",\"item\":\"https:\\\/\\\/www.concert-hosteldieu.com\\\/nos-productions\\\/\"},{\"@type\":\"ListItem\",\"position\":3,\"name\":\"FugaCit\u00e9s\"}]},{\"@type\":\"WebSite\",\"@id\":\"https:\\\/\\\/www.concert-hosteldieu.com\\\/#website\",\"url\":\"https:\\\/\\\/www.concert-hosteldieu.com\\\/\",\"name\":\"Le Concert de l&#039;Hostel Dieu\",\"description\":\"Franck-Emmanuel Comte\",\"publisher\":{\"@id\":\"https:\\\/\\\/www.concert-hosteldieu.com\\\/#organization\"},\"potentialAction\":[{\"@type\":\"SearchAction\",\"target\":{\"@type\":\"EntryPoint\",\"urlTemplate\":\"https:\\\/\\\/www.concert-hosteldieu.com\\\/?s={search_term_string}\"},\"query-input\":{\"@type\":\"PropertyValueSpecification\",\"valueRequired\":true,\"valueName\":\"search_term_string\"}}],\"inLanguage\":\"en-GB\"},{\"@type\":\"Organization\",\"@id\":\"https:\\\/\\\/www.concert-hosteldieu.com\\\/#organization\",\"name\":\"Le Concert de l'Hostel Dieu\",\"url\":\"https:\\\/\\\/www.concert-hosteldieu.com\\\/\",\"logo\":{\"@type\":\"ImageObject\",\"inLanguage\":\"en-GB\",\"@id\":\"https:\\\/\\\/www.concert-hosteldieu.com\\\/#\\\/schema\\\/logo\\\/image\\\/\",\"url\":\"https:\\\/\\\/www.concert-hosteldieu.com\\\/wp-content\\\/uploads\\\/2021\\\/06\\\/logo-chd-noir-transparent.png\",\"contentUrl\":\"https:\\\/\\\/www.concert-hosteldieu.com\\\/wp-content\\\/uploads\\\/2021\\\/06\\\/logo-chd-noir-transparent.png\",\"width\":262,\"height\":106,\"caption\":\"Le Concert de l'Hostel Dieu\"},\"image\":{\"@id\":\"https:\\\/\\\/www.concert-hosteldieu.com\\\/#\\\/schema\\\/logo\\\/image\\\/\"},\"sameAs\":[\"https:\\\/\\\/www.facebook.com\\\/leconcert.delhosteldieu\",\"https:\\\/\\\/x.com\\\/CHDLyon\",\"https:\\\/\\\/instagram.com\\\/concert_hostel_dieu\",\"https:\\\/\\\/www.linkedin.com\\\/company\\\/le-concert-de-l'hostel-dieu\\\/\",\"https:\\\/\\\/www.youtube.com\\\/user\\\/CHDLyon\"]}]}<\/script>\n<!-- \/ Yoast SEO plugin. -->","yoast_head_json":{"title":"FugaCit\u00e9s - Le Concert de l&#039;Hostel Dieu","description":"D\u00e9couvrez FugaCit\u00e9s, trois variations po\u00e9tiques et interdisciplinaires dans lesquelles la musique baroque rencontre les cultures urbaines.","robots":{"index":"index","follow":"follow","max-snippet":"max-snippet:-1","max-image-preview":"max-image-preview:large","max-video-preview":"max-video-preview:-1"},"canonical":"https:\/\/www.concert-hosteldieu.com\/en\/nos-productions\/fugacites\/","og_locale":"en_GB","og_type":"article","og_title":"FugaCit\u00e9s - Le Concert de l&#039;Hostel Dieu","og_description":"D\u00e9couvrez FugaCit\u00e9s, trois variations po\u00e9tiques et interdisciplinaires dans lesquelles la musique baroque rencontre les cultures urbaines.","og_url":"https:\/\/www.concert-hosteldieu.com\/en\/nos-productions\/fugacites\/","og_site_name":"Le Concert de l&#039;Hostel Dieu","article_publisher":"https:\/\/www.facebook.com\/leconcert.delhosteldieu","article_modified_time":"2026-03-16T16:27:49+00:00","og_image":[{"width":1920,"height":1280,"url":"https:\/\/www.concert-hosteldieu.com\/wp-content\/uploads\/2022\/10\/CHD-FugaCites-65_web.jpg","type":"image\/jpeg"}],"twitter_misc":{"Estimated reading time":"5 minutes"},"schema":{"@context":"https:\/\/schema.org","@graph":[{"@type":"WebPage","@id":"https:\/\/www.concert-hosteldieu.com\/nos-productions\/fugacites\/","url":"https:\/\/www.concert-hosteldieu.com\/nos-productions\/fugacites\/","name":"FugaCit\u00e9s - Le Concert de l&#039;Hostel Dieu","isPartOf":{"@id":"https:\/\/www.concert-hosteldieu.com\/#website"},"primaryImageOfPage":{"@id":"https:\/\/www.concert-hosteldieu.com\/nos-productions\/fugacites\/#primaryimage"},"image":{"@id":"https:\/\/www.concert-hosteldieu.com\/nos-productions\/fugacites\/#primaryimage"},"thumbnailUrl":"https:\/\/www.concert-hosteldieu.com\/wp-content\/uploads\/2022\/10\/CHD-FugaCites-65_web.jpg","datePublished":"2021-06-07T14:22:02+00:00","dateModified":"2026-03-16T16:27:49+00:00","description":"D\u00e9couvrez FugaCit\u00e9s, trois variations po\u00e9tiques et interdisciplinaires dans lesquelles la musique baroque rencontre les cultures urbaines.","breadcrumb":{"@id":"https:\/\/www.concert-hosteldieu.com\/nos-productions\/fugacites\/#breadcrumb"},"inLanguage":"en-GB","potentialAction":[{"@type":"ReadAction","target":["https:\/\/www.concert-hosteldieu.com\/nos-productions\/fugacites\/"]}]},{"@type":"ImageObject","inLanguage":"en-GB","@id":"https:\/\/www.concert-hosteldieu.com\/nos-productions\/fugacites\/#primaryimage","url":"https:\/\/www.concert-hosteldieu.com\/wp-content\/uploads\/2022\/10\/CHD-FugaCites-65_web.jpg","contentUrl":"https:\/\/www.concert-hosteldieu.com\/wp-content\/uploads\/2022\/10\/CHD-FugaCites-65_web.jpg","width":1920,"height":1280,"caption":"\u00a9Julie Cherki"},{"@type":"BreadcrumbList","@id":"https:\/\/www.concert-hosteldieu.com\/nos-productions\/fugacites\/#breadcrumb","itemListElement":[{"@type":"ListItem","position":1,"name":"Accueil","item":"https:\/\/www.concert-hosteldieu.com\/"},{"@type":"ListItem","position":2,"name":"Nos productions","item":"https:\/\/www.concert-hosteldieu.com\/nos-productions\/"},{"@type":"ListItem","position":3,"name":"FugaCit\u00e9s"}]},{"@type":"WebSite","@id":"https:\/\/www.concert-hosteldieu.com\/#website","url":"https:\/\/www.concert-hosteldieu.com\/","name":"Le Concert de l&#039;Hostel Dieu","description":"Franck-Emmanuel Comte","publisher":{"@id":"https:\/\/www.concert-hosteldieu.com\/#organization"},"potentialAction":[{"@type":"SearchAction","target":{"@type":"EntryPoint","urlTemplate":"https:\/\/www.concert-hosteldieu.com\/?s={search_term_string}"},"query-input":{"@type":"PropertyValueSpecification","valueRequired":true,"valueName":"search_term_string"}}],"inLanguage":"en-GB"},{"@type":"Organization","@id":"https:\/\/www.concert-hosteldieu.com\/#organization","name":"Le Concert de l'Hostel Dieu","url":"https:\/\/www.concert-hosteldieu.com\/","logo":{"@type":"ImageObject","inLanguage":"en-GB","@id":"https:\/\/www.concert-hosteldieu.com\/#\/schema\/logo\/image\/","url":"https:\/\/www.concert-hosteldieu.com\/wp-content\/uploads\/2021\/06\/logo-chd-noir-transparent.png","contentUrl":"https:\/\/www.concert-hosteldieu.com\/wp-content\/uploads\/2021\/06\/logo-chd-noir-transparent.png","width":262,"height":106,"caption":"Le Concert de l'Hostel Dieu"},"image":{"@id":"https:\/\/www.concert-hosteldieu.com\/#\/schema\/logo\/image\/"},"sameAs":["https:\/\/www.facebook.com\/leconcert.delhosteldieu","https:\/\/x.com\/CHDLyon","https:\/\/instagram.com\/concert_hostel_dieu","https:\/\/www.linkedin.com\/company\/le-concert-de-l'hostel-dieu\/","https:\/\/www.youtube.com\/user\/CHDLyon"]}]}},"_links":{"self":[{"href":"https:\/\/www.concert-hosteldieu.com\/en\/wp-json\/wp\/v2\/pages\/12874","targetHints":{"allow":["GET"]}}],"collection":[{"href":"https:\/\/www.concert-hosteldieu.com\/en\/wp-json\/wp\/v2\/pages"}],"about":[{"href":"https:\/\/www.concert-hosteldieu.com\/en\/wp-json\/wp\/v2\/types\/page"}],"author":[{"embeddable":true,"href":"https:\/\/www.concert-hosteldieu.com\/en\/wp-json\/wp\/v2\/users\/2776"}],"replies":[{"embeddable":true,"href":"https:\/\/www.concert-hosteldieu.com\/en\/wp-json\/wp\/v2\/comments?post=12874"}],"version-history":[{"count":6,"href":"https:\/\/www.concert-hosteldieu.com\/en\/wp-json\/wp\/v2\/pages\/12874\/revisions"}],"predecessor-version":[{"id":24127,"href":"https:\/\/www.concert-hosteldieu.com\/en\/wp-json\/wp\/v2\/pages\/12874\/revisions\/24127"}],"up":[{"embeddable":true,"href":"https:\/\/www.concert-hosteldieu.com\/en\/wp-json\/wp\/v2\/pages\/23593"}],"wp:featuredmedia":[{"embeddable":true,"href":"https:\/\/www.concert-hosteldieu.com\/en\/wp-json\/wp\/v2\/media\/18667"}],"wp:attachment":[{"href":"https:\/\/www.concert-hosteldieu.com\/en\/wp-json\/wp\/v2\/media?parent=12874"}],"wp:term":[{"taxonomy":"category","embeddable":true,"href":"https:\/\/www.concert-hosteldieu.com\/en\/wp-json\/wp\/v2\/categories?post=12874"},{"taxonomy":"post_tag","embeddable":true,"href":"https:\/\/www.concert-hosteldieu.com\/en\/wp-json\/wp\/v2\/tags?post=12874"}],"curies":[{"name":"wp","href":"https:\/\/api.w.org\/{rel}","templated":true}]}}