{"id":19565,"date":"2023-04-12T11:58:29","date_gmt":"2023-04-12T10:58:29","guid":{"rendered":"https:\/\/www.concert-hosteldieu.com\/?page_id=19565"},"modified":"2026-04-16T15:38:26","modified_gmt":"2026-04-16T14:38:26","slug":"quatre-saisons-vivaldi","status":"publish","type":"page","link":"http:\/\/www.concert-hosteldieu.com\/en\/nos-productions\/quatre-saisons-vivaldi\/","title":{"rendered":"Quatre saisons de Vivaldi"},"content":{"rendered":"<h4>Program details<\/h4>\n\t\t\t<p><strong>Antonio Vivaldi<\/strong><\/p>\n<p>Sinfonia RV 156<br \/>Allegro<br \/>Adagio<br \/>Allegro<\/p>\n<p>Concerto No 1 La primavera (Spring) RV 269<br \/>Allegro<br \/>Largo<br \/>Allegro<\/p>\n<p>Concerto n\u00b02 L&rsquo;estate (L&rsquo;Et\u00e9) RV 315<br \/>Allegro non molto<br \/>Adagio &#8211; Presto &#8211; Adagio<br \/>Presto<\/p>\n<p>Concerto n\u00b03 L&rsquo;autunno (L&rsquo;Automne) RV 293<br \/>Allego<br \/>Adagio molto<br \/>Allegro<\/p>\n<p>Concerto n\u00b04 L&rsquo;inverno (L&rsquo;Hiver) RV 297<br \/>Allegro non molto<br \/>Largo<br \/>Allegro<\/p>\n\t\t\t\t\t\t<h4>Cast<\/h4>\n\t\t\t<p><a href=\"https:\/\/www.concert-hosteldieu.com\/en\/nos-musiciens\/minori-deguchi\/\">Minori Deguchi<\/a>, violin<br \/><a href=\"https:\/\/www.concert-hosteldieu.com\/en\/nos-musiciens\/reynier-guerrero\/\">Reynier Guerrero<\/a>, violin<br \/><a href=\"https:\/\/www.concert-hosteldieu.com\/en\/nos-musiciens\/florian-verhaegen\/\">Florian Verhaegen<\/a>, violin<br \/><a href=\"https:\/\/www.concert-hosteldieu.com\/en\/nos-musiciens\/veronique-bouilloux\/\">V\u00e9ronique Bouilloux<\/a>, violin<br \/><a href=\"https:\/\/www.concert-hosteldieu.com\/en\/nos-musiciens\/sayaka-shinoda\/\">Sayaka Shinoda<\/a>, violin<br \/><a href=\"https:\/\/www.concert-hosteldieu.com\/en\/nos-musiciens\/andre-costa\/\">Andr\u00e9 Costa<\/a>, violin<br \/>Martyna Grabowska, alto<br \/><a href=\"https:\/\/www.concert-hosteldieu.com\/en\/nos-musiciens\/myriam-cambreling\/\">Myriam Cambreling<\/a>, viola<br \/><a href=\"https:\/\/www.concert-hosteldieu.com\/en\/nos-musiciens\/aude-walker-viry\/\">Aude Walker-Viry<\/a>, cello<br \/><a href=\"https:\/\/www.concert-hosteldieu.com\/en\/nos-musiciens\/clara-fellmann\/\">Clara Fellmann<\/a>, cello<br \/><a href=\"https:\/\/www.concert-hosteldieu.com\/en\/nos-musiciens\/nicolas-janot\/\">Nicolas Janot<\/a>, doublebass<br \/><a href=\"https:\/\/www.concert-hosteldieu.com\/en\/nos-musiciens\/nicolas-muzy\/\">Nicolas Muzy<\/a>, theorbo<br \/><a href=\"https:\/\/www.concert-hosteldieu.com\/en\/franck-emmanuel-comte\/\">Franck-Emmanuel Comte<\/a>, direction and harpsichord<\/p>\n\t<p>Trois cents ans d\u00e9j\u00e0 que ce chef-d&rsquo;\u0153uvre a \u00e9t\u00e9 compos\u00e9 !<\/p>\n<p>Publi\u00e9s \u00e0 Amsterdam en 1725, les th\u00e8mes de cette fresque color\u00e9e et po\u00e9tique sont encore sur toutes les l\u00e8vres&#8230; Et pourtant, point de lassitude devant l&rsquo;inventivit\u00e9 de cette musique inspir\u00e9e o\u00f9 les orages d&rsquo;\u00e9t\u00e9 succ\u00e8dent aux tremolos hivernaux !<\/p>\n<p>On ignore en quelle ann\u00e9e exactement Antonio Vivaldi a compos\u00e9 ses <em>Quatre Saisons<\/em> (Opus 8, n\u00b01, 2, 3, 4). Auteur de plus de 500 concertos, dont la moiti\u00e9 pour le violon, Vivaldi a fait publier ses quatre concertos Le Printemps, L&rsquo;Hiver, L&rsquo;Automne et L&rsquo;\u00c9t\u00e9 parmi les douze concertos du cycle <em>Il Cimento dell<\/em>&lsquo;<em>Armonia e dell<\/em>&lsquo;<em>Invenzione<\/em> op. 8 chez Michel Le C\u00e8ne \u00e0 Amsterdam en 1725. On suppose qu&rsquo;elles ont \u00e9t\u00e9 compos\u00e9es autour de 1716.<\/p>\n<p class=\"translation-block\">We know that the <em>Four Seasons<\/em> were already famous before their publication, and greatly appreciated by various European monarchs, including Louis XV, who regularly asked for them to be played. From 1728 on, the Concert Spirituel included them in its repertoire. Vivaldi performed the solo violin part himself and could count on his students, the excellent female musicians of Venice\u2019s Ospedale della Piet\u00e0, to accompany him.<\/p>\n<p>Apr\u00e8s la mort de Vivaldi, son \u0153uvre s&rsquo;est \u00e9teinte. Jusqu&rsquo;au milieu du XXe si\u00e8cle, elle n&rsquo;est connue que de quelques \u00e9rudits. En 1913, le musicologue Max Pincherle choisit de lui consacrer sa th\u00e8se de doctorat. C&rsquo;est le d\u00e9but d&rsquo;une red\u00e9couverte progressive.<\/p>\n<h4  id=\"image\">\n\t\t\tPICTURES\t<\/h4>\n\t\t\t\t\t\t<h4>PARTNERS<\/h4>\n\t\t\t<p>Avec le soutien de la <a href=\"https:\/\/www.spedidam.fr\/\" target=\"_blank\" rel=\"noopener\">SPEDIDAM<\/a>.<\/p>\n<p><img loading=\"lazy\" decoding=\"async\" src=\"https:\/\/www.concert-hosteldieu.com\/wp-content\/uploads\/2026\/03\/SPEDIDAM_new-300x150.png\" alt=\"\" width=\"216\" height=\"108\" \/><\/p>\n<h4  id=\"agenda\">\n\t\t\tCALENDAR\t<\/h4>\n<h4  id=\"artiste\">\n\t\t\tASSOCIATED ARTISTS\t<\/h4>\n\t\t\t\t\t\t\t\t\t\t\t\t\t\t<a href=\"https:\/\/www.concert-hosteldieu.com\/en\/nos-musiciens\/minori-deguchi\/\" target=\"_self\" title=\"Minori Deguchi\">\n\t\t\t\t<img decoding=\"async\" src=\"https:\/\/www.concert-hosteldieu.com\/wp-content\/uploads\/2023\/06\/CHD-Guillotiere-web-36.jpg\" alt=\"\" \/>\n\t\t\t\t<\/a>\n\t\t\t\t\t\t<h3>\n\t\t\t\t<a href=\"https:\/\/www.concert-hosteldieu.com\/en\/nos-musiciens\/minori-deguchi\/\" title=\"Minori Deguchi\">Minori Deguchi<\/a>\t\t\t<\/h3>\n\t\t\t\t\t\t\t\t\t\t\t\t\t\t<a href=\"https:\/\/www.concert-hosteldieu.com\/en\/franck-emmanuel-comte\/\" target=\"_self\" title=\"Franck-Emmanuel Comte\">\n\t\t\t\t<img decoding=\"async\" src=\"https:\/\/www.concert-hosteldieu.com\/wp-content\/uploads\/2021\/07\/CHD-FE-Comte-portrait-Jean-Combier-6.jpg\" alt=\"Franck-Emmanuel Comte, directeur artistique du Concert de l&#039;Hostel Dieu\" \/>\n\t\t\t\t<\/a>\n\t\t\t\t\t\t<h3>\n\t\t\t\t<a href=\"https:\/\/www.concert-hosteldieu.com\/en\/franck-emmanuel-comte\/\" title=\"Franck-Emmanuel Comte\">Franck-Emmanuel Comte<\/a>\t\t\t<\/h3>\n\t\t\t\t\t\t\t\t\t\t\t\t\t\t<a href=\"https:\/\/www.concert-hosteldieu.com\/en\/nos-musiciens\/reynier-guerrero\/\" target=\"_self\" title=\"Reynier Guerrero\">\n\t\t\t\t<img decoding=\"async\" src=\"https:\/\/www.concert-hosteldieu.com\/wp-content\/uploads\/2025\/05\/24-12-05_Prima-Donna_Salle-Saint-Helene-Lyon-\u00a9Karelle-Perdrizet-7.jpg\" alt=\"\" \/>\n\t\t\t\t<\/a>\n\t\t\t\t\t\t<h3>\n\t\t\t\t<a href=\"https:\/\/www.concert-hosteldieu.com\/en\/nos-musiciens\/reynier-guerrero\/\" title=\"Reynier Guerrero\">Reynier Guerrero<\/a>\t\t\t<\/h3>","protected":false},"excerpt":{"rendered":"<p>Programme Antonio Vivaldi Sinfonia RV 156AllegroAdagioAllegro Concerto n\u00b01 La primavera (Le Printemps) RV 269AllegroLargoAllegro Concerto n\u00b02 L&rsquo;estate (L&rsquo;Et\u00e9) RV 315Allegro non moltoAdagio &#8211; Presto &#8211; AdagioPresto Concerto n\u00b03 L&rsquo;autunno (L&rsquo;Automne) RV 293AllegoAdagio moltoAllegro Concerto n\u00b04 L&rsquo;inverno (L&rsquo;Hiver) RV 297Allegro non [&hellip;]<\/p>\n","protected":false},"author":2776,"featured_media":17894,"parent":23593,"menu_order":0,"comment_status":"closed","ping_status":"closed","template":"","meta":{"site-sidebar-layout":"default","site-content-layout":null,"ast-site-content-layout":"full-width-container","site-content-style":"unboxed","site-sidebar-style":"unboxed","ast-global-header-display":"","ast-banner-title-visibility":"","ast-main-header-display":"","ast-hfb-above-header-display":null,"ast-hfb-below-header-display":null,"ast-hfb-mobile-header-display":"","site-post-title":"disabled","ast-breadcrumbs-content":null,"ast-featured-img":"disabled","footer-sml-layout":"","ast-disable-related-posts":"","theme-transparent-header-meta":"default","adv-header-id-meta":"","stick-header-meta":"default","header-above-stick-meta":null,"header-main-stick-meta":"","header-below-stick-meta":null,"astra-migrate-meta-layouts":"set","ast-page-background-enabled":"default","ast-page-background-meta":{"desktop":{"background-color":"","background-image":"","background-repeat":"repeat","background-position":"center center","background-size":"auto","background-attachment":"scroll","background-type":"","background-media":"","overlay-type":"","overlay-color":"","overlay-opacity":"","overlay-gradient":""},"tablet":{"background-color":"","background-image":"","background-repeat":"repeat","background-position":"center center","background-size":"auto","background-attachment":"scroll","background-type":"","background-media":"","overlay-type":"","overlay-color":"","overlay-opacity":"","overlay-gradient":""},"mobile":{"background-color":"","background-image":"","background-repeat":"repeat","background-position":"center center","background-size":"auto","background-attachment":"scroll","background-type":"","background-media":"","overlay-type":"","overlay-color":"","overlay-opacity":"","overlay-gradient":""}},"ast-content-background-meta":{"desktop":{"background-color":"var(--ast-global-color-5)","background-image":"","background-repeat":"repeat","background-position":"center center","background-size":"auto","background-attachment":"scroll","background-type":"","background-media":"","overlay-type":"","overlay-color":"","overlay-opacity":"","overlay-gradient":""},"tablet":{"background-color":"var(--ast-global-color-5)","background-image":"","background-repeat":"repeat","background-position":"center center","background-size":"auto","background-attachment":"scroll","background-type":"","background-media":"","overlay-type":"","overlay-color":"","overlay-opacity":"","overlay-gradient":""},"mobile":{"background-color":"var(--ast-global-color-5)","background-image":"","background-repeat":"repeat","background-position":"center center","background-size":"auto","background-attachment":"scroll","background-type":"","background-media":"","overlay-type":"","overlay-color":"","overlay-opacity":"","overlay-gradient":""}},"footnotes":""},"categories":[452],"tags":[],"class_list":["post-19565","page","type-page","status-publish","has-post-thumbnail","hentry","category-nos-productions-passees"],"yoast_head":"<!-- This site is optimized with the Yoast SEO plugin v27.5 - https:\/\/yoast.com\/product\/yoast-seo-wordpress\/ -->\n<title>Quatre saisons de Vivaldi - Le Concert de l&#039;Hostel Dieu<\/title>\n<meta name=\"description\" content=\"D\u00e9couvrez Metamorphosis, ou l\u2019art de la m\u00e9tamorphose dans le style concertant, une nouvelle cr\u00e9ation du Concert de l&#039;Hostel Dieu !\" \/>\n<meta name=\"robots\" content=\"index, follow, max-snippet:-1, max-image-preview:large, max-video-preview:-1\" \/>\n<link rel=\"canonical\" href=\"https:\/\/www.concert-hosteldieu.com\/en\/nos-productions\/quatre-saisons-vivaldi\/\" \/>\n<meta property=\"og:locale\" content=\"en_GB\" \/>\n<meta property=\"og:type\" content=\"article\" \/>\n<meta property=\"og:title\" content=\"Quatre saisons de Vivaldi - Le Concert de l&#039;Hostel Dieu\" \/>\n<meta property=\"og:description\" content=\"D\u00e9couvrez Metamorphosis, ou l\u2019art de la m\u00e9tamorphose dans le style concertant, une nouvelle cr\u00e9ation du Concert de l&#039;Hostel Dieu !\" \/>\n<meta property=\"og:url\" content=\"https:\/\/www.concert-hosteldieu.com\/en\/nos-productions\/quatre-saisons-vivaldi\/\" \/>\n<meta property=\"og:site_name\" content=\"Le Concert de l&#039;Hostel Dieu\" \/>\n<meta property=\"article:publisher\" content=\"https:\/\/www.facebook.com\/leconcert.delhosteldieu\" \/>\n<meta property=\"article:modified_time\" content=\"2026-04-16T14:38:26+00:00\" \/>\n<meta property=\"og:image\" content=\"https:\/\/www.concert-hosteldieu.com\/wp-content\/uploads\/2022\/07\/European-Music-Trails_Bach-Academy.jpg\" \/>\n\t<meta property=\"og:image:width\" content=\"1920\" \/>\n\t<meta property=\"og:image:height\" content=\"1300\" \/>\n\t<meta property=\"og:image:type\" content=\"image\/jpeg\" \/>\n<meta name=\"twitter:label1\" content=\"Estimated reading time\" \/>\n\t<meta name=\"twitter:data1\" content=\"5 minutes\" \/>\n<script type=\"application\/ld+json\" class=\"yoast-schema-graph\">{\"@context\":\"https:\\\/\\\/schema.org\",\"@graph\":[{\"@type\":\"WebPage\",\"@id\":\"https:\\\/\\\/www.concert-hosteldieu.com\\\/nos-productions\\\/quatre-saisons-vivaldi\\\/\",\"url\":\"https:\\\/\\\/www.concert-hosteldieu.com\\\/nos-productions\\\/quatre-saisons-vivaldi\\\/\",\"name\":\"Quatre saisons de Vivaldi - Le Concert de l&#039;Hostel Dieu\",\"isPartOf\":{\"@id\":\"https:\\\/\\\/www.concert-hosteldieu.com\\\/#website\"},\"primaryImageOfPage\":{\"@id\":\"https:\\\/\\\/www.concert-hosteldieu.com\\\/nos-productions\\\/quatre-saisons-vivaldi\\\/#primaryimage\"},\"image\":{\"@id\":\"https:\\\/\\\/www.concert-hosteldieu.com\\\/nos-productions\\\/quatre-saisons-vivaldi\\\/#primaryimage\"},\"thumbnailUrl\":\"https:\\\/\\\/www.concert-hosteldieu.com\\\/wp-content\\\/uploads\\\/2022\\\/07\\\/European-Music-Trails_Bach-Academy.jpg\",\"datePublished\":\"2023-04-12T10:58:29+00:00\",\"dateModified\":\"2026-04-16T14:38:26+00:00\",\"description\":\"D\u00e9couvrez Metamorphosis, ou l\u2019art de la m\u00e9tamorphose dans le style concertant, une nouvelle cr\u00e9ation du Concert de l'Hostel Dieu !\",\"breadcrumb\":{\"@id\":\"https:\\\/\\\/www.concert-hosteldieu.com\\\/nos-productions\\\/quatre-saisons-vivaldi\\\/#breadcrumb\"},\"inLanguage\":\"en-GB\",\"potentialAction\":[{\"@type\":\"ReadAction\",\"target\":[\"https:\\\/\\\/www.concert-hosteldieu.com\\\/nos-productions\\\/quatre-saisons-vivaldi\\\/\"]}]},{\"@type\":\"ImageObject\",\"inLanguage\":\"en-GB\",\"@id\":\"https:\\\/\\\/www.concert-hosteldieu.com\\\/nos-productions\\\/quatre-saisons-vivaldi\\\/#primaryimage\",\"url\":\"https:\\\/\\\/www.concert-hosteldieu.com\\\/wp-content\\\/uploads\\\/2022\\\/07\\\/European-Music-Trails_Bach-Academy.jpg\",\"contentUrl\":\"https:\\\/\\\/www.concert-hosteldieu.com\\\/wp-content\\\/uploads\\\/2022\\\/07\\\/European-Music-Trails_Bach-Academy.jpg\",\"width\":1920,\"height\":1300},{\"@type\":\"BreadcrumbList\",\"@id\":\"https:\\\/\\\/www.concert-hosteldieu.com\\\/nos-productions\\\/quatre-saisons-vivaldi\\\/#breadcrumb\",\"itemListElement\":[{\"@type\":\"ListItem\",\"position\":1,\"name\":\"Accueil\",\"item\":\"https:\\\/\\\/www.concert-hosteldieu.com\\\/\"},{\"@type\":\"ListItem\",\"position\":2,\"name\":\"Nos productions\",\"item\":\"https:\\\/\\\/www.concert-hosteldieu.com\\\/nos-productions\\\/\"},{\"@type\":\"ListItem\",\"position\":3,\"name\":\"Quatre saisons de Vivaldi\"}]},{\"@type\":\"WebSite\",\"@id\":\"https:\\\/\\\/www.concert-hosteldieu.com\\\/#website\",\"url\":\"https:\\\/\\\/www.concert-hosteldieu.com\\\/\",\"name\":\"Le Concert de l&#039;Hostel Dieu\",\"description\":\"Franck-Emmanuel Comte\",\"publisher\":{\"@id\":\"https:\\\/\\\/www.concert-hosteldieu.com\\\/#organization\"},\"potentialAction\":[{\"@type\":\"SearchAction\",\"target\":{\"@type\":\"EntryPoint\",\"urlTemplate\":\"https:\\\/\\\/www.concert-hosteldieu.com\\\/?s={search_term_string}\"},\"query-input\":{\"@type\":\"PropertyValueSpecification\",\"valueRequired\":true,\"valueName\":\"search_term_string\"}}],\"inLanguage\":\"en-GB\"},{\"@type\":\"Organization\",\"@id\":\"https:\\\/\\\/www.concert-hosteldieu.com\\\/#organization\",\"name\":\"Le Concert de l'Hostel Dieu\",\"url\":\"https:\\\/\\\/www.concert-hosteldieu.com\\\/\",\"logo\":{\"@type\":\"ImageObject\",\"inLanguage\":\"en-GB\",\"@id\":\"https:\\\/\\\/www.concert-hosteldieu.com\\\/#\\\/schema\\\/logo\\\/image\\\/\",\"url\":\"https:\\\/\\\/www.concert-hosteldieu.com\\\/wp-content\\\/uploads\\\/2021\\\/06\\\/logo-chd-noir-transparent.png\",\"contentUrl\":\"https:\\\/\\\/www.concert-hosteldieu.com\\\/wp-content\\\/uploads\\\/2021\\\/06\\\/logo-chd-noir-transparent.png\",\"width\":262,\"height\":106,\"caption\":\"Le Concert de l'Hostel Dieu\"},\"image\":{\"@id\":\"https:\\\/\\\/www.concert-hosteldieu.com\\\/#\\\/schema\\\/logo\\\/image\\\/\"},\"sameAs\":[\"https:\\\/\\\/www.facebook.com\\\/leconcert.delhosteldieu\",\"https:\\\/\\\/x.com\\\/CHDLyon\",\"https:\\\/\\\/instagram.com\\\/concert_hostel_dieu\",\"https:\\\/\\\/www.linkedin.com\\\/company\\\/le-concert-de-l'hostel-dieu\\\/\",\"https:\\\/\\\/www.youtube.com\\\/user\\\/CHDLyon\"]}]}<\/script>\n<!-- \/ Yoast SEO plugin. -->","yoast_head_json":{"title":"Quatre saisons de Vivaldi - Le Concert de l&#039;Hostel Dieu","description":"D\u00e9couvrez Metamorphosis, ou l\u2019art de la m\u00e9tamorphose dans le style concertant, une nouvelle cr\u00e9ation du Concert de l'Hostel Dieu !","robots":{"index":"index","follow":"follow","max-snippet":"max-snippet:-1","max-image-preview":"max-image-preview:large","max-video-preview":"max-video-preview:-1"},"canonical":"https:\/\/www.concert-hosteldieu.com\/en\/nos-productions\/quatre-saisons-vivaldi\/","og_locale":"en_GB","og_type":"article","og_title":"Quatre saisons de Vivaldi - Le Concert de l&#039;Hostel Dieu","og_description":"D\u00e9couvrez Metamorphosis, ou l\u2019art de la m\u00e9tamorphose dans le style concertant, une nouvelle cr\u00e9ation du Concert de l'Hostel Dieu !","og_url":"https:\/\/www.concert-hosteldieu.com\/en\/nos-productions\/quatre-saisons-vivaldi\/","og_site_name":"Le Concert de l&#039;Hostel Dieu","article_publisher":"https:\/\/www.facebook.com\/leconcert.delhosteldieu","article_modified_time":"2026-04-16T14:38:26+00:00","og_image":[{"width":1920,"height":1300,"url":"https:\/\/www.concert-hosteldieu.com\/wp-content\/uploads\/2022\/07\/European-Music-Trails_Bach-Academy.jpg","type":"image\/jpeg"}],"twitter_misc":{"Estimated reading time":"5 minutes"},"schema":{"@context":"https:\/\/schema.org","@graph":[{"@type":"WebPage","@id":"https:\/\/www.concert-hosteldieu.com\/nos-productions\/quatre-saisons-vivaldi\/","url":"https:\/\/www.concert-hosteldieu.com\/nos-productions\/quatre-saisons-vivaldi\/","name":"Quatre saisons de Vivaldi - Le Concert de l&#039;Hostel Dieu","isPartOf":{"@id":"https:\/\/www.concert-hosteldieu.com\/#website"},"primaryImageOfPage":{"@id":"https:\/\/www.concert-hosteldieu.com\/nos-productions\/quatre-saisons-vivaldi\/#primaryimage"},"image":{"@id":"https:\/\/www.concert-hosteldieu.com\/nos-productions\/quatre-saisons-vivaldi\/#primaryimage"},"thumbnailUrl":"https:\/\/www.concert-hosteldieu.com\/wp-content\/uploads\/2022\/07\/European-Music-Trails_Bach-Academy.jpg","datePublished":"2023-04-12T10:58:29+00:00","dateModified":"2026-04-16T14:38:26+00:00","description":"D\u00e9couvrez Metamorphosis, ou l\u2019art de la m\u00e9tamorphose dans le style concertant, une nouvelle cr\u00e9ation du Concert de l'Hostel Dieu !","breadcrumb":{"@id":"https:\/\/www.concert-hosteldieu.com\/nos-productions\/quatre-saisons-vivaldi\/#breadcrumb"},"inLanguage":"en-GB","potentialAction":[{"@type":"ReadAction","target":["https:\/\/www.concert-hosteldieu.com\/nos-productions\/quatre-saisons-vivaldi\/"]}]},{"@type":"ImageObject","inLanguage":"en-GB","@id":"https:\/\/www.concert-hosteldieu.com\/nos-productions\/quatre-saisons-vivaldi\/#primaryimage","url":"https:\/\/www.concert-hosteldieu.com\/wp-content\/uploads\/2022\/07\/European-Music-Trails_Bach-Academy.jpg","contentUrl":"https:\/\/www.concert-hosteldieu.com\/wp-content\/uploads\/2022\/07\/European-Music-Trails_Bach-Academy.jpg","width":1920,"height":1300},{"@type":"BreadcrumbList","@id":"https:\/\/www.concert-hosteldieu.com\/nos-productions\/quatre-saisons-vivaldi\/#breadcrumb","itemListElement":[{"@type":"ListItem","position":1,"name":"Accueil","item":"https:\/\/www.concert-hosteldieu.com\/"},{"@type":"ListItem","position":2,"name":"Nos productions","item":"https:\/\/www.concert-hosteldieu.com\/nos-productions\/"},{"@type":"ListItem","position":3,"name":"Quatre saisons de Vivaldi"}]},{"@type":"WebSite","@id":"https:\/\/www.concert-hosteldieu.com\/#website","url":"https:\/\/www.concert-hosteldieu.com\/","name":"Le Concert de l&#039;Hostel Dieu","description":"Franck-Emmanuel Comte","publisher":{"@id":"https:\/\/www.concert-hosteldieu.com\/#organization"},"potentialAction":[{"@type":"SearchAction","target":{"@type":"EntryPoint","urlTemplate":"https:\/\/www.concert-hosteldieu.com\/?s={search_term_string}"},"query-input":{"@type":"PropertyValueSpecification","valueRequired":true,"valueName":"search_term_string"}}],"inLanguage":"en-GB"},{"@type":"Organization","@id":"https:\/\/www.concert-hosteldieu.com\/#organization","name":"Le Concert de l'Hostel Dieu","url":"https:\/\/www.concert-hosteldieu.com\/","logo":{"@type":"ImageObject","inLanguage":"en-GB","@id":"https:\/\/www.concert-hosteldieu.com\/#\/schema\/logo\/image\/","url":"https:\/\/www.concert-hosteldieu.com\/wp-content\/uploads\/2021\/06\/logo-chd-noir-transparent.png","contentUrl":"https:\/\/www.concert-hosteldieu.com\/wp-content\/uploads\/2021\/06\/logo-chd-noir-transparent.png","width":262,"height":106,"caption":"Le Concert de l'Hostel Dieu"},"image":{"@id":"https:\/\/www.concert-hosteldieu.com\/#\/schema\/logo\/image\/"},"sameAs":["https:\/\/www.facebook.com\/leconcert.delhosteldieu","https:\/\/x.com\/CHDLyon","https:\/\/instagram.com\/concert_hostel_dieu","https:\/\/www.linkedin.com\/company\/le-concert-de-l'hostel-dieu\/","https:\/\/www.youtube.com\/user\/CHDLyon"]}]}},"_links":{"self":[{"href":"http:\/\/www.concert-hosteldieu.com\/en\/wp-json\/wp\/v2\/pages\/19565","targetHints":{"allow":["GET"]}}],"collection":[{"href":"http:\/\/www.concert-hosteldieu.com\/en\/wp-json\/wp\/v2\/pages"}],"about":[{"href":"http:\/\/www.concert-hosteldieu.com\/en\/wp-json\/wp\/v2\/types\/page"}],"author":[{"embeddable":true,"href":"http:\/\/www.concert-hosteldieu.com\/en\/wp-json\/wp\/v2\/users\/2776"}],"replies":[{"embeddable":true,"href":"http:\/\/www.concert-hosteldieu.com\/en\/wp-json\/wp\/v2\/comments?post=19565"}],"version-history":[{"count":6,"href":"http:\/\/www.concert-hosteldieu.com\/en\/wp-json\/wp\/v2\/pages\/19565\/revisions"}],"predecessor-version":[{"id":24223,"href":"http:\/\/www.concert-hosteldieu.com\/en\/wp-json\/wp\/v2\/pages\/19565\/revisions\/24223"}],"up":[{"embeddable":true,"href":"http:\/\/www.concert-hosteldieu.com\/en\/wp-json\/wp\/v2\/pages\/23593"}],"wp:featuredmedia":[{"embeddable":true,"href":"http:\/\/www.concert-hosteldieu.com\/en\/wp-json\/wp\/v2\/media\/17894"}],"wp:attachment":[{"href":"http:\/\/www.concert-hosteldieu.com\/en\/wp-json\/wp\/v2\/media?parent=19565"}],"wp:term":[{"taxonomy":"category","embeddable":true,"href":"http:\/\/www.concert-hosteldieu.com\/en\/wp-json\/wp\/v2\/categories?post=19565"},{"taxonomy":"post_tag","embeddable":true,"href":"http:\/\/www.concert-hosteldieu.com\/en\/wp-json\/wp\/v2\/tags?post=19565"}],"curies":[{"name":"wp","href":"https:\/\/api.w.org\/{rel}","templated":true}]}}