{"id":14701,"date":"2021-07-15T09:45:17","date_gmt":"2021-07-15T08:45:17","guid":{"rendered":"https:\/\/dev.concert-hosteldieu.com\/?page_id=14701"},"modified":"2025-02-18T10:39:19","modified_gmt":"2025-02-18T09:39:19","slug":"elisabeth-passot","status":"publish","type":"page","link":"http:\/\/www.concert-hosteldieu.com\/en\/nos-musiciens\/elisabeth-passot\/","title":{"rendered":"Elisabeth Passot"},"content":{"rendered":"<h2>\n\t\t\t\tElisabeth Passot\n\t\t\t<\/h2>\n\t\t\t<h4>Hautbois<\/h4>\t\n\t<p>Elisabeth Passot \u00e9tudie la musique et la litt\u00e9rature \u00e0 Lyon. Elle obtient son dipl\u00f4me en hautbois au Conservatoire national r\u00e9gional et une Licence de Lettres. Elle se rapproche ensuite de la musique ancienne au Conservatoire de Paris avec Michel Henry. En 2003, elle y obtient son dipl\u00f4me de hautbois baroque \u00e0 l&rsquo;unanimit\u00e9 avec f\u00e9licitations du jury. C&rsquo;est ensuite aux Pays- Bas, aupr\u00e8s d&rsquo;Alfredo Bernardini, qu&rsquo;elle va se perfectionner, puis passe le Dipl\u00f4me d&rsquo;\u00c9tat d&rsquo;enseignement instruments anciens dans la sp\u00e9cialit\u00e9 hautbois.<\/p>\n<p>Elisabeth Passot m\u00e8ne une intense activit\u00e9 artistique en collaborant avec divers orchestres sp\u00e9cialis\u00e9s en r\u00e9pertoire baroque et classique. Elle a jou\u00e9 entre autres avec les <em>Folies Fran\u00e7oises<\/em>, <em>I Barocchisti<\/em>, la <em>Grande Ecurie<\/em> &amp; la <em>Chambre du Roy<\/em>, <em>le Concert Spirituel<\/em>, <em>Venice Baroque Orchestra<\/em>, la <em>Risonanza<\/em> etc, et a particip\u00e9 \u00e0 divers enregistrements pour les labels Alpha, Brilliant, Glossa, Hyperion, Virgin. Elle a enseign\u00e9 le hautbois baroque au Conservatoire d&rsquo;Aix en Provence en 2015-2016.<\/p>\n\t\t\t\t<img loading=\"lazy\" decoding=\"async\" src=\"https:\/\/www.concert-hosteldieu.com\/wp-content\/uploads\/2021\/07\/concert-hostel-dieu-porpora-elisabeth-passot-credit-julie-cherki-4.jpg\" alt=\"\u00a9Julie Cherki\" itemprop=\"image\" height=\"1280\" width=\"1920\" title=\"concert-hostel-dieu-porpora-elisabeth-passot-credit-julie-cherki-4\" onerror=\"this.style.display='none'\"  \/>\n\t\t\u00a9Julie Cherki\n<h4>\n\t\tOur musicians\n\t<\/h4>\n\t\t\t\t\t\t\t\t\t\t\t\t\t\t<a href=\"https:\/\/www.concert-hosteldieu.com\/en\/nos-musiciens\/myriam-cambreling\/\" target=\"_self\" title=\"Myriam Cambreling\">\n\t\t\t\t<img decoding=\"async\" src=\"https:\/\/www.concert-hosteldieu.com\/wp-content\/uploads\/2021\/07\/GAM07643.jpg\" alt=\"\" \/>\n\t\t\t\t<\/a>\n\t\t\t\t\t\t<h3>\n\t\t\t\t<a href=\"https:\/\/www.concert-hosteldieu.com\/en\/nos-musiciens\/myriam-cambreling\/\" title=\"Myriam Cambreling\" tabindex=\"0\">Myriam Cambreling<\/a>\t\t\t<\/h3>\n\t\t\t\t\t\t\t\t\t\t\t\t\t\t<a href=\"https:\/\/www.concert-hosteldieu.com\/en\/nos-musiciens\/florian-gazagne\/\" target=\"_self\" title=\"Florian Gazagne\">\n\t\t\t\t<img decoding=\"async\" src=\"https:\/\/www.concert-hosteldieu.com\/wp-content\/uploads\/2021\/06\/Confluence-76_web-1.jpg\" alt=\"\" \/>\n\t\t\t\t<\/a>\n\t\t\t\t\t\t<h3>\n\t\t\t\t<a href=\"https:\/\/www.concert-hosteldieu.com\/en\/nos-musiciens\/florian-gazagne\/\" title=\"Florian Gazagne\" tabindex=\"0\">Florian Gazagne<\/a>\t\t\t<\/h3>\n\t\t\t\t\t\t\t\t\t\t\t\t\t\t<a href=\"https:\/\/www.concert-hosteldieu.com\/en\/nos-musiciens\/ulrik-gaston-larsen\/\" target=\"_self\" title=\"Ulrik Gaston Larsen\">\n\t\t\t\t<img decoding=\"async\" src=\"https:\/\/www.concert-hosteldieu.com\/wp-content\/uploads\/2023\/06\/CHD-Guillotiere-web-50.jpg\" alt=\"\" \/>\n\t\t\t\t<\/a>\n\t\t\t\t\t\t<h3>\n\t\t\t\t<a href=\"https:\/\/www.concert-hosteldieu.com\/en\/nos-musiciens\/ulrik-gaston-larsen\/\" title=\"Ulrik Gaston Larsen\" tabindex=\"0\">Ulrik Gaston Larsen<\/a>\t\t\t<\/h3>\n\t\t\t\t\t\t\t\t\t\t\t\t\t\t<a href=\"https:\/\/www.concert-hosteldieu.com\/en\/nos-musiciens\/veronique-bouilloux\/\" target=\"_self\" title=\"Veronique Bouilloux\">\n\t\t\t\t<img decoding=\"async\" src=\"https:\/\/www.concert-hosteldieu.com\/wp-content\/uploads\/2023\/07\/Veronique-BOUILLOUX-WEB-\u00a9Julie-Cherki-1.jpg\" alt=\"V\u00e9ronique Bouilloux, violoniste\" \/>\n\t\t\t\t<\/a>\n\t\t\t\t\t\t<h3>\n\t\t\t\t<a href=\"https:\/\/www.concert-hosteldieu.com\/en\/nos-musiciens\/veronique-bouilloux\/\" title=\"Veronique Bouilloux\" tabindex=\"0\">Veronique Bouilloux<\/a>\t\t\t<\/h3>\n\t\t\t\t\t\t\t\t\t\t\t\t\t\t<a href=\"https:\/\/www.concert-hosteldieu.com\/en\/nos-musiciens\/nicolas-muzy\/\" target=\"_self\" title=\"Nicolas Muzy\">\n\t\t\t\t<img decoding=\"async\" src=\"https:\/\/www.concert-hosteldieu.com\/wp-content\/uploads\/2021\/06\/Confluence-61_web.jpg\" alt=\"\" \/>\n\t\t\t\t<\/a>\n\t\t\t\t\t\t<h3>\n\t\t\t\t<a href=\"https:\/\/www.concert-hosteldieu.com\/en\/nos-musiciens\/nicolas-muzy\/\" title=\"Nicolas Muzy\" tabindex=\"0\">Nicolas Muzy<\/a>\t\t\t<\/h3>\n\t\t\t\t\t\t\t\t\t\t\t\t\t\t<a href=\"https:\/\/www.concert-hosteldieu.com\/en\/nos-musiciens\/david-bruley\/\" target=\"_self\" title=\"David Bruley\">\n\t\t\t\t<img decoding=\"async\" src=\"https:\/\/www.concert-hosteldieu.com\/wp-content\/uploads\/2021\/07\/concert-hostel-dieu-marco-polo-atelier-bruley-david-credit-julie-cherki-4.jpg\" alt=\"\" \/>\n\t\t\t\t<\/a>\n\t\t\t\t\t\t<h3>\n\t\t\t\t<a href=\"https:\/\/www.concert-hosteldieu.com\/en\/nos-musiciens\/david-bruley\/\" title=\"David Bruley\" tabindex=\"0\">David Bruley<\/a>\t\t\t<\/h3>\n\t\t\t\t\t\t\t\t\t\t\t\t\t\t<a href=\"https:\/\/www.concert-hosteldieu.com\/en\/nos-musiciens\/aude-walker-viry\/\" target=\"_self\" title=\"Aude Walker-Viry\">\n\t\t\t\t<img decoding=\"async\" src=\"https:\/\/www.concert-hosteldieu.com\/wp-content\/uploads\/2021\/06\/GAM07756.jpg\" alt=\"\" \/>\n\t\t\t\t<\/a>\n\t\t\t\t\t\t<h3>\n\t\t\t\t<a href=\"https:\/\/www.concert-hosteldieu.com\/en\/nos-musiciens\/aude-walker-viry\/\" title=\"Aude Walker-Viry\" tabindex=\"0\">Aude Walker-Viry<\/a>\t\t\t<\/h3>\n\t\t\t\t\t\t\t\t\t\t\t\t\t\t<a href=\"https:\/\/www.concert-hosteldieu.com\/en\/nos-musiciens\/sayaka-shinoda\/\" target=\"_self\" title=\"Sayaka Shinoda\">\n\t\t\t\t<img decoding=\"async\" src=\"https:\/\/www.concert-hosteldieu.com\/wp-content\/uploads\/2021\/07\/Sayaka-Shinoda1\u00a9Julie-Cherki-1.jpg\" alt=\"\" \/>\n\t\t\t\t<\/a>\n\t\t\t\t\t\t<h3>\n\t\t\t\t<a href=\"https:\/\/www.concert-hosteldieu.com\/en\/nos-musiciens\/sayaka-shinoda\/\" title=\"Sayaka Shinoda\" tabindex=\"0\">Sayaka Shinoda<\/a>\t\t\t<\/h3>\n\t\t\t\t\t\t\t\t\t\t\t\t\t\t<a href=\"https:\/\/www.concert-hosteldieu.com\/en\/nos-musiciens\/florian-verhaegen\/\" target=\"_self\" title=\"Florian Verhaegen\">\n\t\t\t\t<img decoding=\"async\" src=\"https:\/\/www.concert-hosteldieu.com\/wp-content\/uploads\/2021\/06\/Confluence-91-2.jpg\" alt=\"\" \/>\n\t\t\t\t<\/a>\n\t\t\t\t\t\t<h3>\n\t\t\t\t<a href=\"https:\/\/www.concert-hosteldieu.com\/en\/nos-musiciens\/florian-verhaegen\/\" title=\"Florian Verhaegen\" tabindex=\"0\">Florian Verhaegen<\/a>\t\t\t<\/h3>\n\t\t\t\t\t\t\t\t\t\t\t\t\t\t<a href=\"https:\/\/www.concert-hosteldieu.com\/en\/nos-musiciens\/minori-deguchi\/\" target=\"_self\" title=\"Minori Deguchi\">\n\t\t\t\t<img decoding=\"async\" src=\"https:\/\/www.concert-hosteldieu.com\/wp-content\/uploads\/2023\/06\/CHD-Guillotiere-web-36.jpg\" alt=\"\" \/>\n\t\t\t\t<\/a>\n\t\t\t\t\t\t<h3>\n\t\t\t\t<a href=\"https:\/\/www.concert-hosteldieu.com\/en\/nos-musiciens\/minori-deguchi\/\" title=\"Minori Deguchi\" tabindex=\"0\">Minori Deguchi<\/a>\t\t\t<\/h3>","protected":false},"excerpt":{"rendered":"<p>Elisabeth Passot Hautbois Elisabeth Passot \u00e9tudie la musique et la litt\u00e9rature \u00e0 Lyon. Elle obtient son dipl\u00f4me en hautbois au Conservatoire national r\u00e9gional et une Licence de Lettres. Elle se rapproche ensuite de la musique ancienne au Conservatoire de Paris [&hellip;]<\/p>\n","protected":false},"author":2776,"featured_media":14705,"parent":12605,"menu_order":0,"comment_status":"closed","ping_status":"closed","template":"","meta":{"site-sidebar-layout":"no-sidebar","site-content-layout":"page-builder","ast-site-content-layout":"default","site-content-style":"default","site-sidebar-style":"default","ast-global-header-display":"","ast-banner-title-visibility":"","ast-main-header-display":"","ast-hfb-above-header-display":"","ast-hfb-below-header-display":"","ast-hfb-mobile-header-display":"","site-post-title":"disabled","ast-breadcrumbs-content":"","ast-featured-img":"disabled","footer-sml-layout":"","ast-disable-related-posts":"","theme-transparent-header-meta":"enabled","adv-header-id-meta":"","stick-header-meta":"default","header-above-stick-meta":"","header-main-stick-meta":"","header-below-stick-meta":"","astra-migrate-meta-layouts":"default","ast-page-background-enabled":"default","ast-page-background-meta":{"desktop":{"background-color":"","background-image":"","background-repeat":"repeat","background-position":"center center","background-size":"auto","background-attachment":"scroll","background-type":"","background-media":"","overlay-type":"","overlay-color":"","overlay-opacity":"","overlay-gradient":""},"tablet":{"background-color":"","background-image":"","background-repeat":"repeat","background-position":"center center","background-size":"auto","background-attachment":"scroll","background-type":"","background-media":"","overlay-type":"","overlay-color":"","overlay-opacity":"","overlay-gradient":""},"mobile":{"background-color":"","background-image":"","background-repeat":"repeat","background-position":"center center","background-size":"auto","background-attachment":"scroll","background-type":"","background-media":"","overlay-type":"","overlay-color":"","overlay-opacity":"","overlay-gradient":""}},"ast-content-background-meta":{"desktop":{"background-color":"var(--ast-global-color-5)","background-image":"","background-repeat":"repeat","background-position":"center center","background-size":"auto","background-attachment":"scroll","background-type":"","background-media":"","overlay-type":"","overlay-color":"","overlay-opacity":"","overlay-gradient":""},"tablet":{"background-color":"var(--ast-global-color-5)","background-image":"","background-repeat":"repeat","background-position":"center center","background-size":"auto","background-attachment":"scroll","background-type":"","background-media":"","overlay-type":"","overlay-color":"","overlay-opacity":"","overlay-gradient":""},"mobile":{"background-color":"var(--ast-global-color-5)","background-image":"","background-repeat":"repeat","background-position":"center center","background-size":"auto","background-attachment":"scroll","background-type":"","background-media":"","overlay-type":"","overlay-color":"","overlay-opacity":"","overlay-gradient":""}},"footnotes":""},"categories":[169,170],"tags":[],"class_list":["post-14701","page","type-page","status-publish","has-post-thumbnail","hentry","category-equipe-artistique","category-nosmusiciens"],"yoast_head":"<!-- This site is optimized with the Yoast SEO plugin v27.5 - https:\/\/yoast.com\/product\/yoast-seo-wordpress\/ -->\n<title>Elisabeth Passot - Le Concert de l&#039;Hostel Dieu<\/title>\n<meta name=\"robots\" content=\"index, follow, max-snippet:-1, max-image-preview:large, max-video-preview:-1\" \/>\n<link rel=\"canonical\" href=\"https:\/\/www.concert-hosteldieu.com\/en\/nos-musiciens\/elisabeth-passot\/\" \/>\n<meta property=\"og:locale\" content=\"en_GB\" \/>\n<meta property=\"og:type\" content=\"article\" \/>\n<meta property=\"og:title\" content=\"Elisabeth Passot - Le Concert de l&#039;Hostel Dieu\" \/>\n<meta property=\"og:description\" content=\"Elisabeth Passot Hautbois Elisabeth Passot \u00e9tudie la musique et la litt\u00e9rature \u00e0 Lyon. Elle obtient son dipl\u00f4me en hautbois au Conservatoire national r\u00e9gional et une Licence de Lettres. Elle se rapproche ensuite de la musique ancienne au Conservatoire de Paris [&hellip;]\" \/>\n<meta property=\"og:url\" content=\"https:\/\/www.concert-hosteldieu.com\/en\/nos-musiciens\/elisabeth-passot\/\" \/>\n<meta property=\"og:site_name\" content=\"Le Concert de l&#039;Hostel Dieu\" \/>\n<meta property=\"article:publisher\" content=\"https:\/\/www.facebook.com\/leconcert.delhosteldieu\" \/>\n<meta property=\"article:modified_time\" content=\"2025-02-18T09:39:19+00:00\" \/>\n<meta property=\"og:image\" content=\"https:\/\/www.concert-hosteldieu.com\/wp-content\/uploads\/2021\/07\/concert-hostel-dieu-porpora-elisabeth-passot-credit-julie-cherki-2.jpg\" \/>\n\t<meta property=\"og:image:width\" content=\"1920\" \/>\n\t<meta property=\"og:image:height\" content=\"1280\" \/>\n\t<meta property=\"og:image:type\" content=\"image\/jpeg\" \/>\n<meta name=\"twitter:label1\" content=\"Estimated reading time\" \/>\n\t<meta name=\"twitter:data1\" content=\"1 minute\" \/>\n<script type=\"application\/ld+json\" class=\"yoast-schema-graph\">{\"@context\":\"https:\\\/\\\/schema.org\",\"@graph\":[{\"@type\":\"WebPage\",\"@id\":\"https:\\\/\\\/www.concert-hosteldieu.com\\\/nos-musiciens\\\/elisabeth-passot\\\/\",\"url\":\"https:\\\/\\\/www.concert-hosteldieu.com\\\/nos-musiciens\\\/elisabeth-passot\\\/\",\"name\":\"Elisabeth Passot - Le Concert de l&#039;Hostel Dieu\",\"isPartOf\":{\"@id\":\"https:\\\/\\\/www.concert-hosteldieu.com\\\/#website\"},\"primaryImageOfPage\":{\"@id\":\"https:\\\/\\\/www.concert-hosteldieu.com\\\/nos-musiciens\\\/elisabeth-passot\\\/#primaryimage\"},\"image\":{\"@id\":\"https:\\\/\\\/www.concert-hosteldieu.com\\\/nos-musiciens\\\/elisabeth-passot\\\/#primaryimage\"},\"thumbnailUrl\":\"https:\\\/\\\/www.concert-hosteldieu.com\\\/wp-content\\\/uploads\\\/2021\\\/07\\\/concert-hostel-dieu-porpora-elisabeth-passot-credit-julie-cherki-2.jpg\",\"datePublished\":\"2021-07-15T08:45:17+00:00\",\"dateModified\":\"2025-02-18T09:39:19+00:00\",\"breadcrumb\":{\"@id\":\"https:\\\/\\\/www.concert-hosteldieu.com\\\/nos-musiciens\\\/elisabeth-passot\\\/#breadcrumb\"},\"inLanguage\":\"en-GB\",\"potentialAction\":[{\"@type\":\"ReadAction\",\"target\":[\"https:\\\/\\\/www.concert-hosteldieu.com\\\/nos-musiciens\\\/elisabeth-passot\\\/\"]}]},{\"@type\":\"ImageObject\",\"inLanguage\":\"en-GB\",\"@id\":\"https:\\\/\\\/www.concert-hosteldieu.com\\\/nos-musiciens\\\/elisabeth-passot\\\/#primaryimage\",\"url\":\"https:\\\/\\\/www.concert-hosteldieu.com\\\/wp-content\\\/uploads\\\/2021\\\/07\\\/concert-hostel-dieu-porpora-elisabeth-passot-credit-julie-cherki-2.jpg\",\"contentUrl\":\"https:\\\/\\\/www.concert-hosteldieu.com\\\/wp-content\\\/uploads\\\/2021\\\/07\\\/concert-hostel-dieu-porpora-elisabeth-passot-credit-julie-cherki-2.jpg\",\"width\":1920,\"height\":1280},{\"@type\":\"BreadcrumbList\",\"@id\":\"https:\\\/\\\/www.concert-hosteldieu.com\\\/nos-musiciens\\\/elisabeth-passot\\\/#breadcrumb\",\"itemListElement\":[{\"@type\":\"ListItem\",\"position\":1,\"name\":\"Accueil\",\"item\":\"https:\\\/\\\/www.concert-hosteldieu.com\\\/\"},{\"@type\":\"ListItem\",\"position\":2,\"name\":\"Nos musiciens\",\"item\":\"https:\\\/\\\/www.concert-hosteldieu.com\\\/nos-musiciens\\\/\"},{\"@type\":\"ListItem\",\"position\":3,\"name\":\"Elisabeth Passot\"}]},{\"@type\":\"WebSite\",\"@id\":\"https:\\\/\\\/www.concert-hosteldieu.com\\\/#website\",\"url\":\"https:\\\/\\\/www.concert-hosteldieu.com\\\/\",\"name\":\"Le Concert de l&#039;Hostel Dieu\",\"description\":\"Franck-Emmanuel Comte\",\"publisher\":{\"@id\":\"https:\\\/\\\/www.concert-hosteldieu.com\\\/#organization\"},\"potentialAction\":[{\"@type\":\"SearchAction\",\"target\":{\"@type\":\"EntryPoint\",\"urlTemplate\":\"https:\\\/\\\/www.concert-hosteldieu.com\\\/?s={search_term_string}\"},\"query-input\":{\"@type\":\"PropertyValueSpecification\",\"valueRequired\":true,\"valueName\":\"search_term_string\"}}],\"inLanguage\":\"en-GB\"},{\"@type\":\"Organization\",\"@id\":\"https:\\\/\\\/www.concert-hosteldieu.com\\\/#organization\",\"name\":\"Le Concert de l'Hostel Dieu\",\"url\":\"https:\\\/\\\/www.concert-hosteldieu.com\\\/\",\"logo\":{\"@type\":\"ImageObject\",\"inLanguage\":\"en-GB\",\"@id\":\"https:\\\/\\\/www.concert-hosteldieu.com\\\/#\\\/schema\\\/logo\\\/image\\\/\",\"url\":\"https:\\\/\\\/www.concert-hosteldieu.com\\\/wp-content\\\/uploads\\\/2021\\\/06\\\/logo-chd-noir-transparent.png\",\"contentUrl\":\"https:\\\/\\\/www.concert-hosteldieu.com\\\/wp-content\\\/uploads\\\/2021\\\/06\\\/logo-chd-noir-transparent.png\",\"width\":262,\"height\":106,\"caption\":\"Le Concert de l'Hostel Dieu\"},\"image\":{\"@id\":\"https:\\\/\\\/www.concert-hosteldieu.com\\\/#\\\/schema\\\/logo\\\/image\\\/\"},\"sameAs\":[\"https:\\\/\\\/www.facebook.com\\\/leconcert.delhosteldieu\",\"https:\\\/\\\/x.com\\\/CHDLyon\",\"https:\\\/\\\/instagram.com\\\/concert_hostel_dieu\",\"https:\\\/\\\/www.linkedin.com\\\/company\\\/le-concert-de-l'hostel-dieu\\\/\",\"https:\\\/\\\/www.youtube.com\\\/user\\\/CHDLyon\"]}]}<\/script>\n<!-- \/ Yoast SEO plugin. -->","yoast_head_json":{"title":"Elisabeth Passot - Le Concert de l&#039;Hostel Dieu","robots":{"index":"index","follow":"follow","max-snippet":"max-snippet:-1","max-image-preview":"max-image-preview:large","max-video-preview":"max-video-preview:-1"},"canonical":"https:\/\/www.concert-hosteldieu.com\/en\/nos-musiciens\/elisabeth-passot\/","og_locale":"en_GB","og_type":"article","og_title":"Elisabeth Passot - Le Concert de l&#039;Hostel Dieu","og_description":"Elisabeth Passot Hautbois Elisabeth Passot \u00e9tudie la musique et la litt\u00e9rature \u00e0 Lyon. Elle obtient son dipl\u00f4me en hautbois au Conservatoire national r\u00e9gional et une Licence de Lettres. Elle se rapproche ensuite de la musique ancienne au Conservatoire de Paris [&hellip;]","og_url":"https:\/\/www.concert-hosteldieu.com\/en\/nos-musiciens\/elisabeth-passot\/","og_site_name":"Le Concert de l&#039;Hostel Dieu","article_publisher":"https:\/\/www.facebook.com\/leconcert.delhosteldieu","article_modified_time":"2025-02-18T09:39:19+00:00","og_image":[{"width":1920,"height":1280,"url":"https:\/\/www.concert-hosteldieu.com\/wp-content\/uploads\/2021\/07\/concert-hostel-dieu-porpora-elisabeth-passot-credit-julie-cherki-2.jpg","type":"image\/jpeg"}],"twitter_misc":{"Estimated reading time":"1 minute"},"schema":{"@context":"https:\/\/schema.org","@graph":[{"@type":"WebPage","@id":"https:\/\/www.concert-hosteldieu.com\/nos-musiciens\/elisabeth-passot\/","url":"https:\/\/www.concert-hosteldieu.com\/nos-musiciens\/elisabeth-passot\/","name":"Elisabeth Passot - Le Concert de l&#039;Hostel Dieu","isPartOf":{"@id":"https:\/\/www.concert-hosteldieu.com\/#website"},"primaryImageOfPage":{"@id":"https:\/\/www.concert-hosteldieu.com\/nos-musiciens\/elisabeth-passot\/#primaryimage"},"image":{"@id":"https:\/\/www.concert-hosteldieu.com\/nos-musiciens\/elisabeth-passot\/#primaryimage"},"thumbnailUrl":"https:\/\/www.concert-hosteldieu.com\/wp-content\/uploads\/2021\/07\/concert-hostel-dieu-porpora-elisabeth-passot-credit-julie-cherki-2.jpg","datePublished":"2021-07-15T08:45:17+00:00","dateModified":"2025-02-18T09:39:19+00:00","breadcrumb":{"@id":"https:\/\/www.concert-hosteldieu.com\/nos-musiciens\/elisabeth-passot\/#breadcrumb"},"inLanguage":"en-GB","potentialAction":[{"@type":"ReadAction","target":["https:\/\/www.concert-hosteldieu.com\/nos-musiciens\/elisabeth-passot\/"]}]},{"@type":"ImageObject","inLanguage":"en-GB","@id":"https:\/\/www.concert-hosteldieu.com\/nos-musiciens\/elisabeth-passot\/#primaryimage","url":"https:\/\/www.concert-hosteldieu.com\/wp-content\/uploads\/2021\/07\/concert-hostel-dieu-porpora-elisabeth-passot-credit-julie-cherki-2.jpg","contentUrl":"https:\/\/www.concert-hosteldieu.com\/wp-content\/uploads\/2021\/07\/concert-hostel-dieu-porpora-elisabeth-passot-credit-julie-cherki-2.jpg","width":1920,"height":1280},{"@type":"BreadcrumbList","@id":"https:\/\/www.concert-hosteldieu.com\/nos-musiciens\/elisabeth-passot\/#breadcrumb","itemListElement":[{"@type":"ListItem","position":1,"name":"Accueil","item":"https:\/\/www.concert-hosteldieu.com\/"},{"@type":"ListItem","position":2,"name":"Nos musiciens","item":"https:\/\/www.concert-hosteldieu.com\/nos-musiciens\/"},{"@type":"ListItem","position":3,"name":"Elisabeth Passot"}]},{"@type":"WebSite","@id":"https:\/\/www.concert-hosteldieu.com\/#website","url":"https:\/\/www.concert-hosteldieu.com\/","name":"Le Concert de l&#039;Hostel Dieu","description":"Franck-Emmanuel Comte","publisher":{"@id":"https:\/\/www.concert-hosteldieu.com\/#organization"},"potentialAction":[{"@type":"SearchAction","target":{"@type":"EntryPoint","urlTemplate":"https:\/\/www.concert-hosteldieu.com\/?s={search_term_string}"},"query-input":{"@type":"PropertyValueSpecification","valueRequired":true,"valueName":"search_term_string"}}],"inLanguage":"en-GB"},{"@type":"Organization","@id":"https:\/\/www.concert-hosteldieu.com\/#organization","name":"Le Concert de l'Hostel Dieu","url":"https:\/\/www.concert-hosteldieu.com\/","logo":{"@type":"ImageObject","inLanguage":"en-GB","@id":"https:\/\/www.concert-hosteldieu.com\/#\/schema\/logo\/image\/","url":"https:\/\/www.concert-hosteldieu.com\/wp-content\/uploads\/2021\/06\/logo-chd-noir-transparent.png","contentUrl":"https:\/\/www.concert-hosteldieu.com\/wp-content\/uploads\/2021\/06\/logo-chd-noir-transparent.png","width":262,"height":106,"caption":"Le Concert de l'Hostel Dieu"},"image":{"@id":"https:\/\/www.concert-hosteldieu.com\/#\/schema\/logo\/image\/"},"sameAs":["https:\/\/www.facebook.com\/leconcert.delhosteldieu","https:\/\/x.com\/CHDLyon","https:\/\/instagram.com\/concert_hostel_dieu","https:\/\/www.linkedin.com\/company\/le-concert-de-l'hostel-dieu\/","https:\/\/www.youtube.com\/user\/CHDLyon"]}]}},"_links":{"self":[{"href":"http:\/\/www.concert-hosteldieu.com\/en\/wp-json\/wp\/v2\/pages\/14701","targetHints":{"allow":["GET"]}}],"collection":[{"href":"http:\/\/www.concert-hosteldieu.com\/en\/wp-json\/wp\/v2\/pages"}],"about":[{"href":"http:\/\/www.concert-hosteldieu.com\/en\/wp-json\/wp\/v2\/types\/page"}],"author":[{"embeddable":true,"href":"http:\/\/www.concert-hosteldieu.com\/en\/wp-json\/wp\/v2\/users\/2776"}],"replies":[{"embeddable":true,"href":"http:\/\/www.concert-hosteldieu.com\/en\/wp-json\/wp\/v2\/comments?post=14701"}],"version-history":[{"count":2,"href":"http:\/\/www.concert-hosteldieu.com\/en\/wp-json\/wp\/v2\/pages\/14701\/revisions"}],"predecessor-version":[{"id":23004,"href":"http:\/\/www.concert-hosteldieu.com\/en\/wp-json\/wp\/v2\/pages\/14701\/revisions\/23004"}],"up":[{"embeddable":true,"href":"http:\/\/www.concert-hosteldieu.com\/en\/wp-json\/wp\/v2\/pages\/12605"}],"wp:featuredmedia":[{"embeddable":true,"href":"http:\/\/www.concert-hosteldieu.com\/en\/wp-json\/wp\/v2\/media\/14705"}],"wp:attachment":[{"href":"http:\/\/www.concert-hosteldieu.com\/en\/wp-json\/wp\/v2\/media?parent=14701"}],"wp:term":[{"taxonomy":"category","embeddable":true,"href":"http:\/\/www.concert-hosteldieu.com\/en\/wp-json\/wp\/v2\/categories?post=14701"},{"taxonomy":"post_tag","embeddable":true,"href":"http:\/\/www.concert-hosteldieu.com\/en\/wp-json\/wp\/v2\/tags?post=14701"}],"curies":[{"name":"wp","href":"https:\/\/api.w.org\/{rel}","templated":true}]}}