{"id":12498,"date":"2021-06-05T17:00:29","date_gmt":"2021-06-05T16:00:29","guid":{"rendered":"https:\/\/dev.concert-hosteldieu.com\/?page_id=12498"},"modified":"2026-04-02T15:12:35","modified_gmt":"2026-04-02T14:12:35","slug":"dolce-follia","status":"publish","type":"page","link":"http:\/\/www.concert-hosteldieu.com\/en\/nos-productions\/dolce-follia\/","title":{"rendered":"Dolce Follia"},"content":{"rendered":"\n\n\t\t\t\t\t\t<h4>Programme<\/h4>\n\t\t\t<p>Henry Le Bailly &#8211; <strong>\u00ab Yo soy la locura \u00bb<\/strong> (Air de ballet, <em><strong>Passacalle de la Follie<\/strong><\/em> &#8211; Paris, 1614)<br \/>Antonio Sartorio &#8211; <strong>\u00ab Quando voglio \u00bb<\/strong> (Air extrait de <em><strong>Cesare in Egitto<\/strong><\/em> &#8211; Venise, 1676)<br \/>Henry Purcell &#8211; <em><strong>Curtain Tune<\/strong><\/em> (extrait de <em><strong>Timon of Athens<\/strong><\/em>, Londres, 1694)<br \/>Santiago de Murcia &#8211; <em><strong>Tarentellas<\/strong> <\/em>(extrait du <em><strong>Codex Saldivar<\/strong><\/em>, Mexico, vers 1730)<br \/>Tarquinio Merula &#8211;<em><strong> Canzonetta spirituale sopra alla nanna<\/strong><\/em> (Venise, 1636)<br \/>Antonio Vivaldi &#8211; <strong>Sonate <em>La Follia<\/em> RV 63<\/strong> (Op. 1 &#8211; Venise, 1703)<br \/>Anonyme &#8211; <em><strong>Donna Isabella<\/strong><\/em> (<em><strong>Canzone napolitaine<\/strong><\/em> &#8211; Naples, vers 1750)<br \/>Anonyme &#8211;<strong> Suite de tarentelles napolitaines instrumentales<\/strong> (collectage, d\u00e9but XIXe si\u00e8cle)<br \/>Barbara Strozzi &#8211;<strong> \u00ab Che si pu\u00f2 fare \u00bb<\/strong> (Air, Op. 8 &#8211; Venise, 1664)<br \/>Anonyme &#8211; <em><strong>La Carpinese<\/strong><\/em> (<em><strong>Tarentelle napolitaine<\/strong><\/em> &#8211; Naples, vers 1750)<br \/>Antonio Vivaldi &#8211; <em><strong>Allemande<\/strong> <\/em>(extrait de la <strong><em>Sonate n\u00b07 pour violoncelle<\/em> RV 44<\/strong> &#8211; Venise, vers 1720)<br \/>Anonyme &#8211; <em><strong>Cachua Serranita<\/strong><\/em> (extrait du <em><strong>Codex Mart\u00ednez Compa\u00f1\u00f3n<\/strong><\/em> &#8211; Trujillo (P\u00e9rou), vers 1780-90)<\/p>\n\t\t\t\t\t\t<h4>Distribution<\/h4>\n<p><a href=\"https:\/\/www.concert-hosteldieu.com\/presentation\/lequipe-artistique\/heather-newhouse\/\">Heather Newhouse<\/a>, soprano (en alternance avec <a href=\"https:\/\/www.concert-hosteldieu.com\/nos-artistes-invites\/adele-huber\/\" target=\"_blank\" rel=\"noopener\">Ad\u00e8le Huber<\/a>)<br \/>Le Concert de l&rsquo;Hostel Dieu<br \/><a href=\"https:\/\/www.concert-hosteldieu.com\/franck-emmanuel-comte\/\" target=\"_blank\" rel=\"noopener noreferrer\">Franck-Emmanuel Comte<\/a>, clavecin et direction<\/p>\n<p><strong>Effectif\u00a0 :<\/strong><br \/>1 soliste, 7 instrumentistes (2 violons, violoncelle, contrebasse, th\u00e9orbe et guitare, clavecin, percussions)<\/p>\n\t<p>D&rsquo;origine portugaise, la <em>follia<\/em> est li\u00e9e au monde populaire. Le principe qui fait son succ\u00e8s est simple : une basse r\u00e9p\u00e9t\u00e9e obstin\u00e9ment sur laquelle se construisent des variations. Adopt\u00e9e par les italiens puis par l&rsquo;Europe enti\u00e8re, elle \u00e9volue vers plus de virtuosit\u00e9 sous la plume de Corelli et de Vivaldi. Son esprit devient synonyme de cr\u00e9ativit\u00e9 et de libert\u00e9.<\/p>\n<p>Les musiques m\u00e9tiss\u00e9es de ce programme nous invitent \u00e0 un voyage, de la p\u00e9ninsule ib\u00e9rique au sud de l&rsquo;Italie, aux sons des danses \u00e0 basse obstin\u00e9e telles que les <em>follie<\/em> et tarentelles dont le pouvoir hypnotique n&rsquo;a d&rsquo;\u00e9gal que la folle \u00e9nergie qui s&rsquo;en d\u00e9gage. Le r\u00e9pertoire raffin\u00e9 des palais y c\u00f4toie celui des musiques populaires. Leur pouvoir hypnotique saura-t-il soigner la folie douce qui r\u00e8gne en vous ? \u00c0 moins qu&rsquo;elle ne l&rsquo;attise.<\/p>\n<h4  id=\"images\">\n\t\t\tEn images\t<\/h4>\n<h4  id=\"vid\u00e9os\">\n\t\t\tEN VID\u00c9O\t<\/h4>\n\t\t\t\t\t<a href=\"https:\/\/www.youtube.com\/watch?v=7HQwM3pMtvA\" aria-label=\"uabb-video-gallery\" data-fancybox=\"uabb-video-gallery\" data-url=\"https:\/\/www.youtube.com\/embed\/7HQwM3pMtvA?autoplay=1&#038;version=3&#038;enablejsapi=1\"class=\"uabb-video-gallery-fancybox uabb-vg__play_full \">\t\t\t\t\t\t\n\t\t\t\t\t<\/a>\t\t\t\t\n<h4  id=\"\u00e9couter\">\n\t\t\t\u00c9COUTER\t<\/h4>\n\t<iframe loading=\"lazy\" src=\"https:\/\/open.spotify.com\/embed\/album\/6Y1lN67QKoaBy3LqLC28ey?utm_source=generator&#038;theme=0\" width=\"100%\" height=\"280\" frameBorder=\"0\" allowfullscreen=\"\" allow=\"autoplay; clipboard-write; encrypted-media; fullscreen; picture-in-picture\"><\/iframe>\n\t\t\t\t\t\t<h4>LA PRESSE EN PARLE<\/h4>\n\t\t\t<p><strong><a href=\"https:\/\/jazz-in-lyon.com\/chapelle-de-la-trinite-a-lyon-quand-franck-emmanuel-comte-fait-swinguer-le-baroque\/\" target=\"_blank\" rel=\"noopener\"><u>JAZZ&rsquo;IN LYON <\/u><u>&#8211; 01\/12\/2024 <\/u><u>&#8211; <\/u><\/a><u><a title=\"Articles par Dominique Largeron\" href=\"https:\/\/jazz-in-lyon.com\/author\/dominique\/\" rel=\"author\">Dominique Largeron<\/a><\/u><u><br \/><\/u><\/strong>\u00ab Une musique dansante et joyeuse, avec force percussions, pas loin dans l&rsquo;esprit du jazz, notamment par la folle \u00e9nergie qui s&rsquo;en d\u00e9gage, qui fut servie par d&rsquo;excellents interpr\u00e8tes dont une soprano d&rsquo;origine canadienne, Heather Newhouse, particuli\u00e8rement inspir\u00e9e.\u00a0\u00bb<\/p>\n<p><strong><u><a href=\"https:\/\/www.baroquiades.com\/articles\/chronic\/1\/dolce-follia-concert-hostel-dieu-lyon-2024?fbclid=IwY2xjawHo5GhleHRuA2FlbQIxMQABHePI8n5DoeKWBZ1OZIE6kPS7u8Qhwh1GZT_8NuRCVbDpbPvULoHRKFsTfA_aem_qlmgJqT5-KLT_DxTUVIxwg\" target=\"_blank\" rel=\"noopener\">BAROQUIADES &#8211; 10\/12\/2024 &#8211; Dimitri Morel<br \/><\/a><\/u><\/strong>\u00ab Cette seconde partie de concert d\u00e9bute avec la magnifique voix de la soprano Heather Newhouse. Sa voix se diffuse \u00e0 merveille dans la chapelle, parcourant la sc\u00e8ne avec une sonorit\u00e9 langoureuse, tel un s\u00e9duisant \u00e9cho qui vient chanter au creux de l&rsquo;oreille du spectateur. Par sa voix, elle incarne la Folie (Yo soy la locura) avec une saisissante gravit\u00e9 qui conf\u00e8re \u00e0 cette \u0153uvre connue une remarquable originalit\u00e9. [&#8230;] Cette douce folie n&rsquo;en finit pas et met en lumi\u00e8re l&rsquo;exceptionnelle coh\u00e9sion et la chaleureuse complicit\u00e9 qui unit les membres sur sc\u00e8ne. Une fois encore le public les applaudit c&rsquo;est une v\u00e9ritable ovation qui leur est r\u00e9serv\u00e9 ! \u00bb<\/p>\n<p><strong><a href=\"https:\/\/www.resmusica.com\/2024\/10\/03\/un-week-end-rythme-et-metisse-au-festival-de-ribeauville\/\" target=\"_blank\" rel=\"noopener\">RESMUSICA | 03.10.2024 | St\u00e9phane Reecht<\/a><br \/><\/strong>\u00ab Ce qui frappe d&#8217;embl\u00e9e, c&rsquo;est la libert\u00e9 de ton des musiciens du Concert de l&rsquo;Hostel Dieu. Des pr\u00e9ludes sont improvis\u00e9s, un instrument entrant apr\u00e8s l&rsquo;autre, avant de commencer vraiment le morceau, comme dans la tarentelle de Santiago de Murcia. [&#8230;]\u00a0C&rsquo;est que l&rsquo;assurance et la coh\u00e9sion de l&rsquo;ensemble sont impressionnantes. La voix de soprano de Heather Newhouse n&rsquo;a plus qu&rsquo;\u00e0 se poser sur ce superbe tapis instrumental. Tour \u00e0 tour entra\u00eenante, h\u00e9ro\u00efque, tragique, l&rsquo;expression de la soprano canadienne touche toujours juste. \u00a0\u00bb<\/p>\n\t\t\t\t\t\t<h4>MENTIONS<\/h4>\n\t\t\t<p>Avec le soutien de la <a href=\"https:\/\/www.spedidam.fr\/\">SPEDIDAM<\/a>.<\/p>\n<p><img loading=\"lazy\" decoding=\"async\" src=\"https:\/\/www.concert-hosteldieu.com\/wp-content\/uploads\/2026\/03\/SPEDIDAM_new-300x150.png\" alt=\"\" width=\"218\" height=\"109\" \/><\/p>\n<h4  id=\"agenda\">\n\t\t\tAGENDA\t<\/h4>\n<h4>\n\t\t\tAgenda &#8211; \u00c9v\u00e9nements pass\u00e9s\t<\/h4>\n<h4  id=\"autour\">\n\t\t\tAUTOUR DU SPECTACLE\t<\/h4>\n<figure itemscope itemtype=\"https:\/\/schema.org\/ImageObject\">\n\t\t\t\t<a href=\"https:\/\/www.concert-hosteldieu.com\/nos-artistes-invites\/heather-newhouse\/\"  target=\"_self\" itemprop=\"url\">\n\t\t\t\t<img decoding=\"async\" src=\"https:\/\/www.concert-hosteldieu.com\/wp-content\/uploads\/2022\/08\/NEWHOUSE-Heather-credit-Jean-Combier-2-1024x684.jpg\" alt=\"Heather Newhouse\" height=\"684\" width=\"1024\" title=\"NEWHOUSE-Heather-credit-Jean-Combier-2\" onerror=\"this.style.display='none'\" loading=\"lazy\" \/>\n\t\t\t\t<\/a>\n\t<\/figure>\n\t<h3>\n\t\t\t\t<a href=\"https:\/\/www.concert-hosteldieu.com\/nos-artistes-invites\/heather-newhouse\/\" title=\"Heather Newhouse\" target=\"_self\">\n\t\t\t\tHeather Newhouse\n\t\t\t\t<\/a>\n\t\t\t<\/h3>\n<figure itemscope itemtype=\"https:\/\/schema.org\/ImageObject\">\n\t\t\t\t<a href=\"https:\/\/www.concert-hosteldieu.com\/produit\/folia\/\"  target=\"_self\" itemprop=\"url\">\n\t\t\t\t<img decoding=\"async\" src=\"https:\/\/www.concert-hosteldieu.com\/wp-content\/uploads\/2021\/06\/CD-Folia-fond-noir-1024x1024.jpg\" alt=\"Le CD de la bande son de Dolce Follia\" height=\"1024\" width=\"1024\" title=\"CD Folia fond noir\" onerror=\"this.style.display='none'\" loading=\"lazy\" \/>\n\t\t\t\t<\/a>\n\t<\/figure>\n\t<h3>\n\t\t\t\t<a href=\"https:\/\/www.concert-hosteldieu.com\/produit\/folia\/\" title=\"Folia, le disque\" target=\"_self\">\n\t\t\t\tFolia, le disque\n\t\t\t\t<\/a>\n\t\t\t<\/h3>\n\n","protected":false},"excerpt":{"rendered":"<p>Programme Henry Le Bailly &#8211; \u00ab Yo soy la locura \u00bb (Air de ballet, Passacalle de la Follie &#8211; Paris, 1614)Antonio Sartorio &#8211; \u00ab Quando voglio \u00bb (Air extrait de Cesare in Egitto &#8211; Venise, 1676)Henry Purcell &#8211; Curtain Tune [&hellip;]<\/p>\n","protected":false},"author":2776,"featured_media":23718,"parent":23593,"menu_order":0,"comment_status":"closed","ping_status":"closed","template":"","meta":{"site-sidebar-layout":"default","site-content-layout":"","ast-site-content-layout":"full-width-container","site-content-style":"unboxed","site-sidebar-style":"unboxed","ast-global-header-display":"","ast-banner-title-visibility":"","ast-main-header-display":"","ast-hfb-above-header-display":"","ast-hfb-below-header-display":"","ast-hfb-mobile-header-display":"","site-post-title":"disabled","ast-breadcrumbs-content":"","ast-featured-img":"disabled","footer-sml-layout":"","ast-disable-related-posts":"","theme-transparent-header-meta":"default","adv-header-id-meta":"","stick-header-meta":"default","header-above-stick-meta":"","header-main-stick-meta":"","header-below-stick-meta":"","astra-migrate-meta-layouts":"set","ast-page-background-enabled":"default","ast-page-background-meta":{"desktop":{"background-color":"","background-image":"","background-repeat":"repeat","background-position":"center center","background-size":"auto","background-attachment":"scroll","background-type":"","background-media":"","overlay-type":"","overlay-color":"","overlay-opacity":"","overlay-gradient":""},"tablet":{"background-color":"","background-image":"","background-repeat":"repeat","background-position":"center center","background-size":"auto","background-attachment":"scroll","background-type":"","background-media":"","overlay-type":"","overlay-color":"","overlay-opacity":"","overlay-gradient":""},"mobile":{"background-color":"","background-image":"","background-repeat":"repeat","background-position":"center center","background-size":"auto","background-attachment":"scroll","background-type":"","background-media":"","overlay-type":"","overlay-color":"","overlay-opacity":"","overlay-gradient":""}},"ast-content-background-meta":{"desktop":{"background-color":"var(--ast-global-color-5)","background-image":"","background-repeat":"repeat","background-position":"center center","background-size":"auto","background-attachment":"scroll","background-type":"","background-media":"","overlay-type":"","overlay-color":"","overlay-opacity":"","overlay-gradient":""},"tablet":{"background-color":"var(--ast-global-color-5)","background-image":"","background-repeat":"repeat","background-position":"center center","background-size":"auto","background-attachment":"scroll","background-type":"","background-media":"","overlay-type":"","overlay-color":"","overlay-opacity":"","overlay-gradient":""},"mobile":{"background-color":"var(--ast-global-color-5)","background-image":"","background-repeat":"repeat","background-position":"center center","background-size":"auto","background-attachment":"scroll","background-type":"","background-media":"","overlay-type":"","overlay-color":"","overlay-opacity":"","overlay-gradient":""}},"footnotes":""},"categories":[451],"tags":[],"class_list":["post-12498","page","type-page","status-publish","has-post-thumbnail","hentry","category-nos-productions"],"yoast_head":"<!-- This site is optimized with the Yoast SEO plugin v27.5 - https:\/\/yoast.com\/product\/yoast-seo-wordpress\/ -->\n<title>Dolce Follia - Le Concert de l&#039;Hostel Dieu<\/title>\n<meta name=\"description\" content=\"D\u00e9couvrez Dolce Follia et voyagez de la p\u00e9ninsule ib\u00e9rique au sud de l&#039;Italie, aux sons des folias et tarentelles !\" \/>\n<meta name=\"robots\" content=\"index, follow, max-snippet:-1, max-image-preview:large, max-video-preview:-1\" \/>\n<link rel=\"canonical\" href=\"https:\/\/www.concert-hosteldieu.com\/en\/nos-productions\/dolce-follia\/\" \/>\n<meta property=\"og:locale\" content=\"en_GB\" \/>\n<meta property=\"og:type\" content=\"article\" \/>\n<meta property=\"og:title\" content=\"Dolce Follia - Le Concert de l&#039;Hostel Dieu\" \/>\n<meta property=\"og:description\" content=\"D\u00e9couvrez Dolce Follia et voyagez de la p\u00e9ninsule ib\u00e9rique au sud de l&#039;Italie, aux sons des folias et tarentelles !\" \/>\n<meta property=\"og:url\" content=\"https:\/\/www.concert-hosteldieu.com\/en\/nos-productions\/dolce-follia\/\" \/>\n<meta property=\"og:site_name\" content=\"Le Concert de l&#039;Hostel Dieu\" \/>\n<meta property=\"article:publisher\" content=\"https:\/\/www.facebook.com\/leconcert.delhosteldieu\" \/>\n<meta property=\"article:modified_time\" content=\"2026-04-02T14:12:35+00:00\" \/>\n<meta property=\"og:image\" content=\"https:\/\/www.concert-hosteldieu.com\/wp-content\/uploads\/2025\/09\/2024.11.30-La-trinite-Dolce-Folia-213950-c.william-sundfor.jpg\" \/>\n\t<meta property=\"og:image:width\" content=\"1920\" \/>\n\t<meta property=\"og:image:height\" content=\"1280\" \/>\n\t<meta property=\"og:image:type\" content=\"image\/jpeg\" \/>\n<meta name=\"twitter:label1\" content=\"Estimated reading time\" \/>\n\t<meta name=\"twitter:data1\" content=\"5 minutes\" \/>\n<script type=\"application\/ld+json\" class=\"yoast-schema-graph\">{\"@context\":\"https:\\\/\\\/schema.org\",\"@graph\":[{\"@type\":\"WebPage\",\"@id\":\"https:\\\/\\\/www.concert-hosteldieu.com\\\/nos-productions\\\/dolce-follia\\\/\",\"url\":\"https:\\\/\\\/www.concert-hosteldieu.com\\\/nos-productions\\\/dolce-follia\\\/\",\"name\":\"Dolce Follia - Le Concert de l&#039;Hostel Dieu\",\"isPartOf\":{\"@id\":\"https:\\\/\\\/www.concert-hosteldieu.com\\\/#website\"},\"primaryImageOfPage\":{\"@id\":\"https:\\\/\\\/www.concert-hosteldieu.com\\\/nos-productions\\\/dolce-follia\\\/#primaryimage\"},\"image\":{\"@id\":\"https:\\\/\\\/www.concert-hosteldieu.com\\\/nos-productions\\\/dolce-follia\\\/#primaryimage\"},\"thumbnailUrl\":\"https:\\\/\\\/www.concert-hosteldieu.com\\\/wp-content\\\/uploads\\\/2025\\\/09\\\/2024.11.30-La-trinite-Dolce-Folia-213950-c.william-sundfor.jpg\",\"datePublished\":\"2021-06-05T16:00:29+00:00\",\"dateModified\":\"2026-04-02T14:12:35+00:00\",\"description\":\"D\u00e9couvrez Dolce Follia et voyagez de la p\u00e9ninsule ib\u00e9rique au sud de l'Italie, aux sons des folias et tarentelles !\",\"breadcrumb\":{\"@id\":\"https:\\\/\\\/www.concert-hosteldieu.com\\\/nos-productions\\\/dolce-follia\\\/#breadcrumb\"},\"inLanguage\":\"en-GB\",\"potentialAction\":[{\"@type\":\"ReadAction\",\"target\":[\"https:\\\/\\\/www.concert-hosteldieu.com\\\/nos-productions\\\/dolce-follia\\\/\"]}]},{\"@type\":\"ImageObject\",\"inLanguage\":\"en-GB\",\"@id\":\"https:\\\/\\\/www.concert-hosteldieu.com\\\/nos-productions\\\/dolce-follia\\\/#primaryimage\",\"url\":\"https:\\\/\\\/www.concert-hosteldieu.com\\\/wp-content\\\/uploads\\\/2025\\\/09\\\/2024.11.30-La-trinite-Dolce-Folia-213950-c.william-sundfor.jpg\",\"contentUrl\":\"https:\\\/\\\/www.concert-hosteldieu.com\\\/wp-content\\\/uploads\\\/2025\\\/09\\\/2024.11.30-La-trinite-Dolce-Folia-213950-c.william-sundfor.jpg\",\"width\":1920,\"height\":1280,\"caption\":\"\u00a9 William Sundfor\"},{\"@type\":\"BreadcrumbList\",\"@id\":\"https:\\\/\\\/www.concert-hosteldieu.com\\\/nos-productions\\\/dolce-follia\\\/#breadcrumb\",\"itemListElement\":[{\"@type\":\"ListItem\",\"position\":1,\"name\":\"Accueil\",\"item\":\"https:\\\/\\\/www.concert-hosteldieu.com\\\/\"},{\"@type\":\"ListItem\",\"position\":2,\"name\":\"Nos productions\",\"item\":\"https:\\\/\\\/www.concert-hosteldieu.com\\\/nos-productions\\\/\"},{\"@type\":\"ListItem\",\"position\":3,\"name\":\"Dolce Follia\"}]},{\"@type\":\"WebSite\",\"@id\":\"https:\\\/\\\/www.concert-hosteldieu.com\\\/#website\",\"url\":\"https:\\\/\\\/www.concert-hosteldieu.com\\\/\",\"name\":\"Le Concert de l&#039;Hostel Dieu\",\"description\":\"Franck-Emmanuel Comte\",\"publisher\":{\"@id\":\"https:\\\/\\\/www.concert-hosteldieu.com\\\/#organization\"},\"potentialAction\":[{\"@type\":\"SearchAction\",\"target\":{\"@type\":\"EntryPoint\",\"urlTemplate\":\"https:\\\/\\\/www.concert-hosteldieu.com\\\/?s={search_term_string}\"},\"query-input\":{\"@type\":\"PropertyValueSpecification\",\"valueRequired\":true,\"valueName\":\"search_term_string\"}}],\"inLanguage\":\"en-GB\"},{\"@type\":\"Organization\",\"@id\":\"https:\\\/\\\/www.concert-hosteldieu.com\\\/#organization\",\"name\":\"Le Concert de l'Hostel Dieu\",\"url\":\"https:\\\/\\\/www.concert-hosteldieu.com\\\/\",\"logo\":{\"@type\":\"ImageObject\",\"inLanguage\":\"en-GB\",\"@id\":\"https:\\\/\\\/www.concert-hosteldieu.com\\\/#\\\/schema\\\/logo\\\/image\\\/\",\"url\":\"https:\\\/\\\/www.concert-hosteldieu.com\\\/wp-content\\\/uploads\\\/2021\\\/06\\\/logo-chd-noir-transparent.png\",\"contentUrl\":\"https:\\\/\\\/www.concert-hosteldieu.com\\\/wp-content\\\/uploads\\\/2021\\\/06\\\/logo-chd-noir-transparent.png\",\"width\":262,\"height\":106,\"caption\":\"Le Concert de l'Hostel Dieu\"},\"image\":{\"@id\":\"https:\\\/\\\/www.concert-hosteldieu.com\\\/#\\\/schema\\\/logo\\\/image\\\/\"},\"sameAs\":[\"https:\\\/\\\/www.facebook.com\\\/leconcert.delhosteldieu\",\"https:\\\/\\\/x.com\\\/CHDLyon\",\"https:\\\/\\\/instagram.com\\\/concert_hostel_dieu\",\"https:\\\/\\\/www.linkedin.com\\\/company\\\/le-concert-de-l'hostel-dieu\\\/\",\"https:\\\/\\\/www.youtube.com\\\/user\\\/CHDLyon\"]}]}<\/script>\n<!-- \/ Yoast SEO plugin. -->","yoast_head_json":{"title":"Dolce Follia - Le Concert de l&#039;Hostel Dieu","description":"D\u00e9couvrez Dolce Follia et voyagez de la p\u00e9ninsule ib\u00e9rique au sud de l'Italie, aux sons des folias et tarentelles !","robots":{"index":"index","follow":"follow","max-snippet":"max-snippet:-1","max-image-preview":"max-image-preview:large","max-video-preview":"max-video-preview:-1"},"canonical":"https:\/\/www.concert-hosteldieu.com\/en\/nos-productions\/dolce-follia\/","og_locale":"en_GB","og_type":"article","og_title":"Dolce Follia - Le Concert de l&#039;Hostel Dieu","og_description":"D\u00e9couvrez Dolce Follia et voyagez de la p\u00e9ninsule ib\u00e9rique au sud de l'Italie, aux sons des folias et tarentelles !","og_url":"https:\/\/www.concert-hosteldieu.com\/en\/nos-productions\/dolce-follia\/","og_site_name":"Le Concert de l&#039;Hostel Dieu","article_publisher":"https:\/\/www.facebook.com\/leconcert.delhosteldieu","article_modified_time":"2026-04-02T14:12:35+00:00","og_image":[{"width":1920,"height":1280,"url":"https:\/\/www.concert-hosteldieu.com\/wp-content\/uploads\/2025\/09\/2024.11.30-La-trinite-Dolce-Folia-213950-c.william-sundfor.jpg","type":"image\/jpeg"}],"twitter_misc":{"Estimated reading time":"5 minutes"},"schema":{"@context":"https:\/\/schema.org","@graph":[{"@type":"WebPage","@id":"https:\/\/www.concert-hosteldieu.com\/nos-productions\/dolce-follia\/","url":"https:\/\/www.concert-hosteldieu.com\/nos-productions\/dolce-follia\/","name":"Dolce Follia - Le Concert de l&#039;Hostel Dieu","isPartOf":{"@id":"https:\/\/www.concert-hosteldieu.com\/#website"},"primaryImageOfPage":{"@id":"https:\/\/www.concert-hosteldieu.com\/nos-productions\/dolce-follia\/#primaryimage"},"image":{"@id":"https:\/\/www.concert-hosteldieu.com\/nos-productions\/dolce-follia\/#primaryimage"},"thumbnailUrl":"https:\/\/www.concert-hosteldieu.com\/wp-content\/uploads\/2025\/09\/2024.11.30-La-trinite-Dolce-Folia-213950-c.william-sundfor.jpg","datePublished":"2021-06-05T16:00:29+00:00","dateModified":"2026-04-02T14:12:35+00:00","description":"D\u00e9couvrez Dolce Follia et voyagez de la p\u00e9ninsule ib\u00e9rique au sud de l'Italie, aux sons des folias et tarentelles !","breadcrumb":{"@id":"https:\/\/www.concert-hosteldieu.com\/nos-productions\/dolce-follia\/#breadcrumb"},"inLanguage":"en-GB","potentialAction":[{"@type":"ReadAction","target":["https:\/\/www.concert-hosteldieu.com\/nos-productions\/dolce-follia\/"]}]},{"@type":"ImageObject","inLanguage":"en-GB","@id":"https:\/\/www.concert-hosteldieu.com\/nos-productions\/dolce-follia\/#primaryimage","url":"https:\/\/www.concert-hosteldieu.com\/wp-content\/uploads\/2025\/09\/2024.11.30-La-trinite-Dolce-Folia-213950-c.william-sundfor.jpg","contentUrl":"https:\/\/www.concert-hosteldieu.com\/wp-content\/uploads\/2025\/09\/2024.11.30-La-trinite-Dolce-Folia-213950-c.william-sundfor.jpg","width":1920,"height":1280,"caption":"\u00a9 William Sundfor"},{"@type":"BreadcrumbList","@id":"https:\/\/www.concert-hosteldieu.com\/nos-productions\/dolce-follia\/#breadcrumb","itemListElement":[{"@type":"ListItem","position":1,"name":"Accueil","item":"https:\/\/www.concert-hosteldieu.com\/"},{"@type":"ListItem","position":2,"name":"Nos productions","item":"https:\/\/www.concert-hosteldieu.com\/nos-productions\/"},{"@type":"ListItem","position":3,"name":"Dolce Follia"}]},{"@type":"WebSite","@id":"https:\/\/www.concert-hosteldieu.com\/#website","url":"https:\/\/www.concert-hosteldieu.com\/","name":"Le Concert de l&#039;Hostel Dieu","description":"Franck-Emmanuel Comte","publisher":{"@id":"https:\/\/www.concert-hosteldieu.com\/#organization"},"potentialAction":[{"@type":"SearchAction","target":{"@type":"EntryPoint","urlTemplate":"https:\/\/www.concert-hosteldieu.com\/?s={search_term_string}"},"query-input":{"@type":"PropertyValueSpecification","valueRequired":true,"valueName":"search_term_string"}}],"inLanguage":"en-GB"},{"@type":"Organization","@id":"https:\/\/www.concert-hosteldieu.com\/#organization","name":"Le Concert de l'Hostel Dieu","url":"https:\/\/www.concert-hosteldieu.com\/","logo":{"@type":"ImageObject","inLanguage":"en-GB","@id":"https:\/\/www.concert-hosteldieu.com\/#\/schema\/logo\/image\/","url":"https:\/\/www.concert-hosteldieu.com\/wp-content\/uploads\/2021\/06\/logo-chd-noir-transparent.png","contentUrl":"https:\/\/www.concert-hosteldieu.com\/wp-content\/uploads\/2021\/06\/logo-chd-noir-transparent.png","width":262,"height":106,"caption":"Le Concert de l'Hostel Dieu"},"image":{"@id":"https:\/\/www.concert-hosteldieu.com\/#\/schema\/logo\/image\/"},"sameAs":["https:\/\/www.facebook.com\/leconcert.delhosteldieu","https:\/\/x.com\/CHDLyon","https:\/\/instagram.com\/concert_hostel_dieu","https:\/\/www.linkedin.com\/company\/le-concert-de-l'hostel-dieu\/","https:\/\/www.youtube.com\/user\/CHDLyon"]}]}},"_links":{"self":[{"href":"http:\/\/www.concert-hosteldieu.com\/en\/wp-json\/wp\/v2\/pages\/12498","targetHints":{"allow":["GET"]}}],"collection":[{"href":"http:\/\/www.concert-hosteldieu.com\/en\/wp-json\/wp\/v2\/pages"}],"about":[{"href":"http:\/\/www.concert-hosteldieu.com\/en\/wp-json\/wp\/v2\/types\/page"}],"author":[{"embeddable":true,"href":"http:\/\/www.concert-hosteldieu.com\/en\/wp-json\/wp\/v2\/users\/2776"}],"replies":[{"embeddable":true,"href":"http:\/\/www.concert-hosteldieu.com\/en\/wp-json\/wp\/v2\/comments?post=12498"}],"version-history":[{"count":6,"href":"http:\/\/www.concert-hosteldieu.com\/en\/wp-json\/wp\/v2\/pages\/12498\/revisions"}],"predecessor-version":[{"id":24203,"href":"http:\/\/www.concert-hosteldieu.com\/en\/wp-json\/wp\/v2\/pages\/12498\/revisions\/24203"}],"up":[{"embeddable":true,"href":"http:\/\/www.concert-hosteldieu.com\/en\/wp-json\/wp\/v2\/pages\/23593"}],"wp:featuredmedia":[{"embeddable":true,"href":"http:\/\/www.concert-hosteldieu.com\/en\/wp-json\/wp\/v2\/media\/23718"}],"wp:attachment":[{"href":"http:\/\/www.concert-hosteldieu.com\/en\/wp-json\/wp\/v2\/media?parent=12498"}],"wp:term":[{"taxonomy":"category","embeddable":true,"href":"http:\/\/www.concert-hosteldieu.com\/en\/wp-json\/wp\/v2\/categories?post=12498"},{"taxonomy":"post_tag","embeddable":true,"href":"http:\/\/www.concert-hosteldieu.com\/en\/wp-json\/wp\/v2\/tags?post=12498"}],"curies":[{"name":"wp","href":"https:\/\/api.w.org\/{rel}","templated":true}]}}